{"id":32169,"date":"2024-12-12T13:53:08","date_gmt":"2024-12-12T16:53:08","guid":{"rendered":"https:\/\/www.aurum.com.br\/blog\/lgpd-comentada\/art-58-a-59-lgpd\/"},"modified":"2025-05-20T15:08:22","modified_gmt":"2025-05-20T18:08:22","slug":"art-58-a-59-lgpd","status":"publish","type":"lgpd-comentada","link":"https:\/\/www.aurum.com.br\/blog\/lgpd-comentada\/art-58-a-59-lgpd\/","title":{"rendered":"Se\u00e7\u00e3o II &#8211; Do Conselho Nacional De Prote\u00e7\u00e3o De Dados Pessoais E Da Privacidade"},"content":{"rendered":"<style>\n    .comment-block {\n        position: relative;\n    }\n    .comment-block .anchor-target {\n        position: absolute;\n        top: -200px;\n    }\n    .comment-block {\n        margin-bottom: 40px;\n    }\n    .comment-block .comment-block-title {\n        flex-wrap: wrap;\n        font-size: 20px;\n        font-weight: 600;\n        line-height: 130%;\n        color: #1c1e2f;\n        margin-bottom: 24px;\n    }\n\n    .comment-block .comment-block-title:last-child {\n        margin-bottom: 64px;\n    }\n\n    .comment-block h3 {\n        font-size: 24px;\n        font-weight: 600;\n        line-height: 120%;\n    }\n\n    .comment-block h4 {\n        font-size: 20px;\n        font-weight: 600;\n        line-height: 120%;\n    }\n\n    .article-box {\n        padding: 24px;\n        border-radius: 8px;\n        border: 1px solid #cbcbd9;\n        margin-bottom: 24px;\n    }\n\n    .article-box:last-child  {\n        margin-bottom: 0;\n    }\n\n    .article-box .article {\n        font-size: 16px;\n        font-weight: 400;\n        line-height: 150%;\n        margin-bottom: 16px;\n    }\n\n    .article-box .article p {\n        margin-bottom: 1em;\n    }\n\n    .article-box .article p:last-child {\n        margin-bottom: 0;\n    }\n\n    .article-box .article:last-child {\n        margin-bottom: 0;\n    }\n\n    .article-box .comment {\n        padding: 24px;\n        background-color: #f6f6fa;\n        font-size: 16px;\n        font-weight: 400;\n        line-height: 150%;\n        border-radius: 8px;\n    }\n\n    .article-box .comment p {\n        margin: 0;\n    }\n\n    .article-box .comment ol {\n        list-style: auto;\n        list-style-position: inside;\n    }\n\n    @media (max-width: 1199px) {\n        .comment-block .comment-block-title {\n            font-size: 16px;\n        }\n\n        .comment-block .comment-block-title h2 {\n            margin-right: 5px;\n        }\n\n        .comment-block h3 {\n            font-size: 20px;\n        }\n        .comment-block h4 {\n            font-size: 18px;\n        }\n    }\n<\/style>\n\n<div class=\"comment-block cp-block\">\n    <!-- Chama a ancora e\/ou titulo se houver -->\n        \n    <!-- Bloco de comentario -->\n            <div class=\"article-box\">\n            <div class=\"article\"><p><strong>Art. 58.<\/strong> (VETADO).<\/p>\n<\/div>\n                    <\/div>\n    <\/div>\n\n<style>\n    .comment-block {\n        position: relative;\n    }\n    .comment-block .anchor-target {\n        position: absolute;\n        top: -200px;\n    }\n    .comment-block {\n        margin-bottom: 40px;\n    }\n    .comment-block .comment-block-title {\n        flex-wrap: wrap;\n        font-size: 20px;\n        font-weight: 600;\n        line-height: 130%;\n        color: #1c1e2f;\n        margin-bottom: 24px;\n    }\n\n    .comment-block .comment-block-title:last-child {\n        margin-bottom: 64px;\n    }\n\n    .comment-block h3 {\n        font-size: 24px;\n        font-weight: 600;\n        line-height: 120%;\n    }\n\n    .comment-block h4 {\n        font-size: 20px;\n        font-weight: 600;\n        line-height: 120%;\n    }\n\n    .article-box {\n        padding: 24px;\n        border-radius: 8px;\n        border: 1px solid #cbcbd9;\n        margin-bottom: 24px;\n    }\n\n    .article-box:last-child  {\n        margin-bottom: 0;\n    }\n\n    .article-box .article {\n        font-size: 16px;\n        font-weight: 400;\n        line-height: 150%;\n        margin-bottom: 16px;\n    }\n\n    .article-box .article p {\n        margin-bottom: 1em;\n    }\n\n    .article-box .article p:last-child {\n        margin-bottom: 0;\n    }\n\n    .article-box .article:last-child {\n        margin-bottom: 0;\n    }\n\n    .article-box .comment {\n        padding: 24px;\n        background-color: #f6f6fa;\n        font-size: 16px;\n        font-weight: 400;\n        line-height: 150%;\n        border-radius: 8px;\n    }\n\n    .article-box .comment p {\n        margin: 0;\n    }\n\n    .article-box .comment ol {\n        list-style: auto;\n        list-style-position: inside;\n    }\n\n    @media (max-width: 1199px) {\n        .comment-block .comment-block-title {\n            font-size: 16px;\n        }\n\n        .comment-block .comment-block-title h2 {\n            margin-right: 5px;\n        }\n\n        .comment-block h3 {\n            font-size: 20px;\n        }\n        .comment-block h4 {\n            font-size: 18px;\n        }\n    }\n<\/style>\n\n<div class=\"comment-block cp-block\">\n    <!-- Chama a ancora e\/ou titulo se houver -->\n        \n    <!-- Bloco de comentario -->\n            <div class=\"article-box\">\n            <div class=\"article\"><p><strong>Art. 58-A.<\/strong> O Conselho Nacional de Prote\u00e7\u00e3o de Dados Pessoais e da Privacidade ser\u00e1 composto de 23 (vinte e tr\u00eas) representantes, titulares e suplentes, dos seguintes \u00f3rg\u00e3os: (Inclu\u00eddo pela Lei n\u00ba 13.853, de 2019)<\/p>\n<p>I &#8211; 5 (cinco) do Poder Executivo federal;<br \/>\nII &#8211; 1 (um) do Senado Federal;<br \/>\nIII &#8211; 1 (um) da C\u00e2mara dos Deputados;<br \/>\nIV &#8211; 1 (um) do Conselho Nacional de Justi\u00e7a;<br \/>\nV &#8211; 1 (um) do Conselho Nacional do Minist\u00e9rio P\u00fablico;<br \/>\nVI &#8211; 1 (um) do Comit\u00ea Gestor da Internet no Brasil;<br \/>\nVII &#8211; 3 (tr\u00eas) de entidades da sociedade civil com atua\u00e7\u00e3o relacionada a prote\u00e7\u00e3o de dados pessoais;<br \/>\nVIII &#8211; 3 (tr\u00eas) de institui\u00e7\u00f5es cient\u00edficas, tecnol\u00f3gicas e de inova\u00e7\u00e3o;<br \/>\nIX &#8211; 3 (tr\u00eas) de confedera\u00e7\u00f5es sindicais representativas das categorias econ\u00f4micas do setor produtivo;<br \/>\nX &#8211; 2 (dois) de entidades representativas do setor empresarial relacionado \u00e0 \u00e1rea de tratamento de dados pessoais; e<br \/>\nXI &#8211; 2 (dois) de entidades representativas do setor laboral.<\/p>\n<p>\u00a7 1\u00ba Os representantes ser\u00e3o designados por ato do Presidente da Rep\u00fablica, permitida a delega\u00e7\u00e3o.<\/p>\n<p>\u00a7 2\u00ba Os representantes de que tratam os incisos I, II, III, IV, V e VI do caput deste artigo e seus suplentes ser\u00e3o indicados pelos titulares dos respectivos \u00f3rg\u00e3os e entidades da administra\u00e7\u00e3o p\u00fablica.<\/p>\n<p>\u00a7 3\u00ba Os representantes de que tratam os incisos VII, VIII, IX, X e XI do caput deste artigo e seus suplentes:<br \/>\nI &#8211; ser\u00e3o indicados na forma de regulamento;<br \/>\nII &#8211; n\u00e3o poder\u00e3o ser membros do Comit\u00ea Gestor da Internet no Brasil;<br \/>\nIII &#8211; ter\u00e3o mandato de 2 (dois) anos, permitida 1 (uma) recondu\u00e7\u00e3o.<\/p>\n<p>\u00a7 4\u00ba A participa\u00e7\u00e3o no Conselho Nacional de Prote\u00e7\u00e3o de Dados Pessoais e da Privacidade ser\u00e1 considerada presta\u00e7\u00e3o de servi\u00e7o p\u00fablico relevante, n\u00e3o remunerada.<\/p>\n<\/div>\n                    <\/div>\n    <\/div>\n\n<style>\n    .comment-block {\n        position: relative;\n    }\n    .comment-block .anchor-target {\n        position: absolute;\n        top: -200px;\n    }\n    .comment-block {\n        margin-bottom: 40px;\n    }\n    .comment-block .comment-block-title {\n        flex-wrap: wrap;\n        font-size: 20px;\n        font-weight: 600;\n        line-height: 130%;\n        color: #1c1e2f;\n        margin-bottom: 24px;\n    }\n\n    .comment-block .comment-block-title:last-child {\n        margin-bottom: 64px;\n    }\n\n    .comment-block h3 {\n        font-size: 24px;\n        font-weight: 600;\n        line-height: 120%;\n    }\n\n    .comment-block h4 {\n        font-size: 20px;\n        font-weight: 600;\n        line-height: 120%;\n    }\n\n    .article-box {\n        padding: 24px;\n        border-radius: 8px;\n        border: 1px solid #cbcbd9;\n        margin-bottom: 24px;\n    }\n\n    .article-box:last-child  {\n        margin-bottom: 0;\n    }\n\n    .article-box .article {\n        font-size: 16px;\n        font-weight: 400;\n        line-height: 150%;\n        margin-bottom: 16px;\n    }\n\n    .article-box .article p {\n        margin-bottom: 1em;\n    }\n\n    .article-box .article p:last-child {\n        margin-bottom: 0;\n    }\n\n    .article-box .article:last-child {\n        margin-bottom: 0;\n    }\n\n    .article-box .comment {\n        padding: 24px;\n        background-color: #f6f6fa;\n        font-size: 16px;\n        font-weight: 400;\n        line-height: 150%;\n        border-radius: 8px;\n    }\n\n    .article-box .comment p {\n        margin: 0;\n    }\n\n    .article-box .comment ol {\n        list-style: auto;\n        list-style-position: inside;\n    }\n\n    @media (max-width: 1199px) {\n        .comment-block .comment-block-title {\n            font-size: 16px;\n        }\n\n        .comment-block .comment-block-title h2 {\n            margin-right: 5px;\n        }\n\n        .comment-block h3 {\n            font-size: 20px;\n        }\n        .comment-block h4 {\n            font-size: 18px;\n        }\n    }\n<\/style>\n\n<div class=\"comment-block cp-block\">\n    <!-- Chama a ancora e\/ou titulo se houver -->\n        \n    <!-- Bloco de comentario -->\n            <div class=\"article-box\">\n            <div class=\"article\"><p><strong>Art. 58-B.<\/strong> Compete ao Conselho Nacional de Prote\u00e7\u00e3o de Dados Pessoais e da Privacidade:<\/p>\n<p>I &#8211; propor diretrizes estrat\u00e9gicas e fornecer subs\u00eddios para a elabora\u00e7\u00e3o da Pol\u00edtica Nacional de Prote\u00e7\u00e3o de Dados Pessoais e da Privacidade e para a atua\u00e7\u00e3o da ANPD;<br \/>\nII &#8211; elaborar relat\u00f3rios anuais de avalia\u00e7\u00e3o da execu\u00e7\u00e3o das a\u00e7\u00f5es da Pol\u00edtica Nacional de Prote\u00e7\u00e3o de Dados Pessoais e da Privacidade;<br \/>\nIII &#8211; sugerir a\u00e7\u00f5es a serem realizadas pela ANPD;<br \/>\nIV &#8211; elaborar estudos e realizar debates e audi\u00eancias p\u00fablicas sobre a prote\u00e7\u00e3o de dados pessoais e da privacidade; e<br \/>\nV &#8211; disseminar o conhecimento sobre a prote\u00e7\u00e3o de dados pessoais e da privacidade \u00e0 popula\u00e7\u00e3o.<\/p>\n<\/div>\n                    <\/div>\n    <\/div>\n\n<style>\n    .comment-block {\n        position: relative;\n    }\n    .comment-block .anchor-target {\n        position: absolute;\n        top: -200px;\n    }\n    .comment-block {\n        margin-bottom: 40px;\n    }\n    .comment-block .comment-block-title {\n        flex-wrap: wrap;\n        font-size: 20px;\n        font-weight: 600;\n        line-height: 130%;\n        color: #1c1e2f;\n        margin-bottom: 24px;\n    }\n\n    .comment-block .comment-block-title:last-child {\n        margin-bottom: 64px;\n    }\n\n    .comment-block h3 {\n        font-size: 24px;\n        font-weight: 600;\n        line-height: 120%;\n    }\n\n    .comment-block h4 {\n        font-size: 20px;\n        font-weight: 600;\n        line-height: 120%;\n    }\n\n    .article-box {\n        padding: 24px;\n        border-radius: 8px;\n        border: 1px solid #cbcbd9;\n        margin-bottom: 24px;\n    }\n\n    .article-box:last-child  {\n        margin-bottom: 0;\n    }\n\n    .article-box .article {\n        font-size: 16px;\n        font-weight: 400;\n        line-height: 150%;\n        margin-bottom: 16px;\n    }\n\n    .article-box .article p {\n        margin-bottom: 1em;\n    }\n\n    .article-box .article p:last-child {\n        margin-bottom: 0;\n    }\n\n    .article-box .article:last-child {\n        margin-bottom: 0;\n    }\n\n    .article-box .comment {\n        padding: 24px;\n        background-color: #f6f6fa;\n        font-size: 16px;\n        font-weight: 400;\n        line-height: 150%;\n        border-radius: 8px;\n    }\n\n    .article-box .comment p {\n        margin: 0;\n    }\n\n    .article-box .comment ol {\n        list-style: auto;\n        list-style-position: inside;\n    }\n\n    @media (max-width: 1199px) {\n        .comment-block .comment-block-title {\n            font-size: 16px;\n        }\n\n        .comment-block .comment-block-title h2 {\n            margin-right: 5px;\n        }\n\n        .comment-block h3 {\n            font-size: 20px;\n        }\n        .comment-block h4 {\n            font-size: 18px;\n        }\n    }\n<\/style>\n\n<div class=\"comment-block cp-block\">\n    <!-- Chama a ancora e\/ou titulo se houver -->\n        \n    <!-- Bloco de comentario -->\n            <div class=\"article-box\">\n            <div class=\"article\"><p><strong>Art. 59.<\/strong> (VETADO).<\/p>\n<\/div>\n                    <\/div>\n    <\/div>","protected":false},"excerpt":{"rendered":"","protected":false},"author":7,"featured_media":0,"comment_status":"open","ping_status":"open","template":"","cat-lgpd":[],"class_list":["post-32169","lgpd-comentada","type-lgpd-comentada","status-publish","hentry"],"acf":[],"_links":{"self":[{"href":"https:\/\/www.aurum.com.br\/blog\/wp-json\/wp\/v2\/lgpd-comentada\/32169","targetHints":{"allow":["GET"]}}],"collection":[{"href":"https:\/\/www.aurum.com.br\/blog\/wp-json\/wp\/v2\/lgpd-comentada"}],"about":[{"href":"https:\/\/www.aurum.com.br\/blog\/wp-json\/wp\/v2\/types\/lgpd-comentada"}],"author":[{"embeddable":true,"href":"https:\/\/www.aurum.com.br\/blog\/wp-json\/wp\/v2\/users\/7"}],"replies":[{"embeddable":true,"href":"https:\/\/www.aurum.com.br\/blog\/wp-json\/wp\/v2\/comments?post=32169"}],"wp:attachment":[{"href":"https:\/\/www.aurum.com.br\/blog\/wp-json\/wp\/v2\/media?parent=32169"}],"wp:term":[{"taxonomy":"cat-lgpd","embeddable":true,"href":"https:\/\/www.aurum.com.br\/blog\/wp-json\/wp\/v2\/cat-lgpd?post=32169"}],"curies":[{"name":"wp","href":"https:\/\/api.w.org\/{rel}","templated":true}]}}