{"id":32168,"date":"2024-12-12T13:53:08","date_gmt":"2024-12-12T16:53:08","guid":{"rendered":"https:\/\/www.aurum.com.br\/blog\/lgpd-comentada\/art-55-a-57-lgpd\/"},"modified":"2025-05-20T10:55:13","modified_gmt":"2025-05-20T13:55:13","slug":"art-55-a-57-lgpd","status":"publish","type":"lgpd-comentada","link":"https:\/\/www.aurum.com.br\/blog\/lgpd-comentada\/art-55-a-57-lgpd\/","title":{"rendered":"Se\u00e7\u00e3o I &#8211; Da Autoridade Nacional De Prote\u00e7\u00e3o De Dados (ANPD)"},"content":{"rendered":"<style>\n    .comment-block {\n        position: relative;\n    }\n    .comment-block .anchor-target {\n        position: absolute;\n        top: -200px;\n    }\n    .comment-block {\n        margin-bottom: 40px;\n    }\n    .comment-block .comment-block-title {\n        flex-wrap: wrap;\n        font-size: 20px;\n        font-weight: 600;\n        line-height: 130%;\n        color: #1c1e2f;\n        margin-bottom: 24px;\n    }\n\n    .comment-block .comment-block-title:last-child {\n        margin-bottom: 64px;\n    }\n\n    .comment-block h3 {\n        font-size: 24px;\n        font-weight: 600;\n        line-height: 120%;\n    }\n\n    .comment-block h4 {\n        font-size: 20px;\n        font-weight: 600;\n        line-height: 120%;\n    }\n\n    .article-box {\n        padding: 24px;\n        border-radius: 8px;\n        border: 1px solid #cbcbd9;\n        margin-bottom: 24px;\n    }\n\n    .article-box:last-child  {\n        margin-bottom: 0;\n    }\n\n    .article-box .article {\n        font-size: 16px;\n        font-weight: 400;\n        line-height: 150%;\n        margin-bottom: 16px;\n    }\n\n    .article-box .article p {\n        margin-bottom: 1em;\n    }\n\n    .article-box .article p:last-child {\n        margin-bottom: 0;\n    }\n\n    .article-box .article:last-child {\n        margin-bottom: 0;\n    }\n\n    .article-box .comment {\n        padding: 24px;\n        background-color: #f6f6fa;\n        font-size: 16px;\n        font-weight: 400;\n        line-height: 150%;\n        border-radius: 8px;\n    }\n\n    .article-box .comment p {\n        margin: 0;\n    }\n\n    .article-box .comment ol {\n        list-style: auto;\n        list-style-position: inside;\n    }\n\n    @media (max-width: 1199px) {\n        .comment-block .comment-block-title {\n            font-size: 16px;\n        }\n\n        .comment-block .comment-block-title h2 {\n            margin-right: 5px;\n        }\n\n        .comment-block h3 {\n            font-size: 20px;\n        }\n        .comment-block h4 {\n            font-size: 18px;\n        }\n    }\n<\/style>\n\n<div class=\"comment-block cp-block\">\n    <!-- Chama a ancora e\/ou titulo se houver -->\n        \n    <!-- Bloco de comentario -->\n            <div class=\"article-box\">\n            <div class=\"article\"><p><strong>Art. 55.<\/strong> (VETADO).<\/p>\n<\/div>\n                    <\/div>\n    <\/div>\n\n<style>\n    .comment-block {\n        position: relative;\n    }\n    .comment-block .anchor-target {\n        position: absolute;\n        top: -200px;\n    }\n    .comment-block {\n        margin-bottom: 40px;\n    }\n    .comment-block .comment-block-title {\n        flex-wrap: wrap;\n        font-size: 20px;\n        font-weight: 600;\n        line-height: 130%;\n        color: #1c1e2f;\n        margin-bottom: 24px;\n    }\n\n    .comment-block .comment-block-title:last-child {\n        margin-bottom: 64px;\n    }\n\n    .comment-block h3 {\n        font-size: 24px;\n        font-weight: 600;\n        line-height: 120%;\n    }\n\n    .comment-block h4 {\n        font-size: 20px;\n        font-weight: 600;\n        line-height: 120%;\n    }\n\n    .article-box {\n        padding: 24px;\n        border-radius: 8px;\n        border: 1px solid #cbcbd9;\n        margin-bottom: 24px;\n    }\n\n    .article-box:last-child  {\n        margin-bottom: 0;\n    }\n\n    .article-box .article {\n        font-size: 16px;\n        font-weight: 400;\n        line-height: 150%;\n        margin-bottom: 16px;\n    }\n\n    .article-box .article p {\n        margin-bottom: 1em;\n    }\n\n    .article-box .article p:last-child {\n        margin-bottom: 0;\n    }\n\n    .article-box .article:last-child {\n        margin-bottom: 0;\n    }\n\n    .article-box .comment {\n        padding: 24px;\n        background-color: #f6f6fa;\n        font-size: 16px;\n        font-weight: 400;\n        line-height: 150%;\n        border-radius: 8px;\n    }\n\n    .article-box .comment p {\n        margin: 0;\n    }\n\n    .article-box .comment ol {\n        list-style: auto;\n        list-style-position: inside;\n    }\n\n    @media (max-width: 1199px) {\n        .comment-block .comment-block-title {\n            font-size: 16px;\n        }\n\n        .comment-block .comment-block-title h2 {\n            margin-right: 5px;\n        }\n\n        .comment-block h3 {\n            font-size: 20px;\n        }\n        .comment-block h4 {\n            font-size: 18px;\n        }\n    }\n<\/style>\n\n<div class=\"comment-block cp-block\">\n    <!-- Chama a ancora e\/ou titulo se houver -->\n        \n    <!-- Bloco de comentario -->\n            <div class=\"article-box\">\n            <div class=\"article\"><p><strong>Art. 55-A.<\/strong> Fica criada a Autoridade Nacional de Prote\u00e7\u00e3o de Dados (ANPD), autarquia de natureza especial, dotada de autonomia t\u00e9cnica e decis\u00f3ria, com patrim\u00f4nio pr\u00f3prio e com sede e foro no Distrito Federal. (Reda\u00e7\u00e3o dada pela Lei n\u00ba 14.460, de 2022)<\/p>\n<\/div>\n                    <\/div>\n    <\/div>\n\n<style>\n    .comment-block {\n        position: relative;\n    }\n    .comment-block .anchor-target {\n        position: absolute;\n        top: -200px;\n    }\n    .comment-block {\n        margin-bottom: 40px;\n    }\n    .comment-block .comment-block-title {\n        flex-wrap: wrap;\n        font-size: 20px;\n        font-weight: 600;\n        line-height: 130%;\n        color: #1c1e2f;\n        margin-bottom: 24px;\n    }\n\n    .comment-block .comment-block-title:last-child {\n        margin-bottom: 64px;\n    }\n\n    .comment-block h3 {\n        font-size: 24px;\n        font-weight: 600;\n        line-height: 120%;\n    }\n\n    .comment-block h4 {\n        font-size: 20px;\n        font-weight: 600;\n        line-height: 120%;\n    }\n\n    .article-box {\n        padding: 24px;\n        border-radius: 8px;\n        border: 1px solid #cbcbd9;\n        margin-bottom: 24px;\n    }\n\n    .article-box:last-child  {\n        margin-bottom: 0;\n    }\n\n    .article-box .article {\n        font-size: 16px;\n        font-weight: 400;\n        line-height: 150%;\n        margin-bottom: 16px;\n    }\n\n    .article-box .article p {\n        margin-bottom: 1em;\n    }\n\n    .article-box .article p:last-child {\n        margin-bottom: 0;\n    }\n\n    .article-box .article:last-child {\n        margin-bottom: 0;\n    }\n\n    .article-box .comment {\n        padding: 24px;\n        background-color: #f6f6fa;\n        font-size: 16px;\n        font-weight: 400;\n        line-height: 150%;\n        border-radius: 8px;\n    }\n\n    .article-box .comment p {\n        margin: 0;\n    }\n\n    .article-box .comment ol {\n        list-style: auto;\n        list-style-position: inside;\n    }\n\n    @media (max-width: 1199px) {\n        .comment-block .comment-block-title {\n            font-size: 16px;\n        }\n\n        .comment-block .comment-block-title h2 {\n            margin-right: 5px;\n        }\n\n        .comment-block h3 {\n            font-size: 20px;\n        }\n        .comment-block h4 {\n            font-size: 18px;\n        }\n    }\n<\/style>\n\n<div class=\"comment-block cp-block\">\n    <!-- Chama a ancora e\/ou titulo se houver -->\n        \n    <!-- Bloco de comentario -->\n            <div class=\"article-box\">\n            <div class=\"article\"><p><strong>Art. 55-B.<\/strong> (Revogado pela Lei n\u00ba 14.460, de 2022)<\/p>\n<\/div>\n                    <\/div>\n    <\/div>\n\n<style>\n    .comment-block {\n        position: relative;\n    }\n    .comment-block .anchor-target {\n        position: absolute;\n        top: -200px;\n    }\n    .comment-block {\n        margin-bottom: 40px;\n    }\n    .comment-block .comment-block-title {\n        flex-wrap: wrap;\n        font-size: 20px;\n        font-weight: 600;\n        line-height: 130%;\n        color: #1c1e2f;\n        margin-bottom: 24px;\n    }\n\n    .comment-block .comment-block-title:last-child {\n        margin-bottom: 64px;\n    }\n\n    .comment-block h3 {\n        font-size: 24px;\n        font-weight: 600;\n        line-height: 120%;\n    }\n\n    .comment-block h4 {\n        font-size: 20px;\n        font-weight: 600;\n        line-height: 120%;\n    }\n\n    .article-box {\n        padding: 24px;\n        border-radius: 8px;\n        border: 1px solid #cbcbd9;\n        margin-bottom: 24px;\n    }\n\n    .article-box:last-child  {\n        margin-bottom: 0;\n    }\n\n    .article-box .article {\n        font-size: 16px;\n        font-weight: 400;\n        line-height: 150%;\n        margin-bottom: 16px;\n    }\n\n    .article-box .article p {\n        margin-bottom: 1em;\n    }\n\n    .article-box .article p:last-child {\n        margin-bottom: 0;\n    }\n\n    .article-box .article:last-child {\n        margin-bottom: 0;\n    }\n\n    .article-box .comment {\n        padding: 24px;\n        background-color: #f6f6fa;\n        font-size: 16px;\n        font-weight: 400;\n        line-height: 150%;\n        border-radius: 8px;\n    }\n\n    .article-box .comment p {\n        margin: 0;\n    }\n\n    .article-box .comment ol {\n        list-style: auto;\n        list-style-position: inside;\n    }\n\n    @media (max-width: 1199px) {\n        .comment-block .comment-block-title {\n            font-size: 16px;\n        }\n\n        .comment-block .comment-block-title h2 {\n            margin-right: 5px;\n        }\n\n        .comment-block h3 {\n            font-size: 20px;\n        }\n        .comment-block h4 {\n            font-size: 18px;\n        }\n    }\n<\/style>\n\n<div class=\"comment-block cp-block\">\n    <!-- Chama a ancora e\/ou titulo se houver -->\n        \n    <!-- Bloco de comentario -->\n            <div class=\"article-box\">\n            <div class=\"article\"><p><strong>Art. 55-C.<\/strong> A ANPD \u00e9 composta de: (Inclu\u00eddo pela Lei n\u00ba 13.853, de 2019)<\/p>\n<p>I &#8211; Conselho Diretor, \u00f3rg\u00e3o m\u00e1ximo de dire\u00e7\u00e3o; (Inclu\u00eddo pela Lei n\u00ba 13.853, de 2019)<br \/>\nII &#8211; Conselho Nacional de Prote\u00e7\u00e3o de Dados Pessoais e da Privacidade; (Inclu\u00eddo pela Lei n\u00ba 13.853, de 2019)<br \/>\nIII &#8211; Corregedoria; (Inclu\u00eddo pela Lei n\u00ba 13.853, de 2019)<br \/>\nIV &#8211; Ouvidoria; (Inclu\u00eddo pela Lei n\u00ba 13.853, de 2019)<br \/>\nV &#8211; (revogado); (Reda\u00e7\u00e3o dada pela Lei n\u00ba 14.460, de 2022)<br \/>\nV-A &#8211; Procuradoria; e (Inclu\u00eddo pela Lei n\u00ba 14.460, de 2022)<br \/>\nVI &#8211; unidades administrativas e unidades especializadas necess\u00e1rias \u00e0 aplica\u00e7\u00e3o do disposto nesta Lei. (Inclu\u00eddo pela Lei n\u00ba 13.853, de 2019)<\/p>\n<\/div>\n                    <\/div>\n    <\/div>\n\n<style>\n    .comment-block {\n        position: relative;\n    }\n    .comment-block .anchor-target {\n        position: absolute;\n        top: -200px;\n    }\n    .comment-block {\n        margin-bottom: 40px;\n    }\n    .comment-block .comment-block-title {\n        flex-wrap: wrap;\n        font-size: 20px;\n        font-weight: 600;\n        line-height: 130%;\n        color: #1c1e2f;\n        margin-bottom: 24px;\n    }\n\n    .comment-block .comment-block-title:last-child {\n        margin-bottom: 64px;\n    }\n\n    .comment-block h3 {\n        font-size: 24px;\n        font-weight: 600;\n        line-height: 120%;\n    }\n\n    .comment-block h4 {\n        font-size: 20px;\n        font-weight: 600;\n        line-height: 120%;\n    }\n\n    .article-box {\n        padding: 24px;\n        border-radius: 8px;\n        border: 1px solid #cbcbd9;\n        margin-bottom: 24px;\n    }\n\n    .article-box:last-child  {\n        margin-bottom: 0;\n    }\n\n    .article-box .article {\n        font-size: 16px;\n        font-weight: 400;\n        line-height: 150%;\n        margin-bottom: 16px;\n    }\n\n    .article-box .article p {\n        margin-bottom: 1em;\n    }\n\n    .article-box .article p:last-child {\n        margin-bottom: 0;\n    }\n\n    .article-box .article:last-child {\n        margin-bottom: 0;\n    }\n\n    .article-box .comment {\n        padding: 24px;\n        background-color: #f6f6fa;\n        font-size: 16px;\n        font-weight: 400;\n        line-height: 150%;\n        border-radius: 8px;\n    }\n\n    .article-box .comment p {\n        margin: 0;\n    }\n\n    .article-box .comment ol {\n        list-style: auto;\n        list-style-position: inside;\n    }\n\n    @media (max-width: 1199px) {\n        .comment-block .comment-block-title {\n            font-size: 16px;\n        }\n\n        .comment-block .comment-block-title h2 {\n            margin-right: 5px;\n        }\n\n        .comment-block h3 {\n            font-size: 20px;\n        }\n        .comment-block h4 {\n            font-size: 18px;\n        }\n    }\n<\/style>\n\n<div class=\"comment-block cp-block\">\n    <!-- Chama a ancora e\/ou titulo se houver -->\n        \n    <!-- Bloco de comentario -->\n            <div class=\"article-box\">\n            <div class=\"article\"><p><strong>Art. 55-D.<\/strong> O Conselho Diretor da ANPD ser\u00e1 composto de 5 (cinco) diretores, inclu\u00eddo o Diretor-Presidente. (Inclu\u00eddo pela Lei n\u00ba 13.853, de 2019)<\/p>\n<p>\u00a7 1\u00ba Os membros do Conselho Diretor da ANPD ser\u00e3o escolhidos pelo Presidente da Rep\u00fablica e por ele nomeados, ap\u00f3s aprova\u00e7\u00e3o pelo Senado Federal, nos termos da al\u00ednea \u2018f\u2019 do inciso III do art. 52 da Constitui\u00e7\u00e3o Federal, e ocupar\u00e3o cargo em comiss\u00e3o do Grupo-Dire\u00e7\u00e3o e Assessoramento Superiores &#8211; DAS, no m\u00ednimo, de n\u00edvel 5. (Inclu\u00eddo pela Lei n\u00ba 13.853, de 2019)<\/p>\n<p>\u00a7 2\u00ba Os membros do Conselho Diretor ser\u00e3o escolhidos dentre brasileiros que tenham reputa\u00e7\u00e3o ilibada, n\u00edvel superior de educa\u00e7\u00e3o e elevado conceito no campo de especialidade dos cargos para os quais ser\u00e3o nomeados. (Inclu\u00eddo pela Lei n\u00ba 13.853, de 2019)<\/p>\n<p>\u00a7 3\u00ba O mandato dos membros do Conselho Diretor ser\u00e1 de 4 (quatro) anos. (Inclu\u00eddo pela Lei n\u00ba 13.853, de 2019)<\/p>\n<p>\u00a7 4\u00ba Os mandatos dos primeiros membros do Conselho Diretor nomeados ser\u00e3o de 2 (dois), de 3 (tr\u00eas), de 4 (quatro), de 5 (cinco) e de 6 (seis) anos, conforme estabelecido no ato de nomea\u00e7\u00e3o. (Inclu\u00eddo pela Lei n\u00ba 13.853, de 2019)<\/p>\n<p>\u00a7 5\u00ba Na hip\u00f3tese de vac\u00e2ncia do cargo no curso do mandato de membro do Conselho Diretor, o prazo remanescente ser\u00e1 completado pelo sucessor. (Inclu\u00eddo pela Lei n\u00ba 13.853, de 2019)<\/p>\n<\/div>\n                    <\/div>\n    <\/div>\n\n<style>\n    .comment-block {\n        position: relative;\n    }\n    .comment-block .anchor-target {\n        position: absolute;\n        top: -200px;\n    }\n    .comment-block {\n        margin-bottom: 40px;\n    }\n    .comment-block .comment-block-title {\n        flex-wrap: wrap;\n        font-size: 20px;\n        font-weight: 600;\n        line-height: 130%;\n        color: #1c1e2f;\n        margin-bottom: 24px;\n    }\n\n    .comment-block .comment-block-title:last-child {\n        margin-bottom: 64px;\n    }\n\n    .comment-block h3 {\n        font-size: 24px;\n        font-weight: 600;\n        line-height: 120%;\n    }\n\n    .comment-block h4 {\n        font-size: 20px;\n        font-weight: 600;\n        line-height: 120%;\n    }\n\n    .article-box {\n        padding: 24px;\n        border-radius: 8px;\n        border: 1px solid #cbcbd9;\n        margin-bottom: 24px;\n    }\n\n    .article-box:last-child  {\n        margin-bottom: 0;\n    }\n\n    .article-box .article {\n        font-size: 16px;\n        font-weight: 400;\n        line-height: 150%;\n        margin-bottom: 16px;\n    }\n\n    .article-box .article p {\n        margin-bottom: 1em;\n    }\n\n    .article-box .article p:last-child {\n        margin-bottom: 0;\n    }\n\n    .article-box .article:last-child {\n        margin-bottom: 0;\n    }\n\n    .article-box .comment {\n        padding: 24px;\n        background-color: #f6f6fa;\n        font-size: 16px;\n        font-weight: 400;\n        line-height: 150%;\n        border-radius: 8px;\n    }\n\n    .article-box .comment p {\n        margin: 0;\n    }\n\n    .article-box .comment ol {\n        list-style: auto;\n        list-style-position: inside;\n    }\n\n    @media (max-width: 1199px) {\n        .comment-block .comment-block-title {\n            font-size: 16px;\n        }\n\n        .comment-block .comment-block-title h2 {\n            margin-right: 5px;\n        }\n\n        .comment-block h3 {\n            font-size: 20px;\n        }\n        .comment-block h4 {\n            font-size: 18px;\n        }\n    }\n<\/style>\n\n<div class=\"comment-block cp-block\">\n    <!-- Chama a ancora e\/ou titulo se houver -->\n        \n    <!-- Bloco de comentario -->\n            <div class=\"article-box\">\n            <div class=\"article\"><p><strong>Art. 55-E.<\/strong> Os membros do Conselho Diretor somente perder\u00e3o seus cargos em virtude de ren\u00fancia, condena\u00e7\u00e3o judicial transitada em julgado ou pena de demiss\u00e3o decorrente de processo administrativo disciplinar. (Inclu\u00eddo pela Lei n\u00ba 13.853, de 2019)<\/p>\n<p>\u00a7 1\u00ba Nos termos do caput deste artigo, cabe ao Ministro de Estado Chefe da Casa Civil da Presid\u00eancia da Rep\u00fablica instaurar o processo administrativo disciplinar, que ser\u00e1 conduzido por comiss\u00e3o especial constitu\u00edda por servidores p\u00fablicos federais est\u00e1veis. (Inclu\u00eddo pela Lei n\u00ba 13.853, de 2019)<\/p>\n<p>\u00a7 2\u00ba Compete ao Presidente da Rep\u00fablica determinar o afastamento preventivo, somente quando assim recomendado pela comiss\u00e3o especial de que trata o \u00a7 1\u00ba deste artigo, e proferir o julgamento. (Inclu\u00eddo pela Lei n\u00ba 13.853, de 2019)<\/p>\n<\/div>\n                    <\/div>\n    <\/div>\n\n<style>\n    .comment-block {\n        position: relative;\n    }\n    .comment-block .anchor-target {\n        position: absolute;\n        top: -200px;\n    }\n    .comment-block {\n        margin-bottom: 40px;\n    }\n    .comment-block .comment-block-title {\n        flex-wrap: wrap;\n        font-size: 20px;\n        font-weight: 600;\n        line-height: 130%;\n        color: #1c1e2f;\n        margin-bottom: 24px;\n    }\n\n    .comment-block .comment-block-title:last-child {\n        margin-bottom: 64px;\n    }\n\n    .comment-block h3 {\n        font-size: 24px;\n        font-weight: 600;\n        line-height: 120%;\n    }\n\n    .comment-block h4 {\n        font-size: 20px;\n        font-weight: 600;\n        line-height: 120%;\n    }\n\n    .article-box {\n        padding: 24px;\n        border-radius: 8px;\n        border: 1px solid #cbcbd9;\n        margin-bottom: 24px;\n    }\n\n    .article-box:last-child  {\n        margin-bottom: 0;\n    }\n\n    .article-box .article {\n        font-size: 16px;\n        font-weight: 400;\n        line-height: 150%;\n        margin-bottom: 16px;\n    }\n\n    .article-box .article p {\n        margin-bottom: 1em;\n    }\n\n    .article-box .article p:last-child {\n        margin-bottom: 0;\n    }\n\n    .article-box .article:last-child {\n        margin-bottom: 0;\n    }\n\n    .article-box .comment {\n        padding: 24px;\n        background-color: #f6f6fa;\n        font-size: 16px;\n        font-weight: 400;\n        line-height: 150%;\n        border-radius: 8px;\n    }\n\n    .article-box .comment p {\n        margin: 0;\n    }\n\n    .article-box .comment ol {\n        list-style: auto;\n        list-style-position: inside;\n    }\n\n    @media (max-width: 1199px) {\n        .comment-block .comment-block-title {\n            font-size: 16px;\n        }\n\n        .comment-block .comment-block-title h2 {\n            margin-right: 5px;\n        }\n\n        .comment-block h3 {\n            font-size: 20px;\n        }\n        .comment-block h4 {\n            font-size: 18px;\n        }\n    }\n<\/style>\n\n<div class=\"comment-block cp-block\">\n    <!-- Chama a ancora e\/ou titulo se houver -->\n        \n    <!-- Bloco de comentario -->\n            <div class=\"article-box\">\n            <div class=\"article\"><p><strong>Art. 55-F.<\/strong> Aplica-se aos membros do Conselho Diretor, ap\u00f3s o exerc\u00edcio do cargo, o disposto no art. 6\u00ba da Lei n\u00ba 12.813, de 16 de maio de 2013. (Inclu\u00eddo pela Lei n\u00ba 13.853, de 2019)<\/p>\n<p>Par\u00e1grafo \u00fanico. A infra\u00e7\u00e3o ao disposto no caput deste artigo caracteriza ato de improbidade administrativa. (Inclu\u00eddo pela Lei n\u00ba 13.853, de 2019)<\/p>\n<\/div>\n                    <\/div>\n    <\/div>\n\n<style>\n    .comment-block {\n        position: relative;\n    }\n    .comment-block .anchor-target {\n        position: absolute;\n        top: -200px;\n    }\n    .comment-block {\n        margin-bottom: 40px;\n    }\n    .comment-block .comment-block-title {\n        flex-wrap: wrap;\n        font-size: 20px;\n        font-weight: 600;\n        line-height: 130%;\n        color: #1c1e2f;\n        margin-bottom: 24px;\n    }\n\n    .comment-block .comment-block-title:last-child {\n        margin-bottom: 64px;\n    }\n\n    .comment-block h3 {\n        font-size: 24px;\n        font-weight: 600;\n        line-height: 120%;\n    }\n\n    .comment-block h4 {\n        font-size: 20px;\n        font-weight: 600;\n        line-height: 120%;\n    }\n\n    .article-box {\n        padding: 24px;\n        border-radius: 8px;\n        border: 1px solid #cbcbd9;\n        margin-bottom: 24px;\n    }\n\n    .article-box:last-child  {\n        margin-bottom: 0;\n    }\n\n    .article-box .article {\n        font-size: 16px;\n        font-weight: 400;\n        line-height: 150%;\n        margin-bottom: 16px;\n    }\n\n    .article-box .article p {\n        margin-bottom: 1em;\n    }\n\n    .article-box .article p:last-child {\n        margin-bottom: 0;\n    }\n\n    .article-box .article:last-child {\n        margin-bottom: 0;\n    }\n\n    .article-box .comment {\n        padding: 24px;\n        background-color: #f6f6fa;\n        font-size: 16px;\n        font-weight: 400;\n        line-height: 150%;\n        border-radius: 8px;\n    }\n\n    .article-box .comment p {\n        margin: 0;\n    }\n\n    .article-box .comment ol {\n        list-style: auto;\n        list-style-position: inside;\n    }\n\n    @media (max-width: 1199px) {\n        .comment-block .comment-block-title {\n            font-size: 16px;\n        }\n\n        .comment-block .comment-block-title h2 {\n            margin-right: 5px;\n        }\n\n        .comment-block h3 {\n            font-size: 20px;\n        }\n        .comment-block h4 {\n            font-size: 18px;\n        }\n    }\n<\/style>\n\n<div class=\"comment-block cp-block\">\n    <!-- Chama a ancora e\/ou titulo se houver -->\n        \n    <!-- Bloco de comentario -->\n            <div class=\"article-box\">\n            <div class=\"article\"><p><strong>Art. 55-G.<\/strong> Ato do Presidente da Rep\u00fablica dispor\u00e1 sobre a estrutura regimental da ANPD. (Inclu\u00eddo pela Lei n\u00ba 13.853, de 2019)<\/p>\n<p>\u00a7 1\u00ba At\u00e9 a data de entrada em vigor de sua estrutura regimental, a ANPD receber\u00e1 o apoio t\u00e9cnico e administrativo da Casa Civil da Presid\u00eancia da Rep\u00fablica para o exerc\u00edcio de suas atividades. (Inclu\u00eddo pela Lei n\u00ba 13.853, de 2019)<\/p>\n<p>\u00a7 2\u00ba O Conselho Diretor dispor\u00e1 sobre o regimento interno da ANPD. (Inclu\u00eddo pela Lei n\u00ba 13.853, de 2019)<\/p>\n<\/div>\n                    <\/div>\n    <\/div>\n\n<style>\n    .comment-block {\n        position: relative;\n    }\n    .comment-block .anchor-target {\n        position: absolute;\n        top: -200px;\n    }\n    .comment-block {\n        margin-bottom: 40px;\n    }\n    .comment-block .comment-block-title {\n        flex-wrap: wrap;\n        font-size: 20px;\n        font-weight: 600;\n        line-height: 130%;\n        color: #1c1e2f;\n        margin-bottom: 24px;\n    }\n\n    .comment-block .comment-block-title:last-child {\n        margin-bottom: 64px;\n    }\n\n    .comment-block h3 {\n        font-size: 24px;\n        font-weight: 600;\n        line-height: 120%;\n    }\n\n    .comment-block h4 {\n        font-size: 20px;\n        font-weight: 600;\n        line-height: 120%;\n    }\n\n    .article-box {\n        padding: 24px;\n        border-radius: 8px;\n        border: 1px solid #cbcbd9;\n        margin-bottom: 24px;\n    }\n\n    .article-box:last-child  {\n        margin-bottom: 0;\n    }\n\n    .article-box .article {\n        font-size: 16px;\n        font-weight: 400;\n        line-height: 150%;\n        margin-bottom: 16px;\n    }\n\n    .article-box .article p {\n        margin-bottom: 1em;\n    }\n\n    .article-box .article p:last-child {\n        margin-bottom: 0;\n    }\n\n    .article-box .article:last-child {\n        margin-bottom: 0;\n    }\n\n    .article-box .comment {\n        padding: 24px;\n        background-color: #f6f6fa;\n        font-size: 16px;\n        font-weight: 400;\n        line-height: 150%;\n        border-radius: 8px;\n    }\n\n    .article-box .comment p {\n        margin: 0;\n    }\n\n    .article-box .comment ol {\n        list-style: auto;\n        list-style-position: inside;\n    }\n\n    @media (max-width: 1199px) {\n        .comment-block .comment-block-title {\n            font-size: 16px;\n        }\n\n        .comment-block .comment-block-title h2 {\n            margin-right: 5px;\n        }\n\n        .comment-block h3 {\n            font-size: 20px;\n        }\n        .comment-block h4 {\n            font-size: 18px;\n        }\n    }\n<\/style>\n\n<div class=\"comment-block cp-block\">\n    <!-- Chama a ancora e\/ou titulo se houver -->\n        \n    <!-- Bloco de comentario -->\n            <div class=\"article-box\">\n            <div class=\"article\"><p><strong>Art. 55-H.<\/strong> Os cargos em comiss\u00e3o e as fun\u00e7\u00f5es de confian\u00e7a da ANPD ser\u00e3o remanejados de outros \u00f3rg\u00e3os e entidades do Poder Executivo federal.<\/p>\n<\/div>\n                    <\/div>\n    <\/div>\n\n<style>\n    .comment-block {\n        position: relative;\n    }\n    .comment-block .anchor-target {\n        position: absolute;\n        top: -200px;\n    }\n    .comment-block {\n        margin-bottom: 40px;\n    }\n    .comment-block .comment-block-title {\n        flex-wrap: wrap;\n        font-size: 20px;\n        font-weight: 600;\n        line-height: 130%;\n        color: #1c1e2f;\n        margin-bottom: 24px;\n    }\n\n    .comment-block .comment-block-title:last-child {\n        margin-bottom: 64px;\n    }\n\n    .comment-block h3 {\n        font-size: 24px;\n        font-weight: 600;\n        line-height: 120%;\n    }\n\n    .comment-block h4 {\n        font-size: 20px;\n        font-weight: 600;\n        line-height: 120%;\n    }\n\n    .article-box {\n        padding: 24px;\n        border-radius: 8px;\n        border: 1px solid #cbcbd9;\n        margin-bottom: 24px;\n    }\n\n    .article-box:last-child  {\n        margin-bottom: 0;\n    }\n\n    .article-box .article {\n        font-size: 16px;\n        font-weight: 400;\n        line-height: 150%;\n        margin-bottom: 16px;\n    }\n\n    .article-box .article p {\n        margin-bottom: 1em;\n    }\n\n    .article-box .article p:last-child {\n        margin-bottom: 0;\n    }\n\n    .article-box .article:last-child {\n        margin-bottom: 0;\n    }\n\n    .article-box .comment {\n        padding: 24px;\n        background-color: #f6f6fa;\n        font-size: 16px;\n        font-weight: 400;\n        line-height: 150%;\n        border-radius: 8px;\n    }\n\n    .article-box .comment p {\n        margin: 0;\n    }\n\n    .article-box .comment ol {\n        list-style: auto;\n        list-style-position: inside;\n    }\n\n    @media (max-width: 1199px) {\n        .comment-block .comment-block-title {\n            font-size: 16px;\n        }\n\n        .comment-block .comment-block-title h2 {\n            margin-right: 5px;\n        }\n\n        .comment-block h3 {\n            font-size: 20px;\n        }\n        .comment-block h4 {\n            font-size: 18px;\n        }\n    }\n<\/style>\n\n<div class=\"comment-block cp-block\">\n    <!-- Chama a ancora e\/ou titulo se houver -->\n        \n    <!-- Bloco de comentario -->\n            <div class=\"article-box\">\n            <div class=\"article\"><p><strong>Art. 55-I.<\/strong> Os ocupantes dos cargos em comiss\u00e3o e das fun\u00e7\u00f5es de confian\u00e7a da ANPD ser\u00e3o indicados pelo Conselho Diretor e nomeados ou designados pelo Diretor-Presidente. (Inclu\u00eddo pela Lei n\u00ba 13.853, de 2019)<\/p>\n<\/div>\n                    <\/div>\n    <\/div>\n\n<style>\n    .comment-block {\n        position: relative;\n    }\n    .comment-block .anchor-target {\n        position: absolute;\n        top: -200px;\n    }\n    .comment-block {\n        margin-bottom: 40px;\n    }\n    .comment-block .comment-block-title {\n        flex-wrap: wrap;\n        font-size: 20px;\n        font-weight: 600;\n        line-height: 130%;\n        color: #1c1e2f;\n        margin-bottom: 24px;\n    }\n\n    .comment-block .comment-block-title:last-child {\n        margin-bottom: 64px;\n    }\n\n    .comment-block h3 {\n        font-size: 24px;\n        font-weight: 600;\n        line-height: 120%;\n    }\n\n    .comment-block h4 {\n        font-size: 20px;\n        font-weight: 600;\n        line-height: 120%;\n    }\n\n    .article-box {\n        padding: 24px;\n        border-radius: 8px;\n        border: 1px solid #cbcbd9;\n        margin-bottom: 24px;\n    }\n\n    .article-box:last-child  {\n        margin-bottom: 0;\n    }\n\n    .article-box .article {\n        font-size: 16px;\n        font-weight: 400;\n        line-height: 150%;\n        margin-bottom: 16px;\n    }\n\n    .article-box .article p {\n        margin-bottom: 1em;\n    }\n\n    .article-box .article p:last-child {\n        margin-bottom: 0;\n    }\n\n    .article-box .article:last-child {\n        margin-bottom: 0;\n    }\n\n    .article-box .comment {\n        padding: 24px;\n        background-color: #f6f6fa;\n        font-size: 16px;\n        font-weight: 400;\n        line-height: 150%;\n        border-radius: 8px;\n    }\n\n    .article-box .comment p {\n        margin: 0;\n    }\n\n    .article-box .comment ol {\n        list-style: auto;\n        list-style-position: inside;\n    }\n\n    @media (max-width: 1199px) {\n        .comment-block .comment-block-title {\n            font-size: 16px;\n        }\n\n        .comment-block .comment-block-title h2 {\n            margin-right: 5px;\n        }\n\n        .comment-block h3 {\n            font-size: 20px;\n        }\n        .comment-block h4 {\n            font-size: 18px;\n        }\n    }\n<\/style>\n\n<div class=\"comment-block cp-block\">\n    <!-- Chama a ancora e\/ou titulo se houver -->\n        \n    <!-- Bloco de comentario -->\n            <div class=\"article-box\">\n            <div class=\"article\"><p><strong>Art. 55-J.<\/strong> Compete \u00e0 ANPD: (Inclu\u00eddo pela Lei n\u00ba 13.853, de 2019)<\/p>\n<p>I &#8211; zelar pela prote\u00e7\u00e3o dos dados pessoais, nos termos da legisla\u00e7\u00e3o; (Inclu\u00eddo pela Lei n\u00ba 13.853, de 2019)<br \/>\nII &#8211; zelar pela observ\u00e2ncia dos segredos comercial e industrial, observada a prote\u00e7\u00e3o de dados pessoais e do sigilo das informa\u00e7\u00f5es quando protegido por lei ou quando a quebra do sigilo violar os fundamentos do art. 2\u00ba desta Lei; (Inclu\u00eddo pela Lei n\u00ba 13.853, de 2019)<br \/>\nIII &#8211; elaborar diretrizes para a Pol\u00edtica Nacional de Prote\u00e7\u00e3o de Dados Pessoais e da Privacidade; (Inclu\u00eddo pela Lei n\u00ba 13.853, de 2019)<\/p>\n<p>IV &#8211; fiscalizar e aplicar san\u00e7\u00f5es em caso de tratamento de dados realizado em descumprimento \u00e0 legisla\u00e7\u00e3o, mediante processo administrativo que assegure o contradit\u00f3rio, a ampla defesa e o direito de recurso; (Inclu\u00eddo pela Lei n\u00ba 13.853, de 2019)<\/p>\n<p>V &#8211; apreciar peti\u00e7\u00f5es de titular contra controlador ap\u00f3s comprovada pelo titular a apresenta\u00e7\u00e3o de reclama\u00e7\u00e3o ao controlador n\u00e3o solucionada no prazo estabelecido em regulamenta\u00e7\u00e3o; (Inclu\u00eddo pela Lei n\u00ba 13.853, de 2019)<\/p>\n<p>VI &#8211; promover na popula\u00e7\u00e3o o conhecimento das normas e das pol\u00edticas p\u00fablicas sobre prote\u00e7\u00e3o de dados pessoais e das medidas de seguran\u00e7a; (Inclu\u00eddo pela Lei n\u00ba 13.853, de 2019)<\/p>\n<p>VII &#8211; promover e elaborar estudos sobre as pr\u00e1ticas nacionais e internacionais de prote\u00e7\u00e3o de dados pessoais e privacidade; (Inclu\u00eddo pela Lei n\u00ba 13.853, de 2019)<\/p>\n<p>VIII &#8211; estimular a ado\u00e7\u00e3o de padr\u00f5es para servi\u00e7os e produtos que facilitem o exerc\u00edcio de controle dos titulares sobre seus dados pessoais, os quais dever\u00e3o levar em considera\u00e7\u00e3o as especificidades das atividades e o porte dos respons\u00e1veis; (Inclu\u00eddo pela Lei n\u00ba 13.853, de 2019)<\/p>\n<p>IX &#8211; promover a\u00e7\u00f5es de coopera\u00e7\u00e3o com autoridades de prote\u00e7\u00e3o de dados pessoais de outros pa\u00edses, de natureza internacional ou transnacional; (Inclu\u00eddo pela Lei n\u00ba 13.853, de 2019)<\/p>\n<p>X &#8211; dispor sobre as formas de publicidade das opera\u00e7\u00f5es de tratamento de dados pessoais, respeitados os segredos comercial e industrial; (Inclu\u00eddo pela Lei n\u00ba 13.853, de 2019)<\/p>\n<p>XI &#8211; solicitar, a qualquer momento, \u00e0s entidades do poder p\u00fablico que realizem opera\u00e7\u00f5es de tratamento de dados pessoais informe espec\u00edfico sobre o \u00e2mbito, a natureza dos dados e os demais detalhes do tratamento realizado, com a possibilidade de emitir parecer t\u00e9cnico complementar para garantir o cumprimento desta Lei; (Inclu\u00eddo pela Lei n\u00ba 13.853, de 2019)<\/p>\n<p>XII &#8211; elaborar relat\u00f3rios de gest\u00e3o anuais acerca de suas atividades; (Inclu\u00eddo pela Lei n\u00ba 13.853, de 2019)<\/p>\n<p>XIII &#8211; editar regulamentos e procedimentos sobre prote\u00e7\u00e3o de dados pessoais e privacidade, bem como sobre relat\u00f3rios de impacto \u00e0 prote\u00e7\u00e3o de dados pessoais para os casos em que o tratamento representar alto risco \u00e0 garantia dos princ\u00edpios gerais de prote\u00e7\u00e3o de dados pessoais previstos nesta Lei; (Inclu\u00eddo pela Lei n\u00ba 13.853, de 2019)<\/p>\n<p>XIV &#8211; ouvir os agentes de tratamento e a sociedade em mat\u00e9rias de interesse relevante e prestar contas sobre suas atividades e planejamento; (Inclu\u00eddo pela Lei n\u00ba 13.853, de 2019)<\/p>\n<p>XV &#8211; arrecadar e aplicar suas receitas e publicar, no relat\u00f3rio de gest\u00e3o a que se refere o inciso XII do caput deste artigo, o detalhamento de suas receitas e despesas; (Inclu\u00eddo pela Lei n\u00ba 13.853, de 2019)<\/p>\n<p>XVI &#8211; realizar auditorias, ou determinar sua realiza\u00e7\u00e3o, no \u00e2mbito da atividade de fiscaliza\u00e7\u00e3o de que trata o inciso IV e com a devida observ\u00e2ncia do disposto no inciso II do caput deste artigo, sobre o tratamento de dados pessoais efetuado pelos agentes de tratamento, inclu\u00eddo o poder p\u00fablico; (Inclu\u00eddo pela Lei n\u00ba 13.853, de 2019)<\/p>\n<p>XVII &#8211; celebrar, a qualquer momento, compromisso com agentes de tratamento para eliminar irregularidade, incerteza jur\u00eddica ou situa\u00e7\u00e3o contenciosa no \u00e2mbito de processos administrativos, de acordo com o previsto no Decreto-Lei n\u00ba 4.657, de 4 de setembro de 1942; (Inclu\u00eddo pela Lei n\u00ba 13.853, de 2019)<\/p>\n<p>XVIII &#8211; editar normas, orienta\u00e7\u00f5es e procedimentos simplificados e diferenciados, inclusive quanto aos prazos, para que microempresas e empresas de pequeno porte, bem como iniciativas empresariais de car\u00e1ter incremental ou disruptivo que se autodeclarem startups ou empresas de inova\u00e7\u00e3o, possam adequar-se a esta Lei; (Inclu\u00eddo pela Lei n\u00ba 13.853, de 2019)<\/p>\n<p>XIX &#8211; garantir que o tratamento de dados de idosos seja efetuado de maneira simples, clara, acess\u00edvel e adequada ao seu entendimento, nos termos desta Lei e da Lei n\u00ba 10.741, de 1\u00ba de outubro de 2003 (Estatuto do Idoso); (Inclu\u00eddo pela Lei n\u00ba 13.853, de 2019)<\/p>\n<p>XX &#8211; deliberar, na esfera administrativa, em car\u00e1ter terminativo, sobre a interpreta\u00e7\u00e3o desta Lei, as suas compet\u00eancias e os casos omissos; (Inclu\u00eddo pela Lei n\u00ba 13.853, de 2019)<\/p>\n<p>XXI &#8211; comunicar \u00e0s autoridades competentes as infra\u00e7\u00f5es penais das quais tiver conhecimento; (Inclu\u00eddo pela Lei n\u00ba 13.853, de 2019)<\/p>\n<p>XXII &#8211; comunicar aos \u00f3rg\u00e3os de controle interno o descumprimento do disposto nesta Lei por \u00f3rg\u00e3os e entidades da administra\u00e7\u00e3o p\u00fablica federal; (Inclu\u00eddo pela Lei n\u00ba 13.853, de 2019)<\/p>\n<p>XXIII &#8211; articular-se com as autoridades reguladoras p\u00fablicas para exercer suas compet\u00eancias em setores espec\u00edficos de atividades econ\u00f4micas e governamentais sujeitas \u00e0 regula\u00e7\u00e3o; e (Inclu\u00eddo pela Lei n\u00ba 13.853, de 2019)<\/p>\n<p>XXIV &#8211; implementar mecanismos simplificados, inclusive por meio eletr\u00f4nico, para o registro de reclama\u00e7\u00f5es sobre o tratamento de dados pessoais em desconformidade com esta Lei. (Inclu\u00eddo pela Lei n\u00ba 13.853, de 2019)<\/p>\n<p>\u00a7 1\u00ba Ao impor condicionantes administrativas ao tratamento de dados pessoais por agente de tratamento privado, sejam eles limites, encargos ou sujei\u00e7\u00f5es, a ANPD deve observar a exig\u00eancia de m\u00ednima interven\u00e7\u00e3o, assegurados os fundamentos, os princ\u00edpios e os direitos dos titulares previstos no art. 170 da Constitui\u00e7\u00e3o Federal e nesta Lei. (Inclu\u00eddo pela Lei n\u00ba 13.853, de 2019)<\/p>\n<p>\u00a7 2\u00ba Os regulamentos e as normas editados pela ANPD devem ser precedidos de consulta e audi\u00eancia p\u00fablicas, bem como de an\u00e1lises de impacto regulat\u00f3rio. (Inclu\u00eddo pela Lei n\u00ba 13.853, de 2019)<\/p>\n<p>\u00a7 3\u00ba A ANPD e os \u00f3rg\u00e3os e entidades p\u00fablicos respons\u00e1veis pela regula\u00e7\u00e3o de setores espec\u00edficos da atividade econ\u00f4mica e governamental devem coordenar suas atividades, nas correspondentes esferas de atua\u00e7\u00e3o, com vistas a assegurar o cumprimento de suas atribui\u00e7\u00f5es com a maior efici\u00eancia e promover o adequado funcionamento dos setores regulados, conforme legisla\u00e7\u00e3o espec\u00edfica, e o tratamento de dados pessoais, na forma desta Lei. (Inclu\u00eddo pela Lei n\u00ba 13.853, de 2019)<\/p>\n<p>\u00a7 4\u00ba A ANPD manter\u00e1 f\u00f3rum permanente de comunica\u00e7\u00e3o, inclusive por meio de coopera\u00e7\u00e3o t\u00e9cnica, com \u00f3rg\u00e3os e entidades da administra\u00e7\u00e3o p\u00fablica respons\u00e1veis pela regula\u00e7\u00e3o de setores espec\u00edficos da atividade econ\u00f4mica e governamental, a fim de facilitar as compet\u00eancias regulat\u00f3ria, fiscalizat\u00f3ria e punitiva da ANPD. (Inclu\u00eddo pela Lei n\u00ba 13.853, de 2019)<\/p>\n<p>\u00a7 5\u00ba No exerc\u00edcio das compet\u00eancias de que trata o caput deste artigo, a autoridade competente dever\u00e1 zelar pela preserva\u00e7\u00e3o do segredo empresarial e do sigilo das informa\u00e7\u00f5es, nos termos da lei. (Inclu\u00eddo pela Lei n\u00ba 13.853, de 2019)<\/p>\n<p>\u00a7 6\u00ba As reclama\u00e7\u00f5es colhidas conforme o disposto no inciso V do caput deste artigo poder\u00e3o ser analisadas de forma agregada, e as eventuais provid\u00eancias delas decorrentes poder\u00e3o ser adotadas de forma padronizada. (Inclu\u00eddo pela Lei n\u00ba 13.853, de 2019)<\/p>\n<\/div>\n                    <\/div>\n    <\/div>\n\n<style>\n    .comment-block {\n        position: relative;\n    }\n    .comment-block .anchor-target {\n        position: absolute;\n        top: -200px;\n    }\n    .comment-block {\n        margin-bottom: 40px;\n    }\n    .comment-block .comment-block-title {\n        flex-wrap: wrap;\n        font-size: 20px;\n        font-weight: 600;\n        line-height: 130%;\n        color: #1c1e2f;\n        margin-bottom: 24px;\n    }\n\n    .comment-block .comment-block-title:last-child {\n        margin-bottom: 64px;\n    }\n\n    .comment-block h3 {\n        font-size: 24px;\n        font-weight: 600;\n        line-height: 120%;\n    }\n\n    .comment-block h4 {\n        font-size: 20px;\n        font-weight: 600;\n        line-height: 120%;\n    }\n\n    .article-box {\n        padding: 24px;\n        border-radius: 8px;\n        border: 1px solid #cbcbd9;\n        margin-bottom: 24px;\n    }\n\n    .article-box:last-child  {\n        margin-bottom: 0;\n    }\n\n    .article-box .article {\n        font-size: 16px;\n        font-weight: 400;\n        line-height: 150%;\n        margin-bottom: 16px;\n    }\n\n    .article-box .article p {\n        margin-bottom: 1em;\n    }\n\n    .article-box .article p:last-child {\n        margin-bottom: 0;\n    }\n\n    .article-box .article:last-child {\n        margin-bottom: 0;\n    }\n\n    .article-box .comment {\n        padding: 24px;\n        background-color: #f6f6fa;\n        font-size: 16px;\n        font-weight: 400;\n        line-height: 150%;\n        border-radius: 8px;\n    }\n\n    .article-box .comment p {\n        margin: 0;\n    }\n\n    .article-box .comment ol {\n        list-style: auto;\n        list-style-position: inside;\n    }\n\n    @media (max-width: 1199px) {\n        .comment-block .comment-block-title {\n            font-size: 16px;\n        }\n\n        .comment-block .comment-block-title h2 {\n            margin-right: 5px;\n        }\n\n        .comment-block h3 {\n            font-size: 20px;\n        }\n        .comment-block h4 {\n            font-size: 18px;\n        }\n    }\n<\/style>\n\n<div class=\"comment-block cp-block\">\n    <!-- Chama a ancora e\/ou titulo se houver -->\n        \n    <!-- Bloco de comentario -->\n            <div class=\"article-box\">\n            <div class=\"article\"><p><strong>Art. 55-K.<\/strong> A aplica\u00e7\u00e3o das san\u00e7\u00f5es previstas nesta Lei compete exclusivamente \u00e0 ANPD, e suas compet\u00eancias prevalecer\u00e3o, no que se refere \u00e0 prote\u00e7\u00e3o de dados pessoais, sobre as compet\u00eancias correlatas de outras entidades ou \u00f3rg\u00e3os da administra\u00e7\u00e3o p\u00fablica. (Inclu\u00eddo pela Lei n\u00ba 13.853, de 2019)<\/p>\n<p>Par\u00e1grafo \u00fanico. A ANPD articular\u00e1 sua atua\u00e7\u00e3o com outros \u00f3rg\u00e3os e entidades com compet\u00eancias sancionat\u00f3rias e normativas afetas ao tema de prote\u00e7\u00e3o de dados pessoais e ser\u00e1 o \u00f3rg\u00e3o central de interpreta\u00e7\u00e3o desta Lei e do estabelecimento de normas e diretrizes para a sua implementa\u00e7\u00e3o. (Inclu\u00eddo pela Lei n\u00ba 13.853, de 2019)<\/p>\n<\/div>\n                    <\/div>\n    <\/div>\n\n<style>\n    .comment-block {\n        position: relative;\n    }\n    .comment-block .anchor-target {\n        position: absolute;\n        top: -200px;\n    }\n    .comment-block {\n        margin-bottom: 40px;\n    }\n    .comment-block .comment-block-title {\n        flex-wrap: wrap;\n        font-size: 20px;\n        font-weight: 600;\n        line-height: 130%;\n        color: #1c1e2f;\n        margin-bottom: 24px;\n    }\n\n    .comment-block .comment-block-title:last-child {\n        margin-bottom: 64px;\n    }\n\n    .comment-block h3 {\n        font-size: 24px;\n        font-weight: 600;\n        line-height: 120%;\n    }\n\n    .comment-block h4 {\n        font-size: 20px;\n        font-weight: 600;\n        line-height: 120%;\n    }\n\n    .article-box {\n        padding: 24px;\n        border-radius: 8px;\n        border: 1px solid #cbcbd9;\n        margin-bottom: 24px;\n    }\n\n    .article-box:last-child  {\n        margin-bottom: 0;\n    }\n\n    .article-box .article {\n        font-size: 16px;\n        font-weight: 400;\n        line-height: 150%;\n        margin-bottom: 16px;\n    }\n\n    .article-box .article p {\n        margin-bottom: 1em;\n    }\n\n    .article-box .article p:last-child {\n        margin-bottom: 0;\n    }\n\n    .article-box .article:last-child {\n        margin-bottom: 0;\n    }\n\n    .article-box .comment {\n        padding: 24px;\n        background-color: #f6f6fa;\n        font-size: 16px;\n        font-weight: 400;\n        line-height: 150%;\n        border-radius: 8px;\n    }\n\n    .article-box .comment p {\n        margin: 0;\n    }\n\n    .article-box .comment ol {\n        list-style: auto;\n        list-style-position: inside;\n    }\n\n    @media (max-width: 1199px) {\n        .comment-block .comment-block-title {\n            font-size: 16px;\n        }\n\n        .comment-block .comment-block-title h2 {\n            margin-right: 5px;\n        }\n\n        .comment-block h3 {\n            font-size: 20px;\n        }\n        .comment-block h4 {\n            font-size: 18px;\n        }\n    }\n<\/style>\n\n<div class=\"comment-block cp-block\">\n    <!-- Chama a ancora e\/ou titulo se houver -->\n        \n    <!-- Bloco de comentario -->\n            <div class=\"article-box\">\n            <div class=\"article\"><p><strong>Art. 55-L.<\/strong> Constituem receitas da ANPD: (Inclu\u00eddo pela Lei n\u00ba 13.853, de 2019)<\/p>\n<p>I &#8211; as dota\u00e7\u00f5es, consignadas no or\u00e7amento geral da Uni\u00e3o, os cr\u00e9ditos especiais, os cr\u00e9ditos adicionais, as transfer\u00eancias e os repasses que lhe forem conferidos; (Inclu\u00eddo pela Lei n\u00ba 13.853, de 2019)<br \/>\nII &#8211; as doa\u00e7\u00f5es, os legados, as subven\u00e7\u00f5es e outros recursos que lhe forem destinados; (Inclu\u00eddo pela Lei n\u00ba 13.853, de 2019)<br \/>\nIII &#8211; os valores apurados na venda ou aluguel de bens m\u00f3veis e im\u00f3veis de sua propriedade; (Inclu\u00eddo pela Lei n\u00ba 13.853, de 2019)<br \/>\nIV &#8211; os valores apurados em aplica\u00e7\u00f5es no mercado financeiro das receitas previstas neste artigo; (Inclu\u00eddo pela Lei n\u00ba 13.853, de 2019)<br \/>\nV &#8211; (VETADO); (Inclu\u00eddo pela Lei n\u00ba 13.853, de 2019)<br \/>\nVI &#8211; os recursos provenientes de acordos, conv\u00eanios ou contratos celebrados com entidades, organismos ou empresas, p\u00fablicos ou privados, nacionais ou internacionais; (Inclu\u00eddo pela Lei n\u00ba 13.853, de 2019)<br \/>\nVII &#8211; o produto da venda de publica\u00e7\u00f5es, material t\u00e9cnico, dados e informa\u00e7\u00f5es, inclusive para fins de licita\u00e7\u00e3o p\u00fablica. (Inclu\u00eddo pela Lei n\u00ba 13.853, de 2019)<\/p>\n<\/div>\n                    <\/div>\n    <\/div>\n\n<style>\n    .comment-block {\n        position: relative;\n    }\n    .comment-block .anchor-target {\n        position: absolute;\n        top: -200px;\n    }\n    .comment-block {\n        margin-bottom: 40px;\n    }\n    .comment-block .comment-block-title {\n        flex-wrap: wrap;\n        font-size: 20px;\n        font-weight: 600;\n        line-height: 130%;\n        color: #1c1e2f;\n        margin-bottom: 24px;\n    }\n\n    .comment-block .comment-block-title:last-child {\n        margin-bottom: 64px;\n    }\n\n    .comment-block h3 {\n        font-size: 24px;\n        font-weight: 600;\n        line-height: 120%;\n    }\n\n    .comment-block h4 {\n        font-size: 20px;\n        font-weight: 600;\n        line-height: 120%;\n    }\n\n    .article-box {\n        padding: 24px;\n        border-radius: 8px;\n        border: 1px solid #cbcbd9;\n        margin-bottom: 24px;\n    }\n\n    .article-box:last-child  {\n        margin-bottom: 0;\n    }\n\n    .article-box .article {\n        font-size: 16px;\n        font-weight: 400;\n        line-height: 150%;\n        margin-bottom: 16px;\n    }\n\n    .article-box .article p {\n        margin-bottom: 1em;\n    }\n\n    .article-box .article p:last-child {\n        margin-bottom: 0;\n    }\n\n    .article-box .article:last-child {\n        margin-bottom: 0;\n    }\n\n    .article-box .comment {\n        padding: 24px;\n        background-color: #f6f6fa;\n        font-size: 16px;\n        font-weight: 400;\n        line-height: 150%;\n        border-radius: 8px;\n    }\n\n    .article-box .comment p {\n        margin: 0;\n    }\n\n    .article-box .comment ol {\n        list-style: auto;\n        list-style-position: inside;\n    }\n\n    @media (max-width: 1199px) {\n        .comment-block .comment-block-title {\n            font-size: 16px;\n        }\n\n        .comment-block .comment-block-title h2 {\n            margin-right: 5px;\n        }\n\n        .comment-block h3 {\n            font-size: 20px;\n        }\n        .comment-block h4 {\n            font-size: 18px;\n        }\n    }\n<\/style>\n\n<div class=\"comment-block cp-block\">\n    <!-- Chama a ancora e\/ou titulo se houver -->\n        \n    <!-- Bloco de comentario -->\n            <div class=\"article-box\">\n            <div class=\"article\"><p><strong>Art. 55-M.<\/strong> Constituem o patrim\u00f4nio da ANPD os bens e os direitos: (Inclu\u00eddo pela Lei n\u00ba 14.460, de 2022)<\/p>\n<p>I &#8211; que lhe forem transferidos pelos \u00f3rg\u00e3os da Presid\u00eancia da Rep\u00fablica; e (Inclu\u00eddo pela Lei n\u00ba 14.460, de 2022)<br \/>\nII &#8211; que venha a adquirir ou a incorporar. (Inclu\u00eddo pela Lei n\u00ba 14.460, de 2022)<\/p>\n<p>&nbsp;<\/p>\n<\/div>\n                    <\/div>\n    <\/div>\n\n<style>\n    .comment-block {\n        position: relative;\n    }\n    .comment-block .anchor-target {\n        position: absolute;\n        top: -200px;\n    }\n    .comment-block {\n        margin-bottom: 40px;\n    }\n    .comment-block .comment-block-title {\n        flex-wrap: wrap;\n        font-size: 20px;\n        font-weight: 600;\n        line-height: 130%;\n        color: #1c1e2f;\n        margin-bottom: 24px;\n    }\n\n    .comment-block .comment-block-title:last-child {\n        margin-bottom: 64px;\n    }\n\n    .comment-block h3 {\n        font-size: 24px;\n        font-weight: 600;\n        line-height: 120%;\n    }\n\n    .comment-block h4 {\n        font-size: 20px;\n        font-weight: 600;\n        line-height: 120%;\n    }\n\n    .article-box {\n        padding: 24px;\n        border-radius: 8px;\n        border: 1px solid #cbcbd9;\n        margin-bottom: 24px;\n    }\n\n    .article-box:last-child  {\n        margin-bottom: 0;\n    }\n\n    .article-box .article {\n        font-size: 16px;\n        font-weight: 400;\n        line-height: 150%;\n        margin-bottom: 16px;\n    }\n\n    .article-box .article p {\n        margin-bottom: 1em;\n    }\n\n    .article-box .article p:last-child {\n        margin-bottom: 0;\n    }\n\n    .article-box .article:last-child {\n        margin-bottom: 0;\n    }\n\n    .article-box .comment {\n        padding: 24px;\n        background-color: #f6f6fa;\n        font-size: 16px;\n        font-weight: 400;\n        line-height: 150%;\n        border-radius: 8px;\n    }\n\n    .article-box .comment p {\n        margin: 0;\n    }\n\n    .article-box .comment ol {\n        list-style: auto;\n        list-style-position: inside;\n    }\n\n    @media (max-width: 1199px) {\n        .comment-block .comment-block-title {\n            font-size: 16px;\n        }\n\n        .comment-block .comment-block-title h2 {\n            margin-right: 5px;\n        }\n\n        .comment-block h3 {\n            font-size: 20px;\n        }\n        .comment-block h4 {\n            font-size: 18px;\n        }\n    }\n<\/style>\n\n<div class=\"comment-block cp-block\">\n    <!-- Chama a ancora e\/ou titulo se houver -->\n        \n    <!-- Bloco de comentario -->\n            <div class=\"article-box\">\n            <div class=\"article\"><p><strong>Art. 56.<\/strong> (VETADO).<\/p>\n<\/div>\n                    <\/div>\n    <\/div>\n\n<style>\n    .comment-block {\n        position: relative;\n    }\n    .comment-block .anchor-target {\n        position: absolute;\n        top: -200px;\n    }\n    .comment-block {\n        margin-bottom: 40px;\n    }\n    .comment-block .comment-block-title {\n        flex-wrap: wrap;\n        font-size: 20px;\n        font-weight: 600;\n        line-height: 130%;\n        color: #1c1e2f;\n        margin-bottom: 24px;\n    }\n\n    .comment-block .comment-block-title:last-child {\n        margin-bottom: 64px;\n    }\n\n    .comment-block h3 {\n        font-size: 24px;\n        font-weight: 600;\n        line-height: 120%;\n    }\n\n    .comment-block h4 {\n        font-size: 20px;\n        font-weight: 600;\n        line-height: 120%;\n    }\n\n    .article-box {\n        padding: 24px;\n        border-radius: 8px;\n        border: 1px solid #cbcbd9;\n        margin-bottom: 24px;\n    }\n\n    .article-box:last-child  {\n        margin-bottom: 0;\n    }\n\n    .article-box .article {\n        font-size: 16px;\n        font-weight: 400;\n        line-height: 150%;\n        margin-bottom: 16px;\n    }\n\n    .article-box .article p {\n        margin-bottom: 1em;\n    }\n\n    .article-box .article p:last-child {\n        margin-bottom: 0;\n    }\n\n    .article-box .article:last-child {\n        margin-bottom: 0;\n    }\n\n    .article-box .comment {\n        padding: 24px;\n        background-color: #f6f6fa;\n        font-size: 16px;\n        font-weight: 400;\n        line-height: 150%;\n        border-radius: 8px;\n    }\n\n    .article-box .comment p {\n        margin: 0;\n    }\n\n    .article-box .comment ol {\n        list-style: auto;\n        list-style-position: inside;\n    }\n\n    @media (max-width: 1199px) {\n        .comment-block .comment-block-title {\n            font-size: 16px;\n        }\n\n        .comment-block .comment-block-title h2 {\n            margin-right: 5px;\n        }\n\n        .comment-block h3 {\n            font-size: 20px;\n        }\n        .comment-block h4 {\n            font-size: 18px;\n        }\n    }\n<\/style>\n\n<div class=\"comment-block cp-block\">\n    <!-- Chama a ancora e\/ou titulo se houver -->\n        \n    <!-- Bloco de comentario -->\n            <div class=\"article-box\">\n            <div class=\"article\"><p><strong>Art. 57.<\/strong> (VETADO).<\/p>\n<\/div>\n                    <\/div>\n    <\/div>\n\n\n<p><\/p>\n","protected":false},"excerpt":{"rendered":"","protected":false},"author":7,"featured_media":0,"comment_status":"open","ping_status":"open","template":"","cat-lgpd":[],"class_list":["post-32168","lgpd-comentada","type-lgpd-comentada","status-publish","hentry"],"acf":[],"_links":{"self":[{"href":"https:\/\/www.aurum.com.br\/blog\/wp-json\/wp\/v2\/lgpd-comentada\/32168","targetHints":{"allow":["GET"]}}],"collection":[{"href":"https:\/\/www.aurum.com.br\/blog\/wp-json\/wp\/v2\/lgpd-comentada"}],"about":[{"href":"https:\/\/www.aurum.com.br\/blog\/wp-json\/wp\/v2\/types\/lgpd-comentada"}],"author":[{"embeddable":true,"href":"https:\/\/www.aurum.com.br\/blog\/wp-json\/wp\/v2\/users\/7"}],"replies":[{"embeddable":true,"href":"https:\/\/www.aurum.com.br\/blog\/wp-json\/wp\/v2\/comments?post=32168"}],"wp:attachment":[{"href":"https:\/\/www.aurum.com.br\/blog\/wp-json\/wp\/v2\/media?parent=32168"}],"wp:term":[{"taxonomy":"cat-lgpd","embeddable":true,"href":"https:\/\/www.aurum.com.br\/blog\/wp-json\/wp\/v2\/cat-lgpd?post=32168"}],"curies":[{"name":"wp","href":"https:\/\/api.w.org\/{rel}","templated":true}]}}