{"id":32166,"date":"2024-12-12T13:53:08","date_gmt":"2024-12-12T16:53:08","guid":{"rendered":"https:\/\/www.aurum.com.br\/blog\/lgpd-comentada\/art-50-a-51-lgpd\/"},"modified":"2025-05-20T15:07:59","modified_gmt":"2025-05-20T18:07:59","slug":"art-50-a-51-lgpd","status":"publish","type":"lgpd-comentada","link":"https:\/\/www.aurum.com.br\/blog\/lgpd-comentada\/art-50-a-51-lgpd\/","title":{"rendered":"Se\u00e7\u00e3o II &#8211; Das Boas Pr\u00e1ticas E Da Governan\u00e7a"},"content":{"rendered":"<style>\n    .comment-block {\n        position: relative;\n    }\n    .comment-block .anchor-target {\n        position: absolute;\n        top: -200px;\n    }\n    .comment-block {\n        margin-bottom: 40px;\n    }\n    .comment-block .comment-block-title {\n        flex-wrap: wrap;\n        font-size: 20px;\n        font-weight: 600;\n        line-height: 130%;\n        color: #1c1e2f;\n        margin-bottom: 24px;\n    }\n\n    .comment-block .comment-block-title:last-child {\n        margin-bottom: 64px;\n    }\n\n    .comment-block h3 {\n        font-size: 24px;\n        font-weight: 600;\n        line-height: 120%;\n    }\n\n    .comment-block h4 {\n        font-size: 20px;\n        font-weight: 600;\n        line-height: 120%;\n    }\n\n    .article-box {\n        padding: 24px;\n        border-radius: 8px;\n        border: 1px solid #cbcbd9;\n        margin-bottom: 24px;\n    }\n\n    .article-box:last-child  {\n        margin-bottom: 0;\n    }\n\n    .article-box .article {\n        font-size: 16px;\n        font-weight: 400;\n        line-height: 150%;\n        margin-bottom: 16px;\n    }\n\n    .article-box .article p {\n        margin-bottom: 1em;\n    }\n\n    .article-box .article p:last-child {\n        margin-bottom: 0;\n    }\n\n    .article-box .article:last-child {\n        margin-bottom: 0;\n    }\n\n    .article-box .comment {\n        padding: 24px;\n        background-color: #f6f6fa;\n        font-size: 16px;\n        font-weight: 400;\n        line-height: 150%;\n        border-radius: 8px;\n    }\n\n    .article-box .comment p {\n        margin: 0;\n    }\n\n    .article-box .comment ol {\n        list-style: auto;\n        list-style-position: inside;\n    }\n\n    @media (max-width: 1199px) {\n        .comment-block .comment-block-title {\n            font-size: 16px;\n        }\n\n        .comment-block .comment-block-title h2 {\n            margin-right: 5px;\n        }\n\n        .comment-block h3 {\n            font-size: 20px;\n        }\n        .comment-block h4 {\n            font-size: 18px;\n        }\n    }\n<\/style>\n\n<div class=\"comment-block cp-block\">\n    <!-- Chama a ancora e\/ou titulo se houver -->\n        \n    <!-- Bloco de comentario -->\n            <div class=\"article-box\">\n            <div class=\"article\"><p><strong>Art. 50.<\/strong> Os controladores e operadores, no \u00e2mbito de suas compet\u00eancias, pelo tratamento de dados pessoais, individualmente ou por meio de associa\u00e7\u00f5es, poder\u00e3o formular regras de boas pr\u00e1ticas e de governan\u00e7a que estabele\u00e7am as condi\u00e7\u00f5es de organiza\u00e7\u00e3o, o regime de funcionamento, os procedimentos, incluindo reclama\u00e7\u00f5es e peti\u00e7\u00f5es de titulares, as normas de seguran\u00e7a, os padr\u00f5es t\u00e9cnicos, as obriga\u00e7\u00f5es espec\u00edficas para os diversos envolvidos no tratamento, as a\u00e7\u00f5es educativas, os mecanismos internos de supervis\u00e3o e de mitiga\u00e7\u00e3o de riscos e outros aspectos relacionados ao tratamento de dados pessoais.<\/p>\n<p>\u00a7 1\u00ba Ao estabelecer regras de boas pr\u00e1ticas, o controlador e o operador levar\u00e3o em considera\u00e7\u00e3o, em rela\u00e7\u00e3o ao tratamento e aos dados, a natureza, o escopo, a finalidade e a probabilidade e a gravidade dos riscos e dos benef\u00edcios decorrentes de tratamento de dados do titular.<\/p>\n<p>\u00a7 2\u00ba Na aplica\u00e7\u00e3o dos princ\u00edpios indicados nos incisos VII e VIII do caput do art. 6\u00ba desta Lei, o controlador, observados a estrutura, a escala e o volume de suas opera\u00e7\u00f5es, bem como a sensibilidade dos dados tratados e a probabilidade e a gravidade dos danos para os titulares dos dados, poder\u00e1:<\/p>\n<p>I &#8211; implementar programa de governan\u00e7a em privacidade que, no m\u00ednimo:<br \/>\na) demonstre o comprometimento do controlador em adotar processos e pol\u00edticas internas que assegurem o cumprimento, de forma abrangente, de normas e boas pr\u00e1ticas relativas \u00e0 prote\u00e7\u00e3o de dados pessoais;<br \/>\nb) seja aplic\u00e1vel a todo o conjunto de dados pessoais que estejam sob seu controle, independentemente do modo como se realizou sua coleta;<br \/>\nc) seja adaptado \u00e0 estrutura, \u00e0 escala e ao volume de suas opera\u00e7\u00f5es, bem como \u00e0 sensibilidade dos dados tratados;<br \/>\nd) estabele\u00e7a pol\u00edticas e salvaguardas adequadas com base em processo de avalia\u00e7\u00e3o sistem\u00e1tica de impactos e riscos \u00e0 privacidade;<br \/>\ne) tenha o objetivo de estabelecer rela\u00e7\u00e3o de confian\u00e7a com o titular, por meio de atua\u00e7\u00e3o transparente e que assegure mecanismos de participa\u00e7\u00e3o do titular;<br \/>\nf) esteja integrado a sua estrutura geral de governan\u00e7a e estabele\u00e7a e aplique mecanismos de supervis\u00e3o internos e externos;<br \/>\ng) conte com planos de resposta a incidentes e remedia\u00e7\u00e3o; e<br \/>\nh) seja atualizado constantemente com base em informa\u00e7\u00f5es obtidas a partir de monitoramento cont\u00ednuo e avalia\u00e7\u00f5es peri\u00f3dicas;<\/p>\n<p>II &#8211; demonstrar a efetividade de seu programa de governan\u00e7a em privacidade quando apropriado e, em especial, a pedido da autoridade nacional ou de outra entidade respons\u00e1vel por promover o cumprimento de boas pr\u00e1ticas ou c\u00f3digos de conduta, os quais, de forma independente, promovam o cumprimento desta Lei.<\/p>\n<p>\u00a7 3\u00ba As regras de boas pr\u00e1ticas e de governan\u00e7a dever\u00e3o ser publicadas e atualizadas periodicamente e poder\u00e3o ser reconhecidas e divulgadas pela autoridade nacional.<\/p>\n<\/div>\n                    <\/div>\n    <\/div>\n\n<style>\n    .comment-block {\n        position: relative;\n    }\n    .comment-block .anchor-target {\n        position: absolute;\n        top: -200px;\n    }\n    .comment-block {\n        margin-bottom: 40px;\n    }\n    .comment-block .comment-block-title {\n        flex-wrap: wrap;\n        font-size: 20px;\n        font-weight: 600;\n        line-height: 130%;\n        color: #1c1e2f;\n        margin-bottom: 24px;\n    }\n\n    .comment-block .comment-block-title:last-child {\n        margin-bottom: 64px;\n    }\n\n    .comment-block h3 {\n        font-size: 24px;\n        font-weight: 600;\n        line-height: 120%;\n    }\n\n    .comment-block h4 {\n        font-size: 20px;\n        font-weight: 600;\n        line-height: 120%;\n    }\n\n    .article-box {\n        padding: 24px;\n        border-radius: 8px;\n        border: 1px solid #cbcbd9;\n        margin-bottom: 24px;\n    }\n\n    .article-box:last-child  {\n        margin-bottom: 0;\n    }\n\n    .article-box .article {\n        font-size: 16px;\n        font-weight: 400;\n        line-height: 150%;\n        margin-bottom: 16px;\n    }\n\n    .article-box .article p {\n        margin-bottom: 1em;\n    }\n\n    .article-box .article p:last-child {\n        margin-bottom: 0;\n    }\n\n    .article-box .article:last-child {\n        margin-bottom: 0;\n    }\n\n    .article-box .comment {\n        padding: 24px;\n        background-color: #f6f6fa;\n        font-size: 16px;\n        font-weight: 400;\n        line-height: 150%;\n        border-radius: 8px;\n    }\n\n    .article-box .comment p {\n        margin: 0;\n    }\n\n    .article-box .comment ol {\n        list-style: auto;\n        list-style-position: inside;\n    }\n\n    @media (max-width: 1199px) {\n        .comment-block .comment-block-title {\n            font-size: 16px;\n        }\n\n        .comment-block .comment-block-title h2 {\n            margin-right: 5px;\n        }\n\n        .comment-block h3 {\n            font-size: 20px;\n        }\n        .comment-block h4 {\n            font-size: 18px;\n        }\n    }\n<\/style>\n\n<div class=\"comment-block cp-block\">\n    <!-- Chama a ancora e\/ou titulo se houver -->\n        \n    <!-- Bloco de comentario -->\n            <div class=\"article-box\">\n            <div class=\"article\"><p><strong>Art. 51.<\/strong> A autoridade nacional estimular\u00e1 a ado\u00e7\u00e3o de padr\u00f5es t\u00e9cnicos que facilitem o controle pelos titulares dos seus dados pessoais.<\/p>\n<\/div>\n                    <\/div>\n    <\/div>\n\n\n<p><\/p>\n","protected":false},"excerpt":{"rendered":"","protected":false},"author":7,"featured_media":0,"comment_status":"open","ping_status":"open","template":"","cat-lgpd":[],"class_list":["post-32166","lgpd-comentada","type-lgpd-comentada","status-publish","hentry"],"acf":[],"_links":{"self":[{"href":"https:\/\/www.aurum.com.br\/blog\/wp-json\/wp\/v2\/lgpd-comentada\/32166","targetHints":{"allow":["GET"]}}],"collection":[{"href":"https:\/\/www.aurum.com.br\/blog\/wp-json\/wp\/v2\/lgpd-comentada"}],"about":[{"href":"https:\/\/www.aurum.com.br\/blog\/wp-json\/wp\/v2\/types\/lgpd-comentada"}],"author":[{"embeddable":true,"href":"https:\/\/www.aurum.com.br\/blog\/wp-json\/wp\/v2\/users\/7"}],"replies":[{"embeddable":true,"href":"https:\/\/www.aurum.com.br\/blog\/wp-json\/wp\/v2\/comments?post=32166"}],"wp:attachment":[{"href":"https:\/\/www.aurum.com.br\/blog\/wp-json\/wp\/v2\/media?parent=32166"}],"wp:term":[{"taxonomy":"cat-lgpd","embeddable":true,"href":"https:\/\/www.aurum.com.br\/blog\/wp-json\/wp\/v2\/cat-lgpd?post=32166"}],"curies":[{"name":"wp","href":"https:\/\/api.w.org\/{rel}","templated":true}]}}