{"id":32159,"date":"2024-12-12T13:53:08","date_gmt":"2024-12-12T16:53:08","guid":{"rendered":"https:\/\/www.aurum.com.br\/blog\/lgpd-comentada\/art-23-a-30-lgpd\/"},"modified":"2025-05-20T15:05:34","modified_gmt":"2025-05-20T18:05:34","slug":"art-23-a-30-lgpd","status":"publish","type":"lgpd-comentada","link":"https:\/\/www.aurum.com.br\/blog\/lgpd-comentada\/art-23-a-30-lgpd\/","title":{"rendered":"Se\u00e7\u00e3o I &#8211; Das Regras"},"content":{"rendered":"<style>\n    .comment-block {\n        position: relative;\n    }\n    .comment-block .anchor-target {\n        position: absolute;\n        top: -200px;\n    }\n    .comment-block {\n        margin-bottom: 40px;\n    }\n    .comment-block .comment-block-title {\n        flex-wrap: wrap;\n        font-size: 20px;\n        font-weight: 600;\n        line-height: 130%;\n        color: #1c1e2f;\n        margin-bottom: 24px;\n    }\n\n    .comment-block .comment-block-title:last-child {\n        margin-bottom: 64px;\n    }\n\n    .comment-block h3 {\n        font-size: 24px;\n        font-weight: 600;\n        line-height: 120%;\n    }\n\n    .comment-block h4 {\n        font-size: 20px;\n        font-weight: 600;\n        line-height: 120%;\n    }\n\n    .article-box {\n        padding: 24px;\n        border-radius: 8px;\n        border: 1px solid #cbcbd9;\n        margin-bottom: 24px;\n    }\n\n    .article-box:last-child  {\n        margin-bottom: 0;\n    }\n\n    .article-box .article {\n        font-size: 16px;\n        font-weight: 400;\n        line-height: 150%;\n        margin-bottom: 16px;\n    }\n\n    .article-box .article p {\n        margin-bottom: 1em;\n    }\n\n    .article-box .article p:last-child {\n        margin-bottom: 0;\n    }\n\n    .article-box .article:last-child {\n        margin-bottom: 0;\n    }\n\n    .article-box .comment {\n        padding: 24px;\n        background-color: #f6f6fa;\n        font-size: 16px;\n        font-weight: 400;\n        line-height: 150%;\n        border-radius: 8px;\n    }\n\n    .article-box .comment p {\n        margin: 0;\n    }\n\n    .article-box .comment ol {\n        list-style: auto;\n        list-style-position: inside;\n    }\n\n    @media (max-width: 1199px) {\n        .comment-block .comment-block-title {\n            font-size: 16px;\n        }\n\n        .comment-block .comment-block-title h2 {\n            margin-right: 5px;\n        }\n\n        .comment-block h3 {\n            font-size: 20px;\n        }\n        .comment-block h4 {\n            font-size: 18px;\n        }\n    }\n<\/style>\n\n<div class=\"comment-block cp-block\">\n    <!-- Chama a ancora e\/ou titulo se houver -->\n        \n    <!-- Bloco de comentario -->\n            <div class=\"article-box\">\n            <div class=\"article\"><p><strong>Art. 23.<\/strong> O tratamento de dados pessoais pelas pessoas jur\u00eddicas de direito p\u00fablico referidas no par\u00e1grafo \u00fanico do art. 1\u00ba da Lei n\u00ba 12.527, de 18 de novembro de 2011 (Lei de Acesso \u00e0 Informa\u00e7\u00e3o) , dever\u00e1 ser realizado para o atendimento de sua finalidade p\u00fablica, na persecu\u00e7\u00e3o do interesse p\u00fablico, com o objetivo de executar as compet\u00eancias legais ou cumprir as atribui\u00e7\u00f5es legais do servi\u00e7o p\u00fablico, desde que:<\/p>\n<p>I &#8211; sejam informadas as hip\u00f3teses em que, no exerc\u00edcio de suas compet\u00eancias, realizam o tratamento de dados pessoais, fornecendo informa\u00e7\u00f5es claras e atualizadas sobre a previs\u00e3o legal, a finalidade, os procedimentos e as pr\u00e1ticas utilizadas para a execu\u00e7\u00e3o dessas atividades, em ve\u00edculos de f\u00e1cil acesso, preferencialmente em seus s\u00edtios eletr\u00f4nicos;<br \/>\nII &#8211; (VETADO); e<br \/>\nIII &#8211; seja indicado um encarregado quando realizarem opera\u00e7\u00f5es de tratamento de dados pessoais, nos termos do art. 39 desta Lei; e (Reda\u00e7\u00e3o dada pela Lei n\u00ba 13.853, de 2019) Vig\u00eancia<br \/>\nIV &#8211; (VETADO). (Inclu\u00eddo pela Lei n\u00ba 13.853, de 2019) Vig\u00eancia<\/p>\n<p>\u00a7 1\u00ba A autoridade nacional poder\u00e1 dispor sobre as formas de publicidade das opera\u00e7\u00f5es de tratamento.<\/p>\n<p>\u00a7 2\u00ba O disposto nesta Lei n\u00e3o dispensa as pessoas jur\u00eddicas mencionadas no caput deste artigo de instituir as autoridades de que trata a Lei n\u00ba 12.527, de 18 de novembro de 2011 (Lei de Acesso \u00e0 Informa\u00e7\u00e3o) .<\/p>\n<p>\u00a7 3\u00ba Os prazos e procedimentos para exerc\u00edcio dos direitos do titular perante o Poder P\u00fablico observar\u00e3o o disposto em legisla\u00e7\u00e3o espec\u00edfica, em especial as disposi\u00e7\u00f5es constantes da Lei n\u00ba 9.507, de 12 de novembro de 1997 (Lei do Habeas Data) , da Lei n\u00ba 9.784, de 29 de janeiro de 1999 (Lei Geral do Processo Administrativo) , e da Lei n\u00ba 12.527, de 18 de novembro de 2011 (Lei de Acesso \u00e0 Informa\u00e7\u00e3o) .<\/p>\n<p>\u00a7 4\u00ba Os servi\u00e7os notariais e de registro exercidos em car\u00e1ter privado, por delega\u00e7\u00e3o do Poder P\u00fablico, ter\u00e3o o mesmo tratamento dispensado \u00e0s pessoas jur\u00eddicas referidas no caput deste artigo, nos termos desta Lei.<\/p>\n<p>\u00a7 5\u00ba Os \u00f3rg\u00e3os notariais e de registro devem fornecer acesso aos dados por meio eletr\u00f4nico para a administra\u00e7\u00e3o p\u00fablica, tendo em vista as finalidades de que trata o caput deste artigo.<\/p>\n<\/div>\n                    <\/div>\n    <\/div>\n\n<style>\n    .comment-block {\n        position: relative;\n    }\n    .comment-block .anchor-target {\n        position: absolute;\n        top: -200px;\n    }\n    .comment-block {\n        margin-bottom: 40px;\n    }\n    .comment-block .comment-block-title {\n        flex-wrap: wrap;\n        font-size: 20px;\n        font-weight: 600;\n        line-height: 130%;\n        color: #1c1e2f;\n        margin-bottom: 24px;\n    }\n\n    .comment-block .comment-block-title:last-child {\n        margin-bottom: 64px;\n    }\n\n    .comment-block h3 {\n        font-size: 24px;\n        font-weight: 600;\n        line-height: 120%;\n    }\n\n    .comment-block h4 {\n        font-size: 20px;\n        font-weight: 600;\n        line-height: 120%;\n    }\n\n    .article-box {\n        padding: 24px;\n        border-radius: 8px;\n        border: 1px solid #cbcbd9;\n        margin-bottom: 24px;\n    }\n\n    .article-box:last-child  {\n        margin-bottom: 0;\n    }\n\n    .article-box .article {\n        font-size: 16px;\n        font-weight: 400;\n        line-height: 150%;\n        margin-bottom: 16px;\n    }\n\n    .article-box .article p {\n        margin-bottom: 1em;\n    }\n\n    .article-box .article p:last-child {\n        margin-bottom: 0;\n    }\n\n    .article-box .article:last-child {\n        margin-bottom: 0;\n    }\n\n    .article-box .comment {\n        padding: 24px;\n        background-color: #f6f6fa;\n        font-size: 16px;\n        font-weight: 400;\n        line-height: 150%;\n        border-radius: 8px;\n    }\n\n    .article-box .comment p {\n        margin: 0;\n    }\n\n    .article-box .comment ol {\n        list-style: auto;\n        list-style-position: inside;\n    }\n\n    @media (max-width: 1199px) {\n        .comment-block .comment-block-title {\n            font-size: 16px;\n        }\n\n        .comment-block .comment-block-title h2 {\n            margin-right: 5px;\n        }\n\n        .comment-block h3 {\n            font-size: 20px;\n        }\n        .comment-block h4 {\n            font-size: 18px;\n        }\n    }\n<\/style>\n\n<div class=\"comment-block cp-block\">\n    <!-- Chama a ancora e\/ou titulo se houver -->\n        \n    <!-- Bloco de comentario -->\n            <div class=\"article-box\">\n            <div class=\"article\"><p><strong>Art. 24.<\/strong> As empresas p\u00fablicas e as sociedades de economia mista que atuam em regime de concorr\u00eancia, sujeitas ao disposto no art. 173 da Constitui\u00e7\u00e3o Federal , ter\u00e3o o mesmo tratamento dispensado \u00e0s pessoas jur\u00eddicas de direito privado particulares, nos termos desta Lei.<\/p>\n<p>Par\u00e1grafo \u00fanico. As empresas p\u00fablicas e as sociedades de economia mista, quando estiverem operacionalizando pol\u00edticas p\u00fablicas e no \u00e2mbito da execu\u00e7\u00e3o delas, ter\u00e3o o mesmo tratamento dispensado aos \u00f3rg\u00e3os e \u00e0s entidades do Poder P\u00fablico, nos termos deste Cap\u00edtulo.<\/p>\n<\/div>\n                    <\/div>\n    <\/div>\n\n<style>\n    .comment-block {\n        position: relative;\n    }\n    .comment-block .anchor-target {\n        position: absolute;\n        top: -200px;\n    }\n    .comment-block {\n        margin-bottom: 40px;\n    }\n    .comment-block .comment-block-title {\n        flex-wrap: wrap;\n        font-size: 20px;\n        font-weight: 600;\n        line-height: 130%;\n        color: #1c1e2f;\n        margin-bottom: 24px;\n    }\n\n    .comment-block .comment-block-title:last-child {\n        margin-bottom: 64px;\n    }\n\n    .comment-block h3 {\n        font-size: 24px;\n        font-weight: 600;\n        line-height: 120%;\n    }\n\n    .comment-block h4 {\n        font-size: 20px;\n        font-weight: 600;\n        line-height: 120%;\n    }\n\n    .article-box {\n        padding: 24px;\n        border-radius: 8px;\n        border: 1px solid #cbcbd9;\n        margin-bottom: 24px;\n    }\n\n    .article-box:last-child  {\n        margin-bottom: 0;\n    }\n\n    .article-box .article {\n        font-size: 16px;\n        font-weight: 400;\n        line-height: 150%;\n        margin-bottom: 16px;\n    }\n\n    .article-box .article p {\n        margin-bottom: 1em;\n    }\n\n    .article-box .article p:last-child {\n        margin-bottom: 0;\n    }\n\n    .article-box .article:last-child {\n        margin-bottom: 0;\n    }\n\n    .article-box .comment {\n        padding: 24px;\n        background-color: #f6f6fa;\n        font-size: 16px;\n        font-weight: 400;\n        line-height: 150%;\n        border-radius: 8px;\n    }\n\n    .article-box .comment p {\n        margin: 0;\n    }\n\n    .article-box .comment ol {\n        list-style: auto;\n        list-style-position: inside;\n    }\n\n    @media (max-width: 1199px) {\n        .comment-block .comment-block-title {\n            font-size: 16px;\n        }\n\n        .comment-block .comment-block-title h2 {\n            margin-right: 5px;\n        }\n\n        .comment-block h3 {\n            font-size: 20px;\n        }\n        .comment-block h4 {\n            font-size: 18px;\n        }\n    }\n<\/style>\n\n<div class=\"comment-block cp-block\">\n    <!-- Chama a ancora e\/ou titulo se houver -->\n        \n    <!-- Bloco de comentario -->\n            <div class=\"article-box\">\n            <div class=\"article\"><p><strong>Art. 25.<\/strong> Os dados dever\u00e3o ser mantidos em formato interoper\u00e1vel e estruturado para o uso compartilhado, com vistas \u00e0 execu\u00e7\u00e3o de pol\u00edticas p\u00fablicas, \u00e0 presta\u00e7\u00e3o de servi\u00e7os p\u00fablicos, \u00e0 descentraliza\u00e7\u00e3o da atividade p\u00fablica e \u00e0 dissemina\u00e7\u00e3o e ao acesso das informa\u00e7\u00f5es pelo p\u00fablico em geral.<\/p>\n<\/div>\n                    <\/div>\n    <\/div>\n\n<style>\n    .comment-block {\n        position: relative;\n    }\n    .comment-block .anchor-target {\n        position: absolute;\n        top: -200px;\n    }\n    .comment-block {\n        margin-bottom: 40px;\n    }\n    .comment-block .comment-block-title {\n        flex-wrap: wrap;\n        font-size: 20px;\n        font-weight: 600;\n        line-height: 130%;\n        color: #1c1e2f;\n        margin-bottom: 24px;\n    }\n\n    .comment-block .comment-block-title:last-child {\n        margin-bottom: 64px;\n    }\n\n    .comment-block h3 {\n        font-size: 24px;\n        font-weight: 600;\n        line-height: 120%;\n    }\n\n    .comment-block h4 {\n        font-size: 20px;\n        font-weight: 600;\n        line-height: 120%;\n    }\n\n    .article-box {\n        padding: 24px;\n        border-radius: 8px;\n        border: 1px solid #cbcbd9;\n        margin-bottom: 24px;\n    }\n\n    .article-box:last-child  {\n        margin-bottom: 0;\n    }\n\n    .article-box .article {\n        font-size: 16px;\n        font-weight: 400;\n        line-height: 150%;\n        margin-bottom: 16px;\n    }\n\n    .article-box .article p {\n        margin-bottom: 1em;\n    }\n\n    .article-box .article p:last-child {\n        margin-bottom: 0;\n    }\n\n    .article-box .article:last-child {\n        margin-bottom: 0;\n    }\n\n    .article-box .comment {\n        padding: 24px;\n        background-color: #f6f6fa;\n        font-size: 16px;\n        font-weight: 400;\n        line-height: 150%;\n        border-radius: 8px;\n    }\n\n    .article-box .comment p {\n        margin: 0;\n    }\n\n    .article-box .comment ol {\n        list-style: auto;\n        list-style-position: inside;\n    }\n\n    @media (max-width: 1199px) {\n        .comment-block .comment-block-title {\n            font-size: 16px;\n        }\n\n        .comment-block .comment-block-title h2 {\n            margin-right: 5px;\n        }\n\n        .comment-block h3 {\n            font-size: 20px;\n        }\n        .comment-block h4 {\n            font-size: 18px;\n        }\n    }\n<\/style>\n\n<div class=\"comment-block cp-block\">\n    <!-- Chama a ancora e\/ou titulo se houver -->\n        \n    <!-- Bloco de comentario -->\n            <div class=\"article-box\">\n            <div class=\"article\"><p><strong>Art. 26.<\/strong> O uso compartilhado de dados pessoais pelo Poder P\u00fablico deve atender a finalidades espec\u00edficas de execu\u00e7\u00e3o de pol\u00edticas p\u00fablicas e atribui\u00e7\u00e3o legal pelos \u00f3rg\u00e3os e pelas entidades p\u00fablicas, respeitados os princ\u00edpios de prote\u00e7\u00e3o de dados pessoais elencados no art. 6\u00ba desta Lei.<\/p>\n<p>\u00a7 1\u00ba \u00c9 vedado ao Poder P\u00fablico transferir a entidades privadas dados pessoais constantes de bases de dados a que tenha acesso, exceto:<br \/>\nI &#8211; em casos de execu\u00e7\u00e3o descentralizada de atividade p\u00fablica que exija a transfer\u00eancia, exclusivamente para esse fim espec\u00edfico e determinado, observado o disposto na Lei n\u00ba 12.527, de 18 de novembro de 2011 (Lei de Acesso \u00e0 Informa\u00e7\u00e3o) ;<br \/>\nII &#8211; (VETADO);<br \/>\nIII &#8211; nos casos em que os dados forem acess\u00edveis publicamente, observadas as disposi\u00e7\u00f5es desta Lei.<br \/>\nIV &#8211; quando houver previs\u00e3o legal ou a transfer\u00eancia for respaldada em contratos, conv\u00eanios ou instrumentos cong\u00eaneres; ou (Inclu\u00eddo pela Lei n\u00ba 13.853, de 2019)<br \/>\nV &#8211; na hip\u00f3tese de a transfer\u00eancia dos dados objetivar exclusivamente a preven\u00e7\u00e3o de fraudes e irregularidades, ou proteger e resguardar a seguran\u00e7a e a integridade do titular dos dados, desde que vedado o tratamento para outras finalidades. (Inclu\u00eddo pela Lei n\u00ba 13.853, de 2019) Vig\u00eancia<br \/>\nVI &#8211; nos casos em que os dados forem acess\u00edveis publicamente, observadas as disposi\u00e7\u00f5es desta Lei. (Inclu\u00eddo pela Medida Provis\u00f3ria n\u00ba 869, de 2018)<\/p>\n<p>\u00a7 2\u00ba Os contratos e conv\u00eanios de que trata o \u00a7 1\u00ba deste artigo dever\u00e3o ser comunicados \u00e0 autoridade nacional.<\/p>\n<\/div>\n                    <\/div>\n    <\/div>\n\n<style>\n    .comment-block {\n        position: relative;\n    }\n    .comment-block .anchor-target {\n        position: absolute;\n        top: -200px;\n    }\n    .comment-block {\n        margin-bottom: 40px;\n    }\n    .comment-block .comment-block-title {\n        flex-wrap: wrap;\n        font-size: 20px;\n        font-weight: 600;\n        line-height: 130%;\n        color: #1c1e2f;\n        margin-bottom: 24px;\n    }\n\n    .comment-block .comment-block-title:last-child {\n        margin-bottom: 64px;\n    }\n\n    .comment-block h3 {\n        font-size: 24px;\n        font-weight: 600;\n        line-height: 120%;\n    }\n\n    .comment-block h4 {\n        font-size: 20px;\n        font-weight: 600;\n        line-height: 120%;\n    }\n\n    .article-box {\n        padding: 24px;\n        border-radius: 8px;\n        border: 1px solid #cbcbd9;\n        margin-bottom: 24px;\n    }\n\n    .article-box:last-child  {\n        margin-bottom: 0;\n    }\n\n    .article-box .article {\n        font-size: 16px;\n        font-weight: 400;\n        line-height: 150%;\n        margin-bottom: 16px;\n    }\n\n    .article-box .article p {\n        margin-bottom: 1em;\n    }\n\n    .article-box .article p:last-child {\n        margin-bottom: 0;\n    }\n\n    .article-box .article:last-child {\n        margin-bottom: 0;\n    }\n\n    .article-box .comment {\n        padding: 24px;\n        background-color: #f6f6fa;\n        font-size: 16px;\n        font-weight: 400;\n        line-height: 150%;\n        border-radius: 8px;\n    }\n\n    .article-box .comment p {\n        margin: 0;\n    }\n\n    .article-box .comment ol {\n        list-style: auto;\n        list-style-position: inside;\n    }\n\n    @media (max-width: 1199px) {\n        .comment-block .comment-block-title {\n            font-size: 16px;\n        }\n\n        .comment-block .comment-block-title h2 {\n            margin-right: 5px;\n        }\n\n        .comment-block h3 {\n            font-size: 20px;\n        }\n        .comment-block h4 {\n            font-size: 18px;\n        }\n    }\n<\/style>\n\n<div class=\"comment-block cp-block\">\n    <!-- Chama a ancora e\/ou titulo se houver -->\n        \n    <!-- Bloco de comentario -->\n            <div class=\"article-box\">\n            <div class=\"article\"><p><strong>Art. 27.<\/strong> A comunica\u00e7\u00e3o ou o uso compartilhado de dados pessoais de pessoa jur\u00eddica de direito p\u00fablico a pessoa de direito privado ser\u00e1 informado \u00e0 autoridade nacional e depender\u00e1 de consentimento do titular, exceto:<\/p>\n<p>I &#8211; nas hip\u00f3teses de dispensa de consentimento previstas nesta Lei;<br \/>\nII &#8211; nos casos de uso compartilhado de dados, em que ser\u00e1 dada publicidade nos termos do inciso I do caput do art. 23 desta Lei; ou<br \/>\nIII &#8211; nas exce\u00e7\u00f5es constantes do \u00a7 1\u00ba do art. 26 desta Lei.<\/p>\n<p>Par\u00e1grafo \u00fanico. A informa\u00e7\u00e3o \u00e0 autoridade nacional de que trata o caput deste artigo ser\u00e1 objeto de regulamenta\u00e7\u00e3o. (Inclu\u00eddo pela Lei n\u00ba 13.853, de 2019) Vig\u00eancia<\/p>\n<\/div>\n                    <\/div>\n    <\/div>\n\n<style>\n    .comment-block {\n        position: relative;\n    }\n    .comment-block .anchor-target {\n        position: absolute;\n        top: -200px;\n    }\n    .comment-block {\n        margin-bottom: 40px;\n    }\n    .comment-block .comment-block-title {\n        flex-wrap: wrap;\n        font-size: 20px;\n        font-weight: 600;\n        line-height: 130%;\n        color: #1c1e2f;\n        margin-bottom: 24px;\n    }\n\n    .comment-block .comment-block-title:last-child {\n        margin-bottom: 64px;\n    }\n\n    .comment-block h3 {\n        font-size: 24px;\n        font-weight: 600;\n        line-height: 120%;\n    }\n\n    .comment-block h4 {\n        font-size: 20px;\n        font-weight: 600;\n        line-height: 120%;\n    }\n\n    .article-box {\n        padding: 24px;\n        border-radius: 8px;\n        border: 1px solid #cbcbd9;\n        margin-bottom: 24px;\n    }\n\n    .article-box:last-child  {\n        margin-bottom: 0;\n    }\n\n    .article-box .article {\n        font-size: 16px;\n        font-weight: 400;\n        line-height: 150%;\n        margin-bottom: 16px;\n    }\n\n    .article-box .article p {\n        margin-bottom: 1em;\n    }\n\n    .article-box .article p:last-child {\n        margin-bottom: 0;\n    }\n\n    .article-box .article:last-child {\n        margin-bottom: 0;\n    }\n\n    .article-box .comment {\n        padding: 24px;\n        background-color: #f6f6fa;\n        font-size: 16px;\n        font-weight: 400;\n        line-height: 150%;\n        border-radius: 8px;\n    }\n\n    .article-box .comment p {\n        margin: 0;\n    }\n\n    .article-box .comment ol {\n        list-style: auto;\n        list-style-position: inside;\n    }\n\n    @media (max-width: 1199px) {\n        .comment-block .comment-block-title {\n            font-size: 16px;\n        }\n\n        .comment-block .comment-block-title h2 {\n            margin-right: 5px;\n        }\n\n        .comment-block h3 {\n            font-size: 20px;\n        }\n        .comment-block h4 {\n            font-size: 18px;\n        }\n    }\n<\/style>\n\n<div class=\"comment-block cp-block\">\n    <!-- Chama a ancora e\/ou titulo se houver -->\n        \n    <!-- Bloco de comentario -->\n            <div class=\"article-box\">\n            <div class=\"article\"><p><strong>Art. 28.<\/strong> (VETADO).<\/p>\n<p>&nbsp;<\/p>\n<\/div>\n                    <\/div>\n    <\/div>\n\n<style>\n    .comment-block {\n        position: relative;\n    }\n    .comment-block .anchor-target {\n        position: absolute;\n        top: -200px;\n    }\n    .comment-block {\n        margin-bottom: 40px;\n    }\n    .comment-block .comment-block-title {\n        flex-wrap: wrap;\n        font-size: 20px;\n        font-weight: 600;\n        line-height: 130%;\n        color: #1c1e2f;\n        margin-bottom: 24px;\n    }\n\n    .comment-block .comment-block-title:last-child {\n        margin-bottom: 64px;\n    }\n\n    .comment-block h3 {\n        font-size: 24px;\n        font-weight: 600;\n        line-height: 120%;\n    }\n\n    .comment-block h4 {\n        font-size: 20px;\n        font-weight: 600;\n        line-height: 120%;\n    }\n\n    .article-box {\n        padding: 24px;\n        border-radius: 8px;\n        border: 1px solid #cbcbd9;\n        margin-bottom: 24px;\n    }\n\n    .article-box:last-child  {\n        margin-bottom: 0;\n    }\n\n    .article-box .article {\n        font-size: 16px;\n        font-weight: 400;\n        line-height: 150%;\n        margin-bottom: 16px;\n    }\n\n    .article-box .article p {\n        margin-bottom: 1em;\n    }\n\n    .article-box .article p:last-child {\n        margin-bottom: 0;\n    }\n\n    .article-box .article:last-child {\n        margin-bottom: 0;\n    }\n\n    .article-box .comment {\n        padding: 24px;\n        background-color: #f6f6fa;\n        font-size: 16px;\n        font-weight: 400;\n        line-height: 150%;\n        border-radius: 8px;\n    }\n\n    .article-box .comment p {\n        margin: 0;\n    }\n\n    .article-box .comment ol {\n        list-style: auto;\n        list-style-position: inside;\n    }\n\n    @media (max-width: 1199px) {\n        .comment-block .comment-block-title {\n            font-size: 16px;\n        }\n\n        .comment-block .comment-block-title h2 {\n            margin-right: 5px;\n        }\n\n        .comment-block h3 {\n            font-size: 20px;\n        }\n        .comment-block h4 {\n            font-size: 18px;\n        }\n    }\n<\/style>\n\n<div class=\"comment-block cp-block\">\n    <!-- Chama a ancora e\/ou titulo se houver -->\n        \n    <!-- Bloco de comentario -->\n            <div class=\"article-box\">\n            <div class=\"article\"><p><strong>Art. 29.<\/strong> A autoridade nacional poder\u00e1 solicitar, a qualquer momento, aos \u00f3rg\u00e3os e \u00e0s entidades do poder p\u00fablico a realiza\u00e7\u00e3o de opera\u00e7\u00f5es de tratamento de dados pessoais, informa\u00e7\u00f5es espec\u00edficas sobre o \u00e2mbito e a natureza dos dados e outros detalhes do tratamento realizado e poder\u00e1 emitir parecer t\u00e9cnico complementar para garantir o cumprimento desta Lei. (Reda\u00e7\u00e3o dada pela Lei n\u00ba 13.853, de 2019) Vig\u00eancia<\/p>\n<\/div>\n                    <\/div>\n    <\/div>\n\n<style>\n    .comment-block {\n        position: relative;\n    }\n    .comment-block .anchor-target {\n        position: absolute;\n        top: -200px;\n    }\n    .comment-block {\n        margin-bottom: 40px;\n    }\n    .comment-block .comment-block-title {\n        flex-wrap: wrap;\n        font-size: 20px;\n        font-weight: 600;\n        line-height: 130%;\n        color: #1c1e2f;\n        margin-bottom: 24px;\n    }\n\n    .comment-block .comment-block-title:last-child {\n        margin-bottom: 64px;\n    }\n\n    .comment-block h3 {\n        font-size: 24px;\n        font-weight: 600;\n        line-height: 120%;\n    }\n\n    .comment-block h4 {\n        font-size: 20px;\n        font-weight: 600;\n        line-height: 120%;\n    }\n\n    .article-box {\n        padding: 24px;\n        border-radius: 8px;\n        border: 1px solid #cbcbd9;\n        margin-bottom: 24px;\n    }\n\n    .article-box:last-child  {\n        margin-bottom: 0;\n    }\n\n    .article-box .article {\n        font-size: 16px;\n        font-weight: 400;\n        line-height: 150%;\n        margin-bottom: 16px;\n    }\n\n    .article-box .article p {\n        margin-bottom: 1em;\n    }\n\n    .article-box .article p:last-child {\n        margin-bottom: 0;\n    }\n\n    .article-box .article:last-child {\n        margin-bottom: 0;\n    }\n\n    .article-box .comment {\n        padding: 24px;\n        background-color: #f6f6fa;\n        font-size: 16px;\n        font-weight: 400;\n        line-height: 150%;\n        border-radius: 8px;\n    }\n\n    .article-box .comment p {\n        margin: 0;\n    }\n\n    .article-box .comment ol {\n        list-style: auto;\n        list-style-position: inside;\n    }\n\n    @media (max-width: 1199px) {\n        .comment-block .comment-block-title {\n            font-size: 16px;\n        }\n\n        .comment-block .comment-block-title h2 {\n            margin-right: 5px;\n        }\n\n        .comment-block h3 {\n            font-size: 20px;\n        }\n        .comment-block h4 {\n            font-size: 18px;\n        }\n    }\n<\/style>\n\n<div class=\"comment-block cp-block\">\n    <!-- Chama a ancora e\/ou titulo se houver -->\n        \n    <!-- Bloco de comentario -->\n            <div class=\"article-box\">\n            <div class=\"article\"><p><strong>Art. 30.<\/strong> A autoridade nacional poder\u00e1 estabelecer normas complementares para as atividades de comunica\u00e7\u00e3o e de uso compartilhado de dados pessoais.<\/p>\n<\/div>\n                    <\/div>\n    <\/div>","protected":false},"excerpt":{"rendered":"","protected":false},"author":7,"featured_media":0,"comment_status":"open","ping_status":"open","template":"","cat-lgpd":[],"class_list":["post-32159","lgpd-comentada","type-lgpd-comentada","status-publish","hentry"],"acf":[],"_links":{"self":[{"href":"https:\/\/www.aurum.com.br\/blog\/wp-json\/wp\/v2\/lgpd-comentada\/32159","targetHints":{"allow":["GET"]}}],"collection":[{"href":"https:\/\/www.aurum.com.br\/blog\/wp-json\/wp\/v2\/lgpd-comentada"}],"about":[{"href":"https:\/\/www.aurum.com.br\/blog\/wp-json\/wp\/v2\/types\/lgpd-comentada"}],"author":[{"embeddable":true,"href":"https:\/\/www.aurum.com.br\/blog\/wp-json\/wp\/v2\/users\/7"}],"replies":[{"embeddable":true,"href":"https:\/\/www.aurum.com.br\/blog\/wp-json\/wp\/v2\/comments?post=32159"}],"wp:attachment":[{"href":"https:\/\/www.aurum.com.br\/blog\/wp-json\/wp\/v2\/media?parent=32159"}],"wp:term":[{"taxonomy":"cat-lgpd","embeddable":true,"href":"https:\/\/www.aurum.com.br\/blog\/wp-json\/wp\/v2\/cat-lgpd?post=32159"}],"curies":[{"name":"wp","href":"https:\/\/api.w.org\/{rel}","templated":true}]}}