{"id":32155,"date":"2024-12-12T13:53:08","date_gmt":"2024-12-12T16:53:08","guid":{"rendered":"https:\/\/www.aurum.com.br\/blog\/lgpd-comentada\/art-11-a-13-lgpd\/"},"modified":"2025-05-20T15:09:10","modified_gmt":"2025-05-20T18:09:10","slug":"art-11-a-13-lgpd","status":"publish","type":"lgpd-comentada","link":"https:\/\/www.aurum.com.br\/blog\/lgpd-comentada\/art-11-a-13-lgpd\/","title":{"rendered":"Se\u00e7\u00e3o II &#8211; Do Tratamento De Dados Pessoais Sens\u00edveis"},"content":{"rendered":"<style>\n    .comment-block {\n        position: relative;\n    }\n    .comment-block .anchor-target {\n        position: absolute;\n        top: -200px;\n    }\n    .comment-block {\n        margin-bottom: 40px;\n    }\n    .comment-block .comment-block-title {\n        flex-wrap: wrap;\n        font-size: 20px;\n        font-weight: 600;\n        line-height: 130%;\n        color: #1c1e2f;\n        margin-bottom: 24px;\n    }\n\n    .comment-block .comment-block-title:last-child {\n        margin-bottom: 64px;\n    }\n\n    .comment-block h3 {\n        font-size: 24px;\n        font-weight: 600;\n        line-height: 120%;\n    }\n\n    .comment-block h4 {\n        font-size: 20px;\n        font-weight: 600;\n        line-height: 120%;\n    }\n\n    .article-box {\n        padding: 24px;\n        border-radius: 8px;\n        border: 1px solid #cbcbd9;\n        margin-bottom: 24px;\n    }\n\n    .article-box:last-child  {\n        margin-bottom: 0;\n    }\n\n    .article-box .article {\n        font-size: 16px;\n        font-weight: 400;\n        line-height: 150%;\n        margin-bottom: 16px;\n    }\n\n    .article-box .article p {\n        margin-bottom: 1em;\n    }\n\n    .article-box .article p:last-child {\n        margin-bottom: 0;\n    }\n\n    .article-box .article:last-child {\n        margin-bottom: 0;\n    }\n\n    .article-box .comment {\n        padding: 24px;\n        background-color: #f6f6fa;\n        font-size: 16px;\n        font-weight: 400;\n        line-height: 150%;\n        border-radius: 8px;\n    }\n\n    .article-box .comment p {\n        margin: 0;\n    }\n\n    .article-box .comment ol {\n        list-style: auto;\n        list-style-position: inside;\n    }\n\n    @media (max-width: 1199px) {\n        .comment-block .comment-block-title {\n            font-size: 16px;\n        }\n\n        .comment-block .comment-block-title h2 {\n            margin-right: 5px;\n        }\n\n        .comment-block h3 {\n            font-size: 20px;\n        }\n        .comment-block h4 {\n            font-size: 18px;\n        }\n    }\n<\/style>\n\n<div class=\"comment-block cp-block\">\n    <!-- Chama a ancora e\/ou titulo se houver -->\n        \n    <!-- Bloco de comentario -->\n            <div class=\"article-box\">\n            <div class=\"article\"><p><strong>Art. 11.<\/strong> O tratamento de dados pessoais sens\u00edveis somente poder\u00e1 ocorrer nas seguintes hip\u00f3teses:<\/p>\n<p>I &#8211; quando o titular ou seu respons\u00e1vel legal consentir, de forma espec\u00edfica e destacada, para finalidades espec\u00edficas;<\/p>\n<p>II &#8211; sem fornecimento de consentimento do titular, nas hip\u00f3teses em que for indispens\u00e1vel para:<br \/>\na) cumprimento de obriga\u00e7\u00e3o legal ou regulat\u00f3ria pelo controlador;<br \/>\nb) tratamento compartilhado de dados necess\u00e1rios \u00e0 execu\u00e7\u00e3o, pela administra\u00e7\u00e3o p\u00fablica, de pol\u00edticas p\u00fablicas previstas em leis ou regulamentos;<br \/>\nc) realiza\u00e7\u00e3o de estudos por \u00f3rg\u00e3o de pesquisa, garantida, sempre que poss\u00edvel, a anonimiza\u00e7\u00e3o dos dados pessoais sens\u00edveis;<br \/>\nd) exerc\u00edcio regular de direitos, inclusive em contrato e em processo judicial, administrativo e arbitral, este \u00faltimo nos termos da Lei n\u00ba 9.307, de 23 de setembro de 1996 (Lei de Arbitragem) ;<br \/>\ne) prote\u00e7\u00e3o da vida ou da incolumidade f\u00edsica do titular ou de terceiro;<br \/>\nf) tutela da sa\u00fade, exclusivamente, em procedimento realizado por profissionais de sa\u00fade, servi\u00e7os de sa\u00fade ou autoridade sanit\u00e1ria; ou (Reda\u00e7\u00e3o dada pela Lei n\u00ba 13.853, de 2019) Vig\u00eancia<br \/>\ng) garantia da preven\u00e7\u00e3o \u00e0 fraude e \u00e0 seguran\u00e7a do titular, nos processos de identifica\u00e7\u00e3o e autentica\u00e7\u00e3o de cadastro em sistemas eletr\u00f4nicos, resguardados os direitos mencionados no art. 9\u00ba desta Lei e exceto no caso de prevalecerem direitos e liberdades fundamentais do titular que exijam a prote\u00e7\u00e3o dos dados pessoais.<\/p>\n<p>\u00a7 1\u00ba Aplica-se o disposto neste artigo a qualquer tratamento de dados pessoais que revele dados pessoais sens\u00edveis e que possa causar dano ao titular, ressalvado o disposto em legisla\u00e7\u00e3o espec\u00edfica.<\/p>\n<p>\u00a7 2\u00ba Nos casos de aplica\u00e7\u00e3o do disposto nas al\u00edneas \u201ca\u201d e \u201cb\u201d do inciso II do caput deste artigo pelos \u00f3rg\u00e3os e pelas entidades p\u00fablicas, ser\u00e1 dada publicidade \u00e0 referida dispensa de consentimento, nos termos do inciso I do caput do art. 23 desta Lei.<\/p>\n<p>\u00a7 3\u00ba A comunica\u00e7\u00e3o ou o uso compartilhado de dados pessoais sens\u00edveis entre controladores com objetivo de obter vantagem econ\u00f4mica poder\u00e1 ser objeto de veda\u00e7\u00e3o ou de regulamenta\u00e7\u00e3o por parte da autoridade nacional, ouvidos os \u00f3rg\u00e3os setoriais do Poder P\u00fablico, no \u00e2mbito de suas compet\u00eancias.<\/p>\n<p>\u00a7 4\u00ba \u00c9 vedada a comunica\u00e7\u00e3o ou o uso compartilhado entre controladores de dados pessoais sens\u00edveis referentes \u00e0 sa\u00fade com objetivo de obter vantagem econ\u00f4mica, exceto nas hip\u00f3teses relativas a presta\u00e7\u00e3o de servi\u00e7os de sa\u00fade, de assist\u00eancia farmac\u00eautica e de assist\u00eancia \u00e0 sa\u00fade, desde que observado o \u00a7 5\u00ba deste artigo, inclu\u00eddos os servi\u00e7os auxiliares de diagnose e terapia, em benef\u00edcio dos interesses dos titulares de dados, e para permitir: (Reda\u00e7\u00e3o dada pela Lei n\u00ba 13.853, de 2019) Vig\u00eancia<\/p>\n<p>I &#8211; a portabilidade de dados quando solicitada pelo titular; ou (Inclu\u00eddo pela Lei n\u00ba 13.853, de 2019) Vig\u00eancia<br \/>\nII &#8211; as transa\u00e7\u00f5es financeiras e administrativas resultantes do uso e da presta\u00e7\u00e3o dos servi\u00e7os de que trata este par\u00e1grafo. (Inclu\u00eddo pela Lei n\u00ba 13.853, de 2019) Vig\u00eancia<\/p>\n<p>\u00a7 5\u00ba \u00c9 vedado \u00e0s operadoras de planos privados de assist\u00eancia \u00e0 sa\u00fade o tratamento de dados de sa\u00fade para a pr\u00e1tica de sele\u00e7\u00e3o de riscos na contrata\u00e7\u00e3o de qualquer modalidade, assim como na contrata\u00e7\u00e3o e exclus\u00e3o de benefici\u00e1rios. (Inclu\u00eddo pela Lei n\u00ba 13.853, de 2019) Vig\u00eancia<\/p>\n<\/div>\n                    <\/div>\n    <\/div>\n\n<style>\n    .comment-block {\n        position: relative;\n    }\n    .comment-block .anchor-target {\n        position: absolute;\n        top: -200px;\n    }\n    .comment-block {\n        margin-bottom: 40px;\n    }\n    .comment-block .comment-block-title {\n        flex-wrap: wrap;\n        font-size: 20px;\n        font-weight: 600;\n        line-height: 130%;\n        color: #1c1e2f;\n        margin-bottom: 24px;\n    }\n\n    .comment-block .comment-block-title:last-child {\n        margin-bottom: 64px;\n    }\n\n    .comment-block h3 {\n        font-size: 24px;\n        font-weight: 600;\n        line-height: 120%;\n    }\n\n    .comment-block h4 {\n        font-size: 20px;\n        font-weight: 600;\n        line-height: 120%;\n    }\n\n    .article-box {\n        padding: 24px;\n        border-radius: 8px;\n        border: 1px solid #cbcbd9;\n        margin-bottom: 24px;\n    }\n\n    .article-box:last-child  {\n        margin-bottom: 0;\n    }\n\n    .article-box .article {\n        font-size: 16px;\n        font-weight: 400;\n        line-height: 150%;\n        margin-bottom: 16px;\n    }\n\n    .article-box .article p {\n        margin-bottom: 1em;\n    }\n\n    .article-box .article p:last-child {\n        margin-bottom: 0;\n    }\n\n    .article-box .article:last-child {\n        margin-bottom: 0;\n    }\n\n    .article-box .comment {\n        padding: 24px;\n        background-color: #f6f6fa;\n        font-size: 16px;\n        font-weight: 400;\n        line-height: 150%;\n        border-radius: 8px;\n    }\n\n    .article-box .comment p {\n        margin: 0;\n    }\n\n    .article-box .comment ol {\n        list-style: auto;\n        list-style-position: inside;\n    }\n\n    @media (max-width: 1199px) {\n        .comment-block .comment-block-title {\n            font-size: 16px;\n        }\n\n        .comment-block .comment-block-title h2 {\n            margin-right: 5px;\n        }\n\n        .comment-block h3 {\n            font-size: 20px;\n        }\n        .comment-block h4 {\n            font-size: 18px;\n        }\n    }\n<\/style>\n\n<div class=\"comment-block cp-block\">\n    <!-- Chama a ancora e\/ou titulo se houver -->\n        \n    <!-- Bloco de comentario -->\n            <div class=\"article-box\">\n            <div class=\"article\"><p><strong>Art. 12.<\/strong> Os dados anonimizados n\u00e3o ser\u00e3o considerados dados pessoais para os fins desta Lei, salvo quando o processo de anonimiza\u00e7\u00e3o ao qual foram submetidos for revertido, utilizando exclusivamente meios pr\u00f3prios, ou quando, com esfor\u00e7os razo\u00e1veis, puder ser revertido.<\/p>\n<p>\u00a7 1\u00ba A determina\u00e7\u00e3o do que seja razo\u00e1vel deve levar em considera\u00e7\u00e3o fatores objetivos, tais como custo e tempo necess\u00e1rios para reverter o processo de anonimiza\u00e7\u00e3o, de acordo com as tecnologias dispon\u00edveis, e a utiliza\u00e7\u00e3o exclusiva de meios pr\u00f3prios.<\/p>\n<p>\u00a7 2\u00ba Poder\u00e3o ser igualmente considerados como dados pessoais, para os fins desta Lei, aqueles utilizados para forma\u00e7\u00e3o do perfil comportamental de determinada pessoa natural, se identificada.<\/p>\n<p>\u00a7 3\u00ba A autoridade nacional poder\u00e1 dispor sobre padr\u00f5es e t\u00e9cnicas utilizados em processos de anonimiza\u00e7\u00e3o e realizar verifica\u00e7\u00f5es acerca de sua seguran\u00e7a, ouvido o Conselho Nacional de Prote\u00e7\u00e3o de Dados Pessoais.<\/p>\n<\/div>\n                    <\/div>\n    <\/div>\n\n<style>\n    .comment-block {\n        position: relative;\n    }\n    .comment-block .anchor-target {\n        position: absolute;\n        top: -200px;\n    }\n    .comment-block {\n        margin-bottom: 40px;\n    }\n    .comment-block .comment-block-title {\n        flex-wrap: wrap;\n        font-size: 20px;\n        font-weight: 600;\n        line-height: 130%;\n        color: #1c1e2f;\n        margin-bottom: 24px;\n    }\n\n    .comment-block .comment-block-title:last-child {\n        margin-bottom: 64px;\n    }\n\n    .comment-block h3 {\n        font-size: 24px;\n        font-weight: 600;\n        line-height: 120%;\n    }\n\n    .comment-block h4 {\n        font-size: 20px;\n        font-weight: 600;\n        line-height: 120%;\n    }\n\n    .article-box {\n        padding: 24px;\n        border-radius: 8px;\n        border: 1px solid #cbcbd9;\n        margin-bottom: 24px;\n    }\n\n    .article-box:last-child  {\n        margin-bottom: 0;\n    }\n\n    .article-box .article {\n        font-size: 16px;\n        font-weight: 400;\n        line-height: 150%;\n        margin-bottom: 16px;\n    }\n\n    .article-box .article p {\n        margin-bottom: 1em;\n    }\n\n    .article-box .article p:last-child {\n        margin-bottom: 0;\n    }\n\n    .article-box .article:last-child {\n        margin-bottom: 0;\n    }\n\n    .article-box .comment {\n        padding: 24px;\n        background-color: #f6f6fa;\n        font-size: 16px;\n        font-weight: 400;\n        line-height: 150%;\n        border-radius: 8px;\n    }\n\n    .article-box .comment p {\n        margin: 0;\n    }\n\n    .article-box .comment ol {\n        list-style: auto;\n        list-style-position: inside;\n    }\n\n    @media (max-width: 1199px) {\n        .comment-block .comment-block-title {\n            font-size: 16px;\n        }\n\n        .comment-block .comment-block-title h2 {\n            margin-right: 5px;\n        }\n\n        .comment-block h3 {\n            font-size: 20px;\n        }\n        .comment-block h4 {\n            font-size: 18px;\n        }\n    }\n<\/style>\n\n<div class=\"comment-block cp-block\">\n    <!-- Chama a ancora e\/ou titulo se houver -->\n        \n    <!-- Bloco de comentario -->\n            <div class=\"article-box\">\n            <div class=\"article\"><p><strong>Art. 13.<\/strong> Na realiza\u00e7\u00e3o de estudos em sa\u00fade p\u00fablica, os \u00f3rg\u00e3os de pesquisa poder\u00e3o ter acesso a bases de dados pessoais, que ser\u00e3o tratados exclusivamente dentro do \u00f3rg\u00e3o e estritamente para a finalidade de realiza\u00e7\u00e3o de estudos e pesquisas e mantidos em ambiente controlado e seguro, conforme pr\u00e1ticas de seguran\u00e7a previstas em regulamento espec\u00edfico e que incluam, sempre que poss\u00edvel, a anonimiza\u00e7\u00e3o ou pseudonimiza\u00e7\u00e3o dos dados, bem como considerem os devidos padr\u00f5es \u00e9ticos relacionados a estudos e pesquisas.<\/p>\n<p>\u00a7 1\u00ba A divulga\u00e7\u00e3o dos resultados ou de qualquer excerto do estudo ou da pesquisa de que trata o caput deste artigo em nenhuma hip\u00f3tese poder\u00e1 revelar dados pessoais.<\/p>\n<p>\u00a7 2\u00ba O \u00f3rg\u00e3o de pesquisa ser\u00e1 o respons\u00e1vel pela seguran\u00e7a da informa\u00e7\u00e3o prevista no caput deste artigo, n\u00e3o permitida, em circunst\u00e2ncia alguma, a transfer\u00eancia dos dados a terceiro.<\/p>\n<p>\u00a7 3\u00ba O acesso aos dados de que trata este artigo ser\u00e1 objeto de regulamenta\u00e7\u00e3o por parte da autoridade nacional e das autoridades da \u00e1rea de sa\u00fade e sanit\u00e1rias, no \u00e2mbito de suas compet\u00eancias.<\/p>\n<p>\u00a7 4\u00ba Para os efeitos deste artigo, a pseudonimiza\u00e7\u00e3o \u00e9 o tratamento por meio do qual um dado perde a possibilidade de associa\u00e7\u00e3o, direta ou indireta, a um indiv\u00edduo, sen\u00e3o pelo uso de informa\u00e7\u00e3o adicional mantida separadamente pelo controlador em ambiente controlado e seguro.<\/p>\n<\/div>\n                    <\/div>\n    <\/div>","protected":false},"excerpt":{"rendered":"","protected":false},"author":7,"featured_media":0,"comment_status":"open","ping_status":"open","template":"","cat-lgpd":[],"class_list":["post-32155","lgpd-comentada","type-lgpd-comentada","status-publish","hentry"],"acf":[],"_links":{"self":[{"href":"https:\/\/www.aurum.com.br\/blog\/wp-json\/wp\/v2\/lgpd-comentada\/32155","targetHints":{"allow":["GET"]}}],"collection":[{"href":"https:\/\/www.aurum.com.br\/blog\/wp-json\/wp\/v2\/lgpd-comentada"}],"about":[{"href":"https:\/\/www.aurum.com.br\/blog\/wp-json\/wp\/v2\/types\/lgpd-comentada"}],"author":[{"embeddable":true,"href":"https:\/\/www.aurum.com.br\/blog\/wp-json\/wp\/v2\/users\/7"}],"replies":[{"embeddable":true,"href":"https:\/\/www.aurum.com.br\/blog\/wp-json\/wp\/v2\/comments?post=32155"}],"wp:attachment":[{"href":"https:\/\/www.aurum.com.br\/blog\/wp-json\/wp\/v2\/media?parent=32155"}],"wp:term":[{"taxonomy":"cat-lgpd","embeddable":true,"href":"https:\/\/www.aurum.com.br\/blog\/wp-json\/wp\/v2\/cat-lgpd?post=32155"}],"curies":[{"name":"wp","href":"https:\/\/api.w.org\/{rel}","templated":true}]}}