{"id":32154,"date":"2024-12-12T13:53:08","date_gmt":"2024-12-12T16:53:08","guid":{"rendered":"https:\/\/www.aurum.com.br\/blog\/lgpd-comentada\/art-7-a-10-lgpd\/"},"modified":"2025-05-20T15:06:36","modified_gmt":"2025-05-20T18:06:36","slug":"art-7-a-10-lgpd","status":"publish","type":"lgpd-comentada","link":"https:\/\/www.aurum.com.br\/blog\/lgpd-comentada\/art-7-a-10-lgpd\/","title":{"rendered":"Se\u00e7\u00e3o I &#8211; Dos Requisitos Para O Tratamento De Dados Pessoais"},"content":{"rendered":"<style>\n    .comment-block {\n        position: relative;\n    }\n    .comment-block .anchor-target {\n        position: absolute;\n        top: -200px;\n    }\n    .comment-block {\n        margin-bottom: 40px;\n    }\n    .comment-block .comment-block-title {\n        flex-wrap: wrap;\n        font-size: 20px;\n        font-weight: 600;\n        line-height: 130%;\n        color: #1c1e2f;\n        margin-bottom: 24px;\n    }\n\n    .comment-block .comment-block-title:last-child {\n        margin-bottom: 64px;\n    }\n\n    .comment-block h3 {\n        font-size: 24px;\n        font-weight: 600;\n        line-height: 120%;\n    }\n\n    .comment-block h4 {\n        font-size: 20px;\n        font-weight: 600;\n        line-height: 120%;\n    }\n\n    .article-box {\n        padding: 24px;\n        border-radius: 8px;\n        border: 1px solid #cbcbd9;\n        margin-bottom: 24px;\n    }\n\n    .article-box:last-child  {\n        margin-bottom: 0;\n    }\n\n    .article-box .article {\n        font-size: 16px;\n        font-weight: 400;\n        line-height: 150%;\n        margin-bottom: 16px;\n    }\n\n    .article-box .article p {\n        margin-bottom: 1em;\n    }\n\n    .article-box .article p:last-child {\n        margin-bottom: 0;\n    }\n\n    .article-box .article:last-child {\n        margin-bottom: 0;\n    }\n\n    .article-box .comment {\n        padding: 24px;\n        background-color: #f6f6fa;\n        font-size: 16px;\n        font-weight: 400;\n        line-height: 150%;\n        border-radius: 8px;\n    }\n\n    .article-box .comment p {\n        margin: 0;\n    }\n\n    .article-box .comment ol {\n        list-style: auto;\n        list-style-position: inside;\n    }\n\n    @media (max-width: 1199px) {\n        .comment-block .comment-block-title {\n            font-size: 16px;\n        }\n\n        .comment-block .comment-block-title h2 {\n            margin-right: 5px;\n        }\n\n        .comment-block h3 {\n            font-size: 20px;\n        }\n        .comment-block h4 {\n            font-size: 18px;\n        }\n    }\n<\/style>\n\n<div class=\"comment-block cp-block\">\n    <!-- Chama a ancora e\/ou titulo se houver -->\n        \n    <!-- Bloco de comentario -->\n            <div class=\"article-box\">\n            <div class=\"article\"><p><strong>Art. 7.<\/strong> O tratamento de dados pessoais somente poder\u00e1 ser realizado nas seguintes hip\u00f3teses:<\/p>\n<p>I &#8211; mediante o fornecimento de consentimento pelo titular;<\/p>\n<p>II &#8211; para o cumprimento de obriga\u00e7\u00e3o legal ou regulat\u00f3ria pelo controlador;<\/p>\n<p>III &#8211; pela administra\u00e7\u00e3o p\u00fablica, para o tratamento e uso compartilhado de dados necess\u00e1rios \u00e0 execu\u00e7\u00e3o de pol\u00edticas p\u00fablicas previstas em leis e regulamentos ou respaldadas em contratos, conv\u00eanios ou instrumentos cong\u00eaneres, observadas as disposi\u00e7\u00f5es do Cap\u00edtulo IV desta Lei;<\/p>\n<p>IV &#8211; para a realiza\u00e7\u00e3o de estudos por \u00f3rg\u00e3o de pesquisa, garantida, sempre que poss\u00edvel, a anonimiza\u00e7\u00e3o dos dados pessoais;<\/p>\n<p>V &#8211; quando necess\u00e1rio para a execu\u00e7\u00e3o de contrato ou de procedimentos preliminares relacionados a contrato do qual seja parte o titular, a pedido do titular dos dados;<\/p>\n<p>VI &#8211; para o exerc\u00edcio regular de direitos em processo judicial, administrativo ou arbitral, esse \u00faltimo nos termos da Lei n\u00ba 9.307, de 23 de setembro de 1996 (Lei de Arbitragem) ;<\/p>\n<p>VII &#8211; para a prote\u00e7\u00e3o da vida ou da incolumidade f\u00edsica do titular ou de terceiro;<\/p>\n<p>VIII &#8211; para a tutela da sa\u00fade, exclusivamente, em procedimento realizado por profissionais de sa\u00fade, servi\u00e7os de sa\u00fade ou autoridade sanit\u00e1ria; (Reda\u00e7\u00e3o dada pela Lei n\u00ba 13.853, de 2019) Vig\u00eancia<\/p>\n<p>IX &#8211; quando necess\u00e1rio para atender aos interesses leg\u00edtimos do controlador ou de terceiro, exceto no caso de prevalecerem direitos e liberdades fundamentais do titular que exijam a prote\u00e7\u00e3o dos dados pessoais; ou<\/p>\n<p>X &#8211; para a prote\u00e7\u00e3o do cr\u00e9dito, inclusive quanto ao disposto na legisla\u00e7\u00e3o pertinente.<\/p>\n<p>\u00a7 1\u00ba (Revogado). (Reda\u00e7\u00e3o dada pela Lei n\u00ba 13.853, de 2019)<\/p>\n<p>\u00a7 2\u00ba (Revogado). (Reda\u00e7\u00e3o dada pela Lei n\u00ba 13.853, de 2019) Vig\u00eancia<\/p>\n<p>\u00a7 3\u00ba O tratamento de dados pessoais cujo acesso \u00e9 p\u00fablico deve considerar a finalidade, a boa-f\u00e9 e o interesse p\u00fablico que justificaram sua disponibiliza\u00e7\u00e3o.<\/p>\n<p>\u00a7 4\u00ba \u00c9 dispensada a exig\u00eancia do consentimento previsto no caput deste artigo para os dados tornados manifestamente p\u00fablicos pelo titular, resguardados os direitos do titular e os princ\u00edpios previstos nesta Lei.<\/p>\n<p>\u00a7 5\u00ba O controlador que obteve o consentimento referido no inciso I do caput deste artigo que necessitar comunicar ou compartilhar dados pessoais com outros controladores dever\u00e1 obter consentimento espec\u00edfico do titular para esse fim, ressalvadas as hip\u00f3teses de dispensa do consentimento previstas nesta Lei.<\/p>\n<p>\u00a7 6\u00ba A eventual dispensa da exig\u00eancia do consentimento n\u00e3o desobriga os agentes de tratamento das demais obriga\u00e7\u00f5es previstas nesta Lei, especialmente da observ\u00e2ncia dos princ\u00edpios gerais e da garantia dos direitos do titular.<\/p>\n<p>\u00a7 7\u00ba O tratamento posterior dos dados pessoais a que se referem os \u00a7\u00a7 3\u00ba e 4\u00ba deste artigo poder\u00e1 ser realizado para novas finalidades, desde que observados os prop\u00f3sitos leg\u00edtimos e espec\u00edficos para o novo tratamento e a preserva\u00e7\u00e3o dos direitos do titular, assim como os fundamentos e os princ\u00edpios previstos nesta Lei. (Inclu\u00eddo pela Lei n\u00ba 13.853, de 2019) Vig\u00eancia<\/p>\n<\/div>\n                    <\/div>\n    <\/div>\n\n<style>\n    .comment-block {\n        position: relative;\n    }\n    .comment-block .anchor-target {\n        position: absolute;\n        top: -200px;\n    }\n    .comment-block {\n        margin-bottom: 40px;\n    }\n    .comment-block .comment-block-title {\n        flex-wrap: wrap;\n        font-size: 20px;\n        font-weight: 600;\n        line-height: 130%;\n        color: #1c1e2f;\n        margin-bottom: 24px;\n    }\n\n    .comment-block .comment-block-title:last-child {\n        margin-bottom: 64px;\n    }\n\n    .comment-block h3 {\n        font-size: 24px;\n        font-weight: 600;\n        line-height: 120%;\n    }\n\n    .comment-block h4 {\n        font-size: 20px;\n        font-weight: 600;\n        line-height: 120%;\n    }\n\n    .article-box {\n        padding: 24px;\n        border-radius: 8px;\n        border: 1px solid #cbcbd9;\n        margin-bottom: 24px;\n    }\n\n    .article-box:last-child  {\n        margin-bottom: 0;\n    }\n\n    .article-box .article {\n        font-size: 16px;\n        font-weight: 400;\n        line-height: 150%;\n        margin-bottom: 16px;\n    }\n\n    .article-box .article p {\n        margin-bottom: 1em;\n    }\n\n    .article-box .article p:last-child {\n        margin-bottom: 0;\n    }\n\n    .article-box .article:last-child {\n        margin-bottom: 0;\n    }\n\n    .article-box .comment {\n        padding: 24px;\n        background-color: #f6f6fa;\n        font-size: 16px;\n        font-weight: 400;\n        line-height: 150%;\n        border-radius: 8px;\n    }\n\n    .article-box .comment p {\n        margin: 0;\n    }\n\n    .article-box .comment ol {\n        list-style: auto;\n        list-style-position: inside;\n    }\n\n    @media (max-width: 1199px) {\n        .comment-block .comment-block-title {\n            font-size: 16px;\n        }\n\n        .comment-block .comment-block-title h2 {\n            margin-right: 5px;\n        }\n\n        .comment-block h3 {\n            font-size: 20px;\n        }\n        .comment-block h4 {\n            font-size: 18px;\n        }\n    }\n<\/style>\n\n<div class=\"comment-block cp-block\">\n    <!-- Chama a ancora e\/ou titulo se houver -->\n        \n    <!-- Bloco de comentario -->\n            <div class=\"article-box\">\n            <div class=\"article\"><p><strong>Art. 8.<\/strong> O consentimento previsto no inciso I do art. 7\u00ba desta Lei dever\u00e1 ser fornecido por escrito ou por outro meio que demonstre a manifesta\u00e7\u00e3o de vontade do titular.<\/p>\n<p>\u00a7 1\u00ba Caso o consentimento seja fornecido por escrito, esse dever\u00e1 constar de cl\u00e1usula destacada das demais cl\u00e1usulas contratuais.<\/p>\n<p>\u00a7 2\u00ba Cabe ao controlador o \u00f4nus da prova de que o consentimento foi obtido em conformidade com o disposto nesta Lei.<\/p>\n<p>\u00a7 3\u00ba \u00c9 vedado o tratamento de dados pessoais mediante v\u00edcio de consentimento.<\/p>\n<p>\u00a7 4\u00ba O consentimento dever\u00e1 referir-se a finalidades determinadas, e as autoriza\u00e7\u00f5es gen\u00e9ricas para o tratamento de dados pessoais ser\u00e3o nulas.<\/p>\n<p>\u00a7 5\u00ba O consentimento pode ser revogado a qualquer momento mediante manifesta\u00e7\u00e3o expressa do titular, por procedimento gratuito e facilitado, ratificados os tratamentos realizados sob amparo do consentimento anteriormente manifestado enquanto n\u00e3o houver requerimento de elimina\u00e7\u00e3o, nos termos do inciso VI do caput do art. 18 desta Lei.<\/p>\n<p>\u00a7 6\u00ba Em caso de altera\u00e7\u00e3o de informa\u00e7\u00e3o referida nos incisos I, II, III ou V do art. 9\u00ba desta Lei, o controlador dever\u00e1 informar ao titular, com destaque de forma espec\u00edfica do teor das altera\u00e7\u00f5es, podendo o titular, nos casos em que o seu consentimento \u00e9 exigido, revog\u00e1-lo caso discorde da altera\u00e7\u00e3o.<\/p>\n<\/div>\n                    <\/div>\n    <\/div>\n\n<style>\n    .comment-block {\n        position: relative;\n    }\n    .comment-block .anchor-target {\n        position: absolute;\n        top: -200px;\n    }\n    .comment-block {\n        margin-bottom: 40px;\n    }\n    .comment-block .comment-block-title {\n        flex-wrap: wrap;\n        font-size: 20px;\n        font-weight: 600;\n        line-height: 130%;\n        color: #1c1e2f;\n        margin-bottom: 24px;\n    }\n\n    .comment-block .comment-block-title:last-child {\n        margin-bottom: 64px;\n    }\n\n    .comment-block h3 {\n        font-size: 24px;\n        font-weight: 600;\n        line-height: 120%;\n    }\n\n    .comment-block h4 {\n        font-size: 20px;\n        font-weight: 600;\n        line-height: 120%;\n    }\n\n    .article-box {\n        padding: 24px;\n        border-radius: 8px;\n        border: 1px solid #cbcbd9;\n        margin-bottom: 24px;\n    }\n\n    .article-box:last-child  {\n        margin-bottom: 0;\n    }\n\n    .article-box .article {\n        font-size: 16px;\n        font-weight: 400;\n        line-height: 150%;\n        margin-bottom: 16px;\n    }\n\n    .article-box .article p {\n        margin-bottom: 1em;\n    }\n\n    .article-box .article p:last-child {\n        margin-bottom: 0;\n    }\n\n    .article-box .article:last-child {\n        margin-bottom: 0;\n    }\n\n    .article-box .comment {\n        padding: 24px;\n        background-color: #f6f6fa;\n        font-size: 16px;\n        font-weight: 400;\n        line-height: 150%;\n        border-radius: 8px;\n    }\n\n    .article-box .comment p {\n        margin: 0;\n    }\n\n    .article-box .comment ol {\n        list-style: auto;\n        list-style-position: inside;\n    }\n\n    @media (max-width: 1199px) {\n        .comment-block .comment-block-title {\n            font-size: 16px;\n        }\n\n        .comment-block .comment-block-title h2 {\n            margin-right: 5px;\n        }\n\n        .comment-block h3 {\n            font-size: 20px;\n        }\n        .comment-block h4 {\n            font-size: 18px;\n        }\n    }\n<\/style>\n\n<div class=\"comment-block cp-block\">\n    <!-- Chama a ancora e\/ou titulo se houver -->\n        \n    <!-- Bloco de comentario -->\n            <div class=\"article-box\">\n            <div class=\"article\"><p><strong>Art. 9.<\/strong> O titular tem direito ao acesso facilitado \u00e0s informa\u00e7\u00f5es sobre o tratamento de seus dados, que dever\u00e3o ser disponibilizadas de forma clara, adequada e ostensiva acerca de, entre outras caracter\u00edsticas previstas em regulamenta\u00e7\u00e3o para o atendimento do princ\u00edpio do livre acesso:<\/p>\n<p>I &#8211; finalidade espec\u00edfica do tratamento;<br \/>\nII &#8211; forma e dura\u00e7\u00e3o do tratamento, observados os segredos comercial e industrial;<br \/>\nIII &#8211; identifica\u00e7\u00e3o do controlador;<br \/>\nIV &#8211; informa\u00e7\u00f5es de contato do controlador;<br \/>\nV &#8211; informa\u00e7\u00f5es acerca do uso compartilhado de dados pelo controlador e a finalidade;<br \/>\nVI &#8211; responsabilidades dos agentes que realizar\u00e3o o tratamento; e<br \/>\nVII &#8211; direitos do titular, com men\u00e7\u00e3o expl\u00edcita aos direitos contidos no art. 18 desta Lei.<\/p>\n<p>\u00a7 1\u00ba Na hip\u00f3tese em que o consentimento \u00e9 requerido, esse ser\u00e1 considerado nulo caso as informa\u00e7\u00f5es fornecidas ao titular tenham conte\u00fado enganoso ou abusivo ou n\u00e3o tenham sido apresentadas previamente com transpar\u00eancia, de forma clara e inequ\u00edvoca.<\/p>\n<p>\u00a7 2\u00ba Na hip\u00f3tese em que o consentimento \u00e9 requerido, se houver mudan\u00e7as da finalidade para o tratamento de dados pessoais n\u00e3o compat\u00edveis com o consentimento original, o controlador dever\u00e1 informar previamente o titular sobre as mudan\u00e7as de finalidade, podendo o titular revogar o consentimento, caso discorde das altera\u00e7\u00f5es.<\/p>\n<p>\u00a7 3\u00ba Quando o tratamento de dados pessoais for condi\u00e7\u00e3o para o fornecimento de produto ou de servi\u00e7o ou para o exerc\u00edcio de direito, o titular ser\u00e1 informado com destaque sobre esse fato e sobre os meios pelos quais poder\u00e1 exercer os direitos do titular elencados no art. 18 desta Lei.<\/p>\n<\/div>\n                    <\/div>\n    <\/div>\n\n<style>\n    .comment-block {\n        position: relative;\n    }\n    .comment-block .anchor-target {\n        position: absolute;\n        top: -200px;\n    }\n    .comment-block {\n        margin-bottom: 40px;\n    }\n    .comment-block .comment-block-title {\n        flex-wrap: wrap;\n        font-size: 20px;\n        font-weight: 600;\n        line-height: 130%;\n        color: #1c1e2f;\n        margin-bottom: 24px;\n    }\n\n    .comment-block .comment-block-title:last-child {\n        margin-bottom: 64px;\n    }\n\n    .comment-block h3 {\n        font-size: 24px;\n        font-weight: 600;\n        line-height: 120%;\n    }\n\n    .comment-block h4 {\n        font-size: 20px;\n        font-weight: 600;\n        line-height: 120%;\n    }\n\n    .article-box {\n        padding: 24px;\n        border-radius: 8px;\n        border: 1px solid #cbcbd9;\n        margin-bottom: 24px;\n    }\n\n    .article-box:last-child  {\n        margin-bottom: 0;\n    }\n\n    .article-box .article {\n        font-size: 16px;\n        font-weight: 400;\n        line-height: 150%;\n        margin-bottom: 16px;\n    }\n\n    .article-box .article p {\n        margin-bottom: 1em;\n    }\n\n    .article-box .article p:last-child {\n        margin-bottom: 0;\n    }\n\n    .article-box .article:last-child {\n        margin-bottom: 0;\n    }\n\n    .article-box .comment {\n        padding: 24px;\n        background-color: #f6f6fa;\n        font-size: 16px;\n        font-weight: 400;\n        line-height: 150%;\n        border-radius: 8px;\n    }\n\n    .article-box .comment p {\n        margin: 0;\n    }\n\n    .article-box .comment ol {\n        list-style: auto;\n        list-style-position: inside;\n    }\n\n    @media (max-width: 1199px) {\n        .comment-block .comment-block-title {\n            font-size: 16px;\n        }\n\n        .comment-block .comment-block-title h2 {\n            margin-right: 5px;\n        }\n\n        .comment-block h3 {\n            font-size: 20px;\n        }\n        .comment-block h4 {\n            font-size: 18px;\n        }\n    }\n<\/style>\n\n<div class=\"comment-block cp-block\">\n    <!-- Chama a ancora e\/ou titulo se houver -->\n        \n    <!-- Bloco de comentario -->\n            <div class=\"article-box\">\n            <div class=\"article\"><p><strong>Art. 10.<\/strong> O leg\u00edtimo interesse do controlador somente poder\u00e1 fundamentar tratamento de dados pessoais para finalidades leg\u00edtimas, consideradas a partir de situa\u00e7\u00f5es concretas, que incluem, mas n\u00e3o se limitam a:<\/p>\n<p>I &#8211; apoio e promo\u00e7\u00e3o de atividades do controlador; e<br \/>\nII &#8211; prote\u00e7\u00e3o, em rela\u00e7\u00e3o ao titular, do exerc\u00edcio regular de seus direitos ou presta\u00e7\u00e3o de servi\u00e7os que o beneficiem, respeitadas as leg\u00edtimas expectativas dele e os direitos e liberdades fundamentais, nos termos desta Lei.<\/p>\n<p>\u00a7 1\u00ba Quando o tratamento for baseado no leg\u00edtimo interesse do controlador, somente os dados pessoais estritamente necess\u00e1rios para a finalidade pretendida poder\u00e3o ser tratados.<\/p>\n<p>\u00a7 2\u00ba O controlador dever\u00e1 adotar medidas para garantir a transpar\u00eancia do tratamento de dados baseado em seu leg\u00edtimo interesse.<\/p>\n<p>\u00a7 3\u00ba A autoridade nacional poder\u00e1 solicitar ao controlador relat\u00f3rio de impacto \u00e0 prote\u00e7\u00e3o de dados pessoais, quando o tratamento tiver como fundamento seu interesse leg\u00edtimo, observados os segredos comercial e industrial.<\/p>\n<\/div>\n                    <\/div>\n    <\/div>","protected":false},"excerpt":{"rendered":"","protected":false},"author":7,"featured_media":0,"comment_status":"open","ping_status":"open","template":"","cat-lgpd":[],"class_list":["post-32154","lgpd-comentada","type-lgpd-comentada","status-publish","hentry"],"acf":[],"_links":{"self":[{"href":"https:\/\/www.aurum.com.br\/blog\/wp-json\/wp\/v2\/lgpd-comentada\/32154","targetHints":{"allow":["GET"]}}],"collection":[{"href":"https:\/\/www.aurum.com.br\/blog\/wp-json\/wp\/v2\/lgpd-comentada"}],"about":[{"href":"https:\/\/www.aurum.com.br\/blog\/wp-json\/wp\/v2\/types\/lgpd-comentada"}],"author":[{"embeddable":true,"href":"https:\/\/www.aurum.com.br\/blog\/wp-json\/wp\/v2\/users\/7"}],"replies":[{"embeddable":true,"href":"https:\/\/www.aurum.com.br\/blog\/wp-json\/wp\/v2\/comments?post=32154"}],"wp:attachment":[{"href":"https:\/\/www.aurum.com.br\/blog\/wp-json\/wp\/v2\/media?parent=32154"}],"wp:term":[{"taxonomy":"cat-lgpd","embeddable":true,"href":"https:\/\/www.aurum.com.br\/blog\/wp-json\/wp\/v2\/cat-lgpd?post=32154"}],"curies":[{"name":"wp","href":"https:\/\/api.w.org\/{rel}","templated":true}]}}