{"id":26199,"date":"2023-12-06T14:08:32","date_gmt":"2023-12-06T17:08:32","guid":{"rendered":"https:\/\/www.aurum.com.br\/blog\/cpp-comentado\/art-783-a-786-cpp\/"},"modified":"2025-05-19T16:38:07","modified_gmt":"2025-05-19T19:38:07","slug":"art-783-a-786-cpp","status":"publish","type":"cpp-comentado","link":"https:\/\/www.aurum.com.br\/blog\/cpp-comentado\/art-783-a-786-cpp\/","title":{"rendered":"Cap\u00edtulo II &#8211; Das cartas rogat\u00f3rias"},"content":{"rendered":"<style>\n    .comment-block {\n        position: relative;\n    }\n    .comment-block .anchor-target {\n        position: absolute;\n        top: -200px;\n    }\n    .comment-block {\n        margin-bottom: 40px;\n    }\n    .comment-block .comment-block-title {\n        flex-wrap: wrap;\n        font-size: 20px;\n        font-weight: 600;\n        line-height: 130%;\n        color: #1c1e2f;\n        margin-bottom: 24px;\n    }\n\n    .comment-block .comment-block-title:last-child {\n        margin-bottom: 64px;\n    }\n\n    .comment-block h3 {\n        font-size: 24px;\n        font-weight: 600;\n        line-height: 120%;\n    }\n\n    .comment-block h4 {\n        font-size: 20px;\n        font-weight: 600;\n        line-height: 120%;\n    }\n\n    .article-box {\n        padding: 24px;\n        border-radius: 8px;\n        border: 1px solid #cbcbd9;\n        margin-bottom: 24px;\n    }\n\n    .article-box:last-child  {\n        margin-bottom: 0;\n    }\n\n    .article-box .article {\n        font-size: 16px;\n        font-weight: 400;\n        line-height: 150%;\n        margin-bottom: 16px;\n    }\n\n    .article-box .article p {\n        margin-bottom: 1em;\n    }\n\n    .article-box .article p:last-child {\n        margin-bottom: 0;\n    }\n\n    .article-box .article:last-child {\n        margin-bottom: 0;\n    }\n\n    .article-box .comment {\n        padding: 24px;\n        background-color: #f6f6fa;\n        font-size: 16px;\n        font-weight: 400;\n        line-height: 150%;\n        border-radius: 8px;\n    }\n\n    .article-box .comment p {\n        margin: 0;\n    }\n\n    .article-box .comment ol {\n        list-style: auto;\n        list-style-position: inside;\n    }\n\n    @media (max-width: 1199px) {\n        .comment-block .comment-block-title {\n            font-size: 16px;\n        }\n\n        .comment-block .comment-block-title h2 {\n            margin-right: 5px;\n        }\n\n        .comment-block h3 {\n            font-size: 20px;\n        }\n        .comment-block h4 {\n            font-size: 18px;\n        }\n    }\n<\/style>\n\n<div class=\"comment-block cp-block\">\n    <!-- Chama a ancora e\/ou titulo se houver -->\n        \n    <!-- Bloco de comentario -->\n            <div class=\"article-box\">\n            <div class=\"article\"><p><strong>Art. 783.<\/strong> As cartas rogat\u00f3rias ser\u00e3o, pelo respectivo juiz, remetidas ao Ministro da Justi\u00e7a, a fim de ser pedido o seu cumprimento, por via diplom\u00e1tica, \u00e0s autoridades estrangeiras competentes.<\/p>\n<\/div>\n                            <div class=\"comment\"><p><span style=\"font-weight: 400;\">As cartas rogat\u00f3rias s\u00e3o compar\u00e1veis \u00e0s <a href=\"https:\/\/www.aurum.com.br\/blog\/carta-precatoria\/\">cartas precat\u00f3rias<\/a>, com a diferen\u00e7a de que s\u00e3o expedidas por um magistrado que pretende seja cumprida uma ordem judicial em territ\u00f3rio judicial de outro pa\u00eds.<\/span><\/p>\n<p><span style=\"font-weight: 400;\">Se, por exemplo, uma testemunha reside em pa\u00eds estrangeiro, o juiz poder\u00e1 expedir uma carta rogat\u00f3ria solicitando que o juiz respons\u00e1vel pela <a href=\"https:\/\/www.aurum.com.br\/blog\/glossario-juridico\/jurisdicao\/#:~:text=O%20que%20%C3%A9%20%22Jurisdi%C3%A7%C3%A3o%3F%22,a%20observ%C3%A2ncia%20da%20ordem%20jur%C3%ADdica.\">jurisdi\u00e7\u00e3o<\/a> no endere\u00e7o da testemunha providencie a sua intima\u00e7\u00e3o.<\/span><\/p>\n<p><span style=\"font-weight: 400;\">Esse documento, conforme explica o artigo, ser\u00e1 remetido ao Ministro da Justi\u00e7a, que por sua vez providenciar\u00e1 o envio \u00e0 autoridade estrangeira competente pelo seu cumprimento.<\/span><\/p>\n<p><span style=\"font-weight: 400;\">Jurisprud\u00eancia:<\/span><\/p>\n<p><i><span style=\"font-weight: 400;\">HABEAS CORPUS. FAVORECIMENTO DA PROSTITUI\u00c7\u00c3O, RUFIANISMO E TR\u00c1FICO INTERNACIONAL DE PESSOAS (ARTIGOS 228, 230 E 231 DO C\u00d3DIGO PENAL). [&#8230;] OITIVA DE TESTEMUNHA RESIDENTE NOS ESTADOS UNIDOS DA AM\u00c9RICA. IMPOSSIBILIDADE DE UTILIZA\u00c7\u00c3O DO ACORDO DE ASSIST\u00caNCIA JUR\u00cdDICA EM MAT\u00c9RIA PENAL &#8211; MLAT. PECULIARIDADES DO SISTEMA NORTE-AMERICANO. INSTITUTO QUE N\u00c3O SE CONFUNDE COM A CARTA ROGAT\u00d3RIA. MEIO ORDIN\u00c1RIO DE PR\u00c1TICA DE ATOS PROCESSUAIS EM PA\u00cdS ESTRANGEIRO. ILEGALIDADE NO INDEFERIMENTO DA PRODU\u00c7\u00c3O DA PROVA TESTEMUNHAL PRETENDIDA. ORDEM CONCEDIDA. 1. Nas rela\u00e7\u00f5es jurisdicionais com autoridade estrangeira, <\/span><\/i><b><i>o legislador ordin\u00e1rio estabeleceu, como regra, a via diplom\u00e1tica para a pr\u00e1tica de atos processuais fora do territ\u00f3rio nacional, instituindo a carta rogat\u00f3ria como o seu instrumento, nos termos dos artigos 783 e seguintes do C\u00f3digo de Processo Penal.<\/i><\/b><i><span style=\"font-weight: 400;\"> 2. Os acordos de assist\u00eancia jur\u00eddica em mat\u00e9ria penal celebrados com diversos pa\u00edses, por meio dos quais \u00e9 institu\u00edda uma via mais c\u00e9lere para a pr\u00e1tica de atos processuais, n\u00e3o se confundem com o instituto da carta rogat\u00f3ria. 3. A impossibilidade de se produzir a prova testemunhal pretendida pela defesa por interm\u00e9dio do acordo bilateral celebrado com o Governo dos Estados Unidos da Am\u00e9rica n\u00e3o \u00e9 fundamento, por si s\u00f3, para o indeferimento do pleito, tendo em vista <\/span><\/i><b><i>a exist\u00eancia da via diplom\u00e1tica residual representada pela carta rogat\u00f3ria, desde que preenchidos os requisitos previstos nos artigos 222-A e 783, ambos do C\u00f3digo de Processo Penal, cujo cumprimento ou n\u00e3o \u00e9 decis\u00e3o soberana do Pa\u00eds requerido<\/i><\/b><i><span style=\"font-weight: 400;\">. 4. Ordem concedida para cassar a decis\u00e3o que indeferiu a oitiva de testemunhas residentes nos Estados Unidos da Am\u00e9rica arroladas pela defesa, determinando-se que o magistrado singular avalie se o pleito preenche os requisitos elencados nos artigos 222-A e 783, ambos do C\u00f3digo de Processo Penal.<\/span><\/i><\/p>\n<p><i><span style=\"font-weight: 400;\">(HC n. 208.663\/SP, relator Ministro Jorge Mussi, Quinta Turma, julgado em 2\/10\/2014, DJe de 10\/10\/2014.)<\/span><\/i><\/p>\n<\/div>\n                    <\/div>\n    <\/div>\n\n<style>\n    .comment-block {\n        position: relative;\n    }\n    .comment-block .anchor-target {\n        position: absolute;\n        top: -200px;\n    }\n    .comment-block {\n        margin-bottom: 40px;\n    }\n    .comment-block .comment-block-title {\n        flex-wrap: wrap;\n        font-size: 20px;\n        font-weight: 600;\n        line-height: 130%;\n        color: #1c1e2f;\n        margin-bottom: 24px;\n    }\n\n    .comment-block .comment-block-title:last-child {\n        margin-bottom: 64px;\n    }\n\n    .comment-block h3 {\n        font-size: 24px;\n        font-weight: 600;\n        line-height: 120%;\n    }\n\n    .comment-block h4 {\n        font-size: 20px;\n        font-weight: 600;\n        line-height: 120%;\n    }\n\n    .article-box {\n        padding: 24px;\n        border-radius: 8px;\n        border: 1px solid #cbcbd9;\n        margin-bottom: 24px;\n    }\n\n    .article-box:last-child  {\n        margin-bottom: 0;\n    }\n\n    .article-box .article {\n        font-size: 16px;\n        font-weight: 400;\n        line-height: 150%;\n        margin-bottom: 16px;\n    }\n\n    .article-box .article p {\n        margin-bottom: 1em;\n    }\n\n    .article-box .article p:last-child {\n        margin-bottom: 0;\n    }\n\n    .article-box .article:last-child {\n        margin-bottom: 0;\n    }\n\n    .article-box .comment {\n        padding: 24px;\n        background-color: #f6f6fa;\n        font-size: 16px;\n        font-weight: 400;\n        line-height: 150%;\n        border-radius: 8px;\n    }\n\n    .article-box .comment p {\n        margin: 0;\n    }\n\n    .article-box .comment ol {\n        list-style: auto;\n        list-style-position: inside;\n    }\n\n    @media (max-width: 1199px) {\n        .comment-block .comment-block-title {\n            font-size: 16px;\n        }\n\n        .comment-block .comment-block-title h2 {\n            margin-right: 5px;\n        }\n\n        .comment-block h3 {\n            font-size: 20px;\n        }\n        .comment-block h4 {\n            font-size: 18px;\n        }\n    }\n<\/style>\n\n<div class=\"comment-block cp-block\">\n    <!-- Chama a ancora e\/ou titulo se houver -->\n        \n    <!-- Bloco de comentario -->\n            <div class=\"article-box\">\n            <div class=\"article\"><p><strong>Art. 784.<\/strong> As cartas rogat\u00f3rias emanadas de autoridades estrangeiras competentes n\u00e3o dependem de homologa\u00e7\u00e3o e ser\u00e3o atendidas se encaminhadas por via diplom\u00e1tica e desde que o crime, segundo a lei brasileira, n\u00e3o exclua a extradi\u00e7\u00e3o.<\/p>\n<p>\u00a7 1 As rogat\u00f3rias, acompanhadas de tradu\u00e7\u00e3o em l\u00edngua nacional, feita por tradutor oficial ou juramentado, ser\u00e3o, ap\u00f3s exequatur do presidente do Supremo Tribunal Federal, cumpridas pelo juiz criminal do lugar onde as dilig\u00eancias tenham de efetuar-se, observadas as formalidades prescritas neste C\u00f3digo.<\/p>\n<p>\u00a7 2 A carta rogat\u00f3ria ser\u00e1 pelo presidente do Supremo Tribunal Federal remetida ao presidente do Tribunal de Apela\u00e7\u00e3o do Estado, do Distrito Federal, ou do Territ\u00f3rio, a fim de ser encaminhada ao juiz competente.<\/p>\n<p>\u00a7 3 Versando sobre crime de a\u00e7\u00e3o privada, segundo a lei brasileira, o andamento, ap\u00f3s o exequatur, depender\u00e1 do interessado, a quem incumbir\u00e1 o pagamento das despesas.<\/p>\n<p>\u00a7 4 Ficar\u00e1 sempre na secretaria do Supremo Tribunal Federal c\u00f3pia da carta rogat\u00f3ria.<\/p>\n<\/div>\n                            <div class=\"comment\"><p><span style=\"font-weight: 400;\">Assim como os magistrados brasileiros podem expedir carta rogat\u00f3ria destinadas \u00e0s autoridades estrangeiras, podem ser destinat\u00e1rios de <strong>cartas rogat\u00f3rias expedidas no exterior para serem cumpridas aqui.<\/strong><\/span><\/p>\n<p><span style=\"font-weight: 400;\">Conforme os requisitos expostos neste artigo, as cartas n<strong>\u00e3o precisam ser homologadas<\/strong>, por\u00e9m n\u00e3o ser\u00e3o cumpridas se tiverem sido expedidas em processos que apuram crimes que a legisla\u00e7\u00e3o brasileira vede a extradi\u00e7\u00e3o.<\/span><\/p>\n<p><span style=\"font-weight: 400;\">Ou seja, a carta rogat\u00f3ria n\u00e3o ser\u00e1 cumprida no Brasil se o processo criminal tratar de crime pol\u00edtico ou de opini\u00e3o (art. 5\u00ba, LII, CF\/88), de crime que a lei brasileira fixe pena m\u00e1xima inferior a <strong>2 (dois) anos<\/strong> ou de qualquer fato que a lei brasileira n\u00e3o considere crime (art. 82, inc. II e IV, Lei de Migra\u00e7\u00e3o).<\/span><\/p>\n<p><span style=\"font-weight: 400;\">Embora o \u00a71\u00ba fale da ordem de cumprimento (exequatur) pelo presidente do Supremo Tribunal Federal, a compet\u00eancia atualmente \u00e9 do Superior Tribunal de Justi\u00e7a, conforme ordem constitucional (art. 105, inc. I, al\u00ednea \u201ci\u201d, CF\/88). Da mesma forma, n\u00e3o ser\u00e1 o presidente de tribunal da justi\u00e7a comum que providenciar\u00e1 suas dilig\u00eancias, mas sim o respectivo Tribunal Regional Federal (art. 109, X, CF\/88).<\/span><\/p>\n<p><span style=\"font-weight: 400;\">Jurisprud\u00eancia:<\/span><\/p>\n<p><i><span style=\"font-weight: 400;\">RECURSO ORDIN\u00c1RIO EM HABEAS CORPUS. COOPERA\u00c7\u00c3O JUR\u00cdDICA INTERNACIONAL. CARTA ROGAT\u00d3RIA E AUX\u00cdLIO DIRETO. DEFINI\u00c7\u00c3O. CASO CONCRETO. EXIST\u00caNCIA DE DECIS\u00c3O JUDICIAL ESTRANGEIRA. IMPRESCINDIBILIDADE DO EXEQUATUR. RECURSO PROVIDO. 1. <\/span><\/i><b><i>Na carta rogat\u00f3ria passiva, h\u00e1 decis\u00e3o judicial oriunda da Justi\u00e7a rogante que precisa ser executada e cumprida no Estado rogado, cabendo ao Superior Tribunal de Justi\u00e7a o ju\u00edzo de deliba\u00e7\u00e3o, sem, contudo, adentrar-se no m\u00e9rito da decis\u00e3o oriunda do Pa\u00eds estrangeiro<\/i><\/b><i><span style=\"font-weight: 400;\">. No aux\u00edlio direto passivo, h\u00e1 um pedido de assist\u00eancia do Estado alien\u00edgena diretamente ao Estado rogado, para que este preste as informa\u00e7\u00f5es solicitadas ou provoque a Justi\u00e7a Federal para julgar a provid\u00eancia requerida (medidas acautelat\u00f3rias), conforme o caso concreto. Tudo isso, baseado em Acordo ou Tratado Internacional de coopera\u00e7\u00e3o. [&#8230;] 3. Frise-se que n\u00e3o se trata de mero ato judicial formal de encaminhamento de pedido de coopera\u00e7\u00e3o, mas <\/span><\/i><b><i>de ato com car\u00e1ter decis\u00f3rio proferido pelo Poder Judici\u00e1rio franc\u00eas no exerc\u00edcio t\u00edpico da fun\u00e7\u00e3o jurisdicional<\/i><\/b><i><span style=\"font-weight: 400;\">. 4. <\/span><\/i><b><i>A concess\u00e3o do exequatur \u00e9 imprescind\u00edvel na hip\u00f3tese, pois, existente decis\u00e3o judicial estrangeira a ser submetida ao crivo desta Corte, o caso concreto amolda-se \u00e0 defini\u00e7\u00e3o de carta rogat\u00f3ria<\/i><\/b><i><span style=\"font-weight: 400;\">, sendo de rigor a anula\u00e7\u00e3o dos procedimentos j\u00e1 realizados. 5. N\u00e3o respeitada a compet\u00eancia adequada para o processamento da coopera\u00e7\u00e3o internacional em territ\u00f3rio nacional, nos termos do art. 105, inciso III, al\u00ednea i, da Constitui\u00e7\u00e3o da Rep\u00fablica, imp\u00f5e-se a anula\u00e7\u00e3o do feito desde o seu in\u00edcio. 6. Recurso provido, a fim de declarar, relativamente a procedimentos ou processos em tr\u00e2mite na Rep\u00fablica Federativa do Brasil decorrente do pedido de aux\u00edlio direto ora anulado, a invalidade da oitiva do Recorrente e as medidas judiciais de busca e apreens\u00e3o e condu\u00e7\u00e3o coercitiva, al\u00e9m de outras determinadas pelo Ju\u00edzo da 9.\u00aa Vara Federal Criminal do Rio de Janeiro, nos autos do Processo n.\u00ba 0120881-41.2017.4.02.5101, restituindo-se os objetos apreendidos. (RHC n. 97.334\/RJ, relatora Ministra Laurita Vaz, Sexta Turma, julgado em 12\/5\/2020, DJe de 22\/5\/2020.)<\/span><\/i><\/p>\n<p>&nbsp;<\/p>\n<\/div>\n                    <\/div>\n    <\/div>\n\n<style>\n    .comment-block {\n        position: relative;\n    }\n    .comment-block .anchor-target {\n        position: absolute;\n        top: -200px;\n    }\n    .comment-block {\n        margin-bottom: 40px;\n    }\n    .comment-block .comment-block-title {\n        flex-wrap: wrap;\n        font-size: 20px;\n        font-weight: 600;\n        line-height: 130%;\n        color: #1c1e2f;\n        margin-bottom: 24px;\n    }\n\n    .comment-block .comment-block-title:last-child {\n        margin-bottom: 64px;\n    }\n\n    .comment-block h3 {\n        font-size: 24px;\n        font-weight: 600;\n        line-height: 120%;\n    }\n\n    .comment-block h4 {\n        font-size: 20px;\n        font-weight: 600;\n        line-height: 120%;\n    }\n\n    .article-box {\n        padding: 24px;\n        border-radius: 8px;\n        border: 1px solid #cbcbd9;\n        margin-bottom: 24px;\n    }\n\n    .article-box:last-child  {\n        margin-bottom: 0;\n    }\n\n    .article-box .article {\n        font-size: 16px;\n        font-weight: 400;\n        line-height: 150%;\n        margin-bottom: 16px;\n    }\n\n    .article-box .article p {\n        margin-bottom: 1em;\n    }\n\n    .article-box .article p:last-child {\n        margin-bottom: 0;\n    }\n\n    .article-box .article:last-child {\n        margin-bottom: 0;\n    }\n\n    .article-box .comment {\n        padding: 24px;\n        background-color: #f6f6fa;\n        font-size: 16px;\n        font-weight: 400;\n        line-height: 150%;\n        border-radius: 8px;\n    }\n\n    .article-box .comment p {\n        margin: 0;\n    }\n\n    .article-box .comment ol {\n        list-style: auto;\n        list-style-position: inside;\n    }\n\n    @media (max-width: 1199px) {\n        .comment-block .comment-block-title {\n            font-size: 16px;\n        }\n\n        .comment-block .comment-block-title h2 {\n            margin-right: 5px;\n        }\n\n        .comment-block h3 {\n            font-size: 20px;\n        }\n        .comment-block h4 {\n            font-size: 18px;\n        }\n    }\n<\/style>\n\n<div class=\"comment-block cp-block\">\n    <!-- Chama a ancora e\/ou titulo se houver -->\n        \n    <!-- Bloco de comentario -->\n            <div class=\"article-box\">\n            <div class=\"article\"><p><strong>Art. 785.<\/strong> Conclu\u00eddas as dilig\u00eancias, a carta rogat\u00f3ria ser\u00e1 devolvida ao presidente do Supremo Tribunal Federal, por interm\u00e9dio do presidente do Tribunal de Apela\u00e7\u00e3o, o qual, antes de devolv\u00ea-la, mandar\u00e1 completar qualquer dilig\u00eancia ou sanar qualquer nulidade.<\/p>\n<\/div>\n                            <div class=\"comment\"><p><span style=\"font-weight: 400;\">Por determina\u00e7\u00e3o constitucional, as<strong> <a href=\"https:\/\/www.aurum.com.br\/blog\/diligencias-juridicas\/\">dilig\u00eancias<\/a> ser\u00e3o cumpridas por juiz federal<\/strong> (art. 109, X, CF\/88), de forma que ser\u00e1 o presidente do respectivo Tribunal Regional Federal que determinar\u00e1 a complementa\u00e7\u00e3o das dilig\u00eancias ou o saneamento de <a href=\"https:\/\/www.aurum.com.br\/blog\/nulidade\/\">nulidades<\/a>, ou providenciar\u00e1 a devolu\u00e7\u00e3o ao Superior Tribunal de Justi\u00e7a (art. 105, inc. I, al\u00ednea \u201ci\u201d, CF\/88).<\/span><\/p>\n<\/div>\n                    <\/div>\n    <\/div>\n\n<style>\n    .comment-block {\n        position: relative;\n    }\n    .comment-block .anchor-target {\n        position: absolute;\n        top: -200px;\n    }\n    .comment-block {\n        margin-bottom: 40px;\n    }\n    .comment-block .comment-block-title {\n        flex-wrap: wrap;\n        font-size: 20px;\n        font-weight: 600;\n        line-height: 130%;\n        color: #1c1e2f;\n        margin-bottom: 24px;\n    }\n\n    .comment-block .comment-block-title:last-child {\n        margin-bottom: 64px;\n    }\n\n    .comment-block h3 {\n        font-size: 24px;\n        font-weight: 600;\n        line-height: 120%;\n    }\n\n    .comment-block h4 {\n        font-size: 20px;\n        font-weight: 600;\n        line-height: 120%;\n    }\n\n    .article-box {\n        padding: 24px;\n        border-radius: 8px;\n        border: 1px solid #cbcbd9;\n        margin-bottom: 24px;\n    }\n\n    .article-box:last-child  {\n        margin-bottom: 0;\n    }\n\n    .article-box .article {\n        font-size: 16px;\n        font-weight: 400;\n        line-height: 150%;\n        margin-bottom: 16px;\n    }\n\n    .article-box .article p {\n        margin-bottom: 1em;\n    }\n\n    .article-box .article p:last-child {\n        margin-bottom: 0;\n    }\n\n    .article-box .article:last-child {\n        margin-bottom: 0;\n    }\n\n    .article-box .comment {\n        padding: 24px;\n        background-color: #f6f6fa;\n        font-size: 16px;\n        font-weight: 400;\n        line-height: 150%;\n        border-radius: 8px;\n    }\n\n    .article-box .comment p {\n        margin: 0;\n    }\n\n    .article-box .comment ol {\n        list-style: auto;\n        list-style-position: inside;\n    }\n\n    @media (max-width: 1199px) {\n        .comment-block .comment-block-title {\n            font-size: 16px;\n        }\n\n        .comment-block .comment-block-title h2 {\n            margin-right: 5px;\n        }\n\n        .comment-block h3 {\n            font-size: 20px;\n        }\n        .comment-block h4 {\n            font-size: 18px;\n        }\n    }\n<\/style>\n\n<div class=\"comment-block cp-block\">\n    <!-- Chama a ancora e\/ou titulo se houver -->\n        \n    <!-- Bloco de comentario -->\n            <div class=\"article-box\">\n            <div class=\"article\"><p><strong>Art. 786.<\/strong> O despacho que conceder o exequatur marcar\u00e1, para o cumprimento da dilig\u00eancia, prazo razo\u00e1vel, que poder\u00e1 ser excedido, havendo justa causa, ficando esta consignada em of\u00edcio dirigido ao presidente do Supremo Tribunal Federal, juntamente com a carta rogat\u00f3ria.<\/p>\n<\/div>\n                            <div class=\"comment\"><p><span style=\"font-weight: 400;\">Como j\u00e1 explicado nos artigos referentes ao cumprimento de cartas rogat\u00f3rias, por ordem constitucional a compet\u00eancia para a homologa\u00e7\u00e3o de senten\u00e7as estrangeiras atualmente \u00e9 do <strong>Superior Tribunal de Justi\u00e7a<\/strong> (art. 105, inc. I, al\u00ednea \u201ci\u201d, CF\/88).<\/span><\/p>\n<p><span style=\"font-weight: 400;\">Quando o magistrado presidente do Superior Tribunal de Justi\u00e7a expede a determina\u00e7\u00e3o de que seja cumprida a carta rogat\u00f3ria, no mesmo ato fixa um prazo para seu cumprimento.<\/span><\/p>\n<p><span style=\"font-weight: 400;\">Jurisprud\u00eancia:<\/span><\/p>\n<p><i><span style=\"font-weight: 400;\">CARTA ROGAT\u00d3RIA N\u00ba 19319 &#8211; EX (2023\/0269101-3)<\/span><\/i><\/p>\n<p><i><span style=\"font-weight: 400;\">DECIS\u00c3O<\/span><\/i><\/p>\n<p><i><span style=\"font-weight: 400;\">[&#8230;]<\/span><\/i><\/p>\n<p><i><span style=\"font-weight: 400;\">Assim, remeta-se a comiss\u00e3o \u00e0 Justi\u00e7a Federal, Se\u00e7\u00e3o Judici\u00e1ria do Estado do Piau\u00ed, para as provid\u00eancias cab\u00edveis.<\/span><\/i><\/p>\n<p><i><span style=\"font-weight: 400;\">Recomenda-se que, na hip\u00f3tese de n\u00e3o se localizar a interessada, o Ju\u00edzo promova as dilig\u00eancias necess\u00e1rias \u00e0 obten\u00e7\u00e3o do endere\u00e7o atualizado, notadamente em \u00f3rg\u00e3os p\u00fablicos, bem como em concession\u00e1rias de servi\u00e7os p\u00fablicos (v.g., \u00e1gua, energia e telefonia).<\/span><\/i><\/p>\n<p><b><i>Cumpra-se a dilig\u00eancia em 60 dias.<\/i><\/b><\/p>\n<p><i><span style=\"font-weight: 400;\">Ap\u00f3s, devolvam-se os autos ao STJ para que sejam enviados ao pa\u00eds de origem por meio da autoridade central competente.<\/span><\/i><\/p>\n<p><i><span style=\"font-weight: 400;\">Publique-se.<\/span><\/i><\/p>\n<p><i><span style=\"font-weight: 400;\">Bras\u00edlia, 21 de outubro de 2023.<\/span><\/i><\/p>\n<p><i><span style=\"font-weight: 400;\">MINISTRA MARIA THEREZA DE ASSIS MOURA<\/span><\/i><\/p>\n<p><i><span style=\"font-weight: 400;\">Presidente<\/span><\/i><\/p>\n<p><i><span style=\"font-weight: 400;\">(CR n. 19.319, Ministra Maria Thereza de Assis Moura, DJe de 24\/10\/2023.- Decis\u00e3o monocr\u00e1tica)<\/span><\/i><\/p>\n<p>&nbsp;<\/p>\n<\/div>\n                    <\/div>\n    <\/div>","protected":false},"excerpt":{"rendered":"","protected":false},"author":127,"featured_media":0,"comment_status":"open","ping_status":"open","template":"","cat-cpp":[],"class_list":["post-26199","cpp-comentado","type-cpp-comentado","status-publish","hentry"],"acf":[],"_links":{"self":[{"href":"https:\/\/www.aurum.com.br\/blog\/wp-json\/wp\/v2\/cpp-comentado\/26199","targetHints":{"allow":["GET"]}}],"collection":[{"href":"https:\/\/www.aurum.com.br\/blog\/wp-json\/wp\/v2\/cpp-comentado"}],"about":[{"href":"https:\/\/www.aurum.com.br\/blog\/wp-json\/wp\/v2\/types\/cpp-comentado"}],"author":[{"embeddable":true,"href":"https:\/\/www.aurum.com.br\/blog\/wp-json\/wp\/v2\/users\/127"}],"replies":[{"embeddable":true,"href":"https:\/\/www.aurum.com.br\/blog\/wp-json\/wp\/v2\/comments?post=26199"}],"wp:attachment":[{"href":"https:\/\/www.aurum.com.br\/blog\/wp-json\/wp\/v2\/media?parent=26199"}],"wp:term":[{"taxonomy":"cat-cpp","embeddable":true,"href":"https:\/\/www.aurum.com.br\/blog\/wp-json\/wp\/v2\/cat-cpp?post=26199"}],"curies":[{"name":"wp","href":"https:\/\/api.w.org\/{rel}","templated":true}]}}