{"id":26181,"date":"2023-12-06T14:08:26","date_gmt":"2023-12-06T17:08:26","guid":{"rendered":"https:\/\/www.aurum.com.br\/blog\/cpp-comentado\/art-593-a-606-cpp\/"},"modified":"2024-09-10T16:53:21","modified_gmt":"2024-09-10T19:53:21","slug":"art-593-a-606-cpp","status":"publish","type":"cpp-comentado","link":"https:\/\/www.aurum.com.br\/blog\/cpp-comentado\/art-593-a-606-cpp\/","title":{"rendered":"Cap\u00edtulo III &#8211; Da apela\u00e7\u00e3o"},"content":{"rendered":"<style>\n    .comment-block {\n        position: relative;\n    }\n    .comment-block .anchor-target {\n        position: absolute;\n        top: -200px;\n    }\n    .comment-block {\n        margin-bottom: 40px;\n    }\n    .comment-block .comment-block-title {\n        flex-wrap: wrap;\n        font-size: 20px;\n        font-weight: 600;\n        line-height: 130%;\n        color: #1c1e2f;\n        margin-bottom: 24px;\n    }\n\n    .comment-block .comment-block-title:last-child {\n        margin-bottom: 64px;\n    }\n\n    .comment-block h3 {\n        font-size: 24px;\n        font-weight: 600;\n        line-height: 120%;\n    }\n\n    .comment-block h4 {\n        font-size: 20px;\n        font-weight: 600;\n        line-height: 120%;\n    }\n\n    .article-box {\n        padding: 24px;\n        border-radius: 8px;\n        border: 1px solid #cbcbd9;\n        margin-bottom: 24px;\n    }\n\n    .article-box:last-child  {\n        margin-bottom: 0;\n    }\n\n    .article-box .article {\n        font-size: 16px;\n        font-weight: 400;\n        line-height: 150%;\n        margin-bottom: 16px;\n    }\n\n    .article-box .article p {\n        margin-bottom: 1em;\n    }\n\n    .article-box .article p:last-child {\n        margin-bottom: 0;\n    }\n\n    .article-box .article:last-child {\n        margin-bottom: 0;\n    }\n\n    .article-box .comment {\n        padding: 24px;\n        background-color: #f6f6fa;\n        font-size: 16px;\n        font-weight: 400;\n        line-height: 150%;\n        border-radius: 8px;\n    }\n\n    .article-box .comment p {\n        margin: 0;\n    }\n\n    .article-box .comment ol {\n        list-style: auto;\n        list-style-position: inside;\n    }\n\n    @media (max-width: 1199px) {\n        .comment-block .comment-block-title {\n            font-size: 16px;\n        }\n\n        .comment-block .comment-block-title h2 {\n            margin-right: 5px;\n        }\n\n        .comment-block h3 {\n            font-size: 20px;\n        }\n        .comment-block h4 {\n            font-size: 18px;\n        }\n    }\n<\/style>\n\n<div class=\"comment-block cp-block\">\n    <!-- Chama a ancora e\/ou titulo se houver -->\n        \n    <!-- Bloco de comentario -->\n            <div class=\"article-box\">\n            <div class=\"article\"><p><strong>Art. 593.<\/strong> Caber\u00e1 apela\u00e7\u00e3o no prazo de 5 (cinco) dias:<\/p>\n<p>I &#8211; das senten\u00e7as definitivas de condena\u00e7\u00e3o ou absolvi\u00e7\u00e3o proferidas por juiz singular;<br \/>\nII &#8211; das decis\u00f5es definitivas, ou com for\u00e7a de definitivas, proferidas por juiz singular nos casos n\u00e3o previstos no Cap\u00edtulo anterior;<br \/>\nIII &#8211; das decis\u00f5es do Tribunal do J\u00fari, quando:<\/p>\n<p>a) ocorrer nulidade posterior \u00e0 pron\u00fancia;<br \/>\nb) for a senten\u00e7a do juiz-presidente contr\u00e1ria \u00e0 lei expressa ou \u00e0 decis\u00e3o dos jurados;<br \/>\nc) houver erro ou injusti\u00e7a no tocante \u00e0 aplica\u00e7\u00e3o da pena ou da medida de seguran\u00e7a;<br \/>\nd) for a decis\u00e3o dos jurados manifestamente contr\u00e1ria \u00e0 prova dos autos.<\/p>\n<p>\u00a7 1 Se a senten\u00e7a do juiz-presidente for contr\u00e1ria \u00e0 lei expressa ou divergir das respostas dos jurados aos quesitos, o tribunal ad quem far\u00e1 a devida retifica\u00e7\u00e3o.<\/p>\n<p>\u00a7 2 Interposta a apela\u00e7\u00e3o com fundamento no no III, c, deste artigo, o tribunal ad quem, se Ihe der provimento, retificar\u00e1 a aplica\u00e7\u00e3o da pena ou da medida de seguran\u00e7a.<\/p>\n<p>\u00a7 3 Se a apela\u00e7\u00e3o se fundar no no III, d, deste artigo, e o tribunal ad quem se convencer de que a decis\u00e3o dos jurados \u00e9 manifestamente contr\u00e1ria \u00e0 prova dos autos, dar-lhe-\u00e1 provimento para sujeitar o r\u00e9u a novo julgamento; n\u00e3o se admite, por\u00e9m, pelo mesmo motivo, segunda apela\u00e7\u00e3o.<\/p>\n<p>\u00a7 4 Quando cab\u00edvel a apela\u00e7\u00e3o, n\u00e3o poder\u00e1 ser usado o recurso em sentido estrito, ainda que somente de parte da decis\u00e3o se recorra.<\/p>\n<\/div>\n                            <div class=\"comment\"><p><span style=\"font-weight: 400;\">A <a href=\"https:\/\/www.aurum.com.br\/blog\/recurso-de-apelacao\/\">apela\u00e7\u00e3o<\/a> \u00e9 tratada pela doutrina como <a href=\"https:\/\/www.aurum.com.br\/blog\/recursos-no-novo-cpc\/\">recurso<\/a> ordin\u00e1rio por excel\u00eancia, possibilitando a devolu\u00e7\u00e3o de toda a mat\u00e9ria ao Tribunal.<\/span><\/p>\n<p><span style=\"font-weight: 400;\">O <strong>prazo de interposi\u00e7\u00e3o do recurso \u00e9 de 05 dias corridos<\/strong>, a partir da <a href=\"https:\/\/www.aurum.com.br\/blog\/intimacao\/\">intima\u00e7\u00e3o<\/a> do advogado ou da parte da senten\u00e7a ou decis\u00e3o.<\/span><\/p>\n<p><b>I &#8211;\u00a0<\/b><span style=\"font-weight: 400;\"><strong>Senten\u00e7as absolut\u00f3rias<\/strong> s\u00e3o aquelas em que o juiz julga improcedente a imputa\u00e7\u00e3o constante da pe\u00e7a acusat\u00f3ria, tendo como fundamento uma das causas mencionadas no art. 386 do CPP. <\/span><span style=\"font-weight: 400;\">Na senten\u00e7a condenat\u00f3ria, o juiz julga procedente, total ou parcialmente, a imputa\u00e7\u00e3o.<\/span><\/p>\n<p><b>II &#8211; <\/b><span style=\"font-weight: 400;\">As hip\u00f3teses de cabimento do RESE foram vistas no cap\u00edtulo anterior.<\/span><\/p>\n<p><span style=\"font-weight: 400;\">Decis\u00f5es definitivas <\/span><i><span style=\"font-weight: 400;\"><strong>lato sansu<\/strong>,<\/span><\/i><span style=\"font-weight: 400;\"> tamb\u00e9m denominadas terminativas de m\u00e9rito, s\u00e3o aquelas que encerram o processo, incidental ou principal, com julgamento do m\u00e9rito, sem, contudo, absolver ou condenar. Exemplo \u00e9 a decis\u00e3o que soluciona o incidente de restitui\u00e7\u00e3o de coisa apreendida.<\/span><\/p>\n<p><span style=\"font-weight: 400;\">Por sua vez, as decis\u00f5es com for\u00e7a de definitivas s\u00e3o as decis\u00f5es que, sem julgar o m\u00e9rito, encerram o processo ou uma etapa procedimental, como a impron\u00fancia, cabendo Apela\u00e7\u00e3o e n\u00e3o RESE.<\/span><\/p>\n<p><b>III &#8211; <\/b><span style=\"font-weight: 400;\">A devolu\u00e7\u00e3o da mat\u00e9ria ao Tribunal nos processos <a href=\"https:\/\/www.aurum.com.br\/blog\/glossario-juridico\/crime-doloso\/\">dolosos<\/a> contra a vida, deve observar as hip\u00f3teses deste inciso.<\/span><\/p>\n<p><span style=\"font-weight: 400;\">S\u00famula 713 do STF &#8211; O efeito devolutivo da apela\u00e7\u00e3o contra decis\u00f5es do j\u00fari \u00e9 adstrito aos fundamentos da sua interposi\u00e7\u00e3o.<\/span><\/p>\n<p><b>a) <span style=\"font-weight: 400;\">Podem ser objeto de apela\u00e7\u00e3o \u00e0s <strong><a href=\"https:\/\/www.aurum.com.br\/blog\/nulidade\/\">nulidades<\/a> relativas<\/strong> ocorridas ap\u00f3s a pron\u00fancia, desde que alegadas oportunamente, bem como as nulidades absolutas, independentemente do momento em que ocorreram.<\/span><\/b><\/p>\n<p><b>b) <span style=\"font-weight: 400;\">A senten\u00e7a do juiz <strong>deve refletir a decis\u00e3o dos jurados.<\/strong> Caso diversa, caber\u00e1 recurso de apela\u00e7\u00e3o.<\/span><\/b><\/p>\n<p><b>c) <span style=\"font-weight: 400;\">Nessa hip\u00f3tese permite-se uma <strong>rean\u00e1lise da pena<\/strong> ou medida de seguran\u00e7a imposta.<\/span><\/b><\/p>\n<p><b>d) <span style=\"font-weight: 400;\">Por for\u00e7a da soberania dos veredictos, o Tribunal ir\u00e1 anular a decis\u00e3o contraria \u00e0 prova dos autos e determinar novo julgamento pelo Tribunal do J\u00fari. Deve-se entender por decis\u00e3o manifestamente contr\u00e1ria \u00e0 prova aquela que n\u00e3o se apoia em nenhum elemento de informa\u00e7\u00e3o, isto \u00e9, aquela absolutamente destitu\u00edda de suporte probat\u00f3rio.<\/span><\/b><\/p>\n<p><b>\u00a7 3o <span style=\"font-weight: 400;\">Permite-se levar o R\u00e9u a novo j\u00fari apenas uma \u00fanica vez, pelo mesmo motivo.<\/span><\/b><\/p>\n<p><b>\u00a7 4o\u00a0 <span style=\"font-weight: 400;\">A apela\u00e7\u00e3o, por for\u00e7a da sua devolutividade ampla, ser\u00e1 o recurso cab\u00edvel quando em parte couber, tamb\u00e9m, RESE.<\/span><\/b><\/p>\n<\/div>\n                    <\/div>\n    <\/div>\n\n<style>\n    .comment-block {\n        position: relative;\n    }\n    .comment-block .anchor-target {\n        position: absolute;\n        top: -200px;\n    }\n    .comment-block {\n        margin-bottom: 40px;\n    }\n    .comment-block .comment-block-title {\n        flex-wrap: wrap;\n        font-size: 20px;\n        font-weight: 600;\n        line-height: 130%;\n        color: #1c1e2f;\n        margin-bottom: 24px;\n    }\n\n    .comment-block .comment-block-title:last-child {\n        margin-bottom: 64px;\n    }\n\n    .comment-block h3 {\n        font-size: 24px;\n        font-weight: 600;\n        line-height: 120%;\n    }\n\n    .comment-block h4 {\n        font-size: 20px;\n        font-weight: 600;\n        line-height: 120%;\n    }\n\n    .article-box {\n        padding: 24px;\n        border-radius: 8px;\n        border: 1px solid #cbcbd9;\n        margin-bottom: 24px;\n    }\n\n    .article-box:last-child  {\n        margin-bottom: 0;\n    }\n\n    .article-box .article {\n        font-size: 16px;\n        font-weight: 400;\n        line-height: 150%;\n        margin-bottom: 16px;\n    }\n\n    .article-box .article p {\n        margin-bottom: 1em;\n    }\n\n    .article-box .article p:last-child {\n        margin-bottom: 0;\n    }\n\n    .article-box .article:last-child {\n        margin-bottom: 0;\n    }\n\n    .article-box .comment {\n        padding: 24px;\n        background-color: #f6f6fa;\n        font-size: 16px;\n        font-weight: 400;\n        line-height: 150%;\n        border-radius: 8px;\n    }\n\n    .article-box .comment p {\n        margin: 0;\n    }\n\n    .article-box .comment ol {\n        list-style: auto;\n        list-style-position: inside;\n    }\n\n    @media (max-width: 1199px) {\n        .comment-block .comment-block-title {\n            font-size: 16px;\n        }\n\n        .comment-block .comment-block-title h2 {\n            margin-right: 5px;\n        }\n\n        .comment-block h3 {\n            font-size: 20px;\n        }\n        .comment-block h4 {\n            font-size: 18px;\n        }\n    }\n<\/style>\n\n<div class=\"comment-block cp-block\">\n    <!-- Chama a ancora e\/ou titulo se houver -->\n        \n    <!-- Bloco de comentario -->\n            <div class=\"article-box\">\n            <div class=\"article\"><p><strong>Art. 594.<\/strong> (Revogado).<\/p>\n<\/div>\n                            <div class=\"comment\"><p>(Revogado).<\/p>\n<\/div>\n                    <\/div>\n    <\/div>\n\n<style>\n    .comment-block {\n        position: relative;\n    }\n    .comment-block .anchor-target {\n        position: absolute;\n        top: -200px;\n    }\n    .comment-block {\n        margin-bottom: 40px;\n    }\n    .comment-block .comment-block-title {\n        flex-wrap: wrap;\n        font-size: 20px;\n        font-weight: 600;\n        line-height: 130%;\n        color: #1c1e2f;\n        margin-bottom: 24px;\n    }\n\n    .comment-block .comment-block-title:last-child {\n        margin-bottom: 64px;\n    }\n\n    .comment-block h3 {\n        font-size: 24px;\n        font-weight: 600;\n        line-height: 120%;\n    }\n\n    .comment-block h4 {\n        font-size: 20px;\n        font-weight: 600;\n        line-height: 120%;\n    }\n\n    .article-box {\n        padding: 24px;\n        border-radius: 8px;\n        border: 1px solid #cbcbd9;\n        margin-bottom: 24px;\n    }\n\n    .article-box:last-child  {\n        margin-bottom: 0;\n    }\n\n    .article-box .article {\n        font-size: 16px;\n        font-weight: 400;\n        line-height: 150%;\n        margin-bottom: 16px;\n    }\n\n    .article-box .article p {\n        margin-bottom: 1em;\n    }\n\n    .article-box .article p:last-child {\n        margin-bottom: 0;\n    }\n\n    .article-box .article:last-child {\n        margin-bottom: 0;\n    }\n\n    .article-box .comment {\n        padding: 24px;\n        background-color: #f6f6fa;\n        font-size: 16px;\n        font-weight: 400;\n        line-height: 150%;\n        border-radius: 8px;\n    }\n\n    .article-box .comment p {\n        margin: 0;\n    }\n\n    .article-box .comment ol {\n        list-style: auto;\n        list-style-position: inside;\n    }\n\n    @media (max-width: 1199px) {\n        .comment-block .comment-block-title {\n            font-size: 16px;\n        }\n\n        .comment-block .comment-block-title h2 {\n            margin-right: 5px;\n        }\n\n        .comment-block h3 {\n            font-size: 20px;\n        }\n        .comment-block h4 {\n            font-size: 18px;\n        }\n    }\n<\/style>\n\n<div class=\"comment-block cp-block\">\n    <!-- Chama a ancora e\/ou titulo se houver -->\n        \n    <!-- Bloco de comentario -->\n            <div class=\"article-box\">\n            <div class=\"article\"><p><strong>Art. 595.<\/strong> (Revogado).<\/p>\n<\/div>\n                            <div class=\"comment\"><p>(Revogado).<\/p>\n<\/div>\n                    <\/div>\n    <\/div>\n\n<style>\n    .comment-block {\n        position: relative;\n    }\n    .comment-block .anchor-target {\n        position: absolute;\n        top: -200px;\n    }\n    .comment-block {\n        margin-bottom: 40px;\n    }\n    .comment-block .comment-block-title {\n        flex-wrap: wrap;\n        font-size: 20px;\n        font-weight: 600;\n        line-height: 130%;\n        color: #1c1e2f;\n        margin-bottom: 24px;\n    }\n\n    .comment-block .comment-block-title:last-child {\n        margin-bottom: 64px;\n    }\n\n    .comment-block h3 {\n        font-size: 24px;\n        font-weight: 600;\n        line-height: 120%;\n    }\n\n    .comment-block h4 {\n        font-size: 20px;\n        font-weight: 600;\n        line-height: 120%;\n    }\n\n    .article-box {\n        padding: 24px;\n        border-radius: 8px;\n        border: 1px solid #cbcbd9;\n        margin-bottom: 24px;\n    }\n\n    .article-box:last-child  {\n        margin-bottom: 0;\n    }\n\n    .article-box .article {\n        font-size: 16px;\n        font-weight: 400;\n        line-height: 150%;\n        margin-bottom: 16px;\n    }\n\n    .article-box .article p {\n        margin-bottom: 1em;\n    }\n\n    .article-box .article p:last-child {\n        margin-bottom: 0;\n    }\n\n    .article-box .article:last-child {\n        margin-bottom: 0;\n    }\n\n    .article-box .comment {\n        padding: 24px;\n        background-color: #f6f6fa;\n        font-size: 16px;\n        font-weight: 400;\n        line-height: 150%;\n        border-radius: 8px;\n    }\n\n    .article-box .comment p {\n        margin: 0;\n    }\n\n    .article-box .comment ol {\n        list-style: auto;\n        list-style-position: inside;\n    }\n\n    @media (max-width: 1199px) {\n        .comment-block .comment-block-title {\n            font-size: 16px;\n        }\n\n        .comment-block .comment-block-title h2 {\n            margin-right: 5px;\n        }\n\n        .comment-block h3 {\n            font-size: 20px;\n        }\n        .comment-block h4 {\n            font-size: 18px;\n        }\n    }\n<\/style>\n\n<div class=\"comment-block cp-block\">\n    <!-- Chama a ancora e\/ou titulo se houver -->\n        \n    <!-- Bloco de comentario -->\n            <div class=\"article-box\">\n            <div class=\"article\"><p><strong>Art. 596.<\/strong> A apela\u00e7\u00e3o da senten\u00e7a absolut\u00f3ria n\u00e3o impedir\u00e1 que o r\u00e9u seja posto imediatamente em liberdade.<\/p>\n<p>Par\u00e1grafo \u00fanico. A apela\u00e7\u00e3o n\u00e3o suspender\u00e1 a execu\u00e7\u00e3o da medida de seguran\u00e7a aplicada provisoriamente.<\/p>\n<\/div>\n                            <div class=\"comment\"><p><span style=\"font-weight: 400;\">Sendo absolvido,<strong> ser\u00e1 expedido alvar\u00e1 de soltura ao R\u00e9u<\/strong> que se encontrava preso, independentemente da interposi\u00e7\u00e3o de recurso pela acusa\u00e7\u00e3o ou assistente.<\/span><\/p>\n<p><span style=\"font-weight: 400;\">A interna\u00e7\u00e3o provis\u00f3ria \u00e9 uma <a href=\"https:\/\/www.aurum.com.br\/blog\/glossario-juridico\/medida-cautelar\/\">medida cautelar<\/a> diversa da pris\u00e3o, sendo cab\u00edvel a sua aplica\u00e7\u00e3o pelo juiz.<\/span><\/p>\n<p><span style=\"font-weight: 400;\">PROCESSO PENAL. RECURSO EM HABEAS CORPUS. FAVORECIMENTO \u00c0 PROSTITUI\u00c7\u00c3O DE CRIAN\u00c7A OU ADOLESCENTE, ESTUPRO E VENDA OU ENTREGA DE BEBIDA ALCO\u00d3LICA A CRIAN\u00c7A OU ADOLESCENTE. PRIS\u00c3O EM FLAGRANTE CONVERTIDA EM PREVENTIVA. PRETENS\u00c3O DE INTERNA\u00c7\u00c3O PROVIS\u00d3RIA. AUS\u00caNCIA DE CONCLUS\u00c3O PERICIAL PELA INIMPUTABILIDADE OU SEMI-IMPUTABILIDADE. CONSTRANGIMENTO ILEGAL N\u00c3O EVIDENCIADO. MEDIDAS ALTERNATIVAS \u00c0 PRIS\u00c3O. INAPLICABILIDADE. RECURSO DESPROVIDO.<\/span><\/p>\n<ol>\n<li><span style=\"font-weight: 400;\"> A <strong>interna\u00e7\u00e3o provis\u00f3ria<\/strong> constitui uma medida cautelar diversa da pris\u00e3o e \u00e9 cab\u00edvel &#8220;<em>nas hip\u00f3teses de crimes praticados com viol\u00eancia ou grave amea\u00e7a, quando os peritos conclu\u00edrem ser inimput\u00e1vel ou semi-imput\u00e1vel (art. 26 do C\u00f3digo Penal) e houver risco de reitera\u00e7\u00e3o&#8221;<\/em>.<\/span><\/li>\n<li><span style=\"font-weight: 400;\"> No caso, n\u00e3o h\u00e1 nos autos <a href=\"https:\/\/www.aurum.com.br\/blog\/glossario-juridico\/pericia\/\">per\u00edcia<\/a> que conclua pela semi-imputabilidade ou inimputabilidade do recorrente, de modo que \u00e9 descabida a substitui\u00e7\u00e3o da pris\u00e3o preventiva por medida de interna\u00e7\u00e3o provis\u00f3ria. <\/span><\/li>\n<li><span style=\"font-weight: 400;\">Recurso em <a href=\"https:\/\/www.aurum.com.br\/blog\/glossario-juridico\/habeas-corpus\/\"><em>habeas corpu<\/em>s<\/a> desprovido.<\/span><\/li>\n<\/ol>\n<p><span style=\"font-weight: 400;\">(RHC n. 102.988\/CE, relator Ministro Ribeiro Dantas, Quinta Turma, julgado em 27\/11\/2018, DJe de 3\/12\/2018.)<\/span><\/p>\n<\/div>\n                    <\/div>\n    <\/div>\n\n<style>\n    .comment-block {\n        position: relative;\n    }\n    .comment-block .anchor-target {\n        position: absolute;\n        top: -200px;\n    }\n    .comment-block {\n        margin-bottom: 40px;\n    }\n    .comment-block .comment-block-title {\n        flex-wrap: wrap;\n        font-size: 20px;\n        font-weight: 600;\n        line-height: 130%;\n        color: #1c1e2f;\n        margin-bottom: 24px;\n    }\n\n    .comment-block .comment-block-title:last-child {\n        margin-bottom: 64px;\n    }\n\n    .comment-block h3 {\n        font-size: 24px;\n        font-weight: 600;\n        line-height: 120%;\n    }\n\n    .comment-block h4 {\n        font-size: 20px;\n        font-weight: 600;\n        line-height: 120%;\n    }\n\n    .article-box {\n        padding: 24px;\n        border-radius: 8px;\n        border: 1px solid #cbcbd9;\n        margin-bottom: 24px;\n    }\n\n    .article-box:last-child  {\n        margin-bottom: 0;\n    }\n\n    .article-box .article {\n        font-size: 16px;\n        font-weight: 400;\n        line-height: 150%;\n        margin-bottom: 16px;\n    }\n\n    .article-box .article p {\n        margin-bottom: 1em;\n    }\n\n    .article-box .article p:last-child {\n        margin-bottom: 0;\n    }\n\n    .article-box .article:last-child {\n        margin-bottom: 0;\n    }\n\n    .article-box .comment {\n        padding: 24px;\n        background-color: #f6f6fa;\n        font-size: 16px;\n        font-weight: 400;\n        line-height: 150%;\n        border-radius: 8px;\n    }\n\n    .article-box .comment p {\n        margin: 0;\n    }\n\n    .article-box .comment ol {\n        list-style: auto;\n        list-style-position: inside;\n    }\n\n    @media (max-width: 1199px) {\n        .comment-block .comment-block-title {\n            font-size: 16px;\n        }\n\n        .comment-block .comment-block-title h2 {\n            margin-right: 5px;\n        }\n\n        .comment-block h3 {\n            font-size: 20px;\n        }\n        .comment-block h4 {\n            font-size: 18px;\n        }\n    }\n<\/style>\n\n<div class=\"comment-block cp-block\">\n    <!-- Chama a ancora e\/ou titulo se houver -->\n        \n    <!-- Bloco de comentario -->\n            <div class=\"article-box\">\n            <div class=\"article\"><p><strong>Art. 597.<\/strong> A apela\u00e7\u00e3o de senten\u00e7a condenat\u00f3ria ter\u00e1 efeito suspensivo, salvo o disposto no art. 393, a aplica\u00e7\u00e3o provis\u00f3ria de interdi\u00e7\u00f5es de direitos e de medidas de seguran\u00e7a (arts. 374 e 378), e o caso de suspens\u00e3o condicional de pena.<\/p>\n<\/div>\n                            <div class=\"comment\"><p><span style=\"font-weight: 400;\">A senten\u00e7a penal condenat\u00f3ria <strong>n\u00e3o possui o efeito autom\u00e1tico de determinar a pris\u00e3o do R\u00e9u<\/strong>. Assim, estando respondendo o processo em liberdade, o R\u00e9u ir\u00e1 apelar, tamb\u00e9m, em liberdade e vice-versa.<\/span><\/p>\n<\/div>\n                    <\/div>\n    <\/div>\n\n<style>\n    .comment-block {\n        position: relative;\n    }\n    .comment-block .anchor-target {\n        position: absolute;\n        top: -200px;\n    }\n    .comment-block {\n        margin-bottom: 40px;\n    }\n    .comment-block .comment-block-title {\n        flex-wrap: wrap;\n        font-size: 20px;\n        font-weight: 600;\n        line-height: 130%;\n        color: #1c1e2f;\n        margin-bottom: 24px;\n    }\n\n    .comment-block .comment-block-title:last-child {\n        margin-bottom: 64px;\n    }\n\n    .comment-block h3 {\n        font-size: 24px;\n        font-weight: 600;\n        line-height: 120%;\n    }\n\n    .comment-block h4 {\n        font-size: 20px;\n        font-weight: 600;\n        line-height: 120%;\n    }\n\n    .article-box {\n        padding: 24px;\n        border-radius: 8px;\n        border: 1px solid #cbcbd9;\n        margin-bottom: 24px;\n    }\n\n    .article-box:last-child  {\n        margin-bottom: 0;\n    }\n\n    .article-box .article {\n        font-size: 16px;\n        font-weight: 400;\n        line-height: 150%;\n        margin-bottom: 16px;\n    }\n\n    .article-box .article p {\n        margin-bottom: 1em;\n    }\n\n    .article-box .article p:last-child {\n        margin-bottom: 0;\n    }\n\n    .article-box .article:last-child {\n        margin-bottom: 0;\n    }\n\n    .article-box .comment {\n        padding: 24px;\n        background-color: #f6f6fa;\n        font-size: 16px;\n        font-weight: 400;\n        line-height: 150%;\n        border-radius: 8px;\n    }\n\n    .article-box .comment p {\n        margin: 0;\n    }\n\n    .article-box .comment ol {\n        list-style: auto;\n        list-style-position: inside;\n    }\n\n    @media (max-width: 1199px) {\n        .comment-block .comment-block-title {\n            font-size: 16px;\n        }\n\n        .comment-block .comment-block-title h2 {\n            margin-right: 5px;\n        }\n\n        .comment-block h3 {\n            font-size: 20px;\n        }\n        .comment-block h4 {\n            font-size: 18px;\n        }\n    }\n<\/style>\n\n<div class=\"comment-block cp-block\">\n    <!-- Chama a ancora e\/ou titulo se houver -->\n        \n    <!-- Bloco de comentario -->\n            <div class=\"article-box\">\n            <div class=\"article\"><p><strong>Art. 598.<\/strong> Nos crimes de compet\u00eancia do Tribunal do J\u00fari, ou do juiz singular, se da senten\u00e7a n\u00e3o for interposta apela\u00e7\u00e3o pelo Minist\u00e9rio P\u00fablico no prazo legal, o ofendido ou qualquer das pessoas enumeradas no art. 31, ainda que n\u00e3o se tenha habilitado como assistente, poder\u00e1 interpor apela\u00e7\u00e3o, que n\u00e3o ter\u00e1, por\u00e9m, efeito suspensivo.<\/p>\n<p>Par\u00e1grafo \u00fanico. O prazo para interposi\u00e7\u00e3o desse recurso ser\u00e1 de quinze dias e correr\u00e1 do dia em que terminar o do Minist\u00e9rio P\u00fablico.<\/p>\n<\/div>\n                            <div class=\"comment\"><p><span style=\"font-weight: 400;\">Inicialmente necess\u00e1rio esclarecer que o artigo em refer\u00eancia \u00e9 o 271, do CPP.<\/span><\/p>\n<p><span style=\"font-weight: 400;\">O assistente de acusa\u00e7\u00e3o deve se habilitar ao processo para pr\u00e1tica de <strong><a href=\"https:\/\/www.aurum.com.br\/blog\/atos-processuais\/#:~:text=Os%20atos%20processuais%20s%C3%A3o%20a%C3%A7%C3%B5es,alterar%20ou%20encerrar%20direitos%20processuais.\">atos processuais<\/a><\/strong>.<\/span><\/p>\n<p><span style=\"font-weight: 400;\">Existe a possibilidade de habilita\u00e7\u00e3o ap\u00f3s a senten\u00e7a, momento em que altera-se o <a href=\"https:\/\/www.aurum.com.br\/blog\/prazos-processuais\/#:~:text=1003%2C%20%C2%A75%C2%BA%3A%20%E2%80%9CExcetuados,15%20(quinze)%20dias%E2%80%9D.\">prazo processual<\/a> para <a href=\"https:\/\/www.aurum.com.br\/blog\/recurso-de-apelacao\/\">interposi\u00e7\u00e3o do recuso de apela\u00e7\u00e3o<\/a>.<\/span><\/p>\n<p><span style=\"font-weight: 400;\">Estando o assistente de acusa\u00e7\u00e3o habilitado, o prazo para interposi\u00e7\u00e3o do recurso \u00e9 de <strong>05 dias p\u00f3s o esgotamento do prazo<\/strong> do membro do Minist\u00e9rio P\u00fablico.<\/span><\/p>\n<p><span style=\"font-weight: 400;\">Em n\u00e3o estando habilitado, esse prazo <strong>\u00e9 estendido para 15 dias.<\/strong><\/span><\/p>\n<\/div>\n                    <\/div>\n    <\/div>\n\n<style>\n    .comment-block {\n        position: relative;\n    }\n    .comment-block .anchor-target {\n        position: absolute;\n        top: -200px;\n    }\n    .comment-block {\n        margin-bottom: 40px;\n    }\n    .comment-block .comment-block-title {\n        flex-wrap: wrap;\n        font-size: 20px;\n        font-weight: 600;\n        line-height: 130%;\n        color: #1c1e2f;\n        margin-bottom: 24px;\n    }\n\n    .comment-block .comment-block-title:last-child {\n        margin-bottom: 64px;\n    }\n\n    .comment-block h3 {\n        font-size: 24px;\n        font-weight: 600;\n        line-height: 120%;\n    }\n\n    .comment-block h4 {\n        font-size: 20px;\n        font-weight: 600;\n        line-height: 120%;\n    }\n\n    .article-box {\n        padding: 24px;\n        border-radius: 8px;\n        border: 1px solid #cbcbd9;\n        margin-bottom: 24px;\n    }\n\n    .article-box:last-child  {\n        margin-bottom: 0;\n    }\n\n    .article-box .article {\n        font-size: 16px;\n        font-weight: 400;\n        line-height: 150%;\n        margin-bottom: 16px;\n    }\n\n    .article-box .article p {\n        margin-bottom: 1em;\n    }\n\n    .article-box .article p:last-child {\n        margin-bottom: 0;\n    }\n\n    .article-box .article:last-child {\n        margin-bottom: 0;\n    }\n\n    .article-box .comment {\n        padding: 24px;\n        background-color: #f6f6fa;\n        font-size: 16px;\n        font-weight: 400;\n        line-height: 150%;\n        border-radius: 8px;\n    }\n\n    .article-box .comment p {\n        margin: 0;\n    }\n\n    .article-box .comment ol {\n        list-style: auto;\n        list-style-position: inside;\n    }\n\n    @media (max-width: 1199px) {\n        .comment-block .comment-block-title {\n            font-size: 16px;\n        }\n\n        .comment-block .comment-block-title h2 {\n            margin-right: 5px;\n        }\n\n        .comment-block h3 {\n            font-size: 20px;\n        }\n        .comment-block h4 {\n            font-size: 18px;\n        }\n    }\n<\/style>\n\n<div class=\"comment-block cp-block\">\n    <!-- Chama a ancora e\/ou titulo se houver -->\n        \n    <!-- Bloco de comentario -->\n            <div class=\"article-box\">\n            <div class=\"article\"><p><strong>Art. 599.<\/strong> As apela\u00e7\u00f5es poder\u00e3o ser interpostas quer em rela\u00e7\u00e3o a todo o julgado, quer em rela\u00e7\u00e3o a parte dele.<\/p>\n<\/div>\n                            <div class=\"comment\"><p><span style=\"font-weight: 400;\"><strong>A <a href=\"https:\/\/www.aurum.com.br\/blog\/recurso-de-apelacao\/\">apela\u00e7\u00e3o<\/a> pode ser plena\/ampla ou parcial<\/strong>. Isso significa que toda a mat\u00e9ria pode ser devolvida ao tribunal visando reanalise. Todavia, pode ser devolvida ao tribunal, apenas parte da mat\u00e9ria discutida no processo, momento em que se ter\u00e1 uma apela\u00e7\u00e3o parcial.<\/span><\/p>\n<\/div>\n                    <\/div>\n    <\/div>\n\n<style>\n    .comment-block {\n        position: relative;\n    }\n    .comment-block .anchor-target {\n        position: absolute;\n        top: -200px;\n    }\n    .comment-block {\n        margin-bottom: 40px;\n    }\n    .comment-block .comment-block-title {\n        flex-wrap: wrap;\n        font-size: 20px;\n        font-weight: 600;\n        line-height: 130%;\n        color: #1c1e2f;\n        margin-bottom: 24px;\n    }\n\n    .comment-block .comment-block-title:last-child {\n        margin-bottom: 64px;\n    }\n\n    .comment-block h3 {\n        font-size: 24px;\n        font-weight: 600;\n        line-height: 120%;\n    }\n\n    .comment-block h4 {\n        font-size: 20px;\n        font-weight: 600;\n        line-height: 120%;\n    }\n\n    .article-box {\n        padding: 24px;\n        border-radius: 8px;\n        border: 1px solid #cbcbd9;\n        margin-bottom: 24px;\n    }\n\n    .article-box:last-child  {\n        margin-bottom: 0;\n    }\n\n    .article-box .article {\n        font-size: 16px;\n        font-weight: 400;\n        line-height: 150%;\n        margin-bottom: 16px;\n    }\n\n    .article-box .article p {\n        margin-bottom: 1em;\n    }\n\n    .article-box .article p:last-child {\n        margin-bottom: 0;\n    }\n\n    .article-box .article:last-child {\n        margin-bottom: 0;\n    }\n\n    .article-box .comment {\n        padding: 24px;\n        background-color: #f6f6fa;\n        font-size: 16px;\n        font-weight: 400;\n        line-height: 150%;\n        border-radius: 8px;\n    }\n\n    .article-box .comment p {\n        margin: 0;\n    }\n\n    .article-box .comment ol {\n        list-style: auto;\n        list-style-position: inside;\n    }\n\n    @media (max-width: 1199px) {\n        .comment-block .comment-block-title {\n            font-size: 16px;\n        }\n\n        .comment-block .comment-block-title h2 {\n            margin-right: 5px;\n        }\n\n        .comment-block h3 {\n            font-size: 20px;\n        }\n        .comment-block h4 {\n            font-size: 18px;\n        }\n    }\n<\/style>\n\n<div class=\"comment-block cp-block\">\n    <!-- Chama a ancora e\/ou titulo se houver -->\n        \n    <!-- Bloco de comentario -->\n            <div class=\"article-box\">\n            <div class=\"article\"><p><strong>Art. 600.<\/strong> Assinado o termo de apela\u00e7\u00e3o, o apelante e, depois dele, o apelado ter\u00e3o o prazo de oito dias cada um para oferecer raz\u00f5es, salvo nos processos de contraven\u00e7\u00e3o, em que o prazo ser\u00e1 de tr\u00eas dias.<\/p>\n<p>\u00a7 1 Se houver assistente, este arrazoar\u00e1, no prazo de tr\u00eas dias, ap\u00f3s o Minist\u00e9rio P\u00fablico.<\/p>\n<p>\u00a7 2 Se a a\u00e7\u00e3o penal for movida pela parte ofendida, o Minist\u00e9rio P\u00fablico ter\u00e1 vista dos autos, no prazo do par\u00e1grafo anterior.<\/p>\n<p>\u00a7 3 Quando forem dois ou mais os apelantes ou apelados, os prazos ser\u00e3o comuns.<\/p>\n<p>\u00a7 4 Se o apelante declarar, na peti\u00e7\u00e3o ou no termo, ao interpor a apela\u00e7\u00e3o, que deseja arrazoar na superior inst\u00e2ncia ser\u00e3o os autos remetidos ao tribunal ad quem onde ser\u00e1 aberta vista \u00e0s partes, observados os prazos legais, notificadas as partes pela publica\u00e7\u00e3o oficial.<\/p>\n<\/div>\n                            <div class=\"comment\"><p><span style=\"font-weight: 400;\">Importante esclarecer que o <strong>prazo de <a href=\"https:\/\/www.aurum.com.br\/blog\/interposicao-de-recurso\/\">interposi\u00e7\u00e3o<\/a> da <a href=\"https:\/\/www.aurum.com.br\/blog\/recurso-de-apelacao\/\">apela\u00e7\u00e3o<\/a> \u00e9 de cinco dias<\/strong>, conforme o art. 593, do CPP. Essa interposi\u00e7\u00e3o \u00e9 feita por meio de uma simples <a href=\"https:\/\/www.aurum.com.br\/blog\/peticao-inicial\/\">peti\u00e7\u00e3o<\/a> manifestando o interesse no recurso.<\/span><\/p>\n<p><span style=\"font-weight: 400;\">Ocorre que,<strong> as raz\u00f5es recursais<\/strong>, ou seja, a mat\u00e9ria de fato a ser levada \u00e0 discuss\u00e3o, \u00e9 feita por meio de outra peti\u00e7\u00e3o, levada ao ju\u00edzo em momento posterior, no prazo de 08 dias, ap\u00f3s <a href=\"https:\/\/www.aurum.com.br\/blog\/intimacao\/\">intima\u00e7\u00e3o<\/a> para faz\u00ea-lo. Nas contraven\u00e7\u00f5es penais, esse prazo ser\u00e1 de 03 dias.<\/span><\/p>\n<p><b>\u00a7 1\u00ba &#8211; <\/b><span style=\"font-weight: 400;\">O prazo do assistente de acusa\u00e7\u00e3o habilitado, \u00e9 de 03 dias, iniciando ap\u00f3s o fim do prazo do Minist\u00e9rio P\u00fablico.<\/span><\/p>\n<p><b>\u00a7 2\u00ba &#8211;<\/b><span style=\"font-weight: 400;\">Nos casos de a\u00e7\u00e3o penal privada, ter\u00e1 o membro do Minist\u00e9rio P\u00fablico vista dos autos, pelo prazo de 03 dias, ap\u00f3s findado o prazo das raz\u00f5es recursais.\u00a0<\/span><\/p>\n<p><b>\u00a7 3\u00ba- <\/b><span style=\"font-weight: 400;\">O prazo de interposi\u00e7\u00e3o do recurso de apela\u00e7\u00e3o e das raz\u00f5es \u00e9 comum \u00e0s partes, salvo ao Minist\u00e9rio P\u00fablico, que ter\u00e1 vistas pessoais dos autos.<\/span><\/p>\n<p><b>\u00a7 4\u00ba- <\/b><span style=\"font-weight: 400;\">Hip\u00f3tese facultada \u00e0 defesa, onde poder\u00e1 apresentar as raz\u00f5es recursais perante o Tribunal, momento em que ter\u00e1 conhecimento do Magistrado que ser\u00e1 o relator do julgamento do recurso. Hip\u00f3tese muito utilizada para R\u00e9us que respondem o processo em liberdade.<\/span><\/p>\n<p><span style=\"font-weight: 400;\">Destaque-se, que de acordo com o princ\u00edpio do promotor natural, o processo deve retornar \u00e0 primeira inst\u00e2ncia, para ser apresentada contrarraz\u00f5es pelo promotor.<\/span><\/p>\n<p>&nbsp;<\/p>\n<\/div>\n                    <\/div>\n    <\/div>\n\n<style>\n    .comment-block {\n        position: relative;\n    }\n    .comment-block .anchor-target {\n        position: absolute;\n        top: -200px;\n    }\n    .comment-block {\n        margin-bottom: 40px;\n    }\n    .comment-block .comment-block-title {\n        flex-wrap: wrap;\n        font-size: 20px;\n        font-weight: 600;\n        line-height: 130%;\n        color: #1c1e2f;\n        margin-bottom: 24px;\n    }\n\n    .comment-block .comment-block-title:last-child {\n        margin-bottom: 64px;\n    }\n\n    .comment-block h3 {\n        font-size: 24px;\n        font-weight: 600;\n        line-height: 120%;\n    }\n\n    .comment-block h4 {\n        font-size: 20px;\n        font-weight: 600;\n        line-height: 120%;\n    }\n\n    .article-box {\n        padding: 24px;\n        border-radius: 8px;\n        border: 1px solid #cbcbd9;\n        margin-bottom: 24px;\n    }\n\n    .article-box:last-child  {\n        margin-bottom: 0;\n    }\n\n    .article-box .article {\n        font-size: 16px;\n        font-weight: 400;\n        line-height: 150%;\n        margin-bottom: 16px;\n    }\n\n    .article-box .article p {\n        margin-bottom: 1em;\n    }\n\n    .article-box .article p:last-child {\n        margin-bottom: 0;\n    }\n\n    .article-box .article:last-child {\n        margin-bottom: 0;\n    }\n\n    .article-box .comment {\n        padding: 24px;\n        background-color: #f6f6fa;\n        font-size: 16px;\n        font-weight: 400;\n        line-height: 150%;\n        border-radius: 8px;\n    }\n\n    .article-box .comment p {\n        margin: 0;\n    }\n\n    .article-box .comment ol {\n        list-style: auto;\n        list-style-position: inside;\n    }\n\n    @media (max-width: 1199px) {\n        .comment-block .comment-block-title {\n            font-size: 16px;\n        }\n\n        .comment-block .comment-block-title h2 {\n            margin-right: 5px;\n        }\n\n        .comment-block h3 {\n            font-size: 20px;\n        }\n        .comment-block h4 {\n            font-size: 18px;\n        }\n    }\n<\/style>\n\n<div class=\"comment-block cp-block\">\n    <!-- Chama a ancora e\/ou titulo se houver -->\n        \n    <!-- Bloco de comentario -->\n            <div class=\"article-box\">\n            <div class=\"article\"><p><strong>Art. 601.<\/strong> Findos os prazos para raz\u00f5es, os autos ser\u00e3o remetidos \u00e0 inst\u00e2ncia superior, com as raz\u00f5es ou sem elas, no prazo de 5 (cinco) dias, salvo no caso do art. 603, segunda parte, em que o prazo ser\u00e1 de trinta dias.<\/p>\n<p>\u00a7 1 Se houver mais de um r\u00e9u, e n\u00e3o houverem todos sido julgados, ou n\u00e3o tiverem todos apelado, caber\u00e1 ao apelante promover extra\u00e7\u00e3o do traslado dos autos, o qual dever\u00e1 ser remetido \u00e0 inst\u00e2ncia superior no prazo de trinta dias, contado da data da entrega das \u00faltimas raz\u00f5es de apela\u00e7\u00e3o, ou do vencimento do prazo para a apresenta\u00e7\u00e3o das do apelado.<\/p>\n<p>\u00a7 2 As despesas do traslado correr\u00e3o por conta de quem o solicitar, salvo se o pedido for de r\u00e9u pobre ou do Minist\u00e9rio P\u00fablico.<\/p>\n<\/div>\n                            <div class=\"comment\"><p><span style=\"font-weight: 400;\">A <a href=\"https:\/\/www.aurum.com.br\/blog\/glossario-juridico\/jurisprudencia\/\">jurisprud\u00eancia<\/a> tem entendido que a aus\u00eancia de apresenta\u00e7\u00e3o das raz\u00f5es recursais, havendo intima\u00e7\u00e3o da parte para faz\u00ea-lo, <strong>n\u00e3o gera <a href=\"https:\/\/www.aurum.com.br\/blog\/nulidade\/\">nulidade<\/a><\/strong> ou cerceamento de defesa.<\/span><\/p>\n<p><span style=\"font-weight: 400;\">DIREITO PROCESSUAL PENAL. RECURSO ORDIN\u00c1RIO EM HABEAS CORPUS. ALEGA\u00c7\u00c3O DE AC\u00d3RD\u00c3O NULO. FALTA DE OFERECIMENTO DAS RAZ\u00d5ES RECURSAIS. JULGAMENTO DETALHADO E COMPLETO DA APELA\u00c7\u00c3O. IMPROVIMENTO. 1. O recurso ordin\u00e1rio sustenta a nulidade do julgamento do recurso de apela\u00e7\u00e3o, pelo Tribunal de Justi\u00e7a, devido \u00e0 circunst\u00e2ncia da defesa t\u00e9cnica n\u00e3o haver apresentado as raz\u00f5es de apela\u00e7\u00e3o, nos termos do art. 600, \u00a7 4\u00b0, do C\u00f3digo de Processo Penal. 2. Nenhum ato processual ser\u00e1 declarado nulo, se da nulidade n\u00e3o tiver resultado preju\u00edzo para qualquer uma das partes (CPP, art. 563), conforme o brocardo &#8220;pas de nullit\u00e9 sans grief&#8221;. 3. Os aspectos a seguir indicados apontam para a aus\u00eancia de preju\u00edzo do paciente: a) o paciente tinha seus interesses representados por defensor constitu\u00eddo; b) houve regular intima\u00e7\u00e3o da defesa t\u00e9cnica para oferecimento das raz\u00f5es de apela\u00e7\u00e3o, nos termos do art. 600, \u00a7 4\u00b0, do C\u00f3digo de Processo Penal; c) o tribunal de justi\u00e7a apreciou todas as hip\u00f3teses de cabimento de apela\u00e7\u00e3o contra senten\u00e7a proferida com base no julgamento do tribunal do j\u00fari. 4. Levando em conta que a falta da apresenta\u00e7\u00e3o das raz\u00f5es recursais n\u00e3o impediu que o Tribunal de Justi\u00e7a apreciasse de forma detalhada e completa a irresigna\u00e7\u00e3o do paciente contra a senten\u00e7a condenat\u00f3ria. 5. Recurso ordin\u00e1rio improvido.<\/span><\/p>\n<p><span style=\"font-weight: 400;\">(RHC 91070, Relator(a): ELLEN GRACIE, Segunda Turma, julgado em 09-09-2008, DJe-182\u00a0 DIVULG 25-09-2008\u00a0 PUBLIC 26-09-2008 EMENT VOL-02334-02\u00a0 PP-00359).<\/span><\/p>\n<p><b>\u00a7 1 <\/b><span style=\"font-weight: 400;\">No caso do <a href=\"https:\/\/www.aurum.com.br\/blog\/recurso-de-apelacao\/\">recurso de apela\u00e7\u00e3o<\/a>, n\u00e3o havendo a interposi\u00e7\u00e3o do referido recurso por algum dos R\u00e9us, <strong>haver\u00e1 <a href=\"https:\/\/www.aurum.com.br\/blog\/glossario-juridico\/transito-em-julgado\/#:~:text=Em%20outras%20palavras%2C%20trata%2Dse,a%20qualidade%20da%20coisa%20julgada.\">tr\u00e2nsito em julgado<\/a><\/strong> em face daquele que n\u00e3o recorreu, prosseguindo o processo, com a remessa dos autos \u00e0 superior inst\u00e2ncia, em face daquele que apresentou recurso.<\/span><\/p>\n<p><span style=\"font-weight: 400;\">Destaque-se que ap\u00f3s o tr\u00e2nsito em julgado, em caso de condena\u00e7\u00e3o, haver\u00e1 a expedi\u00e7\u00e3o de guia de execu\u00e7\u00e3o definitiva, iniciando a execu\u00e7\u00e3o penal no ju\u00edzo competente.<\/span><\/p>\n<p>&nbsp;<\/p>\n<\/div>\n                    <\/div>\n    <\/div>\n\n<style>\n    .comment-block {\n        position: relative;\n    }\n    .comment-block .anchor-target {\n        position: absolute;\n        top: -200px;\n    }\n    .comment-block {\n        margin-bottom: 40px;\n    }\n    .comment-block .comment-block-title {\n        flex-wrap: wrap;\n        font-size: 20px;\n        font-weight: 600;\n        line-height: 130%;\n        color: #1c1e2f;\n        margin-bottom: 24px;\n    }\n\n    .comment-block .comment-block-title:last-child {\n        margin-bottom: 64px;\n    }\n\n    .comment-block h3 {\n        font-size: 24px;\n        font-weight: 600;\n        line-height: 120%;\n    }\n\n    .comment-block h4 {\n        font-size: 20px;\n        font-weight: 600;\n        line-height: 120%;\n    }\n\n    .article-box {\n        padding: 24px;\n        border-radius: 8px;\n        border: 1px solid #cbcbd9;\n        margin-bottom: 24px;\n    }\n\n    .article-box:last-child  {\n        margin-bottom: 0;\n    }\n\n    .article-box .article {\n        font-size: 16px;\n        font-weight: 400;\n        line-height: 150%;\n        margin-bottom: 16px;\n    }\n\n    .article-box .article p {\n        margin-bottom: 1em;\n    }\n\n    .article-box .article p:last-child {\n        margin-bottom: 0;\n    }\n\n    .article-box .article:last-child {\n        margin-bottom: 0;\n    }\n\n    .article-box .comment {\n        padding: 24px;\n        background-color: #f6f6fa;\n        font-size: 16px;\n        font-weight: 400;\n        line-height: 150%;\n        border-radius: 8px;\n    }\n\n    .article-box .comment p {\n        margin: 0;\n    }\n\n    .article-box .comment ol {\n        list-style: auto;\n        list-style-position: inside;\n    }\n\n    @media (max-width: 1199px) {\n        .comment-block .comment-block-title {\n            font-size: 16px;\n        }\n\n        .comment-block .comment-block-title h2 {\n            margin-right: 5px;\n        }\n\n        .comment-block h3 {\n            font-size: 20px;\n        }\n        .comment-block h4 {\n            font-size: 18px;\n        }\n    }\n<\/style>\n\n<div class=\"comment-block cp-block\">\n    <!-- Chama a ancora e\/ou titulo se houver -->\n        \n    <!-- Bloco de comentario -->\n            <div class=\"article-box\">\n            <div class=\"article\"><p><strong>Art. 602.<\/strong> Os autos ser\u00e3o, dentro dos prazos do artigo anterior, apresentados ao tribunal ad quem ou entregues ao Correio, sob registro.<\/p>\n<\/div>\n                            <div class=\"comment\"><p><span style=\"font-weight: 400;\">Com a virtualiza\u00e7\u00e3o dos processos, os autos s\u00e3o remetidos ao Tribunal sempre de modo virtual por meio do sistema judicial eletr\u00f4nico pr\u00f3prio.<\/span><\/p>\n<\/div>\n                    <\/div>\n    <\/div>\n\n<style>\n    .comment-block {\n        position: relative;\n    }\n    .comment-block .anchor-target {\n        position: absolute;\n        top: -200px;\n    }\n    .comment-block {\n        margin-bottom: 40px;\n    }\n    .comment-block .comment-block-title {\n        flex-wrap: wrap;\n        font-size: 20px;\n        font-weight: 600;\n        line-height: 130%;\n        color: #1c1e2f;\n        margin-bottom: 24px;\n    }\n\n    .comment-block .comment-block-title:last-child {\n        margin-bottom: 64px;\n    }\n\n    .comment-block h3 {\n        font-size: 24px;\n        font-weight: 600;\n        line-height: 120%;\n    }\n\n    .comment-block h4 {\n        font-size: 20px;\n        font-weight: 600;\n        line-height: 120%;\n    }\n\n    .article-box {\n        padding: 24px;\n        border-radius: 8px;\n        border: 1px solid #cbcbd9;\n        margin-bottom: 24px;\n    }\n\n    .article-box:last-child  {\n        margin-bottom: 0;\n    }\n\n    .article-box .article {\n        font-size: 16px;\n        font-weight: 400;\n        line-height: 150%;\n        margin-bottom: 16px;\n    }\n\n    .article-box .article p {\n        margin-bottom: 1em;\n    }\n\n    .article-box .article p:last-child {\n        margin-bottom: 0;\n    }\n\n    .article-box .article:last-child {\n        margin-bottom: 0;\n    }\n\n    .article-box .comment {\n        padding: 24px;\n        background-color: #f6f6fa;\n        font-size: 16px;\n        font-weight: 400;\n        line-height: 150%;\n        border-radius: 8px;\n    }\n\n    .article-box .comment p {\n        margin: 0;\n    }\n\n    .article-box .comment ol {\n        list-style: auto;\n        list-style-position: inside;\n    }\n\n    @media (max-width: 1199px) {\n        .comment-block .comment-block-title {\n            font-size: 16px;\n        }\n\n        .comment-block .comment-block-title h2 {\n            margin-right: 5px;\n        }\n\n        .comment-block h3 {\n            font-size: 20px;\n        }\n        .comment-block h4 {\n            font-size: 18px;\n        }\n    }\n<\/style>\n\n<div class=\"comment-block cp-block\">\n    <!-- Chama a ancora e\/ou titulo se houver -->\n        \n    <!-- Bloco de comentario -->\n            <div class=\"article-box\">\n            <div class=\"article\"><p><strong>Art. 603.<\/strong> A apela\u00e7\u00e3o subir\u00e1 nos autos originais e, a n\u00e3o ser no Distrito Federal e nas comarcas que forem sede de Tribunal de Apela\u00e7\u00e3o, ficar\u00e1 em cart\u00f3rio traslado dos termos essenciais do processo referidos no art. 564, n. III.<\/p>\n<\/div>\n                            <div class=\"comment\"><p><span style=\"font-weight: 400;\">Antigamente, exista a possibilidade de extravio dos autos, raz\u00e3o pela qual era feita pelo escriv\u00e3o c\u00f3pia dos autos e mantida em dep\u00f3sito no cart\u00f3rio. <strong>Com a virtualiza\u00e7\u00e3o dos processos, essa hip\u00f3tese n\u00e3o mais existe<\/strong>, raz\u00e3o pela qual o artigo perde sentido.<\/span><\/p>\n<\/div>\n                    <\/div>\n    <\/div>\n\n<style>\n    .comment-block {\n        position: relative;\n    }\n    .comment-block .anchor-target {\n        position: absolute;\n        top: -200px;\n    }\n    .comment-block {\n        margin-bottom: 40px;\n    }\n    .comment-block .comment-block-title {\n        flex-wrap: wrap;\n        font-size: 20px;\n        font-weight: 600;\n        line-height: 130%;\n        color: #1c1e2f;\n        margin-bottom: 24px;\n    }\n\n    .comment-block .comment-block-title:last-child {\n        margin-bottom: 64px;\n    }\n\n    .comment-block h3 {\n        font-size: 24px;\n        font-weight: 600;\n        line-height: 120%;\n    }\n\n    .comment-block h4 {\n        font-size: 20px;\n        font-weight: 600;\n        line-height: 120%;\n    }\n\n    .article-box {\n        padding: 24px;\n        border-radius: 8px;\n        border: 1px solid #cbcbd9;\n        margin-bottom: 24px;\n    }\n\n    .article-box:last-child  {\n        margin-bottom: 0;\n    }\n\n    .article-box .article {\n        font-size: 16px;\n        font-weight: 400;\n        line-height: 150%;\n        margin-bottom: 16px;\n    }\n\n    .article-box .article p {\n        margin-bottom: 1em;\n    }\n\n    .article-box .article p:last-child {\n        margin-bottom: 0;\n    }\n\n    .article-box .article:last-child {\n        margin-bottom: 0;\n    }\n\n    .article-box .comment {\n        padding: 24px;\n        background-color: #f6f6fa;\n        font-size: 16px;\n        font-weight: 400;\n        line-height: 150%;\n        border-radius: 8px;\n    }\n\n    .article-box .comment p {\n        margin: 0;\n    }\n\n    .article-box .comment ol {\n        list-style: auto;\n        list-style-position: inside;\n    }\n\n    @media (max-width: 1199px) {\n        .comment-block .comment-block-title {\n            font-size: 16px;\n        }\n\n        .comment-block .comment-block-title h2 {\n            margin-right: 5px;\n        }\n\n        .comment-block h3 {\n            font-size: 20px;\n        }\n        .comment-block h4 {\n            font-size: 18px;\n        }\n    }\n<\/style>\n\n<div class=\"comment-block cp-block\">\n    <!-- Chama a ancora e\/ou titulo se houver -->\n        \n    <!-- Bloco de comentario -->\n            <div class=\"article-box\">\n            <div class=\"article\"><p><strong>Art. 604.<\/strong> (Revogado).<\/p>\n<\/div>\n                            <div class=\"comment\"><p>(Revogado).<\/p>\n<\/div>\n                    <\/div>\n    <\/div>\n\n<style>\n    .comment-block {\n        position: relative;\n    }\n    .comment-block .anchor-target {\n        position: absolute;\n        top: -200px;\n    }\n    .comment-block {\n        margin-bottom: 40px;\n    }\n    .comment-block .comment-block-title {\n        flex-wrap: wrap;\n        font-size: 20px;\n        font-weight: 600;\n        line-height: 130%;\n        color: #1c1e2f;\n        margin-bottom: 24px;\n    }\n\n    .comment-block .comment-block-title:last-child {\n        margin-bottom: 64px;\n    }\n\n    .comment-block h3 {\n        font-size: 24px;\n        font-weight: 600;\n        line-height: 120%;\n    }\n\n    .comment-block h4 {\n        font-size: 20px;\n        font-weight: 600;\n        line-height: 120%;\n    }\n\n    .article-box {\n        padding: 24px;\n        border-radius: 8px;\n        border: 1px solid #cbcbd9;\n        margin-bottom: 24px;\n    }\n\n    .article-box:last-child  {\n        margin-bottom: 0;\n    }\n\n    .article-box .article {\n        font-size: 16px;\n        font-weight: 400;\n        line-height: 150%;\n        margin-bottom: 16px;\n    }\n\n    .article-box .article p {\n        margin-bottom: 1em;\n    }\n\n    .article-box .article p:last-child {\n        margin-bottom: 0;\n    }\n\n    .article-box .article:last-child {\n        margin-bottom: 0;\n    }\n\n    .article-box .comment {\n        padding: 24px;\n        background-color: #f6f6fa;\n        font-size: 16px;\n        font-weight: 400;\n        line-height: 150%;\n        border-radius: 8px;\n    }\n\n    .article-box .comment p {\n        margin: 0;\n    }\n\n    .article-box .comment ol {\n        list-style: auto;\n        list-style-position: inside;\n    }\n\n    @media (max-width: 1199px) {\n        .comment-block .comment-block-title {\n            font-size: 16px;\n        }\n\n        .comment-block .comment-block-title h2 {\n            margin-right: 5px;\n        }\n\n        .comment-block h3 {\n            font-size: 20px;\n        }\n        .comment-block h4 {\n            font-size: 18px;\n        }\n    }\n<\/style>\n\n<div class=\"comment-block cp-block\">\n    <!-- Chama a ancora e\/ou titulo se houver -->\n        \n    <!-- Bloco de comentario -->\n            <div class=\"article-box\">\n            <div class=\"article\"><p><strong>Art. 605.<\/strong> (Revogado).<\/p>\n<\/div>\n                            <div class=\"comment\"><p>(Revogado).<\/p>\n<\/div>\n                    <\/div>\n    <\/div>\n\n<style>\n    .comment-block {\n        position: relative;\n    }\n    .comment-block .anchor-target {\n        position: absolute;\n        top: -200px;\n    }\n    .comment-block {\n        margin-bottom: 40px;\n    }\n    .comment-block .comment-block-title {\n        flex-wrap: wrap;\n        font-size: 20px;\n        font-weight: 600;\n        line-height: 130%;\n        color: #1c1e2f;\n        margin-bottom: 24px;\n    }\n\n    .comment-block .comment-block-title:last-child {\n        margin-bottom: 64px;\n    }\n\n    .comment-block h3 {\n        font-size: 24px;\n        font-weight: 600;\n        line-height: 120%;\n    }\n\n    .comment-block h4 {\n        font-size: 20px;\n        font-weight: 600;\n        line-height: 120%;\n    }\n\n    .article-box {\n        padding: 24px;\n        border-radius: 8px;\n        border: 1px solid #cbcbd9;\n        margin-bottom: 24px;\n    }\n\n    .article-box:last-child  {\n        margin-bottom: 0;\n    }\n\n    .article-box .article {\n        font-size: 16px;\n        font-weight: 400;\n        line-height: 150%;\n        margin-bottom: 16px;\n    }\n\n    .article-box .article p {\n        margin-bottom: 1em;\n    }\n\n    .article-box .article p:last-child {\n        margin-bottom: 0;\n    }\n\n    .article-box .article:last-child {\n        margin-bottom: 0;\n    }\n\n    .article-box .comment {\n        padding: 24px;\n        background-color: #f6f6fa;\n        font-size: 16px;\n        font-weight: 400;\n        line-height: 150%;\n        border-radius: 8px;\n    }\n\n    .article-box .comment p {\n        margin: 0;\n    }\n\n    .article-box .comment ol {\n        list-style: auto;\n        list-style-position: inside;\n    }\n\n    @media (max-width: 1199px) {\n        .comment-block .comment-block-title {\n            font-size: 16px;\n        }\n\n        .comment-block .comment-block-title h2 {\n            margin-right: 5px;\n        }\n\n        .comment-block h3 {\n            font-size: 20px;\n        }\n        .comment-block h4 {\n            font-size: 18px;\n        }\n    }\n<\/style>\n\n<div class=\"comment-block cp-block\">\n    <!-- Chama a ancora e\/ou titulo se houver -->\n        \n    <!-- Bloco de comentario -->\n            <div class=\"article-box\">\n            <div class=\"article\"><p><strong>Art. 606.<\/strong> (Revogado).<\/p>\n<\/div>\n                            <div class=\"comment\"><p>(Revogado).<\/p>\n<\/div>\n                    <\/div>\n    <\/div>","protected":false},"excerpt":{"rendered":"","protected":false},"author":120,"featured_media":0,"comment_status":"open","ping_status":"open","template":"","cat-cpp":[466,461,463],"class_list":["post-26181","cpp-comentado","type-cpp-comentado","status-publish","hentry","cat-cpp-livro-iii-titulo-ii-capitulo-iii","cat-cpp-livro-iii","cat-cpp-livro-iii-titulo-ii"],"acf":[],"_links":{"self":[{"href":"https:\/\/www.aurum.com.br\/blog\/wp-json\/wp\/v2\/cpp-comentado\/26181","targetHints":{"allow":["GET"]}}],"collection":[{"href":"https:\/\/www.aurum.com.br\/blog\/wp-json\/wp\/v2\/cpp-comentado"}],"about":[{"href":"https:\/\/www.aurum.com.br\/blog\/wp-json\/wp\/v2\/types\/cpp-comentado"}],"author":[{"embeddable":true,"href":"https:\/\/www.aurum.com.br\/blog\/wp-json\/wp\/v2\/users\/120"}],"replies":[{"embeddable":true,"href":"https:\/\/www.aurum.com.br\/blog\/wp-json\/wp\/v2\/comments?post=26181"}],"wp:attachment":[{"href":"https:\/\/www.aurum.com.br\/blog\/wp-json\/wp\/v2\/media?parent=26181"}],"wp:term":[{"taxonomy":"cat-cpp","embeddable":true,"href":"https:\/\/www.aurum.com.br\/blog\/wp-json\/wp\/v2\/cat-cpp?post=26181"}],"curies":[{"name":"wp","href":"https:\/\/api.w.org\/{rel}","templated":true}]}}