{"id":26166,"date":"2023-12-06T14:08:26","date_gmt":"2023-12-06T17:08:26","guid":{"rendered":"https:\/\/www.aurum.com.br\/blog\/cpp-comentado\/art-494-a-496-cpp\/"},"modified":"2025-05-19T17:58:05","modified_gmt":"2025-05-19T20:58:05","slug":"art-494-a-496-cpp","status":"publish","type":"cpp-comentado","link":"https:\/\/www.aurum.com.br\/blog\/cpp-comentado\/art-494-a-496-cpp\/","title":{"rendered":"Se\u00e7\u00e3o XV &#8211; Da ata dos trabalhos"},"content":{"rendered":"<style>\n    .comment-block {\n        position: relative;\n    }\n    .comment-block .anchor-target {\n        position: absolute;\n        top: -200px;\n    }\n    .comment-block {\n        margin-bottom: 40px;\n    }\n    .comment-block .comment-block-title {\n        flex-wrap: wrap;\n        font-size: 20px;\n        font-weight: 600;\n        line-height: 130%;\n        color: #1c1e2f;\n        margin-bottom: 24px;\n    }\n\n    .comment-block .comment-block-title:last-child {\n        margin-bottom: 64px;\n    }\n\n    .comment-block h3 {\n        font-size: 24px;\n        font-weight: 600;\n        line-height: 120%;\n    }\n\n    .comment-block h4 {\n        font-size: 20px;\n        font-weight: 600;\n        line-height: 120%;\n    }\n\n    .article-box {\n        padding: 24px;\n        border-radius: 8px;\n        border: 1px solid #cbcbd9;\n        margin-bottom: 24px;\n    }\n\n    .article-box:last-child  {\n        margin-bottom: 0;\n    }\n\n    .article-box .article {\n        font-size: 16px;\n        font-weight: 400;\n        line-height: 150%;\n        margin-bottom: 16px;\n    }\n\n    .article-box .article p {\n        margin-bottom: 1em;\n    }\n\n    .article-box .article p:last-child {\n        margin-bottom: 0;\n    }\n\n    .article-box .article:last-child {\n        margin-bottom: 0;\n    }\n\n    .article-box .comment {\n        padding: 24px;\n        background-color: #f6f6fa;\n        font-size: 16px;\n        font-weight: 400;\n        line-height: 150%;\n        border-radius: 8px;\n    }\n\n    .article-box .comment p {\n        margin: 0;\n    }\n\n    .article-box .comment ol {\n        list-style: auto;\n        list-style-position: inside;\n    }\n\n    @media (max-width: 1199px) {\n        .comment-block .comment-block-title {\n            font-size: 16px;\n        }\n\n        .comment-block .comment-block-title h2 {\n            margin-right: 5px;\n        }\n\n        .comment-block h3 {\n            font-size: 20px;\n        }\n        .comment-block h4 {\n            font-size: 18px;\n        }\n    }\n<\/style>\n\n<div class=\"comment-block cp-block\">\n    <!-- Chama a ancora e\/ou titulo se houver -->\n        \n    <!-- Bloco de comentario -->\n            <div class=\"article-box\">\n            <div class=\"article\"><p><strong>Art. 494.<\/strong> De cada sess\u00e3o de julgamento o escriv\u00e3o lavrar\u00e1 ata, assinada pelo presidente e pelas partes.<\/p>\n<\/div>\n                    <\/div>\n    <\/div>\n\n<style>\n    .comment-block {\n        position: relative;\n    }\n    .comment-block .anchor-target {\n        position: absolute;\n        top: -200px;\n    }\n    .comment-block {\n        margin-bottom: 40px;\n    }\n    .comment-block .comment-block-title {\n        flex-wrap: wrap;\n        font-size: 20px;\n        font-weight: 600;\n        line-height: 130%;\n        color: #1c1e2f;\n        margin-bottom: 24px;\n    }\n\n    .comment-block .comment-block-title:last-child {\n        margin-bottom: 64px;\n    }\n\n    .comment-block h3 {\n        font-size: 24px;\n        font-weight: 600;\n        line-height: 120%;\n    }\n\n    .comment-block h4 {\n        font-size: 20px;\n        font-weight: 600;\n        line-height: 120%;\n    }\n\n    .article-box {\n        padding: 24px;\n        border-radius: 8px;\n        border: 1px solid #cbcbd9;\n        margin-bottom: 24px;\n    }\n\n    .article-box:last-child  {\n        margin-bottom: 0;\n    }\n\n    .article-box .article {\n        font-size: 16px;\n        font-weight: 400;\n        line-height: 150%;\n        margin-bottom: 16px;\n    }\n\n    .article-box .article p {\n        margin-bottom: 1em;\n    }\n\n    .article-box .article p:last-child {\n        margin-bottom: 0;\n    }\n\n    .article-box .article:last-child {\n        margin-bottom: 0;\n    }\n\n    .article-box .comment {\n        padding: 24px;\n        background-color: #f6f6fa;\n        font-size: 16px;\n        font-weight: 400;\n        line-height: 150%;\n        border-radius: 8px;\n    }\n\n    .article-box .comment p {\n        margin: 0;\n    }\n\n    .article-box .comment ol {\n        list-style: auto;\n        list-style-position: inside;\n    }\n\n    @media (max-width: 1199px) {\n        .comment-block .comment-block-title {\n            font-size: 16px;\n        }\n\n        .comment-block .comment-block-title h2 {\n            margin-right: 5px;\n        }\n\n        .comment-block h3 {\n            font-size: 20px;\n        }\n        .comment-block h4 {\n            font-size: 18px;\n        }\n    }\n<\/style>\n\n<div class=\"comment-block cp-block\">\n    <!-- Chama a ancora e\/ou titulo se houver -->\n        \n    <!-- Bloco de comentario -->\n            <div class=\"article-box\">\n            <div class=\"article\"><p><strong>Art. 495.<\/strong> A ata descrever\u00e1 fielmente todas as ocorr\u00eancias, mencionando obrigatoriamente:<\/p>\n<p>I \u2013 a data e a hora da instala\u00e7\u00e3o dos trabalhos;<br \/>\nII \u2013 o magistrado que presidiu a sess\u00e3o e os jurados presentes;<br \/>\nIII \u2013 os jurados que deixaram de comparecer, com escusa ou sem ela, e as san\u00e7\u00f5es aplicadas;<br \/>\nIV \u2013 o of\u00edcio ou requerimento de isen\u00e7\u00e3o ou dispensa ;<br \/>\nV \u2013 o sorteio dos jurados suplentes;<br \/>\nVI \u2013 o adiamento da sess\u00e3o, se houver ocorrido, com a indica\u00e7\u00e3o do motivo;<br \/>\nVII \u2013 a abertura da sess\u00e3o e a presen\u00e7a do Minist\u00e9rio P\u00fablico, do querelante e do assistente, se houver, e a do defensor do acusado;<br \/>\nVIII \u2013 o preg\u00e3o e a san\u00e7\u00e3o imposta, no caso de n\u00e3o comparecimento;<br \/>\nIX \u2013 as testemunhas dispensadas de depor;<br \/>\nX \u2013 o recolhimento das testemunhas a lugar de onde umas n\u00e3o pudessem ouvir o depoimento das outras;<br \/>\nXI \u2013 a verifica\u00e7\u00e3o das c\u00e9dulas pelo juiz presidente;<br \/>\nXII \u2013 a forma\u00e7\u00e3o do Conselho de Senten\u00e7a, com o registro dos nomes dos jurados sorteados e recusas;<br \/>\nXIII \u2013 o compromisso e o interrogat\u00f3rio, com simples refer\u00eancia ao termo;<br \/>\nXIV \u2013 os debates e as alega\u00e7\u00f5es das partes com os respectivos fundamentos;<br \/>\nXV \u2013 os incidentes;<br \/>\nXVI \u2013 o julgamento da causa;<br \/>\nXVII \u2013 a publicidade dos atos da instru\u00e7\u00e3o plen\u00e1ria, das dilig\u00eancias e da senten\u00e7a.<\/p>\n<\/div>\n                    <\/div>\n    <\/div>\n\n<style>\n    .comment-block {\n        position: relative;\n    }\n    .comment-block .anchor-target {\n        position: absolute;\n        top: -200px;\n    }\n    .comment-block {\n        margin-bottom: 40px;\n    }\n    .comment-block .comment-block-title {\n        flex-wrap: wrap;\n        font-size: 20px;\n        font-weight: 600;\n        line-height: 130%;\n        color: #1c1e2f;\n        margin-bottom: 24px;\n    }\n\n    .comment-block .comment-block-title:last-child {\n        margin-bottom: 64px;\n    }\n\n    .comment-block h3 {\n        font-size: 24px;\n        font-weight: 600;\n        line-height: 120%;\n    }\n\n    .comment-block h4 {\n        font-size: 20px;\n        font-weight: 600;\n        line-height: 120%;\n    }\n\n    .article-box {\n        padding: 24px;\n        border-radius: 8px;\n        border: 1px solid #cbcbd9;\n        margin-bottom: 24px;\n    }\n\n    .article-box:last-child  {\n        margin-bottom: 0;\n    }\n\n    .article-box .article {\n        font-size: 16px;\n        font-weight: 400;\n        line-height: 150%;\n        margin-bottom: 16px;\n    }\n\n    .article-box .article p {\n        margin-bottom: 1em;\n    }\n\n    .article-box .article p:last-child {\n        margin-bottom: 0;\n    }\n\n    .article-box .article:last-child {\n        margin-bottom: 0;\n    }\n\n    .article-box .comment {\n        padding: 24px;\n        background-color: #f6f6fa;\n        font-size: 16px;\n        font-weight: 400;\n        line-height: 150%;\n        border-radius: 8px;\n    }\n\n    .article-box .comment p {\n        margin: 0;\n    }\n\n    .article-box .comment ol {\n        list-style: auto;\n        list-style-position: inside;\n    }\n\n    @media (max-width: 1199px) {\n        .comment-block .comment-block-title {\n            font-size: 16px;\n        }\n\n        .comment-block .comment-block-title h2 {\n            margin-right: 5px;\n        }\n\n        .comment-block h3 {\n            font-size: 20px;\n        }\n        .comment-block h4 {\n            font-size: 18px;\n        }\n    }\n<\/style>\n\n<div class=\"comment-block cp-block\">\n    <!-- Chama a ancora e\/ou titulo se houver -->\n        \n    <!-- Bloco de comentario -->\n            <div class=\"article-box\">\n            <div class=\"article\"><p><strong>Art. 496.<\/strong> A falta da ata sujeitar\u00e1 o respons\u00e1vel a san\u00e7\u00f5es administrativa e penal.<\/p>\n<\/div>\n                    <\/div>\n    <\/div>","protected":false},"excerpt":{"rendered":"","protected":false},"author":7,"featured_media":0,"comment_status":"open","ping_status":"open","template":"","cat-cpp":[450,445,446],"class_list":["post-26166","cpp-comentado","type-cpp-comentado","status-publish","hentry","cat-cpp-livro-ii-titulo-i-capitulo-ii","cat-cpp-livro-ii","cat-cpp-livro-ii-titulo-i"],"acf":[],"_links":{"self":[{"href":"https:\/\/www.aurum.com.br\/blog\/wp-json\/wp\/v2\/cpp-comentado\/26166","targetHints":{"allow":["GET"]}}],"collection":[{"href":"https:\/\/www.aurum.com.br\/blog\/wp-json\/wp\/v2\/cpp-comentado"}],"about":[{"href":"https:\/\/www.aurum.com.br\/blog\/wp-json\/wp\/v2\/types\/cpp-comentado"}],"author":[{"embeddable":true,"href":"https:\/\/www.aurum.com.br\/blog\/wp-json\/wp\/v2\/users\/7"}],"replies":[{"embeddable":true,"href":"https:\/\/www.aurum.com.br\/blog\/wp-json\/wp\/v2\/comments?post=26166"}],"wp:attachment":[{"href":"https:\/\/www.aurum.com.br\/blog\/wp-json\/wp\/v2\/media?parent=26166"}],"wp:term":[{"taxonomy":"cat-cpp","embeddable":true,"href":"https:\/\/www.aurum.com.br\/blog\/wp-json\/wp\/v2\/cat-cpp?post=26166"}],"curies":[{"name":"wp","href":"https:\/\/api.w.org\/{rel}","templated":true}]}}