{"id":26165,"date":"2023-12-06T14:08:26","date_gmt":"2023-12-06T17:08:26","guid":{"rendered":"https:\/\/www.aurum.com.br\/blog\/cpp-comentado\/art-492-a-493-cpp\/"},"modified":"2025-05-19T17:57:16","modified_gmt":"2025-05-19T20:57:16","slug":"art-492-a-493-cpp","status":"publish","type":"cpp-comentado","link":"https:\/\/www.aurum.com.br\/blog\/cpp-comentado\/art-492-a-493-cpp\/","title":{"rendered":"Se\u00e7\u00e3o XIV &#8211; Da senten\u00e7a"},"content":{"rendered":"<style>\n    .comment-block {\n        position: relative;\n    }\n    .comment-block .anchor-target {\n        position: absolute;\n        top: -200px;\n    }\n    .comment-block {\n        margin-bottom: 40px;\n    }\n    .comment-block .comment-block-title {\n        flex-wrap: wrap;\n        font-size: 20px;\n        font-weight: 600;\n        line-height: 130%;\n        color: #1c1e2f;\n        margin-bottom: 24px;\n    }\n\n    .comment-block .comment-block-title:last-child {\n        margin-bottom: 64px;\n    }\n\n    .comment-block h3 {\n        font-size: 24px;\n        font-weight: 600;\n        line-height: 120%;\n    }\n\n    .comment-block h4 {\n        font-size: 20px;\n        font-weight: 600;\n        line-height: 120%;\n    }\n\n    .article-box {\n        padding: 24px;\n        border-radius: 8px;\n        border: 1px solid #cbcbd9;\n        margin-bottom: 24px;\n    }\n\n    .article-box:last-child  {\n        margin-bottom: 0;\n    }\n\n    .article-box .article {\n        font-size: 16px;\n        font-weight: 400;\n        line-height: 150%;\n        margin-bottom: 16px;\n    }\n\n    .article-box .article p {\n        margin-bottom: 1em;\n    }\n\n    .article-box .article p:last-child {\n        margin-bottom: 0;\n    }\n\n    .article-box .article:last-child {\n        margin-bottom: 0;\n    }\n\n    .article-box .comment {\n        padding: 24px;\n        background-color: #f6f6fa;\n        font-size: 16px;\n        font-weight: 400;\n        line-height: 150%;\n        border-radius: 8px;\n    }\n\n    .article-box .comment p {\n        margin: 0;\n    }\n\n    .article-box .comment ol {\n        list-style: auto;\n        list-style-position: inside;\n    }\n\n    @media (max-width: 1199px) {\n        .comment-block .comment-block-title {\n            font-size: 16px;\n        }\n\n        .comment-block .comment-block-title h2 {\n            margin-right: 5px;\n        }\n\n        .comment-block h3 {\n            font-size: 20px;\n        }\n        .comment-block h4 {\n            font-size: 18px;\n        }\n    }\n<\/style>\n\n<div class=\"comment-block cp-block\">\n    <!-- Chama a ancora e\/ou titulo se houver -->\n        \n    <!-- Bloco de comentario -->\n            <div class=\"article-box\">\n            <div class=\"article\"><p><strong>Art. 492.<\/strong> Em seguida, o presidente proferir\u00e1 senten\u00e7a que:<\/p>\n<p>I \u2013 no caso de condena\u00e7\u00e3o:<br \/>\na) fixar\u00e1 a pena-base;<br \/>\nb) considerar\u00e1 as circunst\u00e2ncias agravantes ou atenuantes alegadas nos debates;<br \/>\nc) impor\u00e1 os aumentos ou diminui\u00e7\u00f5es da pena, em aten\u00e7\u00e3o \u00e0s causas admitidas pelo j\u00fari;<br \/>\nd) observar\u00e1 as demais disposi\u00e7\u00f5es do art. 387 deste C\u00f3digo;<br \/>\ne) mandar\u00e1 o acusado recolher-se ou recomend\u00e1-lo-\u00e1 \u00e0 pris\u00e3o em que se encontra, se presentes os requisitos da pris\u00e3o preventiva, ou, no caso de condena\u00e7\u00e3o a uma pena igual ou superior a 15 (quinze) anos de reclus\u00e3o, determinar\u00e1 a execu\u00e7\u00e3o provis\u00f3ria das penas, com expedi\u00e7\u00e3o do mandado de pris\u00e3o, se for o caso, sem preju\u00edzo do conhecimento de recursos que vierem a ser interpostos;<br \/>\nf) estabelecer\u00e1 os efeitos gen\u00e9ricos e espec\u00edficos da condena\u00e7\u00e3o;<\/p>\n<p>II \u2013 no caso de absolvi\u00e7\u00e3o:<br \/>\na) mandar\u00e1 colocar em liberdade o acusado se por outro motivo n\u00e3o estiver preso;<br \/>\nb) revogar\u00e1 as medidas restritivas provisoriamente decretadas;<br \/>\nc) impor\u00e1, se for o caso, a medida de seguran\u00e7a cab\u00edvel.<\/p>\n<p>\u00a7 1 Se houver desclassifica\u00e7\u00e3o da infra\u00e7\u00e3o para outra, de compet\u00eancia do juiz singular, ao presidente do Tribunal do J\u00fari caber\u00e1 proferir senten\u00e7a em seguida, aplicando-se, quando o delito resultante da nova tipifica\u00e7\u00e3o for considerado pela lei como infra\u00e7\u00e3o penal de menor potencial ofensivo, o disposto nos arts. 69 e seguintes da Lei no 9.099, de 26 de setembro de 1995.<\/p>\n<p>\u00a7 2 Em caso de desclassifica\u00e7\u00e3o, o crime conexo que n\u00e3o seja doloso contra a vida ser\u00e1 julgado pelo juiz presidente do Tribunal do J\u00fari, aplicando-se, no que couber, o disposto no \u00a7 1o deste artigo.<\/p>\n<p>\u00a7 3\u00ba O presidente poder\u00e1, excepcionalmente, deixar de autorizar a execu\u00e7\u00e3o provis\u00f3ria das penas de que trata a al\u00ednea e do inciso I do caput deste artigo, se houver quest\u00e3o substancial cuja resolu\u00e7\u00e3o pelo tribunal ao qual competir o julgamento possa plausivelmente levar \u00e0 revis\u00e3o da condena\u00e7\u00e3o.<\/p>\n<p>\u00a7 4\u00ba A apela\u00e7\u00e3o interposta contra decis\u00e3o condenat\u00f3ria do Tribunal do J\u00fari a uma pena igual ou superior a 15 (quinze) anos de reclus\u00e3o n\u00e3o ter\u00e1 efeito suspensivo.<\/p>\n<p>\u00a7 5\u00ba Excepcionalmente, poder\u00e1 o tribunal atribuir efeito suspensivo \u00e0 apela\u00e7\u00e3o de que trata o \u00a7 4\u00ba deste artigo, quando verificado cumulativamente que o recurso:<br \/>\nI &#8211; n\u00e3o tem prop\u00f3sito meramente protelat\u00f3rio; e<br \/>\nII &#8211; levanta quest\u00e3o substancial e que pode resultar em absolvi\u00e7\u00e3o, anula\u00e7\u00e3o da senten\u00e7a, novo julgamento ou redu\u00e7\u00e3o da pena para patamar inferior a 15 (quinze) anos de reclus\u00e3o.<\/p>\n<p>\u00a7 6\u00ba O pedido de concess\u00e3o de efeito suspensivo poder\u00e1 ser feito incidentemente na apela\u00e7\u00e3o ou por meio de peti\u00e7\u00e3o em separado dirigida diretamente ao relator, instru\u00edda com c\u00f3pias da senten\u00e7a condenat\u00f3ria, das raz\u00f5es da apela\u00e7\u00e3o e de prova da tempestividade, das contrarraz\u00f5es e das demais pe\u00e7as necess\u00e1rias \u00e0 compreens\u00e3o da controv\u00e9rsia.<\/p>\n<\/div>\n                    <\/div>\n    <\/div>\n\n<style>\n    .comment-block {\n        position: relative;\n    }\n    .comment-block .anchor-target {\n        position: absolute;\n        top: -200px;\n    }\n    .comment-block {\n        margin-bottom: 40px;\n    }\n    .comment-block .comment-block-title {\n        flex-wrap: wrap;\n        font-size: 20px;\n        font-weight: 600;\n        line-height: 130%;\n        color: #1c1e2f;\n        margin-bottom: 24px;\n    }\n\n    .comment-block .comment-block-title:last-child {\n        margin-bottom: 64px;\n    }\n\n    .comment-block h3 {\n        font-size: 24px;\n        font-weight: 600;\n        line-height: 120%;\n    }\n\n    .comment-block h4 {\n        font-size: 20px;\n        font-weight: 600;\n        line-height: 120%;\n    }\n\n    .article-box {\n        padding: 24px;\n        border-radius: 8px;\n        border: 1px solid #cbcbd9;\n        margin-bottom: 24px;\n    }\n\n    .article-box:last-child  {\n        margin-bottom: 0;\n    }\n\n    .article-box .article {\n        font-size: 16px;\n        font-weight: 400;\n        line-height: 150%;\n        margin-bottom: 16px;\n    }\n\n    .article-box .article p {\n        margin-bottom: 1em;\n    }\n\n    .article-box .article p:last-child {\n        margin-bottom: 0;\n    }\n\n    .article-box .article:last-child {\n        margin-bottom: 0;\n    }\n\n    .article-box .comment {\n        padding: 24px;\n        background-color: #f6f6fa;\n        font-size: 16px;\n        font-weight: 400;\n        line-height: 150%;\n        border-radius: 8px;\n    }\n\n    .article-box .comment p {\n        margin: 0;\n    }\n\n    .article-box .comment ol {\n        list-style: auto;\n        list-style-position: inside;\n    }\n\n    @media (max-width: 1199px) {\n        .comment-block .comment-block-title {\n            font-size: 16px;\n        }\n\n        .comment-block .comment-block-title h2 {\n            margin-right: 5px;\n        }\n\n        .comment-block h3 {\n            font-size: 20px;\n        }\n        .comment-block h4 {\n            font-size: 18px;\n        }\n    }\n<\/style>\n\n<div class=\"comment-block cp-block\">\n    <!-- Chama a ancora e\/ou titulo se houver -->\n        \n    <!-- Bloco de comentario -->\n            <div class=\"article-box\">\n            <div class=\"article\"><p><strong>Art. 493.<\/strong> A senten\u00e7a ser\u00e1 lida em plen\u00e1rio pelo presidente antes de encerrada a sess\u00e3o de instru\u00e7\u00e3o e julgamento.<\/p>\n<\/div>\n                    <\/div>\n    <\/div>","protected":false},"excerpt":{"rendered":"","protected":false},"author":7,"featured_media":0,"comment_status":"open","ping_status":"open","template":"","cat-cpp":[450,445,446],"class_list":["post-26165","cpp-comentado","type-cpp-comentado","status-publish","hentry","cat-cpp-livro-ii-titulo-i-capitulo-ii","cat-cpp-livro-ii","cat-cpp-livro-ii-titulo-i"],"acf":[],"_links":{"self":[{"href":"https:\/\/www.aurum.com.br\/blog\/wp-json\/wp\/v2\/cpp-comentado\/26165","targetHints":{"allow":["GET"]}}],"collection":[{"href":"https:\/\/www.aurum.com.br\/blog\/wp-json\/wp\/v2\/cpp-comentado"}],"about":[{"href":"https:\/\/www.aurum.com.br\/blog\/wp-json\/wp\/v2\/types\/cpp-comentado"}],"author":[{"embeddable":true,"href":"https:\/\/www.aurum.com.br\/blog\/wp-json\/wp\/v2\/users\/7"}],"replies":[{"embeddable":true,"href":"https:\/\/www.aurum.com.br\/blog\/wp-json\/wp\/v2\/comments?post=26165"}],"wp:attachment":[{"href":"https:\/\/www.aurum.com.br\/blog\/wp-json\/wp\/v2\/media?parent=26165"}],"wp:term":[{"taxonomy":"cat-cpp","embeddable":true,"href":"https:\/\/www.aurum.com.br\/blog\/wp-json\/wp\/v2\/cat-cpp?post=26165"}],"curies":[{"name":"wp","href":"https:\/\/api.w.org\/{rel}","templated":true}]}}