{"id":26155,"date":"2023-12-06T14:08:21","date_gmt":"2023-12-06T17:08:21","guid":{"rendered":"https:\/\/www.aurum.com.br\/blog\/cpp-comentado\/art-425-a-426-cpp\/"},"modified":"2025-05-19T17:53:08","modified_gmt":"2025-05-19T20:53:08","slug":"art-425-a-426-cpp","status":"publish","type":"cpp-comentado","link":"https:\/\/www.aurum.com.br\/blog\/cpp-comentado\/art-425-a-426-cpp\/","title":{"rendered":"Se\u00e7\u00e3o IV &#8211; Do alistamento dos jurados"},"content":{"rendered":"<style>\n    .comment-block {\n        position: relative;\n    }\n    .comment-block .anchor-target {\n        position: absolute;\n        top: -200px;\n    }\n    .comment-block {\n        margin-bottom: 40px;\n    }\n    .comment-block .comment-block-title {\n        flex-wrap: wrap;\n        font-size: 20px;\n        font-weight: 600;\n        line-height: 130%;\n        color: #1c1e2f;\n        margin-bottom: 24px;\n    }\n\n    .comment-block .comment-block-title:last-child {\n        margin-bottom: 64px;\n    }\n\n    .comment-block h3 {\n        font-size: 24px;\n        font-weight: 600;\n        line-height: 120%;\n    }\n\n    .comment-block h4 {\n        font-size: 20px;\n        font-weight: 600;\n        line-height: 120%;\n    }\n\n    .article-box {\n        padding: 24px;\n        border-radius: 8px;\n        border: 1px solid #cbcbd9;\n        margin-bottom: 24px;\n    }\n\n    .article-box:last-child  {\n        margin-bottom: 0;\n    }\n\n    .article-box .article {\n        font-size: 16px;\n        font-weight: 400;\n        line-height: 150%;\n        margin-bottom: 16px;\n    }\n\n    .article-box .article p {\n        margin-bottom: 1em;\n    }\n\n    .article-box .article p:last-child {\n        margin-bottom: 0;\n    }\n\n    .article-box .article:last-child {\n        margin-bottom: 0;\n    }\n\n    .article-box .comment {\n        padding: 24px;\n        background-color: #f6f6fa;\n        font-size: 16px;\n        font-weight: 400;\n        line-height: 150%;\n        border-radius: 8px;\n    }\n\n    .article-box .comment p {\n        margin: 0;\n    }\n\n    .article-box .comment ol {\n        list-style: auto;\n        list-style-position: inside;\n    }\n\n    @media (max-width: 1199px) {\n        .comment-block .comment-block-title {\n            font-size: 16px;\n        }\n\n        .comment-block .comment-block-title h2 {\n            margin-right: 5px;\n        }\n\n        .comment-block h3 {\n            font-size: 20px;\n        }\n        .comment-block h4 {\n            font-size: 18px;\n        }\n    }\n<\/style>\n\n<div class=\"comment-block cp-block\">\n    <!-- Chama a ancora e\/ou titulo se houver -->\n        \n    <!-- Bloco de comentario -->\n            <div class=\"article-box\">\n            <div class=\"article\"><p><strong>Art. 425.<\/strong> Anualmente, ser\u00e3o alistados pelo presidente do Tribunal do J\u00fari de 800 (oitocentos) a 1.500 (um mil e quinhentos) jurados nas comarcas de mais de 1.000.000 (um milh\u00e3o) de habitantes, de 300 (trezentos) a 700 (setecentos) nas comarcas de mais de 100.000 (cem mil) habitantes e de 80 (oitenta) a 400 (quatrocentos) nas comarcas de menor popula\u00e7\u00e3o.<\/p>\n<p>\u00a7 1 Nas comarcas onde for necess\u00e1rio, poder\u00e1 ser aumentado o n\u00famero de jurados e, ainda, organizada lista de suplentes, depositadas as c\u00e9dulas em urna especial, com as cautelas mencionadas na parte final do \u00a7 3o do art. 426 deste C\u00f3digo.<\/p>\n<p>\u00a7 2 O juiz presidente requisitar\u00e1 \u00e0s autoridades locais, associa\u00e7\u00f5es de classe e de bairro, entidades associativas e culturais, institui\u00e7\u00f5es de ensino em geral, universidades, sindicatos, reparti\u00e7\u00f5es p\u00fablicas e outros n\u00facleos comunit\u00e1rios a indica\u00e7\u00e3o de pessoas que re\u00fanam as condi\u00e7\u00f5es para exercer a fun\u00e7\u00e3o de jurado.<\/p>\n<\/div>\n                    <\/div>\n    <\/div>\n\n<style>\n    .comment-block {\n        position: relative;\n    }\n    .comment-block .anchor-target {\n        position: absolute;\n        top: -200px;\n    }\n    .comment-block {\n        margin-bottom: 40px;\n    }\n    .comment-block .comment-block-title {\n        flex-wrap: wrap;\n        font-size: 20px;\n        font-weight: 600;\n        line-height: 130%;\n        color: #1c1e2f;\n        margin-bottom: 24px;\n    }\n\n    .comment-block .comment-block-title:last-child {\n        margin-bottom: 64px;\n    }\n\n    .comment-block h3 {\n        font-size: 24px;\n        font-weight: 600;\n        line-height: 120%;\n    }\n\n    .comment-block h4 {\n        font-size: 20px;\n        font-weight: 600;\n        line-height: 120%;\n    }\n\n    .article-box {\n        padding: 24px;\n        border-radius: 8px;\n        border: 1px solid #cbcbd9;\n        margin-bottom: 24px;\n    }\n\n    .article-box:last-child  {\n        margin-bottom: 0;\n    }\n\n    .article-box .article {\n        font-size: 16px;\n        font-weight: 400;\n        line-height: 150%;\n        margin-bottom: 16px;\n    }\n\n    .article-box .article p {\n        margin-bottom: 1em;\n    }\n\n    .article-box .article p:last-child {\n        margin-bottom: 0;\n    }\n\n    .article-box .article:last-child {\n        margin-bottom: 0;\n    }\n\n    .article-box .comment {\n        padding: 24px;\n        background-color: #f6f6fa;\n        font-size: 16px;\n        font-weight: 400;\n        line-height: 150%;\n        border-radius: 8px;\n    }\n\n    .article-box .comment p {\n        margin: 0;\n    }\n\n    .article-box .comment ol {\n        list-style: auto;\n        list-style-position: inside;\n    }\n\n    @media (max-width: 1199px) {\n        .comment-block .comment-block-title {\n            font-size: 16px;\n        }\n\n        .comment-block .comment-block-title h2 {\n            margin-right: 5px;\n        }\n\n        .comment-block h3 {\n            font-size: 20px;\n        }\n        .comment-block h4 {\n            font-size: 18px;\n        }\n    }\n<\/style>\n\n<div class=\"comment-block cp-block\">\n    <!-- Chama a ancora e\/ou titulo se houver -->\n        \n    <!-- Bloco de comentario -->\n            <div class=\"article-box\">\n            <div class=\"article\"><p><strong>Art. 426.<\/strong> A lista geral dos jurados, com indica\u00e7\u00e3o das respectivas profiss\u00f5es, ser\u00e1 publicada pela imprensa at\u00e9 o dia 10 de outubro de cada ano e divulgada em editais afixados \u00e0 porta do Tribunal do J\u00fari.<\/p>\n<p>\u00a7 1 A lista poder\u00e1 ser alterada, de of\u00edcio ou mediante reclama\u00e7\u00e3o de qualquer do povo ao juiz presidente at\u00e9 o dia 10 de novembro, data de sua publica\u00e7\u00e3o definitiva.<\/p>\n<p>\u00a7 2 Juntamente com a lista, ser\u00e3o transcritos os arts. 436 a 446 deste C\u00f3digo.<\/p>\n<p>\u00a7 3 Os nomes e endere\u00e7os dos alistados, em cart\u00f5es iguais, ap\u00f3s serem verificados na presen\u00e7a do Minist\u00e9rio P\u00fablico, de advogado indicado pela Se\u00e7\u00e3o local da Ordem dos Advogados do Brasil e de defensor indicado pelas Defensorias P\u00fablicas competentes, permanecer\u00e3o guardados em urna fechada a chave, sob a responsabilidade do juiz presidente.<\/p>\n<p>\u00a7 4 O jurado que tiver integrado o Conselho de Senten\u00e7a nos 12 (doze) meses que antecederem \u00e0 publica\u00e7\u00e3o da lista geral fica dela exclu\u00eddo.<\/p>\n<p>\u00a7 5 Anualmente, a lista geral de jurados ser\u00e1, obrigatoriamente, completada.<\/p>\n<\/div>\n                    <\/div>\n    <\/div>","protected":false},"excerpt":{"rendered":"","protected":false},"author":7,"featured_media":0,"comment_status":"open","ping_status":"open","template":"","cat-cpp":[450,445,446],"class_list":["post-26155","cpp-comentado","type-cpp-comentado","status-publish","hentry","cat-cpp-livro-ii-titulo-i-capitulo-ii","cat-cpp-livro-ii","cat-cpp-livro-ii-titulo-i"],"acf":[],"_links":{"self":[{"href":"https:\/\/www.aurum.com.br\/blog\/wp-json\/wp\/v2\/cpp-comentado\/26155","targetHints":{"allow":["GET"]}}],"collection":[{"href":"https:\/\/www.aurum.com.br\/blog\/wp-json\/wp\/v2\/cpp-comentado"}],"about":[{"href":"https:\/\/www.aurum.com.br\/blog\/wp-json\/wp\/v2\/types\/cpp-comentado"}],"author":[{"embeddable":true,"href":"https:\/\/www.aurum.com.br\/blog\/wp-json\/wp\/v2\/users\/7"}],"replies":[{"embeddable":true,"href":"https:\/\/www.aurum.com.br\/blog\/wp-json\/wp\/v2\/comments?post=26155"}],"wp:attachment":[{"href":"https:\/\/www.aurum.com.br\/blog\/wp-json\/wp\/v2\/media?parent=26155"}],"wp:term":[{"taxonomy":"cat-cpp","embeddable":true,"href":"https:\/\/www.aurum.com.br\/blog\/wp-json\/wp\/v2\/cat-cpp?post=26155"}],"curies":[{"name":"wp","href":"https:\/\/api.w.org\/{rel}","templated":true}]}}