{"id":28534,"date":"2024-06-27T12:18:00","date_gmt":"2024-06-27T15:18:00","guid":{"rendered":"https:\/\/www.aurum.com.br\/blog\/clt-comentado\/art-876-a-879-clt\/"},"modified":"2025-05-19T13:08:47","modified_gmt":"2025-05-19T16:08:47","slug":"art-876-a-879-clt","status":"publish","type":"clt-comentado","link":"https:\/\/www.aurum.com.br\/blog\/clt-comentado\/art-876-a-879-clt\/","title":{"rendered":"Se\u00e7\u00e3o I \u2013 Das Disposi\u00e7\u00f5es Preliminares"},"content":{"rendered":"<style>\n    .comment-block {\n        position: relative;\n    }\n    .comment-block .anchor-target {\n        position: absolute;\n        top: -200px;\n    }\n    .comment-block {\n        margin-bottom: 40px;\n    }\n    .comment-block .comment-block-title {\n        flex-wrap: wrap;\n        font-size: 20px;\n        font-weight: 600;\n        line-height: 130%;\n        color: #1c1e2f;\n        margin-bottom: 24px;\n    }\n\n    .comment-block .comment-block-title:last-child {\n        margin-bottom: 64px;\n    }\n\n    .comment-block h3 {\n        font-size: 24px;\n        font-weight: 600;\n        line-height: 120%;\n    }\n\n    .comment-block h4 {\n        font-size: 20px;\n        font-weight: 600;\n        line-height: 120%;\n    }\n\n    .article-box {\n        padding: 24px;\n        border-radius: 8px;\n        border: 1px solid #cbcbd9;\n        margin-bottom: 24px;\n    }\n\n    .article-box:last-child  {\n        margin-bottom: 0;\n    }\n\n    .article-box .article {\n        font-size: 16px;\n        font-weight: 400;\n        line-height: 150%;\n        margin-bottom: 16px;\n    }\n\n    .article-box .article p {\n        margin-bottom: 1em;\n    }\n\n    .article-box .article p:last-child {\n        margin-bottom: 0;\n    }\n\n    .article-box .article:last-child {\n        margin-bottom: 0;\n    }\n\n    .article-box .comment {\n        padding: 24px;\n        background-color: #f6f6fa;\n        font-size: 16px;\n        font-weight: 400;\n        line-height: 150%;\n        border-radius: 8px;\n    }\n\n    .article-box .comment p {\n        margin: 0;\n    }\n\n    .article-box .comment ol {\n        list-style: auto;\n        list-style-position: inside;\n    }\n\n    @media (max-width: 1199px) {\n        .comment-block .comment-block-title {\n            font-size: 16px;\n        }\n\n        .comment-block .comment-block-title h2 {\n            margin-right: 5px;\n        }\n\n        .comment-block h3 {\n            font-size: 20px;\n        }\n        .comment-block h4 {\n            font-size: 18px;\n        }\n    }\n<\/style>\n\n<div class=\"comment-block cp-block\">\n    <!-- Chama a ancora e\/ou titulo se houver -->\n        \n    <!-- Bloco de comentario -->\n            <div class=\"article-box\">\n            <div class=\"article\"><p><strong>Art. 876.<\/strong> As decis\u00f5es passadas em julgado ou das quais n\u00e3o tenha havido recurso com efeito suspensivo; os acordos, quando n\u00e3o cumpridos; os termos de ajuste de conduta firmados perante o Minist\u00e9rio P\u00fablico do Trabalho e os termos de concilia\u00e7\u00e3o firmados perante as Comiss\u00f5es de Concilia\u00e7\u00e3o Pr\u00e9via ser\u00e3o executada pela forma estabelecida neste Cap\u00edtulo.<\/p>\n<p>Par\u00e1grafo \u00fanico. A Justi\u00e7a do Trabalho executar\u00e1, de of\u00edcio, as contribui\u00e7\u00f5es sociais previstas na al\u00ednea a do inciso I e no inciso II do caput do art. 195 da Constitui\u00e7\u00e3o Federal, e seus acr\u00e9scimos legais, relativas ao objeto da condena\u00e7\u00e3o constante das senten\u00e7as que proferir e dos acordos que homologar.<\/p>\n<\/div>\n                    <\/div>\n    <\/div>\n\n<style>\n    .comment-block {\n        position: relative;\n    }\n    .comment-block .anchor-target {\n        position: absolute;\n        top: -200px;\n    }\n    .comment-block {\n        margin-bottom: 40px;\n    }\n    .comment-block .comment-block-title {\n        flex-wrap: wrap;\n        font-size: 20px;\n        font-weight: 600;\n        line-height: 130%;\n        color: #1c1e2f;\n        margin-bottom: 24px;\n    }\n\n    .comment-block .comment-block-title:last-child {\n        margin-bottom: 64px;\n    }\n\n    .comment-block h3 {\n        font-size: 24px;\n        font-weight: 600;\n        line-height: 120%;\n    }\n\n    .comment-block h4 {\n        font-size: 20px;\n        font-weight: 600;\n        line-height: 120%;\n    }\n\n    .article-box {\n        padding: 24px;\n        border-radius: 8px;\n        border: 1px solid #cbcbd9;\n        margin-bottom: 24px;\n    }\n\n    .article-box:last-child  {\n        margin-bottom: 0;\n    }\n\n    .article-box .article {\n        font-size: 16px;\n        font-weight: 400;\n        line-height: 150%;\n        margin-bottom: 16px;\n    }\n\n    .article-box .article p {\n        margin-bottom: 1em;\n    }\n\n    .article-box .article p:last-child {\n        margin-bottom: 0;\n    }\n\n    .article-box .article:last-child {\n        margin-bottom: 0;\n    }\n\n    .article-box .comment {\n        padding: 24px;\n        background-color: #f6f6fa;\n        font-size: 16px;\n        font-weight: 400;\n        line-height: 150%;\n        border-radius: 8px;\n    }\n\n    .article-box .comment p {\n        margin: 0;\n    }\n\n    .article-box .comment ol {\n        list-style: auto;\n        list-style-position: inside;\n    }\n\n    @media (max-width: 1199px) {\n        .comment-block .comment-block-title {\n            font-size: 16px;\n        }\n\n        .comment-block .comment-block-title h2 {\n            margin-right: 5px;\n        }\n\n        .comment-block h3 {\n            font-size: 20px;\n        }\n        .comment-block h4 {\n            font-size: 18px;\n        }\n    }\n<\/style>\n\n<div class=\"comment-block cp-block\">\n    <!-- Chama a ancora e\/ou titulo se houver -->\n        \n    <!-- Bloco de comentario -->\n            <div class=\"article-box\">\n            <div class=\"article\"><p><strong>Art. 877.<\/strong> \u00c9 competente para a execu\u00e7\u00e3o das decis\u00f5es o Juiz ou Presidente do Tribunal que tiver conciliado ou julgado originariamente o diss\u00eddio.<\/p>\n<\/div>\n                    <\/div>\n    <\/div>\n\n<style>\n    .comment-block {\n        position: relative;\n    }\n    .comment-block .anchor-target {\n        position: absolute;\n        top: -200px;\n    }\n    .comment-block {\n        margin-bottom: 40px;\n    }\n    .comment-block .comment-block-title {\n        flex-wrap: wrap;\n        font-size: 20px;\n        font-weight: 600;\n        line-height: 130%;\n        color: #1c1e2f;\n        margin-bottom: 24px;\n    }\n\n    .comment-block .comment-block-title:last-child {\n        margin-bottom: 64px;\n    }\n\n    .comment-block h3 {\n        font-size: 24px;\n        font-weight: 600;\n        line-height: 120%;\n    }\n\n    .comment-block h4 {\n        font-size: 20px;\n        font-weight: 600;\n        line-height: 120%;\n    }\n\n    .article-box {\n        padding: 24px;\n        border-radius: 8px;\n        border: 1px solid #cbcbd9;\n        margin-bottom: 24px;\n    }\n\n    .article-box:last-child  {\n        margin-bottom: 0;\n    }\n\n    .article-box .article {\n        font-size: 16px;\n        font-weight: 400;\n        line-height: 150%;\n        margin-bottom: 16px;\n    }\n\n    .article-box .article p {\n        margin-bottom: 1em;\n    }\n\n    .article-box .article p:last-child {\n        margin-bottom: 0;\n    }\n\n    .article-box .article:last-child {\n        margin-bottom: 0;\n    }\n\n    .article-box .comment {\n        padding: 24px;\n        background-color: #f6f6fa;\n        font-size: 16px;\n        font-weight: 400;\n        line-height: 150%;\n        border-radius: 8px;\n    }\n\n    .article-box .comment p {\n        margin: 0;\n    }\n\n    .article-box .comment ol {\n        list-style: auto;\n        list-style-position: inside;\n    }\n\n    @media (max-width: 1199px) {\n        .comment-block .comment-block-title {\n            font-size: 16px;\n        }\n\n        .comment-block .comment-block-title h2 {\n            margin-right: 5px;\n        }\n\n        .comment-block h3 {\n            font-size: 20px;\n        }\n        .comment-block h4 {\n            font-size: 18px;\n        }\n    }\n<\/style>\n\n<div class=\"comment-block cp-block\">\n    <!-- Chama a ancora e\/ou titulo se houver -->\n        \n    <!-- Bloco de comentario -->\n            <div class=\"article-box\">\n            <div class=\"article\"><p><strong>Art. 877-A.<\/strong> \u00c9 competente para a execu\u00e7\u00e3o de t\u00edtulo executivo extrajudicial o juiz que teria compet\u00eancia para o processo de conhecimento relativo \u00e0 mat\u00e9ria.<\/p>\n<\/div>\n                    <\/div>\n    <\/div>\n\n<style>\n    .comment-block {\n        position: relative;\n    }\n    .comment-block .anchor-target {\n        position: absolute;\n        top: -200px;\n    }\n    .comment-block {\n        margin-bottom: 40px;\n    }\n    .comment-block .comment-block-title {\n        flex-wrap: wrap;\n        font-size: 20px;\n        font-weight: 600;\n        line-height: 130%;\n        color: #1c1e2f;\n        margin-bottom: 24px;\n    }\n\n    .comment-block .comment-block-title:last-child {\n        margin-bottom: 64px;\n    }\n\n    .comment-block h3 {\n        font-size: 24px;\n        font-weight: 600;\n        line-height: 120%;\n    }\n\n    .comment-block h4 {\n        font-size: 20px;\n        font-weight: 600;\n        line-height: 120%;\n    }\n\n    .article-box {\n        padding: 24px;\n        border-radius: 8px;\n        border: 1px solid #cbcbd9;\n        margin-bottom: 24px;\n    }\n\n    .article-box:last-child  {\n        margin-bottom: 0;\n    }\n\n    .article-box .article {\n        font-size: 16px;\n        font-weight: 400;\n        line-height: 150%;\n        margin-bottom: 16px;\n    }\n\n    .article-box .article p {\n        margin-bottom: 1em;\n    }\n\n    .article-box .article p:last-child {\n        margin-bottom: 0;\n    }\n\n    .article-box .article:last-child {\n        margin-bottom: 0;\n    }\n\n    .article-box .comment {\n        padding: 24px;\n        background-color: #f6f6fa;\n        font-size: 16px;\n        font-weight: 400;\n        line-height: 150%;\n        border-radius: 8px;\n    }\n\n    .article-box .comment p {\n        margin: 0;\n    }\n\n    .article-box .comment ol {\n        list-style: auto;\n        list-style-position: inside;\n    }\n\n    @media (max-width: 1199px) {\n        .comment-block .comment-block-title {\n            font-size: 16px;\n        }\n\n        .comment-block .comment-block-title h2 {\n            margin-right: 5px;\n        }\n\n        .comment-block h3 {\n            font-size: 20px;\n        }\n        .comment-block h4 {\n            font-size: 18px;\n        }\n    }\n<\/style>\n\n<div class=\"comment-block cp-block\">\n    <!-- Chama a ancora e\/ou titulo se houver -->\n        \n    <!-- Bloco de comentario -->\n            <div class=\"article-box\">\n            <div class=\"article\"><p><strong>Art. 878.<\/strong> A execu\u00e7\u00e3o ser\u00e1 promovida pelas partes, permitida a execu\u00e7\u00e3o de of\u00edcio pelo juiz ou pelo Presidente do Tribunal apenas nos casos em que as partes n\u00e3o estiverem representadas por advogado.<\/p>\n<p>Par\u00e1grafo \u00fanico. (Revogado).<\/p>\n<\/div>\n                    <\/div>\n    <\/div>\n\n<style>\n    .comment-block {\n        position: relative;\n    }\n    .comment-block .anchor-target {\n        position: absolute;\n        top: -200px;\n    }\n    .comment-block {\n        margin-bottom: 40px;\n    }\n    .comment-block .comment-block-title {\n        flex-wrap: wrap;\n        font-size: 20px;\n        font-weight: 600;\n        line-height: 130%;\n        color: #1c1e2f;\n        margin-bottom: 24px;\n    }\n\n    .comment-block .comment-block-title:last-child {\n        margin-bottom: 64px;\n    }\n\n    .comment-block h3 {\n        font-size: 24px;\n        font-weight: 600;\n        line-height: 120%;\n    }\n\n    .comment-block h4 {\n        font-size: 20px;\n        font-weight: 600;\n        line-height: 120%;\n    }\n\n    .article-box {\n        padding: 24px;\n        border-radius: 8px;\n        border: 1px solid #cbcbd9;\n        margin-bottom: 24px;\n    }\n\n    .article-box:last-child  {\n        margin-bottom: 0;\n    }\n\n    .article-box .article {\n        font-size: 16px;\n        font-weight: 400;\n        line-height: 150%;\n        margin-bottom: 16px;\n    }\n\n    .article-box .article p {\n        margin-bottom: 1em;\n    }\n\n    .article-box .article p:last-child {\n        margin-bottom: 0;\n    }\n\n    .article-box .article:last-child {\n        margin-bottom: 0;\n    }\n\n    .article-box .comment {\n        padding: 24px;\n        background-color: #f6f6fa;\n        font-size: 16px;\n        font-weight: 400;\n        line-height: 150%;\n        border-radius: 8px;\n    }\n\n    .article-box .comment p {\n        margin: 0;\n    }\n\n    .article-box .comment ol {\n        list-style: auto;\n        list-style-position: inside;\n    }\n\n    @media (max-width: 1199px) {\n        .comment-block .comment-block-title {\n            font-size: 16px;\n        }\n\n        .comment-block .comment-block-title h2 {\n            margin-right: 5px;\n        }\n\n        .comment-block h3 {\n            font-size: 20px;\n        }\n        .comment-block h4 {\n            font-size: 18px;\n        }\n    }\n<\/style>\n\n<div class=\"comment-block cp-block\">\n    <!-- Chama a ancora e\/ou titulo se houver -->\n        \n    <!-- Bloco de comentario -->\n            <div class=\"article-box\">\n            <div class=\"article\"><p><strong>Art. 878-A.<\/strong> Faculta-se ao devedor o pagamento imediato da parte que entender devida \u00e0 Previd\u00eancia Social, sem preju\u00edzo da cobran\u00e7a de eventuais diferen\u00e7as encontradas na execu\u00e7\u00e3o ex officio.<\/p>\n<\/div>\n                    <\/div>\n    <\/div>\n\n<style>\n    .comment-block {\n        position: relative;\n    }\n    .comment-block .anchor-target {\n        position: absolute;\n        top: -200px;\n    }\n    .comment-block {\n        margin-bottom: 40px;\n    }\n    .comment-block .comment-block-title {\n        flex-wrap: wrap;\n        font-size: 20px;\n        font-weight: 600;\n        line-height: 130%;\n        color: #1c1e2f;\n        margin-bottom: 24px;\n    }\n\n    .comment-block .comment-block-title:last-child {\n        margin-bottom: 64px;\n    }\n\n    .comment-block h3 {\n        font-size: 24px;\n        font-weight: 600;\n        line-height: 120%;\n    }\n\n    .comment-block h4 {\n        font-size: 20px;\n        font-weight: 600;\n        line-height: 120%;\n    }\n\n    .article-box {\n        padding: 24px;\n        border-radius: 8px;\n        border: 1px solid #cbcbd9;\n        margin-bottom: 24px;\n    }\n\n    .article-box:last-child  {\n        margin-bottom: 0;\n    }\n\n    .article-box .article {\n        font-size: 16px;\n        font-weight: 400;\n        line-height: 150%;\n        margin-bottom: 16px;\n    }\n\n    .article-box .article p {\n        margin-bottom: 1em;\n    }\n\n    .article-box .article p:last-child {\n        margin-bottom: 0;\n    }\n\n    .article-box .article:last-child {\n        margin-bottom: 0;\n    }\n\n    .article-box .comment {\n        padding: 24px;\n        background-color: #f6f6fa;\n        font-size: 16px;\n        font-weight: 400;\n        line-height: 150%;\n        border-radius: 8px;\n    }\n\n    .article-box .comment p {\n        margin: 0;\n    }\n\n    .article-box .comment ol {\n        list-style: auto;\n        list-style-position: inside;\n    }\n\n    @media (max-width: 1199px) {\n        .comment-block .comment-block-title {\n            font-size: 16px;\n        }\n\n        .comment-block .comment-block-title h2 {\n            margin-right: 5px;\n        }\n\n        .comment-block h3 {\n            font-size: 20px;\n        }\n        .comment-block h4 {\n            font-size: 18px;\n        }\n    }\n<\/style>\n\n<div class=\"comment-block cp-block\">\n    <!-- Chama a ancora e\/ou titulo se houver -->\n        \n    <!-- Bloco de comentario -->\n            <div class=\"article-box\">\n            <div class=\"article\"><p><strong>Art. 879.<\/strong> Sendo il\u00edquida a senten\u00e7a exeq\u00fcenda, ordenar-se-\u00e1, previamente, a sua liquida\u00e7\u00e3o, que poder\u00e1 ser feita por c\u00e1lculo, por arbitramento ou por artigos.<\/p>\n<p>\u00a7 1\u00ba Na liquida\u00e7\u00e3o, n\u00e3o se poder\u00e1 modificar, ou inovar, a senten\u00e7a liquidanda nem discutir mat\u00e9ria pertinente \u00e0 causa principal.<\/p>\n<p>\u00a7 1\u00ba-A. A liquida\u00e7\u00e3o abranger\u00e1, tamb\u00e9m, o c\u00e1lculo das contribui\u00e7\u00f5es previdenci\u00e1rias devidas.<\/p>\n<p>\u00a7 1\u00ba-B. As partes dever\u00e3o ser previamente intimadas para a apresenta\u00e7\u00e3o do c\u00e1lculo de liquida\u00e7\u00e3o, inclusive da contribui\u00e7\u00e3o previdenci\u00e1ria incidente.<\/p>\n<p>\u00a7 2\u00ba Elaborada a conta e tornada l\u00edquida, o ju\u00edzo dever\u00e1 abrir \u00e0s partes prazo comum de oito dias para impugna\u00e7\u00e3o fundamentada com a indica\u00e7\u00e3o dos itens e valores objeto da discord\u00e2ncia, sob pena de preclus\u00e3o.<\/p>\n<p>\u00a7 3\u00ba Elaborada a conta pela parte ou pelos \u00f3rg\u00e3os auxiliares da Justi\u00e7a do Trabalho, o juiz proceder\u00e1 \u00e0 intima\u00e7\u00e3o da Uni\u00e3o para manifesta\u00e7\u00e3o, no prazo de 10 (dez) dias, sob pena de preclus\u00e3o.<\/p>\n<p>\u00a7 4\u00ba A atualiza\u00e7\u00e3o do cr\u00e9dito devido \u00e0 Previd\u00eancia Social observar\u00e1 os crit\u00e9rios estabelecidos na legisla\u00e7\u00e3o previdenci\u00e1ria.<\/p>\n<p>\u00a7 5\u00ba O Ministro de Estado da Fazenda poder\u00e1, mediante ato fundamentado, dispensar a manifesta\u00e7\u00e3o da Uni\u00e3o quando o valor total das verbas que integram o sal\u00e1rio-de-contribui\u00e7\u00e3o, na forma do art. 28 da Lei no 8.212, de 24 de julho de 1991, ocasionar perda de escala decorrente da atua\u00e7\u00e3o do \u00f3rg\u00e3o jur\u00eddico.<\/p>\n<p>\u00a7 6\u00ba Tratando-se de c\u00e1lculos de liquida\u00e7\u00e3o complexos, o juiz poder\u00e1 nomear perito para a elabora\u00e7\u00e3o e fixar\u00e1, depois da conclus\u00e3o do trabalho, o valor dos respectivos honor\u00e1rios com observ\u00e2ncia, entre outros, dos crit\u00e9rios de razoabilidade e proporcionalidade.<\/p>\n<p>\u00a7 7\u00ba A atualiza\u00e7\u00e3o dos cr\u00e9ditos decorrentes de condena\u00e7\u00e3o judicial ser\u00e1 feita pela Taxa Referencial (TR), divulgada pelo Banco Central do Brasil, conforme a Lei no 8.177, de 1o de mar\u00e7o de 1991.<\/p>\n<\/div>\n                    <\/div>\n    <\/div>","protected":false},"excerpt":{"rendered":"","protected":false},"author":7,"featured_media":0,"comment_status":"open","ping_status":"open","template":"","cat-clt":[571,566],"class_list":["post-28534","clt-comentado","type-clt-comentado","status-publish","hentry","cat-clt-capitulo-v-titulo-viii","cat-clt-titulo-viii"],"acf":[],"_links":{"self":[{"href":"https:\/\/www.aurum.com.br\/blog\/wp-json\/wp\/v2\/clt-comentado\/28534","targetHints":{"allow":["GET"]}}],"collection":[{"href":"https:\/\/www.aurum.com.br\/blog\/wp-json\/wp\/v2\/clt-comentado"}],"about":[{"href":"https:\/\/www.aurum.com.br\/blog\/wp-json\/wp\/v2\/types\/clt-comentado"}],"author":[{"embeddable":true,"href":"https:\/\/www.aurum.com.br\/blog\/wp-json\/wp\/v2\/users\/7"}],"replies":[{"embeddable":true,"href":"https:\/\/www.aurum.com.br\/blog\/wp-json\/wp\/v2\/comments?post=28534"}],"wp:attachment":[{"href":"https:\/\/www.aurum.com.br\/blog\/wp-json\/wp\/v2\/media?parent=28534"}],"wp:term":[{"taxonomy":"cat-clt","embeddable":true,"href":"https:\/\/www.aurum.com.br\/blog\/wp-json\/wp\/v2\/cat-clt?post=28534"}],"curies":[{"name":"wp","href":"https:\/\/api.w.org\/{rel}","templated":true}]}}