{"id":28493,"date":"2024-06-27T12:17:52","date_gmt":"2024-06-27T15:17:52","guid":{"rendered":"https:\/\/www.aurum.com.br\/blog\/clt-comentado\/art-721-clt\/"},"modified":"2025-05-19T15:40:45","modified_gmt":"2025-05-19T18:40:45","slug":"art-721-clt","status":"publish","type":"clt-comentado","link":"https:\/\/www.aurum.com.br\/blog\/clt-comentado\/art-721-clt\/","title":{"rendered":"Se\u00e7\u00e3o V \u2013 Dos Oficiais de Dilig\u00eancia"},"content":{"rendered":"<style>\n    .comment-block {\n        position: relative;\n    }\n    .comment-block .anchor-target {\n        position: absolute;\n        top: -200px;\n    }\n    .comment-block {\n        margin-bottom: 40px;\n    }\n    .comment-block .comment-block-title {\n        flex-wrap: wrap;\n        font-size: 20px;\n        font-weight: 600;\n        line-height: 130%;\n        color: #1c1e2f;\n        margin-bottom: 24px;\n    }\n\n    .comment-block .comment-block-title:last-child {\n        margin-bottom: 64px;\n    }\n\n    .comment-block h3 {\n        font-size: 24px;\n        font-weight: 600;\n        line-height: 120%;\n    }\n\n    .comment-block h4 {\n        font-size: 20px;\n        font-weight: 600;\n        line-height: 120%;\n    }\n\n    .article-box {\n        padding: 24px;\n        border-radius: 8px;\n        border: 1px solid #cbcbd9;\n        margin-bottom: 24px;\n    }\n\n    .article-box:last-child  {\n        margin-bottom: 0;\n    }\n\n    .article-box .article {\n        font-size: 16px;\n        font-weight: 400;\n        line-height: 150%;\n        margin-bottom: 16px;\n    }\n\n    .article-box .article p {\n        margin-bottom: 1em;\n    }\n\n    .article-box .article p:last-child {\n        margin-bottom: 0;\n    }\n\n    .article-box .article:last-child {\n        margin-bottom: 0;\n    }\n\n    .article-box .comment {\n        padding: 24px;\n        background-color: #f6f6fa;\n        font-size: 16px;\n        font-weight: 400;\n        line-height: 150%;\n        border-radius: 8px;\n    }\n\n    .article-box .comment p {\n        margin: 0;\n    }\n\n    .article-box .comment ol {\n        list-style: auto;\n        list-style-position: inside;\n    }\n\n    @media (max-width: 1199px) {\n        .comment-block .comment-block-title {\n            font-size: 16px;\n        }\n\n        .comment-block .comment-block-title h2 {\n            margin-right: 5px;\n        }\n\n        .comment-block h3 {\n            font-size: 20px;\n        }\n        .comment-block h4 {\n            font-size: 18px;\n        }\n    }\n<\/style>\n\n<div class=\"comment-block cp-block\">\n    <!-- Chama a ancora e\/ou titulo se houver -->\n        \n    <!-- Bloco de comentario -->\n            <div class=\"article-box\">\n            <div class=\"article\"><p><strong>Art. 721.<\/strong> Incumbe aos Oficiais de Justi\u00e7a e Oficiais de Justi\u00e7a Avaliadores da Justi\u00e7a do Trabalho a realiza\u00e7\u00e3o dos atos decorrentes da execu\u00e7\u00e3o dos julgados das Juntas de Concilia\u00e7\u00e3o e Julgamento e dos Tribunais Regionais do Trabalho, que lhes forem cometidos pelos respectivos Presidentes.<\/p>\n<p>\u00a7 1\u00ba Para efeito de distribui\u00e7\u00e3o dos referidos atos, cada Oficial de Justi\u00e7a ou Oficial de Justi\u00e7a Avaliador funcionar\u00e1 perante uma Junta de Concilia\u00e7\u00e3o e Julgamento, salvo quando da exist\u00eancia, nos Tribunais Regionais do Trabalho, de \u00f3rg\u00e3o espec\u00edfico, destinado \u00e0 distribui\u00e7\u00e3o de mandados judiciais.<\/p>\n<p>\u00a7 2\u00ba Nas localidades onde houver mais de uma Junta, respeitado o disposto no par\u00e1grafo anterior, a atribui\u00e7\u00e3o para o cumprimento do ato deprecado ao Oficial de Justi\u00e7a ou Oficial de Justi\u00e7a Avaliador ser\u00e1 transferida a outro Oficial, sempre que, ap\u00f3s o decurso de 9 (nove) dias, sem raz\u00f5es que o justifiquem, n\u00e3o tiver sido cumprido o ato, sujeitando-se o serventu\u00e1rio \u00e0s penalidades da lei.<\/p>\n<p>\u00a7 3\u00ba No caso de avalia\u00e7\u00e3o, ter\u00e1 o Oficial de Justi\u00e7a Avaliador, para cumprimento da ato, o prazo previsto no art. 888.<\/p>\n<p>\u00a7 4\u00ba \u00c9 facultado aos Presidentes dos Tribunais Regionais do Trabalho cometer a qualquer Oficial de Justi\u00e7a ou Oficial de Justi\u00e7a Avaliador a realiza\u00e7\u00e3o dos atos de execu\u00e7\u00e3o das decis\u00f5es d\u00easses Tribunais.<\/p>\n<p>\u00a7 5\u00ba Na falta ou impedimento do Oficial de Justi\u00e7a ou Oficial de Justi\u00e7a Avaliador, o Presidente da Junta poder\u00e1 atribuir a realiza\u00e7\u00e3o do ato a qualquer serventu\u00e1rio.<\/p>\n<\/div>\n                    <\/div>\n    <\/div>","protected":false},"excerpt":{"rendered":"","protected":false},"author":7,"featured_media":0,"comment_status":"open","ping_status":"open","template":"","cat-clt":[572,566],"class_list":["post-28493","clt-comentado","type-clt-comentado","status-publish","hentry","cat-clt-capitulo-vi-titulo-viii","cat-clt-titulo-viii"],"acf":[],"_links":{"self":[{"href":"https:\/\/www.aurum.com.br\/blog\/wp-json\/wp\/v2\/clt-comentado\/28493","targetHints":{"allow":["GET"]}}],"collection":[{"href":"https:\/\/www.aurum.com.br\/blog\/wp-json\/wp\/v2\/clt-comentado"}],"about":[{"href":"https:\/\/www.aurum.com.br\/blog\/wp-json\/wp\/v2\/types\/clt-comentado"}],"author":[{"embeddable":true,"href":"https:\/\/www.aurum.com.br\/blog\/wp-json\/wp\/v2\/users\/7"}],"replies":[{"embeddable":true,"href":"https:\/\/www.aurum.com.br\/blog\/wp-json\/wp\/v2\/comments?post=28493"}],"wp:attachment":[{"href":"https:\/\/www.aurum.com.br\/blog\/wp-json\/wp\/v2\/media?parent=28493"}],"wp:term":[{"taxonomy":"cat-clt","embeddable":true,"href":"https:\/\/www.aurum.com.br\/blog\/wp-json\/wp\/v2\/cat-clt?post=28493"}],"curies":[{"name":"wp","href":"https:\/\/api.w.org\/{rel}","templated":true}]}}