{"id":28479,"date":"2024-06-27T12:17:48","date_gmt":"2024-06-27T15:17:48","guid":{"rendered":"https:\/\/www.aurum.com.br\/blog\/clt-comentado\/art-681-a-683-clt\/"},"modified":"2025-05-19T14:59:54","modified_gmt":"2025-05-19T17:59:54","slug":"art-681-a-683-clt","status":"publish","type":"clt-comentado","link":"https:\/\/www.aurum.com.br\/blog\/clt-comentado\/art-681-a-683-clt\/","title":{"rendered":"Se\u00e7\u00e3o III \u2013 Dos Presidentes dos Tribunais Regionais"},"content":{"rendered":"<style>\n    .comment-block {\n        position: relative;\n    }\n    .comment-block .anchor-target {\n        position: absolute;\n        top: -200px;\n    }\n    .comment-block {\n        margin-bottom: 40px;\n    }\n    .comment-block .comment-block-title {\n        flex-wrap: wrap;\n        font-size: 20px;\n        font-weight: 600;\n        line-height: 130%;\n        color: #1c1e2f;\n        margin-bottom: 24px;\n    }\n\n    .comment-block .comment-block-title:last-child {\n        margin-bottom: 64px;\n    }\n\n    .comment-block h3 {\n        font-size: 24px;\n        font-weight: 600;\n        line-height: 120%;\n    }\n\n    .comment-block h4 {\n        font-size: 20px;\n        font-weight: 600;\n        line-height: 120%;\n    }\n\n    .article-box {\n        padding: 24px;\n        border-radius: 8px;\n        border: 1px solid #cbcbd9;\n        margin-bottom: 24px;\n    }\n\n    .article-box:last-child  {\n        margin-bottom: 0;\n    }\n\n    .article-box .article {\n        font-size: 16px;\n        font-weight: 400;\n        line-height: 150%;\n        margin-bottom: 16px;\n    }\n\n    .article-box .article p {\n        margin-bottom: 1em;\n    }\n\n    .article-box .article p:last-child {\n        margin-bottom: 0;\n    }\n\n    .article-box .article:last-child {\n        margin-bottom: 0;\n    }\n\n    .article-box .comment {\n        padding: 24px;\n        background-color: #f6f6fa;\n        font-size: 16px;\n        font-weight: 400;\n        line-height: 150%;\n        border-radius: 8px;\n    }\n\n    .article-box .comment p {\n        margin: 0;\n    }\n\n    .article-box .comment ol {\n        list-style: auto;\n        list-style-position: inside;\n    }\n\n    @media (max-width: 1199px) {\n        .comment-block .comment-block-title {\n            font-size: 16px;\n        }\n\n        .comment-block .comment-block-title h2 {\n            margin-right: 5px;\n        }\n\n        .comment-block h3 {\n            font-size: 20px;\n        }\n        .comment-block h4 {\n            font-size: 18px;\n        }\n    }\n<\/style>\n\n<div class=\"comment-block cp-block\">\n    <!-- Chama a ancora e\/ou titulo se houver -->\n        \n    <!-- Bloco de comentario -->\n            <div class=\"article-box\">\n            <div class=\"article\"><p><strong>Art. 681.<\/strong> Os presidentes e vice-presidentes dos Tribunais Regionais do Trabalho tomar\u00e3o posse perante os respectivos Tribunais.<\/p>\n<\/div>\n                    <\/div>\n    <\/div>\n\n<style>\n    .comment-block {\n        position: relative;\n    }\n    .comment-block .anchor-target {\n        position: absolute;\n        top: -200px;\n    }\n    .comment-block {\n        margin-bottom: 40px;\n    }\n    .comment-block .comment-block-title {\n        flex-wrap: wrap;\n        font-size: 20px;\n        font-weight: 600;\n        line-height: 130%;\n        color: #1c1e2f;\n        margin-bottom: 24px;\n    }\n\n    .comment-block .comment-block-title:last-child {\n        margin-bottom: 64px;\n    }\n\n    .comment-block h3 {\n        font-size: 24px;\n        font-weight: 600;\n        line-height: 120%;\n    }\n\n    .comment-block h4 {\n        font-size: 20px;\n        font-weight: 600;\n        line-height: 120%;\n    }\n\n    .article-box {\n        padding: 24px;\n        border-radius: 8px;\n        border: 1px solid #cbcbd9;\n        margin-bottom: 24px;\n    }\n\n    .article-box:last-child  {\n        margin-bottom: 0;\n    }\n\n    .article-box .article {\n        font-size: 16px;\n        font-weight: 400;\n        line-height: 150%;\n        margin-bottom: 16px;\n    }\n\n    .article-box .article p {\n        margin-bottom: 1em;\n    }\n\n    .article-box .article p:last-child {\n        margin-bottom: 0;\n    }\n\n    .article-box .article:last-child {\n        margin-bottom: 0;\n    }\n\n    .article-box .comment {\n        padding: 24px;\n        background-color: #f6f6fa;\n        font-size: 16px;\n        font-weight: 400;\n        line-height: 150%;\n        border-radius: 8px;\n    }\n\n    .article-box .comment p {\n        margin: 0;\n    }\n\n    .article-box .comment ol {\n        list-style: auto;\n        list-style-position: inside;\n    }\n\n    @media (max-width: 1199px) {\n        .comment-block .comment-block-title {\n            font-size: 16px;\n        }\n\n        .comment-block .comment-block-title h2 {\n            margin-right: 5px;\n        }\n\n        .comment-block h3 {\n            font-size: 20px;\n        }\n        .comment-block h4 {\n            font-size: 18px;\n        }\n    }\n<\/style>\n\n<div class=\"comment-block cp-block\">\n    <!-- Chama a ancora e\/ou titulo se houver -->\n        \n    <!-- Bloco de comentario -->\n            <div class=\"article-box\">\n            <div class=\"article\"><p><strong>Art. 682.<\/strong> Competem privativamente aos presidentes dos Tribunais Regionais, al\u00e9m das que forem conferidas neste e no t\u00edtulo e das decorrentes do seu cargo, as seguintes atribui\u00e7\u00f5es:<\/p>\n<p>I &#8211; julgar os agravos das decis\u00f5es dos presidentes de junta e dos ju\u00edzes de Direito;<br \/>\nII &#8211; designar os vogais das Juntas e seus suplentes;<br \/>\nIII &#8211; dar posse aos presidentes de Juntas e presidentes substitutos, aos vogais e suplentes e funcion\u00e1rios do pr\u00f3prio Tribunal e conceder f\u00e9rias e licen\u00e7as aos mesmos e aos vogais e suplentes das Juntas;<br \/>\nIV &#8211; presidir as sess\u00f5es do Tribunal;<br \/>\nV &#8211; presidir \u00e0s audi\u00eancias de concilia\u00e7\u00e3o nos diss\u00eddios coletivos;<br \/>\nVI &#8211; executar suas pr\u00f3prias decis\u00f5es e as proferidas pelo Tribunal;<br \/>\nVII &#8211; convocar suplentes dos vogais do Tribunal, nos impedimentos destes;<br \/>\nVIII &#8211; representar ao presidente do Tribunal Superior do Trabalho contra os presidentes e os vogais, nos casos previstos no art. 727 e seu par\u00e1grafo \u00fanico;<br \/>\nIX &#8211; despachar os recursos interpostos pelas partes;<br \/>\nX &#8211; requisitar \u00e0s autoridades competentes, nos casos de diss\u00eddio coletivo, a f\u00f4r\u00e7a necess\u00e1ria, sempre que houver amea\u00e7a de perturba\u00e7\u00e3o da ordem;<br \/>\nXI &#8211; exercer correi\u00e7\u00e3o, pelo menos uma vez por ano, s\u00f4bre as Juntas, ou parcialmente, sempre que se fizer necess\u00e1rio, e solicit\u00e1-la, quando julgar conveniente, ao Presidente do Tribunal de Apela\u00e7\u00e3o relativamente aos ju\u00edzes de Direito investidos na administra\u00e7\u00e3o da Justi\u00e7a do Trabalho;<br \/>\nXII &#8211; Distribuir os feitos, designando os vogais que os devem relatar;<br \/>\nXIII &#8211; designar, dentre os funcion\u00e1rios do Tribunal e das Juntas existentes em uma mesma localidade, o que deve exercer a fun\u00e7\u00e3o de distribuidor;<br \/>\nXIV &#8211; assinar as f\u00f4lhas de pagamento dos vogais e servidores do Tribunal.<\/p>\n<p>\u00a7 1\u00ba Na falta ou impedimento do presidente da Junta e do substituto da mesma localidade, \u00e9 facultado ao presidente do Tribunal Regional designar substituto de outra localidade, observada a ordem de antiguidade entre os substitutos desimpedidos.<\/p>\n<p>\u00a7 2\u00ba Na falta ou impedimento do vogal da Junta e do respectivo suplente, \u00e9 facultado ao presidente do Tribunal Regional designar suplente de outra Junta, respeitada a categoria profissional ou econ\u00f4mica do representante e a ordem de antiguidade dos suplentes desimpedidos.<\/p>\n<p>\u00a7 3\u00ba Na falta ou impedimento de qualquer Juiz representante classista e seu respectivo suplente, \u00e9 facultado ao Presidente do Tribunal Regional designar um dos Ju\u00edzes classistas de Junta de Concilia\u00e7\u00e3o e Julgamento para funcionar nas sess\u00f5es do Tribunal, respeitada a categoria profissional ou econ\u00f4mica do representante.<\/p>\n<\/div>\n                    <\/div>\n    <\/div>\n\n<style>\n    .comment-block {\n        position: relative;\n    }\n    .comment-block .anchor-target {\n        position: absolute;\n        top: -200px;\n    }\n    .comment-block {\n        margin-bottom: 40px;\n    }\n    .comment-block .comment-block-title {\n        flex-wrap: wrap;\n        font-size: 20px;\n        font-weight: 600;\n        line-height: 130%;\n        color: #1c1e2f;\n        margin-bottom: 24px;\n    }\n\n    .comment-block .comment-block-title:last-child {\n        margin-bottom: 64px;\n    }\n\n    .comment-block h3 {\n        font-size: 24px;\n        font-weight: 600;\n        line-height: 120%;\n    }\n\n    .comment-block h4 {\n        font-size: 20px;\n        font-weight: 600;\n        line-height: 120%;\n    }\n\n    .article-box {\n        padding: 24px;\n        border-radius: 8px;\n        border: 1px solid #cbcbd9;\n        margin-bottom: 24px;\n    }\n\n    .article-box:last-child  {\n        margin-bottom: 0;\n    }\n\n    .article-box .article {\n        font-size: 16px;\n        font-weight: 400;\n        line-height: 150%;\n        margin-bottom: 16px;\n    }\n\n    .article-box .article p {\n        margin-bottom: 1em;\n    }\n\n    .article-box .article p:last-child {\n        margin-bottom: 0;\n    }\n\n    .article-box .article:last-child {\n        margin-bottom: 0;\n    }\n\n    .article-box .comment {\n        padding: 24px;\n        background-color: #f6f6fa;\n        font-size: 16px;\n        font-weight: 400;\n        line-height: 150%;\n        border-radius: 8px;\n    }\n\n    .article-box .comment p {\n        margin: 0;\n    }\n\n    .article-box .comment ol {\n        list-style: auto;\n        list-style-position: inside;\n    }\n\n    @media (max-width: 1199px) {\n        .comment-block .comment-block-title {\n            font-size: 16px;\n        }\n\n        .comment-block .comment-block-title h2 {\n            margin-right: 5px;\n        }\n\n        .comment-block h3 {\n            font-size: 20px;\n        }\n        .comment-block h4 {\n            font-size: 18px;\n        }\n    }\n<\/style>\n\n<div class=\"comment-block cp-block\">\n    <!-- Chama a ancora e\/ou titulo se houver -->\n        \n    <!-- Bloco de comentario -->\n            <div class=\"article-box\">\n            <div class=\"article\"><p><strong>Art. 683.<\/strong> Na falta ou impedimento dos presidentes dos Tribunais Regionais, e como auxiliares d\u00eastes, sempre que necess\u00e1rio, funcionar\u00e3o seus substitutos.<\/p>\n<p>\u00a7 1\u00ba Nos casos de f\u00e9rias, por trinta dias, licen\u00e7a, morte ou ren\u00fancia, a convoca\u00e7\u00e3o competir\u00e1 diretamente ao presidente do Tribunal Superior do Trabalho.<\/p>\n<p>\u00a7 2\u00ba Nos demais casos, mediante convoca\u00e7\u00e3o do pr\u00f3prio presidente do Tribunal ou comunica\u00e7\u00e3o do secret\u00e1rio d\u00easte, o presidente substituto assumir\u00e1 imediatamente o exerc\u00edcio, ciente o presidente do Tribunal Superior do Trabalho.<\/p>\n<\/div>\n                    <\/div>\n    <\/div>","protected":false},"excerpt":{"rendered":"","protected":false},"author":7,"featured_media":0,"comment_status":"open","ping_status":"open","template":"","cat-clt":[570,566],"class_list":["post-28479","clt-comentado","type-clt-comentado","status-publish","hentry","cat-clt-capitulo-iv-titulo-viii","cat-clt-titulo-viii"],"acf":[],"_links":{"self":[{"href":"https:\/\/www.aurum.com.br\/blog\/wp-json\/wp\/v2\/clt-comentado\/28479","targetHints":{"allow":["GET"]}}],"collection":[{"href":"https:\/\/www.aurum.com.br\/blog\/wp-json\/wp\/v2\/clt-comentado"}],"about":[{"href":"https:\/\/www.aurum.com.br\/blog\/wp-json\/wp\/v2\/types\/clt-comentado"}],"author":[{"embeddable":true,"href":"https:\/\/www.aurum.com.br\/blog\/wp-json\/wp\/v2\/users\/7"}],"replies":[{"embeddable":true,"href":"https:\/\/www.aurum.com.br\/blog\/wp-json\/wp\/v2\/comments?post=28479"}],"wp:attachment":[{"href":"https:\/\/www.aurum.com.br\/blog\/wp-json\/wp\/v2\/media?parent=28479"}],"wp:term":[{"taxonomy":"cat-clt","embeddable":true,"href":"https:\/\/www.aurum.com.br\/blog\/wp-json\/wp\/v2\/cat-clt?post=28479"}],"curies":[{"name":"wp","href":"https:\/\/api.w.org\/{rel}","templated":true}]}}