{"id":28477,"date":"2024-06-27T12:17:48","date_gmt":"2024-06-27T15:17:48","guid":{"rendered":"https:\/\/www.aurum.com.br\/blog\/clt-comentado\/art-670-a-673-clt\/"},"modified":"2025-05-19T13:00:49","modified_gmt":"2025-05-19T16:00:49","slug":"art-670-a-673-clt","status":"publish","type":"clt-comentado","link":"https:\/\/www.aurum.com.br\/blog\/clt-comentado\/art-670-a-673-clt\/","title":{"rendered":"Se\u00e7\u00e3o I \u2013 Da Composi\u00e7\u00e3o e do Funcionamento"},"content":{"rendered":"<style>\n    .comment-block {\n        position: relative;\n    }\n    .comment-block .anchor-target {\n        position: absolute;\n        top: -200px;\n    }\n    .comment-block {\n        margin-bottom: 40px;\n    }\n    .comment-block .comment-block-title {\n        flex-wrap: wrap;\n        font-size: 20px;\n        font-weight: 600;\n        line-height: 130%;\n        color: #1c1e2f;\n        margin-bottom: 24px;\n    }\n\n    .comment-block .comment-block-title:last-child {\n        margin-bottom: 64px;\n    }\n\n    .comment-block h3 {\n        font-size: 24px;\n        font-weight: 600;\n        line-height: 120%;\n    }\n\n    .comment-block h4 {\n        font-size: 20px;\n        font-weight: 600;\n        line-height: 120%;\n    }\n\n    .article-box {\n        padding: 24px;\n        border-radius: 8px;\n        border: 1px solid #cbcbd9;\n        margin-bottom: 24px;\n    }\n\n    .article-box:last-child  {\n        margin-bottom: 0;\n    }\n\n    .article-box .article {\n        font-size: 16px;\n        font-weight: 400;\n        line-height: 150%;\n        margin-bottom: 16px;\n    }\n\n    .article-box .article p {\n        margin-bottom: 1em;\n    }\n\n    .article-box .article p:last-child {\n        margin-bottom: 0;\n    }\n\n    .article-box .article:last-child {\n        margin-bottom: 0;\n    }\n\n    .article-box .comment {\n        padding: 24px;\n        background-color: #f6f6fa;\n        font-size: 16px;\n        font-weight: 400;\n        line-height: 150%;\n        border-radius: 8px;\n    }\n\n    .article-box .comment p {\n        margin: 0;\n    }\n\n    .article-box .comment ol {\n        list-style: auto;\n        list-style-position: inside;\n    }\n\n    @media (max-width: 1199px) {\n        .comment-block .comment-block-title {\n            font-size: 16px;\n        }\n\n        .comment-block .comment-block-title h2 {\n            margin-right: 5px;\n        }\n\n        .comment-block h3 {\n            font-size: 20px;\n        }\n        .comment-block h4 {\n            font-size: 18px;\n        }\n    }\n<\/style>\n\n<div class=\"comment-block cp-block\">\n    <!-- Chama a ancora e\/ou titulo se houver -->\n        \n    <!-- Bloco de comentario -->\n            <div class=\"article-box\">\n            <div class=\"article\"><p><strong>Art. 670.<\/strong> Os Tribunais Regionais das 1\u00aa e 2\u00aa Regi\u00f5es compor-se-\u00e3o de onze ju\u00edzes togados, vital\u00edcios, e de seis ju\u00edzes classistas, tempor\u00e1rios; os da 3\u00aa e 4\u00aa Regi\u00f5es, de oito ju\u00edzes togados, vital\u00edcios, e de quatro classistas, tempor\u00e1rios; os da 5\u00aa e 6\u00aa Regi\u00f5es, de sete ju\u00edzes togados, vital\u00edcios e de dois classistas, tempor\u00e1rios; os da 7\u00aa e 8\u00aa Regi\u00f5es, de seis ju\u00edzes togados, vital\u00edcios, e de dois classistas, tempor\u00e1rios, todos nomeados pelo Presidente da Rep\u00fablica.<\/p>\n<p>\u00a7 1\u00ba H\u00e1 um primeiro suplente e um segundo suplente para o presidente e um suplente para cada vogal.<\/p>\n<p>\u00a7 2\u00ba Nos Tribunais Regionais constitu\u00eddos de seis ou mais ju\u00edzes togados, e menos de onze, um d\u00eales ser\u00e1 escolhido dentre advogados, um dentre membros do Minist\u00e9rio P\u00fablico da Uni\u00e3o junto \u00e0 Justi\u00e7a do Trabalho e os demais dentre ju\u00edzes do Trabalho Presidente de Junta da respectiva Regi\u00e3o, na forma prevista no par\u00e1grafo anterior.<\/p>\n<p>\u00a7 3\u00ba (VETADO) (Inclu\u00eddo pela Lei n\u00ba 5.442, de 24.5.1968)<\/p>\n<p>\u00a7 4\u00ba Os ju\u00edzes classistas referidos neste artigo representar\u00e3o, parit\u00e0riamente, empregadores e empregados.<\/p>\n<p>\u00a7 5\u00ba Haver\u00e1 um suplente para cada Juiz classista.<\/p>\n<p>\u00a7 6\u00ba Os Tribunais Regionais, no respectivo regimento interno, dispor\u00e3o s\u00f4bre a substitui\u00e7\u00e3o de seus ju\u00edzes, observados, na convoca\u00e7\u00e3o de ju\u00edzes inferiores, os crit\u00e9rios de livre escolha e antig\u00fcidade, alternadamente.<\/p>\n<p>\u00a7 7\u00ba Dentre os seus ju\u00edzes togados, os Tribunais Regionais eleger\u00e3o os respectivos Presidente e Vice-Presidente, assim como os Presidentes de Turmas, onde as houver.<\/p>\n<p>\u00a7 8\u00ba Os Tribunais Regionais da 1\u00aa e 2\u00aa Regi\u00f5es dividir-se-\u00e3o em Turmas, facultada essa divis\u00e3o aos constitu\u00eddos de pelo menos, doze ju\u00edzes. Cada turma se compor\u00e1 de tr\u00eas ju\u00edzes togados e dois classistas, um representante dos empregados e outro dos empregadores.<\/p>\n<\/div>\n                    <\/div>\n    <\/div>\n\n<style>\n    .comment-block {\n        position: relative;\n    }\n    .comment-block .anchor-target {\n        position: absolute;\n        top: -200px;\n    }\n    .comment-block {\n        margin-bottom: 40px;\n    }\n    .comment-block .comment-block-title {\n        flex-wrap: wrap;\n        font-size: 20px;\n        font-weight: 600;\n        line-height: 130%;\n        color: #1c1e2f;\n        margin-bottom: 24px;\n    }\n\n    .comment-block .comment-block-title:last-child {\n        margin-bottom: 64px;\n    }\n\n    .comment-block h3 {\n        font-size: 24px;\n        font-weight: 600;\n        line-height: 120%;\n    }\n\n    .comment-block h4 {\n        font-size: 20px;\n        font-weight: 600;\n        line-height: 120%;\n    }\n\n    .article-box {\n        padding: 24px;\n        border-radius: 8px;\n        border: 1px solid #cbcbd9;\n        margin-bottom: 24px;\n    }\n\n    .article-box:last-child  {\n        margin-bottom: 0;\n    }\n\n    .article-box .article {\n        font-size: 16px;\n        font-weight: 400;\n        line-height: 150%;\n        margin-bottom: 16px;\n    }\n\n    .article-box .article p {\n        margin-bottom: 1em;\n    }\n\n    .article-box .article p:last-child {\n        margin-bottom: 0;\n    }\n\n    .article-box .article:last-child {\n        margin-bottom: 0;\n    }\n\n    .article-box .comment {\n        padding: 24px;\n        background-color: #f6f6fa;\n        font-size: 16px;\n        font-weight: 400;\n        line-height: 150%;\n        border-radius: 8px;\n    }\n\n    .article-box .comment p {\n        margin: 0;\n    }\n\n    .article-box .comment ol {\n        list-style: auto;\n        list-style-position: inside;\n    }\n\n    @media (max-width: 1199px) {\n        .comment-block .comment-block-title {\n            font-size: 16px;\n        }\n\n        .comment-block .comment-block-title h2 {\n            margin-right: 5px;\n        }\n\n        .comment-block h3 {\n            font-size: 20px;\n        }\n        .comment-block h4 {\n            font-size: 18px;\n        }\n    }\n<\/style>\n\n<div class=\"comment-block cp-block\">\n    <!-- Chama a ancora e\/ou titulo se houver -->\n        \n    <!-- Bloco de comentario -->\n            <div class=\"article-box\">\n            <div class=\"article\"><p><strong>Art. 671.<\/strong> Para os trabalhos dos Tribunais Regionais existe a mesma incompatibilidade prevista no art. 648, sendo id\u00eantica a forma de sua resolu\u00e7\u00e3o.<\/p>\n<\/div>\n                    <\/div>\n    <\/div>\n\n<style>\n    .comment-block {\n        position: relative;\n    }\n    .comment-block .anchor-target {\n        position: absolute;\n        top: -200px;\n    }\n    .comment-block {\n        margin-bottom: 40px;\n    }\n    .comment-block .comment-block-title {\n        flex-wrap: wrap;\n        font-size: 20px;\n        font-weight: 600;\n        line-height: 130%;\n        color: #1c1e2f;\n        margin-bottom: 24px;\n    }\n\n    .comment-block .comment-block-title:last-child {\n        margin-bottom: 64px;\n    }\n\n    .comment-block h3 {\n        font-size: 24px;\n        font-weight: 600;\n        line-height: 120%;\n    }\n\n    .comment-block h4 {\n        font-size: 20px;\n        font-weight: 600;\n        line-height: 120%;\n    }\n\n    .article-box {\n        padding: 24px;\n        border-radius: 8px;\n        border: 1px solid #cbcbd9;\n        margin-bottom: 24px;\n    }\n\n    .article-box:last-child  {\n        margin-bottom: 0;\n    }\n\n    .article-box .article {\n        font-size: 16px;\n        font-weight: 400;\n        line-height: 150%;\n        margin-bottom: 16px;\n    }\n\n    .article-box .article p {\n        margin-bottom: 1em;\n    }\n\n    .article-box .article p:last-child {\n        margin-bottom: 0;\n    }\n\n    .article-box .article:last-child {\n        margin-bottom: 0;\n    }\n\n    .article-box .comment {\n        padding: 24px;\n        background-color: #f6f6fa;\n        font-size: 16px;\n        font-weight: 400;\n        line-height: 150%;\n        border-radius: 8px;\n    }\n\n    .article-box .comment p {\n        margin: 0;\n    }\n\n    .article-box .comment ol {\n        list-style: auto;\n        list-style-position: inside;\n    }\n\n    @media (max-width: 1199px) {\n        .comment-block .comment-block-title {\n            font-size: 16px;\n        }\n\n        .comment-block .comment-block-title h2 {\n            margin-right: 5px;\n        }\n\n        .comment-block h3 {\n            font-size: 20px;\n        }\n        .comment-block h4 {\n            font-size: 18px;\n        }\n    }\n<\/style>\n\n<div class=\"comment-block cp-block\">\n    <!-- Chama a ancora e\/ou titulo se houver -->\n        \n    <!-- Bloco de comentario -->\n            <div class=\"article-box\">\n            <div class=\"article\"><p><strong>Art. 672.<\/strong> Os Tribunais Regionais, em sua composi\u00e7\u00e3o plena, deliberar\u00e3o com a presen\u00e7a, al\u00e9m do Presidente, da metade e mais um, do n\u00famero de seus ju\u00edzes, dos quais, no m\u00ednimo, um representante dos empregados e outro dos empregadores.<\/p>\n<p>\u00a7 1\u00ba As Turmas somente poder\u00e3o deliberar presentes, pelo menos, tr\u00eas dos seus ju\u00edzes, entre \u00eales os dois classistas. Para a integra\u00e7\u00e3o d\u00easse quorum, poder\u00e1 o Presidente de uma Turma convocar ju\u00edzes de outra, da classe a que pertencer o ausente ou impedido.<\/p>\n<p>\u00a7 2\u00ba Nos Tribunais Regionais, as decis\u00f5es tomar-se-\u00e3o pelo voto da maioria dos ju\u00edzes presentes, ressalvada, no Tribunal Pleno, a hip\u00f3tese de declara\u00e7\u00e3o de inconstitucionalidade de lei ou ato do poder p\u00fablico (artigo 111 da Constitui\u00e7\u00e3o).<\/p>\n<p>\u00a7 3\u00ba O Presidente do Tribunal Regional, excetuada a hip\u00f3tese de declara\u00e7\u00e3o de inconstitucionalidade de lei ou ato do poder p\u00fablico, s\u00f2mente ter\u00e1 voto de desempate. Nas sess\u00f5es administrativas, o Presidente votar\u00e1 como os demais ju\u00edzes, cabendo-lhe, ainda, o voto de qualidade.<\/p>\n<p>\u00a7 4\u00ba No julgamento de recursos contra decis\u00e3o ou despacho do Presidente, do Vice-Presidente ou de Relator, ocorrendo empate, prevalecer\u00e1 a decis\u00e3o ou despacho recorrido.<\/p>\n<\/div>\n                    <\/div>\n    <\/div>\n\n<style>\n    .comment-block {\n        position: relative;\n    }\n    .comment-block .anchor-target {\n        position: absolute;\n        top: -200px;\n    }\n    .comment-block {\n        margin-bottom: 40px;\n    }\n    .comment-block .comment-block-title {\n        flex-wrap: wrap;\n        font-size: 20px;\n        font-weight: 600;\n        line-height: 130%;\n        color: #1c1e2f;\n        margin-bottom: 24px;\n    }\n\n    .comment-block .comment-block-title:last-child {\n        margin-bottom: 64px;\n    }\n\n    .comment-block h3 {\n        font-size: 24px;\n        font-weight: 600;\n        line-height: 120%;\n    }\n\n    .comment-block h4 {\n        font-size: 20px;\n        font-weight: 600;\n        line-height: 120%;\n    }\n\n    .article-box {\n        padding: 24px;\n        border-radius: 8px;\n        border: 1px solid #cbcbd9;\n        margin-bottom: 24px;\n    }\n\n    .article-box:last-child  {\n        margin-bottom: 0;\n    }\n\n    .article-box .article {\n        font-size: 16px;\n        font-weight: 400;\n        line-height: 150%;\n        margin-bottom: 16px;\n    }\n\n    .article-box .article p {\n        margin-bottom: 1em;\n    }\n\n    .article-box .article p:last-child {\n        margin-bottom: 0;\n    }\n\n    .article-box .article:last-child {\n        margin-bottom: 0;\n    }\n\n    .article-box .comment {\n        padding: 24px;\n        background-color: #f6f6fa;\n        font-size: 16px;\n        font-weight: 400;\n        line-height: 150%;\n        border-radius: 8px;\n    }\n\n    .article-box .comment p {\n        margin: 0;\n    }\n\n    .article-box .comment ol {\n        list-style: auto;\n        list-style-position: inside;\n    }\n\n    @media (max-width: 1199px) {\n        .comment-block .comment-block-title {\n            font-size: 16px;\n        }\n\n        .comment-block .comment-block-title h2 {\n            margin-right: 5px;\n        }\n\n        .comment-block h3 {\n            font-size: 20px;\n        }\n        .comment-block h4 {\n            font-size: 18px;\n        }\n    }\n<\/style>\n\n<div class=\"comment-block cp-block\">\n    <!-- Chama a ancora e\/ou titulo se houver -->\n        \n    <!-- Bloco de comentario -->\n            <div class=\"article-box\">\n            <div class=\"article\"><p><strong>Art. 673.<\/strong> A ordem das sess\u00f5es dos Tribunais Regionais ser\u00e1 estabelecida no respectivo Regimento Interno.<\/p>\n<\/div>\n                    <\/div>\n    <\/div>","protected":false},"excerpt":{"rendered":"","protected":false},"author":7,"featured_media":0,"comment_status":"open","ping_status":"open","template":"","cat-clt":[570,566],"class_list":["post-28477","clt-comentado","type-clt-comentado","status-publish","hentry","cat-clt-capitulo-iv-titulo-viii","cat-clt-titulo-viii"],"acf":[],"_links":{"self":[{"href":"https:\/\/www.aurum.com.br\/blog\/wp-json\/wp\/v2\/clt-comentado\/28477","targetHints":{"allow":["GET"]}}],"collection":[{"href":"https:\/\/www.aurum.com.br\/blog\/wp-json\/wp\/v2\/clt-comentado"}],"about":[{"href":"https:\/\/www.aurum.com.br\/blog\/wp-json\/wp\/v2\/types\/clt-comentado"}],"author":[{"embeddable":true,"href":"https:\/\/www.aurum.com.br\/blog\/wp-json\/wp\/v2\/users\/7"}],"replies":[{"embeddable":true,"href":"https:\/\/www.aurum.com.br\/blog\/wp-json\/wp\/v2\/comments?post=28477"}],"wp:attachment":[{"href":"https:\/\/www.aurum.com.br\/blog\/wp-json\/wp\/v2\/media?parent=28477"}],"wp:term":[{"taxonomy":"cat-clt","embeddable":true,"href":"https:\/\/www.aurum.com.br\/blog\/wp-json\/wp\/v2\/cat-clt?post=28477"}],"curies":[{"name":"wp","href":"https:\/\/api.w.org\/{rel}","templated":true}]}}