{"id":28474,"date":"2024-06-27T12:17:48","date_gmt":"2024-06-27T15:17:48","guid":{"rendered":"https:\/\/www.aurum.com.br\/blog\/clt-comentado\/art-654-a-659-clt\/"},"modified":"2025-05-19T14:59:47","modified_gmt":"2025-05-19T17:59:47","slug":"art-654-a-659-clt","status":"publish","type":"clt-comentado","link":"https:\/\/www.aurum.com.br\/blog\/clt-comentado\/art-654-a-659-clt\/","title":{"rendered":"Se\u00e7\u00e3o III \u2013 Dos Presidentes das Juntas"},"content":{"rendered":"<style>\n    .comment-block {\n        position: relative;\n    }\n    .comment-block .anchor-target {\n        position: absolute;\n        top: -200px;\n    }\n    .comment-block {\n        margin-bottom: 40px;\n    }\n    .comment-block .comment-block-title {\n        flex-wrap: wrap;\n        font-size: 20px;\n        font-weight: 600;\n        line-height: 130%;\n        color: #1c1e2f;\n        margin-bottom: 24px;\n    }\n\n    .comment-block .comment-block-title:last-child {\n        margin-bottom: 64px;\n    }\n\n    .comment-block h3 {\n        font-size: 24px;\n        font-weight: 600;\n        line-height: 120%;\n    }\n\n    .comment-block h4 {\n        font-size: 20px;\n        font-weight: 600;\n        line-height: 120%;\n    }\n\n    .article-box {\n        padding: 24px;\n        border-radius: 8px;\n        border: 1px solid #cbcbd9;\n        margin-bottom: 24px;\n    }\n\n    .article-box:last-child  {\n        margin-bottom: 0;\n    }\n\n    .article-box .article {\n        font-size: 16px;\n        font-weight: 400;\n        line-height: 150%;\n        margin-bottom: 16px;\n    }\n\n    .article-box .article p {\n        margin-bottom: 1em;\n    }\n\n    .article-box .article p:last-child {\n        margin-bottom: 0;\n    }\n\n    .article-box .article:last-child {\n        margin-bottom: 0;\n    }\n\n    .article-box .comment {\n        padding: 24px;\n        background-color: #f6f6fa;\n        font-size: 16px;\n        font-weight: 400;\n        line-height: 150%;\n        border-radius: 8px;\n    }\n\n    .article-box .comment p {\n        margin: 0;\n    }\n\n    .article-box .comment ol {\n        list-style: auto;\n        list-style-position: inside;\n    }\n\n    @media (max-width: 1199px) {\n        .comment-block .comment-block-title {\n            font-size: 16px;\n        }\n\n        .comment-block .comment-block-title h2 {\n            margin-right: 5px;\n        }\n\n        .comment-block h3 {\n            font-size: 20px;\n        }\n        .comment-block h4 {\n            font-size: 18px;\n        }\n    }\n<\/style>\n\n<div class=\"comment-block cp-block\">\n    <!-- Chama a ancora e\/ou titulo se houver -->\n        \n    <!-- Bloco de comentario -->\n            <div class=\"article-box\">\n            <div class=\"article\"><p><strong>Art. 654.<\/strong> O ingresso na magistratura do trabalho far-se-\u00e1 para o cargo de juiz do trabalho substituto. As nomea\u00e7\u00f5es subsequentes por promo\u00e7\u00e3o alternadamente, por antiguidade e merecimento.<\/p>\n<p>\u00a7 1\u00ba Nas 7\u00aa e 8\u00aa Regi\u00f5es da Justi\u00e7a do Trabalho, nas localidades fora das respectivas sedes, haver\u00e1 suplentes de juiz do trabalho presidente de Junta, sem direito a acesso nomeados pelo Presidente da Rep\u00fablica, dentre brasileiros, bachar\u00e9is em direito, de reconhecida idoneidade moral, especializados em direito do trabalho, pelo per\u00edodo de 2 (dois) anos, podendo ser reconduzidos.<\/p>\n<p>\u00a7 2\u00ba Os suplentes de juiz do trabalho receber\u00e3o, quando em exerc\u00edcio, vencimentos iguais aos dos ju\u00edzes que substitu\u00edrem.<\/p>\n<p>\u00a7 3\u00ba Os ju\u00edzes substitutos ser\u00e3o nomeados ap\u00f3s aprova\u00e7\u00e3o em concurso p\u00fablico de provas e t\u00edtulos realizado perante o Tribunal Regional do Trabalho da Regi\u00e3o, v\u00e1lido por 2 (dois) anos e prorrog\u00e1vel, a crit\u00e9rio do mesmo \u00f3rg\u00e3o, por igual per\u00edodo, uma s\u00f3 vez, e organizado de acordo com as instru\u00e7\u00f5es expedidas pelo Tribunal Superior do Trabalho.<\/p>\n<p>\u00a7 4\u00ba Os candidatos inscritos s\u00f3 ser\u00e3o admitidos ao concurso ap\u00f3s aprecia\u00e7\u00e3o pr\u00e9via, pelo Tribunal Regional do Trabalho da respectiva Regi\u00e3o, dos seguintes requisitos:<br \/>\na) idade maior de 25 (vinte e cinco) anos e menor de 45 (quarenta e cinco) anos;<br \/>\nb) idoneidade para o exerc\u00edcio das fun\u00e7\u00f5es.<\/p>\n<p>\u00a7 5\u00ba O preenchimento dos cargos do presidente de Junta, vagos ou criadas por lei, ser\u00e1 feito dentro de cada Regi\u00e3o:<br \/>\na) pela remo\u00e7\u00e3o de outro presidente, prevalecendo a antig\u00fcidade no cargo, caso haja mais de um pedido, desde que a remo\u00e7\u00e3o tenha sido requerida, dentro de quinze dias, contados da abertura da vaga, ao Presidente do Tribunal Regional, a quem caber\u00e1 expedir o respectivo ato.<br \/>\nb) pela promo\u00e7\u00e3o de substituto, cuja aceita\u00e7\u00e3o ser\u00e1 facultativa, obedecido o crit\u00e9rio alternado de antig\u00fcidade e merecimento.<\/p>\n<p>\u00a7 6\u00ba Os ju\u00edzes do trabalho, presidentes de Junta, juizes substitutos e suplentes de juiz tomar\u00e3o posse perante o presidente do Tribunal da respectiva Regi\u00e3o. Nos Estados que, n\u00e3o forem sede de Tribunal Regional do Trabalho, a posse dar-se-\u00e1 perante o presidente do Tribunal de Justi\u00e7a, que remeter\u00e1 o t\u00earmo ao presidente do Tribunal Regional da jurisdi\u00e7\u00e3o do empossado. Nos Territ\u00f3rios a posse dar-se-\u00e1 perante o presidente do Tribunal Regional do Trabalho da respectiva Regi\u00e3o.<\/p>\n<\/div>\n                    <\/div>\n    <\/div>\n\n<style>\n    .comment-block {\n        position: relative;\n    }\n    .comment-block .anchor-target {\n        position: absolute;\n        top: -200px;\n    }\n    .comment-block {\n        margin-bottom: 40px;\n    }\n    .comment-block .comment-block-title {\n        flex-wrap: wrap;\n        font-size: 20px;\n        font-weight: 600;\n        line-height: 130%;\n        color: #1c1e2f;\n        margin-bottom: 24px;\n    }\n\n    .comment-block .comment-block-title:last-child {\n        margin-bottom: 64px;\n    }\n\n    .comment-block h3 {\n        font-size: 24px;\n        font-weight: 600;\n        line-height: 120%;\n    }\n\n    .comment-block h4 {\n        font-size: 20px;\n        font-weight: 600;\n        line-height: 120%;\n    }\n\n    .article-box {\n        padding: 24px;\n        border-radius: 8px;\n        border: 1px solid #cbcbd9;\n        margin-bottom: 24px;\n    }\n\n    .article-box:last-child  {\n        margin-bottom: 0;\n    }\n\n    .article-box .article {\n        font-size: 16px;\n        font-weight: 400;\n        line-height: 150%;\n        margin-bottom: 16px;\n    }\n\n    .article-box .article p {\n        margin-bottom: 1em;\n    }\n\n    .article-box .article p:last-child {\n        margin-bottom: 0;\n    }\n\n    .article-box .article:last-child {\n        margin-bottom: 0;\n    }\n\n    .article-box .comment {\n        padding: 24px;\n        background-color: #f6f6fa;\n        font-size: 16px;\n        font-weight: 400;\n        line-height: 150%;\n        border-radius: 8px;\n    }\n\n    .article-box .comment p {\n        margin: 0;\n    }\n\n    .article-box .comment ol {\n        list-style: auto;\n        list-style-position: inside;\n    }\n\n    @media (max-width: 1199px) {\n        .comment-block .comment-block-title {\n            font-size: 16px;\n        }\n\n        .comment-block .comment-block-title h2 {\n            margin-right: 5px;\n        }\n\n        .comment-block h3 {\n            font-size: 20px;\n        }\n        .comment-block h4 {\n            font-size: 18px;\n        }\n    }\n<\/style>\n\n<div class=\"comment-block cp-block\">\n    <!-- Chama a ancora e\/ou titulo se houver -->\n        \n    <!-- Bloco de comentario -->\n            <div class=\"article-box\">\n            <div class=\"article\"><p><strong>Art. 655.<\/strong> Os presidentes e os presidentes substitutos tomar\u00e3o posse do cargo perante o presidente do Tribunal Regional da respectiva jurisdi\u00e7\u00e3o.<\/p>\n<p>\u00a7 1\u00ba Nos Estados em que n\u00e3o houver sede de Tribunais a posse dar-se-\u00e1 perante o presidente do Tribunal de Apela\u00e7\u00e3o, que remeter\u00e1 o respectivo t\u00earmo ao presidente do Tribunal Regional da Jurisdi\u00e7\u00e3o do empossado.<\/p>\n<p>\u00a7 2\u00ba Nos Territ\u00f3rios a posse dar-se-\u00e1 perante a juiz de Direito da capital, que proceder\u00e1 na forma prevista no \u00a7 1\u00ba.<\/p>\n<\/div>\n                    <\/div>\n    <\/div>\n\n<style>\n    .comment-block {\n        position: relative;\n    }\n    .comment-block .anchor-target {\n        position: absolute;\n        top: -200px;\n    }\n    .comment-block {\n        margin-bottom: 40px;\n    }\n    .comment-block .comment-block-title {\n        flex-wrap: wrap;\n        font-size: 20px;\n        font-weight: 600;\n        line-height: 130%;\n        color: #1c1e2f;\n        margin-bottom: 24px;\n    }\n\n    .comment-block .comment-block-title:last-child {\n        margin-bottom: 64px;\n    }\n\n    .comment-block h3 {\n        font-size: 24px;\n        font-weight: 600;\n        line-height: 120%;\n    }\n\n    .comment-block h4 {\n        font-size: 20px;\n        font-weight: 600;\n        line-height: 120%;\n    }\n\n    .article-box {\n        padding: 24px;\n        border-radius: 8px;\n        border: 1px solid #cbcbd9;\n        margin-bottom: 24px;\n    }\n\n    .article-box:last-child  {\n        margin-bottom: 0;\n    }\n\n    .article-box .article {\n        font-size: 16px;\n        font-weight: 400;\n        line-height: 150%;\n        margin-bottom: 16px;\n    }\n\n    .article-box .article p {\n        margin-bottom: 1em;\n    }\n\n    .article-box .article p:last-child {\n        margin-bottom: 0;\n    }\n\n    .article-box .article:last-child {\n        margin-bottom: 0;\n    }\n\n    .article-box .comment {\n        padding: 24px;\n        background-color: #f6f6fa;\n        font-size: 16px;\n        font-weight: 400;\n        line-height: 150%;\n        border-radius: 8px;\n    }\n\n    .article-box .comment p {\n        margin: 0;\n    }\n\n    .article-box .comment ol {\n        list-style: auto;\n        list-style-position: inside;\n    }\n\n    @media (max-width: 1199px) {\n        .comment-block .comment-block-title {\n            font-size: 16px;\n        }\n\n        .comment-block .comment-block-title h2 {\n            margin-right: 5px;\n        }\n\n        .comment-block h3 {\n            font-size: 20px;\n        }\n        .comment-block h4 {\n            font-size: 18px;\n        }\n    }\n<\/style>\n\n<div class=\"comment-block cp-block\">\n    <!-- Chama a ancora e\/ou titulo se houver -->\n        \n    <!-- Bloco de comentario -->\n            <div class=\"article-box\">\n            <div class=\"article\"><p><strong>Art. 656.<\/strong> O Juiz do Trabalho Substituto, sempre que n\u00e3o estiver substituindo o Juiz-Presidente de Junta, poder\u00e1 ser designado para atuar nas Juntas de Concilia\u00e7\u00e3o e Julgamento.<\/p>\n<p>\u00a7 1\u00ba Para o fim mencionado no caput deste artigo, o territ\u00f3rio da Regi\u00e3o poder\u00e1 ser dividido em zonas, compreendendo a jurisdi\u00e7\u00e3o de uma ou mais Juntas, a ju\u00edzo do Tribunal Regional do Trabalho respectivo.<\/p>\n<p>\u00a7 2\u00ba A designa\u00e7\u00e3o referida no caput deste artigo ser\u00e1 de atribui\u00e7\u00e3o do Juiz-Presidente do Tribunal Regional do Trabalho ou, n\u00e3o havendo disposi\u00e7\u00e3o regimental espec\u00edfica, de quem este indicar.<\/p>\n<p>\u00a7 3\u00ba Os Ju\u00edzes do Trabalho Substitutos, quando designados ou estiverem substituindo os Ju\u00edzes Presidentes de Juntas, perceber\u00e3o os vencimentos destes.<\/p>\n<p>\u00a7 4\u00ba O Juiz-Presidente do Tribunal Regional do Trabalho ou, n\u00e3o havendo disposi\u00e7\u00e3o regimental espec\u00edfica, que este indicar, far\u00e1 a lota\u00e7\u00e3o e a movimenta\u00e7\u00e3o dos Ju\u00edzes Substitutos entre as diferentes zonas da Regi\u00e3o na hip\u00f3tese de terem sido criadas na forma do \u00a7 1\u00ba deste artigo.<\/p>\n<\/div>\n                    <\/div>\n    <\/div>\n\n<style>\n    .comment-block {\n        position: relative;\n    }\n    .comment-block .anchor-target {\n        position: absolute;\n        top: -200px;\n    }\n    .comment-block {\n        margin-bottom: 40px;\n    }\n    .comment-block .comment-block-title {\n        flex-wrap: wrap;\n        font-size: 20px;\n        font-weight: 600;\n        line-height: 130%;\n        color: #1c1e2f;\n        margin-bottom: 24px;\n    }\n\n    .comment-block .comment-block-title:last-child {\n        margin-bottom: 64px;\n    }\n\n    .comment-block h3 {\n        font-size: 24px;\n        font-weight: 600;\n        line-height: 120%;\n    }\n\n    .comment-block h4 {\n        font-size: 20px;\n        font-weight: 600;\n        line-height: 120%;\n    }\n\n    .article-box {\n        padding: 24px;\n        border-radius: 8px;\n        border: 1px solid #cbcbd9;\n        margin-bottom: 24px;\n    }\n\n    .article-box:last-child  {\n        margin-bottom: 0;\n    }\n\n    .article-box .article {\n        font-size: 16px;\n        font-weight: 400;\n        line-height: 150%;\n        margin-bottom: 16px;\n    }\n\n    .article-box .article p {\n        margin-bottom: 1em;\n    }\n\n    .article-box .article p:last-child {\n        margin-bottom: 0;\n    }\n\n    .article-box .article:last-child {\n        margin-bottom: 0;\n    }\n\n    .article-box .comment {\n        padding: 24px;\n        background-color: #f6f6fa;\n        font-size: 16px;\n        font-weight: 400;\n        line-height: 150%;\n        border-radius: 8px;\n    }\n\n    .article-box .comment p {\n        margin: 0;\n    }\n\n    .article-box .comment ol {\n        list-style: auto;\n        list-style-position: inside;\n    }\n\n    @media (max-width: 1199px) {\n        .comment-block .comment-block-title {\n            font-size: 16px;\n        }\n\n        .comment-block .comment-block-title h2 {\n            margin-right: 5px;\n        }\n\n        .comment-block h3 {\n            font-size: 20px;\n        }\n        .comment-block h4 {\n            font-size: 18px;\n        }\n    }\n<\/style>\n\n<div class=\"comment-block cp-block\">\n    <!-- Chama a ancora e\/ou titulo se houver -->\n        \n    <!-- Bloco de comentario -->\n            <div class=\"article-box\">\n            <div class=\"article\"><p><strong>Art. 657.<\/strong> Os presidentes de Junta e os presidentes substitutos perceber\u00e3o os vencimentos fixados em lei.<\/p>\n<\/div>\n                    <\/div>\n    <\/div>\n\n<style>\n    .comment-block {\n        position: relative;\n    }\n    .comment-block .anchor-target {\n        position: absolute;\n        top: -200px;\n    }\n    .comment-block {\n        margin-bottom: 40px;\n    }\n    .comment-block .comment-block-title {\n        flex-wrap: wrap;\n        font-size: 20px;\n        font-weight: 600;\n        line-height: 130%;\n        color: #1c1e2f;\n        margin-bottom: 24px;\n    }\n\n    .comment-block .comment-block-title:last-child {\n        margin-bottom: 64px;\n    }\n\n    .comment-block h3 {\n        font-size: 24px;\n        font-weight: 600;\n        line-height: 120%;\n    }\n\n    .comment-block h4 {\n        font-size: 20px;\n        font-weight: 600;\n        line-height: 120%;\n    }\n\n    .article-box {\n        padding: 24px;\n        border-radius: 8px;\n        border: 1px solid #cbcbd9;\n        margin-bottom: 24px;\n    }\n\n    .article-box:last-child  {\n        margin-bottom: 0;\n    }\n\n    .article-box .article {\n        font-size: 16px;\n        font-weight: 400;\n        line-height: 150%;\n        margin-bottom: 16px;\n    }\n\n    .article-box .article p {\n        margin-bottom: 1em;\n    }\n\n    .article-box .article p:last-child {\n        margin-bottom: 0;\n    }\n\n    .article-box .article:last-child {\n        margin-bottom: 0;\n    }\n\n    .article-box .comment {\n        padding: 24px;\n        background-color: #f6f6fa;\n        font-size: 16px;\n        font-weight: 400;\n        line-height: 150%;\n        border-radius: 8px;\n    }\n\n    .article-box .comment p {\n        margin: 0;\n    }\n\n    .article-box .comment ol {\n        list-style: auto;\n        list-style-position: inside;\n    }\n\n    @media (max-width: 1199px) {\n        .comment-block .comment-block-title {\n            font-size: 16px;\n        }\n\n        .comment-block .comment-block-title h2 {\n            margin-right: 5px;\n        }\n\n        .comment-block h3 {\n            font-size: 20px;\n        }\n        .comment-block h4 {\n            font-size: 18px;\n        }\n    }\n<\/style>\n\n<div class=\"comment-block cp-block\">\n    <!-- Chama a ancora e\/ou titulo se houver -->\n        \n    <!-- Bloco de comentario -->\n            <div class=\"article-box\">\n            <div class=\"article\"><p><strong>Art. 658.<\/strong> S\u00e3o deveres prec\u00edpuos dos presidentes das Juntas, al\u00e9m dos que decorram do exerc\u00edcio de sua fun\u00e7\u00e3o:<\/p>\n<p>a) manter perfeita conduta p\u00fablica e privada;<br \/>\nb) abster-se de atender a solicita\u00e7\u00f5es ou recomenda\u00e7\u00f5es relativamente aos feitos que hajam sido ou tenham de ser submetidos \u00e0 sua aprecia\u00e7\u00e3o;<br \/>\nc) residir dentro dos limites de sua jurisdi\u00e7\u00e3o, n\u00e3o podendo ausentar-se sem licen\u00e7a do presidente do Tribunal Regional;<br \/>\nd) despachar e praticar todos os atos decorrentes de suas fun\u00e7\u00f5es, dentro dos prazos estabelecidos, sujeitando-se ao desconto correspondente a um dia de vencimento para cada dia de retardamento.<\/p>\n<\/div>\n                    <\/div>\n    <\/div>\n\n<style>\n    .comment-block {\n        position: relative;\n    }\n    .comment-block .anchor-target {\n        position: absolute;\n        top: -200px;\n    }\n    .comment-block {\n        margin-bottom: 40px;\n    }\n    .comment-block .comment-block-title {\n        flex-wrap: wrap;\n        font-size: 20px;\n        font-weight: 600;\n        line-height: 130%;\n        color: #1c1e2f;\n        margin-bottom: 24px;\n    }\n\n    .comment-block .comment-block-title:last-child {\n        margin-bottom: 64px;\n    }\n\n    .comment-block h3 {\n        font-size: 24px;\n        font-weight: 600;\n        line-height: 120%;\n    }\n\n    .comment-block h4 {\n        font-size: 20px;\n        font-weight: 600;\n        line-height: 120%;\n    }\n\n    .article-box {\n        padding: 24px;\n        border-radius: 8px;\n        border: 1px solid #cbcbd9;\n        margin-bottom: 24px;\n    }\n\n    .article-box:last-child  {\n        margin-bottom: 0;\n    }\n\n    .article-box .article {\n        font-size: 16px;\n        font-weight: 400;\n        line-height: 150%;\n        margin-bottom: 16px;\n    }\n\n    .article-box .article p {\n        margin-bottom: 1em;\n    }\n\n    .article-box .article p:last-child {\n        margin-bottom: 0;\n    }\n\n    .article-box .article:last-child {\n        margin-bottom: 0;\n    }\n\n    .article-box .comment {\n        padding: 24px;\n        background-color: #f6f6fa;\n        font-size: 16px;\n        font-weight: 400;\n        line-height: 150%;\n        border-radius: 8px;\n    }\n\n    .article-box .comment p {\n        margin: 0;\n    }\n\n    .article-box .comment ol {\n        list-style: auto;\n        list-style-position: inside;\n    }\n\n    @media (max-width: 1199px) {\n        .comment-block .comment-block-title {\n            font-size: 16px;\n        }\n\n        .comment-block .comment-block-title h2 {\n            margin-right: 5px;\n        }\n\n        .comment-block h3 {\n            font-size: 20px;\n        }\n        .comment-block h4 {\n            font-size: 18px;\n        }\n    }\n<\/style>\n\n<div class=\"comment-block cp-block\">\n    <!-- Chama a ancora e\/ou titulo se houver -->\n        \n    <!-- Bloco de comentario -->\n            <div class=\"article-box\">\n            <div class=\"article\"><p><strong>Art. 659.<\/strong> Competem privativamente aos Presidentes das Juntas, al\u00e9m das que lhes forem conferidas neste T\u00edtulo e das decorrentes de seu cargo, as seguintes atribui\u00e7\u00f5es:<\/p>\n<p>I &#8211; presidir \u00e0s audi\u00eancias das Juntas;<br \/>\nII &#8211; executar as suas pr\u00f3prias decis\u00f5es, as proferidas pela Junta e aquelas cuja execu\u00e7\u00e3o lhes for deprecada;<br \/>\nIII &#8211; dar posse aos vogais nomeados para a Junta, ao Secret\u00e1rio e aos demais funcion\u00e1rios da Secretaria;<br \/>\nIV &#8211; convocar os suplentes dos vogais, no impedimento destes;<br \/>\nV &#8211; representar ao Presidente do Tribunal Regional da respectiva jurisdi\u00e7\u00e3o, no caso de falta de qualquer vogal a 3 (tr\u00eas) reuni\u00f5es consecutivas, sem motivo justificado, para os fins do art. 727;<br \/>\nVI &#8211; despachar os recursos interpostos pelas partes, fundamentando a decis\u00e3o recorrida antes da remessa ao Tribunal Regional, ou submetendo-os \u00e0 decis\u00e3o da Junta, no caso do art. 894;<br \/>\nVII &#8211; assinar as folhas de pagamento dos membros e funcion\u00e1rios da Junta;<br \/>\nVIII &#8211; apresentar ao Presidente do Tribunal Regional, at\u00e9 15 de fevereiro de cada ano, o relat\u00f3rio dos trabalhos do ano anterior;<br \/>\nIX &#8211; conceder medida liminar, at\u00e9 decis\u00e3o final do processo, em reclama\u00e7\u00f5es trabalhistas que visem a tornar sem efeito transfer\u00eancia disciplinada pelos par\u00e1grafos do artigo 469 desta Consolida\u00e7\u00e3o.<br \/>\nX &#8211; conceder medida liminar, at\u00e9 decis\u00e3o final do processo, em reclama\u00e7\u00f5es trabalhistas que visem reintegrar no emprego dirigente sindical afastado, suspenso ou dispensado pelo empregador.<\/p>\n<\/div>\n                    <\/div>\n    <\/div>","protected":false},"excerpt":{"rendered":"","protected":false},"author":7,"featured_media":0,"comment_status":"open","ping_status":"open","template":"","cat-clt":[568,566],"class_list":["post-28474","clt-comentado","type-clt-comentado","status-publish","hentry","cat-clt-capitulo-ii-titulo-viii","cat-clt-titulo-viii"],"acf":[],"_links":{"self":[{"href":"https:\/\/www.aurum.com.br\/blog\/wp-json\/wp\/v2\/clt-comentado\/28474","targetHints":{"allow":["GET"]}}],"collection":[{"href":"https:\/\/www.aurum.com.br\/blog\/wp-json\/wp\/v2\/clt-comentado"}],"about":[{"href":"https:\/\/www.aurum.com.br\/blog\/wp-json\/wp\/v2\/types\/clt-comentado"}],"author":[{"embeddable":true,"href":"https:\/\/www.aurum.com.br\/blog\/wp-json\/wp\/v2\/users\/7"}],"replies":[{"embeddable":true,"href":"https:\/\/www.aurum.com.br\/blog\/wp-json\/wp\/v2\/comments?post=28474"}],"wp:attachment":[{"href":"https:\/\/www.aurum.com.br\/blog\/wp-json\/wp\/v2\/media?parent=28474"}],"wp:term":[{"taxonomy":"cat-clt","embeddable":true,"href":"https:\/\/www.aurum.com.br\/blog\/wp-json\/wp\/v2\/cat-clt?post=28474"}],"curies":[{"name":"wp","href":"https:\/\/api.w.org\/{rel}","templated":true}]}}