{"id":28473,"date":"2024-06-27T12:17:48","date_gmt":"2024-06-27T15:17:48","guid":{"rendered":"https:\/\/www.aurum.com.br\/blog\/clt-comentado\/art-650-a-653-clt\/"},"modified":"2025-05-19T14:37:14","modified_gmt":"2025-05-19T17:37:14","slug":"art-650-a-653-clt","status":"publish","type":"clt-comentado","link":"https:\/\/www.aurum.com.br\/blog\/clt-comentado\/art-650-a-653-clt\/","title":{"rendered":"Se\u00e7\u00e3o II \u2013 Da Jurisdi\u00e7\u00e3o e Compet\u00eancia das Juntas"},"content":{"rendered":"<style>\n    .comment-block {\n        position: relative;\n    }\n    .comment-block .anchor-target {\n        position: absolute;\n        top: -200px;\n    }\n    .comment-block {\n        margin-bottom: 40px;\n    }\n    .comment-block .comment-block-title {\n        flex-wrap: wrap;\n        font-size: 20px;\n        font-weight: 600;\n        line-height: 130%;\n        color: #1c1e2f;\n        margin-bottom: 24px;\n    }\n\n    .comment-block .comment-block-title:last-child {\n        margin-bottom: 64px;\n    }\n\n    .comment-block h3 {\n        font-size: 24px;\n        font-weight: 600;\n        line-height: 120%;\n    }\n\n    .comment-block h4 {\n        font-size: 20px;\n        font-weight: 600;\n        line-height: 120%;\n    }\n\n    .article-box {\n        padding: 24px;\n        border-radius: 8px;\n        border: 1px solid #cbcbd9;\n        margin-bottom: 24px;\n    }\n\n    .article-box:last-child  {\n        margin-bottom: 0;\n    }\n\n    .article-box .article {\n        font-size: 16px;\n        font-weight: 400;\n        line-height: 150%;\n        margin-bottom: 16px;\n    }\n\n    .article-box .article p {\n        margin-bottom: 1em;\n    }\n\n    .article-box .article p:last-child {\n        margin-bottom: 0;\n    }\n\n    .article-box .article:last-child {\n        margin-bottom: 0;\n    }\n\n    .article-box .comment {\n        padding: 24px;\n        background-color: #f6f6fa;\n        font-size: 16px;\n        font-weight: 400;\n        line-height: 150%;\n        border-radius: 8px;\n    }\n\n    .article-box .comment p {\n        margin: 0;\n    }\n\n    .article-box .comment ol {\n        list-style: auto;\n        list-style-position: inside;\n    }\n\n    @media (max-width: 1199px) {\n        .comment-block .comment-block-title {\n            font-size: 16px;\n        }\n\n        .comment-block .comment-block-title h2 {\n            margin-right: 5px;\n        }\n\n        .comment-block h3 {\n            font-size: 20px;\n        }\n        .comment-block h4 {\n            font-size: 18px;\n        }\n    }\n<\/style>\n\n<div class=\"comment-block cp-block\">\n    <!-- Chama a ancora e\/ou titulo se houver -->\n        \n    <!-- Bloco de comentario -->\n            <div class=\"article-box\">\n            <div class=\"article\"><p><strong>Art. 650.<\/strong> A jurisdi\u00e7\u00e3o de cada Junta de Concilia\u00e7\u00e3o e Julgamento abrange todo o territ\u00f3rio da Comarca em que tem sede, s\u00f3 podendo ser estendida ou restringida por lei federal.<\/p>\n<p>Par\u00e1grafo \u00fanico. As leis locais de Organiza\u00e7\u00e3o Judici\u00e1ria n\u00e3o influir\u00e3o s\u00f4bre a compet\u00eancia de Juntas de Concilia\u00e7\u00e3o e Julgamento j\u00e1 criadas at\u00e9 que lei federal assim determine.<\/p>\n<\/div>\n                    <\/div>\n    <\/div>\n\n<style>\n    .comment-block {\n        position: relative;\n    }\n    .comment-block .anchor-target {\n        position: absolute;\n        top: -200px;\n    }\n    .comment-block {\n        margin-bottom: 40px;\n    }\n    .comment-block .comment-block-title {\n        flex-wrap: wrap;\n        font-size: 20px;\n        font-weight: 600;\n        line-height: 130%;\n        color: #1c1e2f;\n        margin-bottom: 24px;\n    }\n\n    .comment-block .comment-block-title:last-child {\n        margin-bottom: 64px;\n    }\n\n    .comment-block h3 {\n        font-size: 24px;\n        font-weight: 600;\n        line-height: 120%;\n    }\n\n    .comment-block h4 {\n        font-size: 20px;\n        font-weight: 600;\n        line-height: 120%;\n    }\n\n    .article-box {\n        padding: 24px;\n        border-radius: 8px;\n        border: 1px solid #cbcbd9;\n        margin-bottom: 24px;\n    }\n\n    .article-box:last-child  {\n        margin-bottom: 0;\n    }\n\n    .article-box .article {\n        font-size: 16px;\n        font-weight: 400;\n        line-height: 150%;\n        margin-bottom: 16px;\n    }\n\n    .article-box .article p {\n        margin-bottom: 1em;\n    }\n\n    .article-box .article p:last-child {\n        margin-bottom: 0;\n    }\n\n    .article-box .article:last-child {\n        margin-bottom: 0;\n    }\n\n    .article-box .comment {\n        padding: 24px;\n        background-color: #f6f6fa;\n        font-size: 16px;\n        font-weight: 400;\n        line-height: 150%;\n        border-radius: 8px;\n    }\n\n    .article-box .comment p {\n        margin: 0;\n    }\n\n    .article-box .comment ol {\n        list-style: auto;\n        list-style-position: inside;\n    }\n\n    @media (max-width: 1199px) {\n        .comment-block .comment-block-title {\n            font-size: 16px;\n        }\n\n        .comment-block .comment-block-title h2 {\n            margin-right: 5px;\n        }\n\n        .comment-block h3 {\n            font-size: 20px;\n        }\n        .comment-block h4 {\n            font-size: 18px;\n        }\n    }\n<\/style>\n\n<div class=\"comment-block cp-block\">\n    <!-- Chama a ancora e\/ou titulo se houver -->\n        \n    <!-- Bloco de comentario -->\n            <div class=\"article-box\">\n            <div class=\"article\"><p><strong>Art. 651.<\/strong> A compet\u00eancia das Juntas de Concilia\u00e7\u00e3o e Julgamento \u00e9 determinada pela localidade onde o empregado, reclamante ou reclamado, prestar servi\u00e7os ao empregador, ainda que tenha sido contratado noutro local ou no estrangeiro.<\/p>\n<p>\u00a7 1\u00ba Quando for parte de diss\u00eddio agente ou viajante comercial, a compet\u00eancia ser\u00e1 da Junta da localidade em que a empresa tenha ag\u00eancia ou filial e a esta o empregado esteja subordinado e, na falta, ser\u00e1 competente a Junta da localiza\u00e7\u00e3o em que o empregado tenha domic\u00edlio ou a localidade mais pr\u00f3xima.<\/p>\n<p>\u00a7 2\u00ba A compet\u00eancia das Juntas de Concilia\u00e7\u00e3o e Julgamento, estabelecida neste artigo, estende-se aos diss\u00eddios ocorridos em ag\u00eancia ou filial no estrangeiro, desde que o empregado seja brasileiro e n\u00e3o haja conven\u00e7\u00e3o internacional dispondo em contr\u00e1rio.<\/p>\n<p>\u00a7 3\u00ba Em se tratando de empregador que promova realiza\u00e7\u00e3o de atividades fora do lugar do contrato de trabalho, \u00e9 assegurado ao empregado apresentar reclama\u00e7\u00e3o no foro da celebra\u00e7\u00e3o do contrato ou no da presta\u00e7\u00e3o dos respectivos servi\u00e7os.<\/p>\n<\/div>\n                    <\/div>\n    <\/div>\n\n<style>\n    .comment-block {\n        position: relative;\n    }\n    .comment-block .anchor-target {\n        position: absolute;\n        top: -200px;\n    }\n    .comment-block {\n        margin-bottom: 40px;\n    }\n    .comment-block .comment-block-title {\n        flex-wrap: wrap;\n        font-size: 20px;\n        font-weight: 600;\n        line-height: 130%;\n        color: #1c1e2f;\n        margin-bottom: 24px;\n    }\n\n    .comment-block .comment-block-title:last-child {\n        margin-bottom: 64px;\n    }\n\n    .comment-block h3 {\n        font-size: 24px;\n        font-weight: 600;\n        line-height: 120%;\n    }\n\n    .comment-block h4 {\n        font-size: 20px;\n        font-weight: 600;\n        line-height: 120%;\n    }\n\n    .article-box {\n        padding: 24px;\n        border-radius: 8px;\n        border: 1px solid #cbcbd9;\n        margin-bottom: 24px;\n    }\n\n    .article-box:last-child  {\n        margin-bottom: 0;\n    }\n\n    .article-box .article {\n        font-size: 16px;\n        font-weight: 400;\n        line-height: 150%;\n        margin-bottom: 16px;\n    }\n\n    .article-box .article p {\n        margin-bottom: 1em;\n    }\n\n    .article-box .article p:last-child {\n        margin-bottom: 0;\n    }\n\n    .article-box .article:last-child {\n        margin-bottom: 0;\n    }\n\n    .article-box .comment {\n        padding: 24px;\n        background-color: #f6f6fa;\n        font-size: 16px;\n        font-weight: 400;\n        line-height: 150%;\n        border-radius: 8px;\n    }\n\n    .article-box .comment p {\n        margin: 0;\n    }\n\n    .article-box .comment ol {\n        list-style: auto;\n        list-style-position: inside;\n    }\n\n    @media (max-width: 1199px) {\n        .comment-block .comment-block-title {\n            font-size: 16px;\n        }\n\n        .comment-block .comment-block-title h2 {\n            margin-right: 5px;\n        }\n\n        .comment-block h3 {\n            font-size: 20px;\n        }\n        .comment-block h4 {\n            font-size: 18px;\n        }\n    }\n<\/style>\n\n<div class=\"comment-block cp-block\">\n    <!-- Chama a ancora e\/ou titulo se houver -->\n        \n    <!-- Bloco de comentario -->\n            <div class=\"article-box\">\n            <div class=\"article\"><p><strong>Art. 652.<\/strong> Compete \u00e0s Varas do Trabalho:<\/p>\n<p>a) conciliar e julgar:<br \/>\nI &#8211; os diss\u00eddios em que se pretenda o reconhecimento da estabilidade de empregado;<br \/>\nII &#8211; os diss\u00eddios concernentes a remunera\u00e7\u00e3o, f\u00e9rias e indeniza\u00e7\u00f5es por motivo de rescis\u00e3o do contrato individual de trabalho;<br \/>\nIII &#8211; os diss\u00eddios resultantes de contratos de empreitadas em que o empreiteiro seja oper\u00e1rio ou art\u00edfice;<br \/>\nIV &#8211; os demais diss\u00eddios concernentes ao contrato individual de trabalho;<br \/>\nV &#8211; as a\u00e7\u00f5es entre trabalhadores portu\u00e1rios e os operadores portu\u00e1rios ou o \u00d3rg\u00e3o Gestor de M\u00e3o-de-Obra &#8211; OGMO decorrentes da rela\u00e7\u00e3o de trabalho;<\/p>\n<p>b) processar e julgar os inqu\u00e9ritos para apura\u00e7\u00e3o de falta grave;<br \/>\nc) julgar os embargos opostos \u00e0s suas pr\u00f3prias decis\u00f5es;<br \/>\nd) impor multas e demais penalidades relativas aos atos de sua compet\u00eancia;<br \/>\ne) impor multa e demais penalidades relativas aos atos de sua compet\u00eancia.<br \/>\nf) decidir quanto \u00e0 homologa\u00e7\u00e3o de acordo extrajudicial em mat\u00e9ria de compet\u00eancia da Justi\u00e7a do Trabalho.<\/p>\n<p>Par\u00e1grafo \u00fanico. Ter\u00e3o prefer\u00eancia para julgamento os diss\u00eddios sobre pagamento de sal\u00e1rio e aqueles que derivarem da fal\u00eancia do empregador, podendo o Presidente da Junta, a pedido do interessado, constituir processo em separado, sempre que a reclama\u00e7\u00e3o tamb\u00e9m versar sobre outros assuntos.<\/p>\n<\/div>\n                    <\/div>\n    <\/div>\n\n<style>\n    .comment-block {\n        position: relative;\n    }\n    .comment-block .anchor-target {\n        position: absolute;\n        top: -200px;\n    }\n    .comment-block {\n        margin-bottom: 40px;\n    }\n    .comment-block .comment-block-title {\n        flex-wrap: wrap;\n        font-size: 20px;\n        font-weight: 600;\n        line-height: 130%;\n        color: #1c1e2f;\n        margin-bottom: 24px;\n    }\n\n    .comment-block .comment-block-title:last-child {\n        margin-bottom: 64px;\n    }\n\n    .comment-block h3 {\n        font-size: 24px;\n        font-weight: 600;\n        line-height: 120%;\n    }\n\n    .comment-block h4 {\n        font-size: 20px;\n        font-weight: 600;\n        line-height: 120%;\n    }\n\n    .article-box {\n        padding: 24px;\n        border-radius: 8px;\n        border: 1px solid #cbcbd9;\n        margin-bottom: 24px;\n    }\n\n    .article-box:last-child  {\n        margin-bottom: 0;\n    }\n\n    .article-box .article {\n        font-size: 16px;\n        font-weight: 400;\n        line-height: 150%;\n        margin-bottom: 16px;\n    }\n\n    .article-box .article p {\n        margin-bottom: 1em;\n    }\n\n    .article-box .article p:last-child {\n        margin-bottom: 0;\n    }\n\n    .article-box .article:last-child {\n        margin-bottom: 0;\n    }\n\n    .article-box .comment {\n        padding: 24px;\n        background-color: #f6f6fa;\n        font-size: 16px;\n        font-weight: 400;\n        line-height: 150%;\n        border-radius: 8px;\n    }\n\n    .article-box .comment p {\n        margin: 0;\n    }\n\n    .article-box .comment ol {\n        list-style: auto;\n        list-style-position: inside;\n    }\n\n    @media (max-width: 1199px) {\n        .comment-block .comment-block-title {\n            font-size: 16px;\n        }\n\n        .comment-block .comment-block-title h2 {\n            margin-right: 5px;\n        }\n\n        .comment-block h3 {\n            font-size: 20px;\n        }\n        .comment-block h4 {\n            font-size: 18px;\n        }\n    }\n<\/style>\n\n<div class=\"comment-block cp-block\">\n    <!-- Chama a ancora e\/ou titulo se houver -->\n        \n    <!-- Bloco de comentario -->\n            <div class=\"article-box\">\n            <div class=\"article\"><p><strong>Art. 653.<\/strong> Compete, ainda, \u00e0s Juntas de Concilia\u00e7\u00e3o e Julgamento:<\/p>\n<p>a) requisitar \u00e0s autoridades competentes a realiza\u00e7\u00e3o das dilig\u00eancias necess\u00e1rias ao esclarecimento dos feitos sob sua aprecia\u00e7\u00e3o, representando contra aquelas que n\u00e3o atenderem a tais requisi\u00e7\u00f5es;<br \/>\nb) realizar as dilig\u00eancias e praticar os atos processuais ordenados pelos Tribunais Regionais do Trabalho ou pelo Tribunal Superior do Trabalho;<br \/>\nc) julgar as suspei\u00e7\u00f5es arg\u00fcidas contra os seus membros;<br \/>\nd) julgar as exce\u00e7\u00f5es de incompet\u00eancia que lhes forem opostas;<br \/>\ne) expedir precat\u00f3rias e cumprir as que lhes forem deprecadas;<br \/>\nf) exercer, em geral, no interesse da Justi\u00e7a do Trabalho, quaisquer outras atribui\u00e7\u00f5es que decorram da sua jurisdi\u00e7\u00e3o.<\/p>\n<\/div>\n                    <\/div>\n    <\/div>","protected":false},"excerpt":{"rendered":"","protected":false},"author":7,"featured_media":0,"comment_status":"open","ping_status":"open","template":"","cat-clt":[568,566],"class_list":["post-28473","clt-comentado","type-clt-comentado","status-publish","hentry","cat-clt-capitulo-ii-titulo-viii","cat-clt-titulo-viii"],"acf":[],"_links":{"self":[{"href":"https:\/\/www.aurum.com.br\/blog\/wp-json\/wp\/v2\/clt-comentado\/28473","targetHints":{"allow":["GET"]}}],"collection":[{"href":"https:\/\/www.aurum.com.br\/blog\/wp-json\/wp\/v2\/clt-comentado"}],"about":[{"href":"https:\/\/www.aurum.com.br\/blog\/wp-json\/wp\/v2\/types\/clt-comentado"}],"author":[{"embeddable":true,"href":"https:\/\/www.aurum.com.br\/blog\/wp-json\/wp\/v2\/users\/7"}],"replies":[{"embeddable":true,"href":"https:\/\/www.aurum.com.br\/blog\/wp-json\/wp\/v2\/comments?post=28473"}],"wp:attachment":[{"href":"https:\/\/www.aurum.com.br\/blog\/wp-json\/wp\/v2\/media?parent=28473"}],"wp:term":[{"taxonomy":"cat-clt","embeddable":true,"href":"https:\/\/www.aurum.com.br\/blog\/wp-json\/wp\/v2\/cat-clt?post=28473"}],"curies":[{"name":"wp","href":"https:\/\/api.w.org\/{rel}","templated":true}]}}