{"id":28470,"date":"2024-06-27T12:17:48","date_gmt":"2024-06-27T15:17:48","guid":{"rendered":"https:\/\/www.aurum.com.br\/blog\/clt-comentado\/art-642-a-clt\/"},"modified":"2025-05-19T16:13:02","modified_gmt":"2025-05-19T19:13:02","slug":"art-642-a-clt","status":"publish","type":"clt-comentado","link":"https:\/\/www.aurum.com.br\/blog\/clt-comentado\/art-642-a-clt\/","title":{"rendered":"T\u00edtulo VII-A \u2013 Da Prova de Inexist\u00eancia de D\u00e9bito Trabalhista"},"content":{"rendered":"<style>\n    .comment-block {\n        position: relative;\n    }\n    .comment-block .anchor-target {\n        position: absolute;\n        top: -200px;\n    }\n    .comment-block {\n        margin-bottom: 40px;\n    }\n    .comment-block .comment-block-title {\n        flex-wrap: wrap;\n        font-size: 20px;\n        font-weight: 600;\n        line-height: 130%;\n        color: #1c1e2f;\n        margin-bottom: 24px;\n    }\n\n    .comment-block .comment-block-title:last-child {\n        margin-bottom: 64px;\n    }\n\n    .comment-block h3 {\n        font-size: 24px;\n        font-weight: 600;\n        line-height: 120%;\n    }\n\n    .comment-block h4 {\n        font-size: 20px;\n        font-weight: 600;\n        line-height: 120%;\n    }\n\n    .article-box {\n        padding: 24px;\n        border-radius: 8px;\n        border: 1px solid #cbcbd9;\n        margin-bottom: 24px;\n    }\n\n    .article-box:last-child  {\n        margin-bottom: 0;\n    }\n\n    .article-box .article {\n        font-size: 16px;\n        font-weight: 400;\n        line-height: 150%;\n        margin-bottom: 16px;\n    }\n\n    .article-box .article p {\n        margin-bottom: 1em;\n    }\n\n    .article-box .article p:last-child {\n        margin-bottom: 0;\n    }\n\n    .article-box .article:last-child {\n        margin-bottom: 0;\n    }\n\n    .article-box .comment {\n        padding: 24px;\n        background-color: #f6f6fa;\n        font-size: 16px;\n        font-weight: 400;\n        line-height: 150%;\n        border-radius: 8px;\n    }\n\n    .article-box .comment p {\n        margin: 0;\n    }\n\n    .article-box .comment ol {\n        list-style: auto;\n        list-style-position: inside;\n    }\n\n    @media (max-width: 1199px) {\n        .comment-block .comment-block-title {\n            font-size: 16px;\n        }\n\n        .comment-block .comment-block-title h2 {\n            margin-right: 5px;\n        }\n\n        .comment-block h3 {\n            font-size: 20px;\n        }\n        .comment-block h4 {\n            font-size: 18px;\n        }\n    }\n<\/style>\n\n<div class=\"comment-block cp-block\">\n    <!-- Chama a ancora e\/ou titulo se houver -->\n        \n    <!-- Bloco de comentario -->\n            <div class=\"article-box\">\n            <div class=\"article\"><p><strong>Art. 642-A.<\/strong> \u00c9 institu\u00edda a Certid\u00e3o Negativa de D\u00e9bitos Trabalhistas (CNDT), expedida gratuita e eletronicamente, para comprovar a inexist\u00eancia de d\u00e9bitos inadimplidos perante a Justi\u00e7a do Trabalho.<\/p>\n<p>\u00a7 1\u00ba O interessado n\u00e3o obter\u00e1 a certid\u00e3o quando em seu nome constar:<br \/>\nI \u2013 o inadimplemento de obriga\u00e7\u00f5es estabelecidas em senten\u00e7a condenat\u00f3ria transitada em julgado proferida pela Justi\u00e7a do Trabalho ou em acordos judiciais trabalhistas, inclusive no concernente aos recolhimentos previdenci\u00e1rios, a honor\u00e1rios, a custas, a emolumentos ou a recolhimentos determinados em lei; ou<br \/>\nII \u2013 o inadimplemento de obriga\u00e7\u00f5es decorrentes de execu\u00e7\u00e3o de acordos firmados perante o Minist\u00e9rio P\u00fablico do Trabalho ou Comiss\u00e3o de Concilia\u00e7\u00e3o Pr\u00e9via.<\/p>\n<p>\u00a7 2\u00ba Verificada a exist\u00eancia de d\u00e9bitos garantidos por penhora suficiente ou com exigibilidade suspensa, ser\u00e1 expedida Certid\u00e3o Positiva de D\u00e9bitos Trabalhistas em nome do interessado com os mesmos efeitos da CNDT.<\/p>\n<p>\u00a7 3\u00ba A CNDT certificar\u00e1 a empresa em rela\u00e7\u00e3o a todos os seus estabelecimentos, ag\u00eancias e filiais.<\/p>\n<p>\u00a7 4\u00ba O prazo de validade da CNDT \u00e9 de 180 (cento e oitenta) dias, contado da data de sua emiss\u00e3o.<\/p>\n<\/div>\n                    <\/div>\n    <\/div>","protected":false},"excerpt":{"rendered":"","protected":false},"author":7,"featured_media":0,"comment_status":"open","ping_status":"open","template":"","cat-clt":[565],"class_list":["post-28470","clt-comentado","type-clt-comentado","status-publish","hentry","cat-clt-titulo-vii-a"],"acf":[],"_links":{"self":[{"href":"https:\/\/www.aurum.com.br\/blog\/wp-json\/wp\/v2\/clt-comentado\/28470","targetHints":{"allow":["GET"]}}],"collection":[{"href":"https:\/\/www.aurum.com.br\/blog\/wp-json\/wp\/v2\/clt-comentado"}],"about":[{"href":"https:\/\/www.aurum.com.br\/blog\/wp-json\/wp\/v2\/types\/clt-comentado"}],"author":[{"embeddable":true,"href":"https:\/\/www.aurum.com.br\/blog\/wp-json\/wp\/v2\/users\/7"}],"replies":[{"embeddable":true,"href":"https:\/\/www.aurum.com.br\/blog\/wp-json\/wp\/v2\/comments?post=28470"}],"wp:attachment":[{"href":"https:\/\/www.aurum.com.br\/blog\/wp-json\/wp\/v2\/media?parent=28470"}],"wp:term":[{"taxonomy":"cat-clt","embeddable":true,"href":"https:\/\/www.aurum.com.br\/blog\/wp-json\/wp\/v2\/cat-clt?post=28470"}],"curies":[{"name":"wp","href":"https:\/\/api.w.org\/{rel}","templated":true}]}}