{"id":28467,"date":"2024-06-27T12:17:48","date_gmt":"2024-06-27T15:17:48","guid":{"rendered":"https:\/\/www.aurum.com.br\/blog\/clt-comentado\/art-626-a-634-clt\/"},"modified":"2025-05-18T20:17:21","modified_gmt":"2025-05-18T23:17:21","slug":"art-626-a-634-clt","status":"publish","type":"clt-comentado","link":"https:\/\/www.aurum.com.br\/blog\/clt-comentado\/art-626-a-634-clt\/","title":{"rendered":"Cap\u00edtulo I \u2013 Da Fiscaliza\u00e7\u00e3o, Da Autua\u00e7\u00e3o E Da Imposi\u00e7\u00e3o De Multas"},"content":{"rendered":"<style>\n    .comment-block {\n        position: relative;\n    }\n    .comment-block .anchor-target {\n        position: absolute;\n        top: -200px;\n    }\n    .comment-block {\n        margin-bottom: 40px;\n    }\n    .comment-block .comment-block-title {\n        flex-wrap: wrap;\n        font-size: 20px;\n        font-weight: 600;\n        line-height: 130%;\n        color: #1c1e2f;\n        margin-bottom: 24px;\n    }\n\n    .comment-block .comment-block-title:last-child {\n        margin-bottom: 64px;\n    }\n\n    .comment-block h3 {\n        font-size: 24px;\n        font-weight: 600;\n        line-height: 120%;\n    }\n\n    .comment-block h4 {\n        font-size: 20px;\n        font-weight: 600;\n        line-height: 120%;\n    }\n\n    .article-box {\n        padding: 24px;\n        border-radius: 8px;\n        border: 1px solid #cbcbd9;\n        margin-bottom: 24px;\n    }\n\n    .article-box:last-child  {\n        margin-bottom: 0;\n    }\n\n    .article-box .article {\n        font-size: 16px;\n        font-weight: 400;\n        line-height: 150%;\n        margin-bottom: 16px;\n    }\n\n    .article-box .article p {\n        margin-bottom: 1em;\n    }\n\n    .article-box .article p:last-child {\n        margin-bottom: 0;\n    }\n\n    .article-box .article:last-child {\n        margin-bottom: 0;\n    }\n\n    .article-box .comment {\n        padding: 24px;\n        background-color: #f6f6fa;\n        font-size: 16px;\n        font-weight: 400;\n        line-height: 150%;\n        border-radius: 8px;\n    }\n\n    .article-box .comment p {\n        margin: 0;\n    }\n\n    .article-box .comment ol {\n        list-style: auto;\n        list-style-position: inside;\n    }\n\n    @media (max-width: 1199px) {\n        .comment-block .comment-block-title {\n            font-size: 16px;\n        }\n\n        .comment-block .comment-block-title h2 {\n            margin-right: 5px;\n        }\n\n        .comment-block h3 {\n            font-size: 20px;\n        }\n        .comment-block h4 {\n            font-size: 18px;\n        }\n    }\n<\/style>\n\n<div class=\"comment-block cp-block\">\n    <!-- Chama a ancora e\/ou titulo se houver -->\n        \n    <!-- Bloco de comentario -->\n            <div class=\"article-box\">\n            <div class=\"article\"><p><strong>Art. 626.<\/strong> Incumbe \u00e0s autoridades competentes do Minist\u00e9rio do Trabalho, Industria e Comercio, ou \u00e0quelas que exer\u00e7am fun\u00e7\u00f5es delegadas, a fiscaliza\u00e7\u00e3o do fiel cumprimento das normas de prote\u00e7\u00e3o ao trabalho.<\/p>\n<p>Par\u00e1grafo \u00fanico. Os fiscais dos Institutos de Seguro Social e das entidades paraestatais em geral dependentes do Minist\u00e9rio do Trabalho, Industria e Comercio ser\u00e3o competentes para a fiscaliza\u00e7\u00e3o a que se refere o presente artigo, na forma das instru\u00e7\u00f5es que forem expedidas pelo Ministro do Trabalho, Industria e Comercio.<\/p>\n<\/div>\n                    <\/div>\n    <\/div>\n\n<style>\n    .comment-block {\n        position: relative;\n    }\n    .comment-block .anchor-target {\n        position: absolute;\n        top: -200px;\n    }\n    .comment-block {\n        margin-bottom: 40px;\n    }\n    .comment-block .comment-block-title {\n        flex-wrap: wrap;\n        font-size: 20px;\n        font-weight: 600;\n        line-height: 130%;\n        color: #1c1e2f;\n        margin-bottom: 24px;\n    }\n\n    .comment-block .comment-block-title:last-child {\n        margin-bottom: 64px;\n    }\n\n    .comment-block h3 {\n        font-size: 24px;\n        font-weight: 600;\n        line-height: 120%;\n    }\n\n    .comment-block h4 {\n        font-size: 20px;\n        font-weight: 600;\n        line-height: 120%;\n    }\n\n    .article-box {\n        padding: 24px;\n        border-radius: 8px;\n        border: 1px solid #cbcbd9;\n        margin-bottom: 24px;\n    }\n\n    .article-box:last-child  {\n        margin-bottom: 0;\n    }\n\n    .article-box .article {\n        font-size: 16px;\n        font-weight: 400;\n        line-height: 150%;\n        margin-bottom: 16px;\n    }\n\n    .article-box .article p {\n        margin-bottom: 1em;\n    }\n\n    .article-box .article p:last-child {\n        margin-bottom: 0;\n    }\n\n    .article-box .article:last-child {\n        margin-bottom: 0;\n    }\n\n    .article-box .comment {\n        padding: 24px;\n        background-color: #f6f6fa;\n        font-size: 16px;\n        font-weight: 400;\n        line-height: 150%;\n        border-radius: 8px;\n    }\n\n    .article-box .comment p {\n        margin: 0;\n    }\n\n    .article-box .comment ol {\n        list-style: auto;\n        list-style-position: inside;\n    }\n\n    @media (max-width: 1199px) {\n        .comment-block .comment-block-title {\n            font-size: 16px;\n        }\n\n        .comment-block .comment-block-title h2 {\n            margin-right: 5px;\n        }\n\n        .comment-block h3 {\n            font-size: 20px;\n        }\n        .comment-block h4 {\n            font-size: 18px;\n        }\n    }\n<\/style>\n\n<div class=\"comment-block cp-block\">\n    <!-- Chama a ancora e\/ou titulo se houver -->\n        \n    <!-- Bloco de comentario -->\n            <div class=\"article-box\">\n            <div class=\"article\"><p><strong>Art. 627.<\/strong> A fim de promover a instru\u00e7\u00e3o dos respons\u00e1veis no cumprimento das leis de prote\u00e7\u00e3o do trabalho, a fiscaliza\u00e7\u00e3o dever\u00e1 observar o crit\u00e9rio de dupla visita nos seguintes casos:<\/p>\n<p>a) quando ocorrer promulga\u00e7\u00e3o ou expedi\u00e7\u00e3o de novas leis, regulamentos ou instru\u00e7\u00f5es ministeriais, sendo que, com rela\u00e7\u00e3o exclusivamente a esses atos, ser\u00e1 feita apenas a instru\u00e7\u00e3o dos respons\u00e1veis;<br \/>\nb) em se realizando a primeira inspe\u00e7\u00e3o dos estabelecimentos ou dos locais de trabalho, recentemente inaugurados ou empreendidos.<\/p>\n<\/div>\n                    <\/div>\n    <\/div>\n\n<style>\n    .comment-block {\n        position: relative;\n    }\n    .comment-block .anchor-target {\n        position: absolute;\n        top: -200px;\n    }\n    .comment-block {\n        margin-bottom: 40px;\n    }\n    .comment-block .comment-block-title {\n        flex-wrap: wrap;\n        font-size: 20px;\n        font-weight: 600;\n        line-height: 130%;\n        color: #1c1e2f;\n        margin-bottom: 24px;\n    }\n\n    .comment-block .comment-block-title:last-child {\n        margin-bottom: 64px;\n    }\n\n    .comment-block h3 {\n        font-size: 24px;\n        font-weight: 600;\n        line-height: 120%;\n    }\n\n    .comment-block h4 {\n        font-size: 20px;\n        font-weight: 600;\n        line-height: 120%;\n    }\n\n    .article-box {\n        padding: 24px;\n        border-radius: 8px;\n        border: 1px solid #cbcbd9;\n        margin-bottom: 24px;\n    }\n\n    .article-box:last-child  {\n        margin-bottom: 0;\n    }\n\n    .article-box .article {\n        font-size: 16px;\n        font-weight: 400;\n        line-height: 150%;\n        margin-bottom: 16px;\n    }\n\n    .article-box .article p {\n        margin-bottom: 1em;\n    }\n\n    .article-box .article p:last-child {\n        margin-bottom: 0;\n    }\n\n    .article-box .article:last-child {\n        margin-bottom: 0;\n    }\n\n    .article-box .comment {\n        padding: 24px;\n        background-color: #f6f6fa;\n        font-size: 16px;\n        font-weight: 400;\n        line-height: 150%;\n        border-radius: 8px;\n    }\n\n    .article-box .comment p {\n        margin: 0;\n    }\n\n    .article-box .comment ol {\n        list-style: auto;\n        list-style-position: inside;\n    }\n\n    @media (max-width: 1199px) {\n        .comment-block .comment-block-title {\n            font-size: 16px;\n        }\n\n        .comment-block .comment-block-title h2 {\n            margin-right: 5px;\n        }\n\n        .comment-block h3 {\n            font-size: 20px;\n        }\n        .comment-block h4 {\n            font-size: 18px;\n        }\n    }\n<\/style>\n\n<div class=\"comment-block cp-block\">\n    <!-- Chama a ancora e\/ou titulo se houver -->\n        \n    <!-- Bloco de comentario -->\n            <div class=\"article-box\">\n            <div class=\"article\"><p><strong>Art. 627-A.<\/strong> Poder\u00e1 ser instaurado procedimento especial para a a\u00e7\u00e3o fiscal, objetivando a orienta\u00e7\u00e3o sobre o cumprimento das leis de prote\u00e7\u00e3o ao trabalho, bem como a preven\u00e7\u00e3o e o saneamento de infra\u00e7\u00f5es \u00e0 legisla\u00e7\u00e3o mediante Termo de Compromisso, na forma a ser disciplinada no Regulamento da Inspe\u00e7\u00e3o do Trabalho.<\/p>\n<\/div>\n                    <\/div>\n    <\/div>\n\n<style>\n    .comment-block {\n        position: relative;\n    }\n    .comment-block .anchor-target {\n        position: absolute;\n        top: -200px;\n    }\n    .comment-block {\n        margin-bottom: 40px;\n    }\n    .comment-block .comment-block-title {\n        flex-wrap: wrap;\n        font-size: 20px;\n        font-weight: 600;\n        line-height: 130%;\n        color: #1c1e2f;\n        margin-bottom: 24px;\n    }\n\n    .comment-block .comment-block-title:last-child {\n        margin-bottom: 64px;\n    }\n\n    .comment-block h3 {\n        font-size: 24px;\n        font-weight: 600;\n        line-height: 120%;\n    }\n\n    .comment-block h4 {\n        font-size: 20px;\n        font-weight: 600;\n        line-height: 120%;\n    }\n\n    .article-box {\n        padding: 24px;\n        border-radius: 8px;\n        border: 1px solid #cbcbd9;\n        margin-bottom: 24px;\n    }\n\n    .article-box:last-child  {\n        margin-bottom: 0;\n    }\n\n    .article-box .article {\n        font-size: 16px;\n        font-weight: 400;\n        line-height: 150%;\n        margin-bottom: 16px;\n    }\n\n    .article-box .article p {\n        margin-bottom: 1em;\n    }\n\n    .article-box .article p:last-child {\n        margin-bottom: 0;\n    }\n\n    .article-box .article:last-child {\n        margin-bottom: 0;\n    }\n\n    .article-box .comment {\n        padding: 24px;\n        background-color: #f6f6fa;\n        font-size: 16px;\n        font-weight: 400;\n        line-height: 150%;\n        border-radius: 8px;\n    }\n\n    .article-box .comment p {\n        margin: 0;\n    }\n\n    .article-box .comment ol {\n        list-style: auto;\n        list-style-position: inside;\n    }\n\n    @media (max-width: 1199px) {\n        .comment-block .comment-block-title {\n            font-size: 16px;\n        }\n\n        .comment-block .comment-block-title h2 {\n            margin-right: 5px;\n        }\n\n        .comment-block h3 {\n            font-size: 20px;\n        }\n        .comment-block h4 {\n            font-size: 18px;\n        }\n    }\n<\/style>\n\n<div class=\"comment-block cp-block\">\n    <!-- Chama a ancora e\/ou titulo se houver -->\n        \n    <!-- Bloco de comentario -->\n            <div class=\"article-box\">\n            <div class=\"article\"><p><strong>Art. 627-B.<\/strong> (Inclu\u00eddo pela Medida Provis\u00f3ria n\u00ba 905, de 2019) (Revogado pela Medida Provis\u00f3ria n. 955, de 2020) Vig\u00eancia encerrada<\/p>\n<\/div>\n                    <\/div>\n    <\/div>\n\n<style>\n    .comment-block {\n        position: relative;\n    }\n    .comment-block .anchor-target {\n        position: absolute;\n        top: -200px;\n    }\n    .comment-block {\n        margin-bottom: 40px;\n    }\n    .comment-block .comment-block-title {\n        flex-wrap: wrap;\n        font-size: 20px;\n        font-weight: 600;\n        line-height: 130%;\n        color: #1c1e2f;\n        margin-bottom: 24px;\n    }\n\n    .comment-block .comment-block-title:last-child {\n        margin-bottom: 64px;\n    }\n\n    .comment-block h3 {\n        font-size: 24px;\n        font-weight: 600;\n        line-height: 120%;\n    }\n\n    .comment-block h4 {\n        font-size: 20px;\n        font-weight: 600;\n        line-height: 120%;\n    }\n\n    .article-box {\n        padding: 24px;\n        border-radius: 8px;\n        border: 1px solid #cbcbd9;\n        margin-bottom: 24px;\n    }\n\n    .article-box:last-child  {\n        margin-bottom: 0;\n    }\n\n    .article-box .article {\n        font-size: 16px;\n        font-weight: 400;\n        line-height: 150%;\n        margin-bottom: 16px;\n    }\n\n    .article-box .article p {\n        margin-bottom: 1em;\n    }\n\n    .article-box .article p:last-child {\n        margin-bottom: 0;\n    }\n\n    .article-box .article:last-child {\n        margin-bottom: 0;\n    }\n\n    .article-box .comment {\n        padding: 24px;\n        background-color: #f6f6fa;\n        font-size: 16px;\n        font-weight: 400;\n        line-height: 150%;\n        border-radius: 8px;\n    }\n\n    .article-box .comment p {\n        margin: 0;\n    }\n\n    .article-box .comment ol {\n        list-style: auto;\n        list-style-position: inside;\n    }\n\n    @media (max-width: 1199px) {\n        .comment-block .comment-block-title {\n            font-size: 16px;\n        }\n\n        .comment-block .comment-block-title h2 {\n            margin-right: 5px;\n        }\n\n        .comment-block h3 {\n            font-size: 20px;\n        }\n        .comment-block h4 {\n            font-size: 18px;\n        }\n    }\n<\/style>\n\n<div class=\"comment-block cp-block\">\n    <!-- Chama a ancora e\/ou titulo se houver -->\n        \n    <!-- Bloco de comentario -->\n            <div class=\"article-box\">\n            <div class=\"article\"><p><strong>Art. 628.<\/strong> Salvo o disposto nos arts. 627 e 627-A, a toda verifica\u00e7\u00e3o em que o Auditor-Fiscal do Trabalho concluir pela exist\u00eancia de viola\u00e7\u00e3o de preceito legal deve corresponder, sob pena de responsabilidade administrativa, a lavratura de auto de infra\u00e7\u00e3o.<\/p>\n<p>\u00a7 1\u00ba Ficam as empr\u00easas obrigadas a possuir o livro intitulado &#8220;Inspe\u00e7\u00e3o do Trabalho&#8221;, cujo mod\u00ealo ser\u00e1 aprovado por portaria Ministerial.<\/p>\n<p>\u00a7 2\u00ba Nesse livro, registrar\u00e1 o agente da inspe\u00e7\u00e3o sua visita ao estabelecimento, declarando a data e a hora do in\u00edcio e t\u00e9rmino da mesma, bem como o resultado da inspe\u00e7\u00e3o, n\u00eale consignando, se f\u00f4r o caso, t\u00f4das as irregularidades verificadas e as exig\u00eancias feitas, com os respectivos prazos para seu atendimento, e, ainda, de modo leg\u00edvel, os elementos de sua identifica\u00e7\u00e3o funcional.<\/p>\n<p>\u00a7 3\u00ba Comprovada m\u00e1 f\u00e9 do agente da inspe\u00e7\u00e3o, quanto \u00e0 omiss\u00e3o ou lan\u00e7amento de qualquer elemento no livro, responder\u00e1 \u00eale por falta grave no cumprimento do dever, ficando pass\u00edvel, desde logo, da pena de suspens\u00e3o at\u00e9 30 (trinta) dias, instaurando-se, obrigat\u00f2riamente, em caso de reincid\u00eancia, inqu\u00e9rito administrativo.<\/p>\n<p>\u00a7 4\u00ba A lavratura de autos contra empr\u00easas fict\u00edcias e de endere\u00e7os inexistentes, assim como a apresenta\u00e7\u00e3o de falsos relat\u00f3rios, constituem falta grave, pun\u00edvel na forma do \u00a7 3\u00ba.<\/p>\n<\/div>\n                    <\/div>\n    <\/div>\n\n<style>\n    .comment-block {\n        position: relative;\n    }\n    .comment-block .anchor-target {\n        position: absolute;\n        top: -200px;\n    }\n    .comment-block {\n        margin-bottom: 40px;\n    }\n    .comment-block .comment-block-title {\n        flex-wrap: wrap;\n        font-size: 20px;\n        font-weight: 600;\n        line-height: 130%;\n        color: #1c1e2f;\n        margin-bottom: 24px;\n    }\n\n    .comment-block .comment-block-title:last-child {\n        margin-bottom: 64px;\n    }\n\n    .comment-block h3 {\n        font-size: 24px;\n        font-weight: 600;\n        line-height: 120%;\n    }\n\n    .comment-block h4 {\n        font-size: 20px;\n        font-weight: 600;\n        line-height: 120%;\n    }\n\n    .article-box {\n        padding: 24px;\n        border-radius: 8px;\n        border: 1px solid #cbcbd9;\n        margin-bottom: 24px;\n    }\n\n    .article-box:last-child  {\n        margin-bottom: 0;\n    }\n\n    .article-box .article {\n        font-size: 16px;\n        font-weight: 400;\n        line-height: 150%;\n        margin-bottom: 16px;\n    }\n\n    .article-box .article p {\n        margin-bottom: 1em;\n    }\n\n    .article-box .article p:last-child {\n        margin-bottom: 0;\n    }\n\n    .article-box .article:last-child {\n        margin-bottom: 0;\n    }\n\n    .article-box .comment {\n        padding: 24px;\n        background-color: #f6f6fa;\n        font-size: 16px;\n        font-weight: 400;\n        line-height: 150%;\n        border-radius: 8px;\n    }\n\n    .article-box .comment p {\n        margin: 0;\n    }\n\n    .article-box .comment ol {\n        list-style: auto;\n        list-style-position: inside;\n    }\n\n    @media (max-width: 1199px) {\n        .comment-block .comment-block-title {\n            font-size: 16px;\n        }\n\n        .comment-block .comment-block-title h2 {\n            margin-right: 5px;\n        }\n\n        .comment-block h3 {\n            font-size: 20px;\n        }\n        .comment-block h4 {\n            font-size: 18px;\n        }\n    }\n<\/style>\n\n<div class=\"comment-block cp-block\">\n    <!-- Chama a ancora e\/ou titulo se houver -->\n        \n    <!-- Bloco de comentario -->\n            <div class=\"article-box\">\n            <div class=\"article\"><p><strong>Art. 628-A.<\/strong> Fica institu\u00eddo o Domic\u00edlio Eletr\u00f4nico Trabalhista, regulamentado pelo Minist\u00e9rio do Trabalho e Previd\u00eancia, destinado a:<\/p>\n<p>I &#8211; cientificar o empregador de quaisquer atos administrativos, a\u00e7\u00f5es fiscais, intima\u00e7\u00f5es e avisos em geral; e<br \/>\nII &#8211; receber, por parte do empregador, documenta\u00e7\u00e3o eletr\u00f4nica exigida no curso das a\u00e7\u00f5es fiscais ou apresenta\u00e7\u00e3o de defesa e recurso no \u00e2mbito de processos administrativos.<\/p>\n<p>\u00a7 1\u00ba As comunica\u00e7\u00f5es eletr\u00f4nicas realizadas pelo Domic\u00edlio Eletr\u00f4nico Trabalhista dispensam a sua publica\u00e7\u00e3o no Di\u00e1rio Oficial da Uni\u00e3o e o envio por via postal e s\u00e3o consideradas pessoais para todos os efeitos legais.<\/p>\n<p>\u00a7 2\u00ba A ci\u00eancia por meio do sistema de comunica\u00e7\u00e3o eletr\u00f4nica, com utiliza\u00e7\u00e3o de certifica\u00e7\u00e3o digital ou de c\u00f3digo de acesso, possuir\u00e1 os requisitos de validade.<\/p>\n<\/div>\n                    <\/div>\n    <\/div>\n\n<style>\n    .comment-block {\n        position: relative;\n    }\n    .comment-block .anchor-target {\n        position: absolute;\n        top: -200px;\n    }\n    .comment-block {\n        margin-bottom: 40px;\n    }\n    .comment-block .comment-block-title {\n        flex-wrap: wrap;\n        font-size: 20px;\n        font-weight: 600;\n        line-height: 130%;\n        color: #1c1e2f;\n        margin-bottom: 24px;\n    }\n\n    .comment-block .comment-block-title:last-child {\n        margin-bottom: 64px;\n    }\n\n    .comment-block h3 {\n        font-size: 24px;\n        font-weight: 600;\n        line-height: 120%;\n    }\n\n    .comment-block h4 {\n        font-size: 20px;\n        font-weight: 600;\n        line-height: 120%;\n    }\n\n    .article-box {\n        padding: 24px;\n        border-radius: 8px;\n        border: 1px solid #cbcbd9;\n        margin-bottom: 24px;\n    }\n\n    .article-box:last-child  {\n        margin-bottom: 0;\n    }\n\n    .article-box .article {\n        font-size: 16px;\n        font-weight: 400;\n        line-height: 150%;\n        margin-bottom: 16px;\n    }\n\n    .article-box .article p {\n        margin-bottom: 1em;\n    }\n\n    .article-box .article p:last-child {\n        margin-bottom: 0;\n    }\n\n    .article-box .article:last-child {\n        margin-bottom: 0;\n    }\n\n    .article-box .comment {\n        padding: 24px;\n        background-color: #f6f6fa;\n        font-size: 16px;\n        font-weight: 400;\n        line-height: 150%;\n        border-radius: 8px;\n    }\n\n    .article-box .comment p {\n        margin: 0;\n    }\n\n    .article-box .comment ol {\n        list-style: auto;\n        list-style-position: inside;\n    }\n\n    @media (max-width: 1199px) {\n        .comment-block .comment-block-title {\n            font-size: 16px;\n        }\n\n        .comment-block .comment-block-title h2 {\n            margin-right: 5px;\n        }\n\n        .comment-block h3 {\n            font-size: 20px;\n        }\n        .comment-block h4 {\n            font-size: 18px;\n        }\n    }\n<\/style>\n\n<div class=\"comment-block cp-block\">\n    <!-- Chama a ancora e\/ou titulo se houver -->\n        \n    <!-- Bloco de comentario -->\n            <div class=\"article-box\">\n            <div class=\"article\"><p><strong>Art. 629.<\/strong> O auto de infra\u00e7\u00e3o ser\u00e1 lavrado em duplicata, nos t\u00earmos dos modelos e instru\u00e7\u00f5es expedidos, sendo uma via entregue ao infrator, contra recibo, ou ao mesmo enviada, dentro de 10 (dez) dias da lavratura, sob pena de responsabilidade, em registro postal, com franquia e recibo de volta.<\/p>\n<p>\u00a7 1\u00ba O auto n\u00e3o ter\u00e1 o seu valor probante condicionado \u00e0 assinatura do infrator ou de testemunhas, e ser\u00e1 lavrado no local da inspe\u00e7\u00e3o, salvo havendo motivo justificado que ser\u00e1 declarado no pr\u00f3prio auto, quando ent\u00e3o dever\u00e1 ser lavrado no prazo de 24 (vinte e quatro) horas, sob pena de responsabilidade.<\/p>\n<p>\u00a7 2\u00ba Lavrado o auto de infra\u00e7\u00e3o, n\u00e3o poder\u00e1 \u00eale ser inutilizado, nem sustado o curso do respectivo processo, devendo o agente da inspe\u00e7\u00e3o apresent\u00e1-lo \u00e0 autoridade competente, mesmo se incidir em \u00earro.<\/p>\n<p>\u00a7 3\u00ba O infrator ter\u00e1, para apresentar defesa, o prazo de 10 (dez) dias contados do recebimento do auto.<\/p>\n<p>\u00a7 4\u00ba O auto de infra\u00e7\u00e3o ser\u00e1 registrado com a indica\u00e7\u00e3o sum\u00e1ria de seus elementos caracter\u00edsticos, em livro pr\u00f3prio que dever\u00e1 existir em cada \u00f3rg\u00e3o fiscalizador, de modo a assegurar o contr\u00f4le do seu processamento.<\/p>\n<\/div>\n                    <\/div>\n    <\/div>\n\n<style>\n    .comment-block {\n        position: relative;\n    }\n    .comment-block .anchor-target {\n        position: absolute;\n        top: -200px;\n    }\n    .comment-block {\n        margin-bottom: 40px;\n    }\n    .comment-block .comment-block-title {\n        flex-wrap: wrap;\n        font-size: 20px;\n        font-weight: 600;\n        line-height: 130%;\n        color: #1c1e2f;\n        margin-bottom: 24px;\n    }\n\n    .comment-block .comment-block-title:last-child {\n        margin-bottom: 64px;\n    }\n\n    .comment-block h3 {\n        font-size: 24px;\n        font-weight: 600;\n        line-height: 120%;\n    }\n\n    .comment-block h4 {\n        font-size: 20px;\n        font-weight: 600;\n        line-height: 120%;\n    }\n\n    .article-box {\n        padding: 24px;\n        border-radius: 8px;\n        border: 1px solid #cbcbd9;\n        margin-bottom: 24px;\n    }\n\n    .article-box:last-child  {\n        margin-bottom: 0;\n    }\n\n    .article-box .article {\n        font-size: 16px;\n        font-weight: 400;\n        line-height: 150%;\n        margin-bottom: 16px;\n    }\n\n    .article-box .article p {\n        margin-bottom: 1em;\n    }\n\n    .article-box .article p:last-child {\n        margin-bottom: 0;\n    }\n\n    .article-box .article:last-child {\n        margin-bottom: 0;\n    }\n\n    .article-box .comment {\n        padding: 24px;\n        background-color: #f6f6fa;\n        font-size: 16px;\n        font-weight: 400;\n        line-height: 150%;\n        border-radius: 8px;\n    }\n\n    .article-box .comment p {\n        margin: 0;\n    }\n\n    .article-box .comment ol {\n        list-style: auto;\n        list-style-position: inside;\n    }\n\n    @media (max-width: 1199px) {\n        .comment-block .comment-block-title {\n            font-size: 16px;\n        }\n\n        .comment-block .comment-block-title h2 {\n            margin-right: 5px;\n        }\n\n        .comment-block h3 {\n            font-size: 20px;\n        }\n        .comment-block h4 {\n            font-size: 18px;\n        }\n    }\n<\/style>\n\n<div class=\"comment-block cp-block\">\n    <!-- Chama a ancora e\/ou titulo se houver -->\n        \n    <!-- Bloco de comentario -->\n            <div class=\"article-box\">\n            <div class=\"article\"><p><strong>Art. 630.<\/strong> Nenhum agente da inspe\u00e7\u00e3o poder\u00e1 exercer as atribui\u00e7\u00f5es do seu cargo sem exibir a carteira de identidade fiscal, devidamente autenticada, fornecida pela autoridade competente.<\/p>\n<p>\u00a7 1\u00ba \u00c9 proibida a outorga de identidade fiscal a quem n\u00e3o esteja autorizado, em raz\u00e3o do cargo ou fun\u00e7\u00e3o, a exercer ou praticar, no \u00e2mbito da legisla\u00e7\u00e3o trabalhista, atos de fiscaliza\u00e7\u00e3o.<\/p>\n<p>\u00a7 2\u00ba A credencial a que se refere \u00easte artigo dever\u00e1 ser devolvida para inutiliza\u00e7\u00e3o, sob as penas da lei em casos de provimentos em outro cargo p\u00fablico, exonera\u00e7\u00e3o ou demiss\u00e3o bem como nos de licenciamento por prazo superior a 60 (sessenta) dias e de suspens\u00e3o do exerc\u00edcio do cargo.<\/p>\n<p>\u00a7 3\u00ba O agente da inspe\u00e7\u00e3o ter\u00e1 livre acesso a t\u00f4das depend\u00eancias dos estabelecimentos sujeitos ao regime da legisla\u00e7\u00e3o, sendo as empr\u00easas, por seus dirigentes ou prepostos, obrigados a prestar-lhes os esclarecimentos necess\u00e1rios ao desempenho de suas atribui\u00e7\u00f5es legais e a exibir-lhes, quando exigidos, quaisquer documentos que digam respeito ao fiel cumprimento das normas de prote\u00e7\u00e3o ao trabalho.<\/p>\n<p>\u00a7 4\u00ba Os documentos sujeitos \u00e0 inspe\u00e7\u00e3o dever\u00e3o permanecer, sob as penas da lei nos locais de trabalho, s\u00f2mente se admitindo, por exce\u00e7\u00e3o, a crit\u00e9rio da autoridade competente, sejam os mesmos apresentados em dia hora pr\u00e8viamente fixados pelo agente da inspe\u00e7\u00e3o. (Inclu\u00eddo pelo Decreto-lei n\u00ba 229, de 28.2.1967)<\/p>\n<p>\u00a7 5\u00ba No territ\u00f3rio do exerc\u00edcio de sua fun\u00e7\u00e3o, o agente da inspe\u00e7\u00e3o gozar\u00e1 de passe livre nas empr\u00easas de transportes, p\u00fablicas ou privadas, mediante a apresenta\u00e7\u00e3o da carteira de identidade fiscal.<\/p>\n<p>\u00a7 6\u00ba A inobserv\u00e2ncia do disposto nos \u00a7\u00a7 3\u00ba, 4\u00ba e 5\u00ba configurar\u00e1 resist\u00eancia ou embara\u00e7o \u00e0 fiscaliza\u00e7\u00e3o e justificar\u00e1 a lavratura do respectivo auto de infra\u00e7\u00e3o, cominada a multa de valor igual a meio (1\/2) sal\u00e1rio m\u00ednimo regional at\u00e9 5 (cinco) v\u00eazes \u00easse sal\u00e1rio, levando-se em conta, al\u00e9m das circunst\u00e2ncias atenuantes ou agravantes, a situa\u00e7\u00e3o econ\u00f4mico-financeira do infrator e os meios a seu alcance para cumprir a lei.<\/p>\n<p>\u00a7 7\u00ba Para o efeito do disposto no \u00a7 5\u00ba, a autoridade competente divulgar\u00e1 em janeiro e julho, de cada ano, a rela\u00e7\u00e3o dos agentes da inspe\u00e7\u00e3o titulares da carteira de identidade fiscal.<\/p>\n<p>\u00a7 8\u00ba As autoridades policiais, quando solicitadas, dever\u00e3o prestar aos agentes da inspe\u00e7\u00e3o a assist\u00eancia de que necessitarem para o fiel cumprimento de suas atribui\u00e7\u00f5es legais.<\/p>\n<\/div>\n                    <\/div>\n    <\/div>\n\n<style>\n    .comment-block {\n        position: relative;\n    }\n    .comment-block .anchor-target {\n        position: absolute;\n        top: -200px;\n    }\n    .comment-block {\n        margin-bottom: 40px;\n    }\n    .comment-block .comment-block-title {\n        flex-wrap: wrap;\n        font-size: 20px;\n        font-weight: 600;\n        line-height: 130%;\n        color: #1c1e2f;\n        margin-bottom: 24px;\n    }\n\n    .comment-block .comment-block-title:last-child {\n        margin-bottom: 64px;\n    }\n\n    .comment-block h3 {\n        font-size: 24px;\n        font-weight: 600;\n        line-height: 120%;\n    }\n\n    .comment-block h4 {\n        font-size: 20px;\n        font-weight: 600;\n        line-height: 120%;\n    }\n\n    .article-box {\n        padding: 24px;\n        border-radius: 8px;\n        border: 1px solid #cbcbd9;\n        margin-bottom: 24px;\n    }\n\n    .article-box:last-child  {\n        margin-bottom: 0;\n    }\n\n    .article-box .article {\n        font-size: 16px;\n        font-weight: 400;\n        line-height: 150%;\n        margin-bottom: 16px;\n    }\n\n    .article-box .article p {\n        margin-bottom: 1em;\n    }\n\n    .article-box .article p:last-child {\n        margin-bottom: 0;\n    }\n\n    .article-box .article:last-child {\n        margin-bottom: 0;\n    }\n\n    .article-box .comment {\n        padding: 24px;\n        background-color: #f6f6fa;\n        font-size: 16px;\n        font-weight: 400;\n        line-height: 150%;\n        border-radius: 8px;\n    }\n\n    .article-box .comment p {\n        margin: 0;\n    }\n\n    .article-box .comment ol {\n        list-style: auto;\n        list-style-position: inside;\n    }\n\n    @media (max-width: 1199px) {\n        .comment-block .comment-block-title {\n            font-size: 16px;\n        }\n\n        .comment-block .comment-block-title h2 {\n            margin-right: 5px;\n        }\n\n        .comment-block h3 {\n            font-size: 20px;\n        }\n        .comment-block h4 {\n            font-size: 18px;\n        }\n    }\n<\/style>\n\n<div class=\"comment-block cp-block\">\n    <!-- Chama a ancora e\/ou titulo se houver -->\n        \n    <!-- Bloco de comentario -->\n            <div class=\"article-box\">\n            <div class=\"article\"><p><strong>Art. 631.<\/strong> Qualquer funcion\u00e1rio p\u00fablico federal, estadual ou municipal, ou representante legal de associa\u00e7\u00e3o sindical, poder\u00e1 comunicar \u00e0 autoridade competente do Minist\u00e9rio do Trabalho, Industria e Comercio as infra\u00e7\u00f5es que verificar.<\/p>\n<p>Par\u00e1grafo \u00fanico. De posse dessa comunica\u00e7\u00e3o, a autoridade competente proceder\u00e1 desde logo \u00e0s necess\u00e1rias dilig\u00eancias, lavrando os autos de que haja mister.<\/p>\n<\/div>\n                    <\/div>\n    <\/div>\n\n<style>\n    .comment-block {\n        position: relative;\n    }\n    .comment-block .anchor-target {\n        position: absolute;\n        top: -200px;\n    }\n    .comment-block {\n        margin-bottom: 40px;\n    }\n    .comment-block .comment-block-title {\n        flex-wrap: wrap;\n        font-size: 20px;\n        font-weight: 600;\n        line-height: 130%;\n        color: #1c1e2f;\n        margin-bottom: 24px;\n    }\n\n    .comment-block .comment-block-title:last-child {\n        margin-bottom: 64px;\n    }\n\n    .comment-block h3 {\n        font-size: 24px;\n        font-weight: 600;\n        line-height: 120%;\n    }\n\n    .comment-block h4 {\n        font-size: 20px;\n        font-weight: 600;\n        line-height: 120%;\n    }\n\n    .article-box {\n        padding: 24px;\n        border-radius: 8px;\n        border: 1px solid #cbcbd9;\n        margin-bottom: 24px;\n    }\n\n    .article-box:last-child  {\n        margin-bottom: 0;\n    }\n\n    .article-box .article {\n        font-size: 16px;\n        font-weight: 400;\n        line-height: 150%;\n        margin-bottom: 16px;\n    }\n\n    .article-box .article p {\n        margin-bottom: 1em;\n    }\n\n    .article-box .article p:last-child {\n        margin-bottom: 0;\n    }\n\n    .article-box .article:last-child {\n        margin-bottom: 0;\n    }\n\n    .article-box .comment {\n        padding: 24px;\n        background-color: #f6f6fa;\n        font-size: 16px;\n        font-weight: 400;\n        line-height: 150%;\n        border-radius: 8px;\n    }\n\n    .article-box .comment p {\n        margin: 0;\n    }\n\n    .article-box .comment ol {\n        list-style: auto;\n        list-style-position: inside;\n    }\n\n    @media (max-width: 1199px) {\n        .comment-block .comment-block-title {\n            font-size: 16px;\n        }\n\n        .comment-block .comment-block-title h2 {\n            margin-right: 5px;\n        }\n\n        .comment-block h3 {\n            font-size: 20px;\n        }\n        .comment-block h4 {\n            font-size: 18px;\n        }\n    }\n<\/style>\n\n<div class=\"comment-block cp-block\">\n    <!-- Chama a ancora e\/ou titulo se houver -->\n        \n    <!-- Bloco de comentario -->\n            <div class=\"article-box\">\n            <div class=\"article\"><p><strong>Art. 632.<\/strong> Poder\u00e1 o autuado requerer a audi\u00eancia de testemunhas e as dilig\u00eancias que lhe parecerem necess\u00e1rias \u00e0 elucida\u00e7\u00e3o do processo, cabendo, por\u00e9m, \u00e0 autoridade, julgar da necessidade de tais provas.<\/p>\n<\/div>\n                    <\/div>\n    <\/div>\n\n<style>\n    .comment-block {\n        position: relative;\n    }\n    .comment-block .anchor-target {\n        position: absolute;\n        top: -200px;\n    }\n    .comment-block {\n        margin-bottom: 40px;\n    }\n    .comment-block .comment-block-title {\n        flex-wrap: wrap;\n        font-size: 20px;\n        font-weight: 600;\n        line-height: 130%;\n        color: #1c1e2f;\n        margin-bottom: 24px;\n    }\n\n    .comment-block .comment-block-title:last-child {\n        margin-bottom: 64px;\n    }\n\n    .comment-block h3 {\n        font-size: 24px;\n        font-weight: 600;\n        line-height: 120%;\n    }\n\n    .comment-block h4 {\n        font-size: 20px;\n        font-weight: 600;\n        line-height: 120%;\n    }\n\n    .article-box {\n        padding: 24px;\n        border-radius: 8px;\n        border: 1px solid #cbcbd9;\n        margin-bottom: 24px;\n    }\n\n    .article-box:last-child  {\n        margin-bottom: 0;\n    }\n\n    .article-box .article {\n        font-size: 16px;\n        font-weight: 400;\n        line-height: 150%;\n        margin-bottom: 16px;\n    }\n\n    .article-box .article p {\n        margin-bottom: 1em;\n    }\n\n    .article-box .article p:last-child {\n        margin-bottom: 0;\n    }\n\n    .article-box .article:last-child {\n        margin-bottom: 0;\n    }\n\n    .article-box .comment {\n        padding: 24px;\n        background-color: #f6f6fa;\n        font-size: 16px;\n        font-weight: 400;\n        line-height: 150%;\n        border-radius: 8px;\n    }\n\n    .article-box .comment p {\n        margin: 0;\n    }\n\n    .article-box .comment ol {\n        list-style: auto;\n        list-style-position: inside;\n    }\n\n    @media (max-width: 1199px) {\n        .comment-block .comment-block-title {\n            font-size: 16px;\n        }\n\n        .comment-block .comment-block-title h2 {\n            margin-right: 5px;\n        }\n\n        .comment-block h3 {\n            font-size: 20px;\n        }\n        .comment-block h4 {\n            font-size: 18px;\n        }\n    }\n<\/style>\n\n<div class=\"comment-block cp-block\">\n    <!-- Chama a ancora e\/ou titulo se houver -->\n        \n    <!-- Bloco de comentario -->\n            <div class=\"article-box\">\n            <div class=\"article\"><p><strong>Art. 633.<\/strong> (Revogado pela Lei n\u00ba 13.874, de 2019)<\/p>\n<\/div>\n                    <\/div>\n    <\/div>\n\n<style>\n    .comment-block {\n        position: relative;\n    }\n    .comment-block .anchor-target {\n        position: absolute;\n        top: -200px;\n    }\n    .comment-block {\n        margin-bottom: 40px;\n    }\n    .comment-block .comment-block-title {\n        flex-wrap: wrap;\n        font-size: 20px;\n        font-weight: 600;\n        line-height: 130%;\n        color: #1c1e2f;\n        margin-bottom: 24px;\n    }\n\n    .comment-block .comment-block-title:last-child {\n        margin-bottom: 64px;\n    }\n\n    .comment-block h3 {\n        font-size: 24px;\n        font-weight: 600;\n        line-height: 120%;\n    }\n\n    .comment-block h4 {\n        font-size: 20px;\n        font-weight: 600;\n        line-height: 120%;\n    }\n\n    .article-box {\n        padding: 24px;\n        border-radius: 8px;\n        border: 1px solid #cbcbd9;\n        margin-bottom: 24px;\n    }\n\n    .article-box:last-child  {\n        margin-bottom: 0;\n    }\n\n    .article-box .article {\n        font-size: 16px;\n        font-weight: 400;\n        line-height: 150%;\n        margin-bottom: 16px;\n    }\n\n    .article-box .article p {\n        margin-bottom: 1em;\n    }\n\n    .article-box .article p:last-child {\n        margin-bottom: 0;\n    }\n\n    .article-box .article:last-child {\n        margin-bottom: 0;\n    }\n\n    .article-box .comment {\n        padding: 24px;\n        background-color: #f6f6fa;\n        font-size: 16px;\n        font-weight: 400;\n        line-height: 150%;\n        border-radius: 8px;\n    }\n\n    .article-box .comment p {\n        margin: 0;\n    }\n\n    .article-box .comment ol {\n        list-style: auto;\n        list-style-position: inside;\n    }\n\n    @media (max-width: 1199px) {\n        .comment-block .comment-block-title {\n            font-size: 16px;\n        }\n\n        .comment-block .comment-block-title h2 {\n            margin-right: 5px;\n        }\n\n        .comment-block h3 {\n            font-size: 20px;\n        }\n        .comment-block h4 {\n            font-size: 18px;\n        }\n    }\n<\/style>\n\n<div class=\"comment-block cp-block\">\n    <!-- Chama a ancora e\/ou titulo se houver -->\n        \n    <!-- Bloco de comentario -->\n            <div class=\"article-box\">\n            <div class=\"article\"><p><strong>Art. 634.<\/strong> Na falta de disposi\u00e7\u00e3o especial, a imposi\u00e7\u00e3o das multas incumbe \u00e0s autoridades regionais competentes em mat\u00e9ria de trabalho, na forma estabelecida por este T\u00edtulo.<\/p>\n<p>Par\u00e1grafo \u00fanico. A aplica\u00e7\u00e3o da multa n\u00e3o eximir\u00e1 o infrator da responsabilidade em que incorrer por infra\u00e7\u00e3o das leis penais.<\/p>\n<p>\u00a7 1\u00ba A aplica\u00e7\u00e3o da multa n\u00e3o eximir\u00e1 o infrator da responsabilidade em que incorrer por infra\u00e7\u00e3o das leis penais.<\/p>\n<p>\u00a7 2\u00ba Os valores das multas administrativas expressos em moeda corrente ser\u00e3o reajustados anualmente pela Taxa Referencial (TR), divulgada pelo Banco Central do Brasil, ou pelo \u00edndice que vier a substitu\u00ed-lo.<\/p>\n<\/div>\n                    <\/div>\n    <\/div>","protected":false},"excerpt":{"rendered":"","protected":false},"author":7,"featured_media":0,"comment_status":"open","ping_status":"open","template":"","cat-clt":[562,561],"class_list":["post-28467","clt-comentado","type-clt-comentado","status-publish","hentry","cat-clt-capitulo-i-titulo-vii","cat-clt-titulo-vii"],"acf":[],"_links":{"self":[{"href":"https:\/\/www.aurum.com.br\/blog\/wp-json\/wp\/v2\/clt-comentado\/28467","targetHints":{"allow":["GET"]}}],"collection":[{"href":"https:\/\/www.aurum.com.br\/blog\/wp-json\/wp\/v2\/clt-comentado"}],"about":[{"href":"https:\/\/www.aurum.com.br\/blog\/wp-json\/wp\/v2\/types\/clt-comentado"}],"author":[{"embeddable":true,"href":"https:\/\/www.aurum.com.br\/blog\/wp-json\/wp\/v2\/users\/7"}],"replies":[{"embeddable":true,"href":"https:\/\/www.aurum.com.br\/blog\/wp-json\/wp\/v2\/comments?post=28467"}],"wp:attachment":[{"href":"https:\/\/www.aurum.com.br\/blog\/wp-json\/wp\/v2\/media?parent=28467"}],"wp:term":[{"taxonomy":"cat-clt","embeddable":true,"href":"https:\/\/www.aurum.com.br\/blog\/wp-json\/wp\/v2\/cat-clt?post=28467"}],"curies":[{"name":"wp","href":"https:\/\/api.w.org\/{rel}","templated":true}]}}