{"id":28454,"date":"2024-06-27T12:17:44","date_gmt":"2024-06-27T15:17:44","guid":{"rendered":"https:\/\/www.aurum.com.br\/blog\/clt-comentado\/art-533-a-539-clt\/"},"modified":"2025-05-19T15:20:26","modified_gmt":"2025-05-19T18:20:26","slug":"art-533-a-539-clt","status":"publish","type":"clt-comentado","link":"https:\/\/www.aurum.com.br\/blog\/clt-comentado\/art-533-a-539-clt\/","title":{"rendered":"Se\u00e7\u00e3o V \u2013 Das Associa\u00e7\u00f5es Sindicais de Grau Superior"},"content":{"rendered":"<style>\n    .comment-block {\n        position: relative;\n    }\n    .comment-block .anchor-target {\n        position: absolute;\n        top: -200px;\n    }\n    .comment-block {\n        margin-bottom: 40px;\n    }\n    .comment-block .comment-block-title {\n        flex-wrap: wrap;\n        font-size: 20px;\n        font-weight: 600;\n        line-height: 130%;\n        color: #1c1e2f;\n        margin-bottom: 24px;\n    }\n\n    .comment-block .comment-block-title:last-child {\n        margin-bottom: 64px;\n    }\n\n    .comment-block h3 {\n        font-size: 24px;\n        font-weight: 600;\n        line-height: 120%;\n    }\n\n    .comment-block h4 {\n        font-size: 20px;\n        font-weight: 600;\n        line-height: 120%;\n    }\n\n    .article-box {\n        padding: 24px;\n        border-radius: 8px;\n        border: 1px solid #cbcbd9;\n        margin-bottom: 24px;\n    }\n\n    .article-box:last-child  {\n        margin-bottom: 0;\n    }\n\n    .article-box .article {\n        font-size: 16px;\n        font-weight: 400;\n        line-height: 150%;\n        margin-bottom: 16px;\n    }\n\n    .article-box .article p {\n        margin-bottom: 1em;\n    }\n\n    .article-box .article p:last-child {\n        margin-bottom: 0;\n    }\n\n    .article-box .article:last-child {\n        margin-bottom: 0;\n    }\n\n    .article-box .comment {\n        padding: 24px;\n        background-color: #f6f6fa;\n        font-size: 16px;\n        font-weight: 400;\n        line-height: 150%;\n        border-radius: 8px;\n    }\n\n    .article-box .comment p {\n        margin: 0;\n    }\n\n    .article-box .comment ol {\n        list-style: auto;\n        list-style-position: inside;\n    }\n\n    @media (max-width: 1199px) {\n        .comment-block .comment-block-title {\n            font-size: 16px;\n        }\n\n        .comment-block .comment-block-title h2 {\n            margin-right: 5px;\n        }\n\n        .comment-block h3 {\n            font-size: 20px;\n        }\n        .comment-block h4 {\n            font-size: 18px;\n        }\n    }\n<\/style>\n\n<div class=\"comment-block cp-block\">\n    <!-- Chama a ancora e\/ou titulo se houver -->\n        \n    <!-- Bloco de comentario -->\n            <div class=\"article-box\">\n            <div class=\"article\"><p><strong>Art. 533.<\/strong> Constituem associa\u00e7\u00f5es sindicais de grau superior as federa\u00e7\u00f5es e confedera\u00e7\u00f5es organizadas nos termos desta Lei.<\/p>\n<\/div>\n                    <\/div>\n    <\/div>\n\n<style>\n    .comment-block {\n        position: relative;\n    }\n    .comment-block .anchor-target {\n        position: absolute;\n        top: -200px;\n    }\n    .comment-block {\n        margin-bottom: 40px;\n    }\n    .comment-block .comment-block-title {\n        flex-wrap: wrap;\n        font-size: 20px;\n        font-weight: 600;\n        line-height: 130%;\n        color: #1c1e2f;\n        margin-bottom: 24px;\n    }\n\n    .comment-block .comment-block-title:last-child {\n        margin-bottom: 64px;\n    }\n\n    .comment-block h3 {\n        font-size: 24px;\n        font-weight: 600;\n        line-height: 120%;\n    }\n\n    .comment-block h4 {\n        font-size: 20px;\n        font-weight: 600;\n        line-height: 120%;\n    }\n\n    .article-box {\n        padding: 24px;\n        border-radius: 8px;\n        border: 1px solid #cbcbd9;\n        margin-bottom: 24px;\n    }\n\n    .article-box:last-child  {\n        margin-bottom: 0;\n    }\n\n    .article-box .article {\n        font-size: 16px;\n        font-weight: 400;\n        line-height: 150%;\n        margin-bottom: 16px;\n    }\n\n    .article-box .article p {\n        margin-bottom: 1em;\n    }\n\n    .article-box .article p:last-child {\n        margin-bottom: 0;\n    }\n\n    .article-box .article:last-child {\n        margin-bottom: 0;\n    }\n\n    .article-box .comment {\n        padding: 24px;\n        background-color: #f6f6fa;\n        font-size: 16px;\n        font-weight: 400;\n        line-height: 150%;\n        border-radius: 8px;\n    }\n\n    .article-box .comment p {\n        margin: 0;\n    }\n\n    .article-box .comment ol {\n        list-style: auto;\n        list-style-position: inside;\n    }\n\n    @media (max-width: 1199px) {\n        .comment-block .comment-block-title {\n            font-size: 16px;\n        }\n\n        .comment-block .comment-block-title h2 {\n            margin-right: 5px;\n        }\n\n        .comment-block h3 {\n            font-size: 20px;\n        }\n        .comment-block h4 {\n            font-size: 18px;\n        }\n    }\n<\/style>\n\n<div class=\"comment-block cp-block\">\n    <!-- Chama a ancora e\/ou titulo se houver -->\n        \n    <!-- Bloco de comentario -->\n            <div class=\"article-box\">\n            <div class=\"article\"><p><strong>Art. 534.<\/strong> \u00c9 facultado aos Sindicatos, quando em n\u00famero n\u00e3o inferior a 5 (cinco), desde que representem a maioria absoluta de um grupo de atividades ou profiss\u00f5es id\u00eanticas, similares ou conexas, organizarem-se em federa\u00e7\u00e3o.<\/p>\n<p>\u00a7 1\u00ba Se j\u00e1 existir federa\u00e7\u00e3o no grupo de atividades ou profiss\u00f5es em que deva ser constitu\u00edda a nova entidade, a cria\u00e7\u00e3o desta n\u00e3o poder\u00e1 reduzir a menos de 5 (cinco) o n\u00famero de Sindicatos que \u00e0quela devam continuar filiados.<\/p>\n<p>\u00a7 2\u00ba As federa\u00e7\u00f5es ser\u00e3o constitu\u00eddas por Estados, podendo o Ministro do Trabalho, Industria e Comercio autorizar a constitui\u00e7\u00e3o de Federa\u00e7\u00f5es interestaduais ou nacionais.<\/p>\n<p>\u00a7 3\u00ba \u00c9 permitido a qualquer federa\u00e7\u00e3o, para o fim de lhes coordenar os interesses, agrupar os Sindicatos de determinado munic\u00edpio ou regi\u00e3o a ela filiados; mas a uni\u00e3o n\u00e3o ter\u00e1 direito de representa\u00e7\u00e3o das atividades ou profiss\u00f5es agrupadas.<\/p>\n<\/div>\n                    <\/div>\n    <\/div>\n\n<style>\n    .comment-block {\n        position: relative;\n    }\n    .comment-block .anchor-target {\n        position: absolute;\n        top: -200px;\n    }\n    .comment-block {\n        margin-bottom: 40px;\n    }\n    .comment-block .comment-block-title {\n        flex-wrap: wrap;\n        font-size: 20px;\n        font-weight: 600;\n        line-height: 130%;\n        color: #1c1e2f;\n        margin-bottom: 24px;\n    }\n\n    .comment-block .comment-block-title:last-child {\n        margin-bottom: 64px;\n    }\n\n    .comment-block h3 {\n        font-size: 24px;\n        font-weight: 600;\n        line-height: 120%;\n    }\n\n    .comment-block h4 {\n        font-size: 20px;\n        font-weight: 600;\n        line-height: 120%;\n    }\n\n    .article-box {\n        padding: 24px;\n        border-radius: 8px;\n        border: 1px solid #cbcbd9;\n        margin-bottom: 24px;\n    }\n\n    .article-box:last-child  {\n        margin-bottom: 0;\n    }\n\n    .article-box .article {\n        font-size: 16px;\n        font-weight: 400;\n        line-height: 150%;\n        margin-bottom: 16px;\n    }\n\n    .article-box .article p {\n        margin-bottom: 1em;\n    }\n\n    .article-box .article p:last-child {\n        margin-bottom: 0;\n    }\n\n    .article-box .article:last-child {\n        margin-bottom: 0;\n    }\n\n    .article-box .comment {\n        padding: 24px;\n        background-color: #f6f6fa;\n        font-size: 16px;\n        font-weight: 400;\n        line-height: 150%;\n        border-radius: 8px;\n    }\n\n    .article-box .comment p {\n        margin: 0;\n    }\n\n    .article-box .comment ol {\n        list-style: auto;\n        list-style-position: inside;\n    }\n\n    @media (max-width: 1199px) {\n        .comment-block .comment-block-title {\n            font-size: 16px;\n        }\n\n        .comment-block .comment-block-title h2 {\n            margin-right: 5px;\n        }\n\n        .comment-block h3 {\n            font-size: 20px;\n        }\n        .comment-block h4 {\n            font-size: 18px;\n        }\n    }\n<\/style>\n\n<div class=\"comment-block cp-block\">\n    <!-- Chama a ancora e\/ou titulo se houver -->\n        \n    <!-- Bloco de comentario -->\n            <div class=\"article-box\">\n            <div class=\"article\"><p><strong>Art. 535.<\/strong> As Confedera\u00e7\u00f5es organizar-se-\u00e3o com o m\u00ednimo de 3 (tr\u00eas) federa\u00e7\u00f5es e ter\u00e3o sede na Capital da Rep\u00fablica.<\/p>\n<p>\u00a7 1\u00ba As confedera\u00e7\u00f5es formadas por federa\u00e7\u00f5es de Sindicatos de empregadores denominar-se-\u00e3o: Confedera\u00e7\u00e3o Nacional da Ind\u00fastria, Confedera\u00e7\u00e3o Nacional do Com\u00e9rcio, Confedera\u00e7\u00e3o Nacional de Transportes Mar\u00edtimos, Fluviais e A\u00e9reos, Confedera\u00e7\u00e3o Nacional de Transportes Terrestres, Confedera\u00e7\u00e3o Nacional de Comunica\u00e7\u00f5es e Publicidade, Confedera\u00e7\u00e3o Nacional das Empresas de Cr\u00e9dito e Confedera\u00e7\u00e3o Nacional de Educa\u00e7\u00e3o e Cultura.<\/p>\n<p>\u00a7 2\u00ba As confedera\u00e7\u00f5es formadas por federa\u00e7\u00f5es de Sindicatos de empregados ter\u00e3o a denomina\u00e7\u00e3o de: Confedera\u00e7\u00e3o Nacional dos Trabalhadores na Ind\u00fastria, Confedera\u00e7\u00e3o Nacional dos Trabalhadores no Com\u00e9rcio, Confedera\u00e7\u00e3o Nacional dos Trabalhadores em Transportes Mar\u00edtimos, Fluviais e A\u00e9reos, Confedera\u00e7\u00e3o Nacional dos Trabalhadores em Transportes Terrestres, Confedera\u00e7\u00e3o Nacional dos Trabalhadores em Comunica\u00e7\u00f5es e Publicidade, Confedera\u00e7\u00e3o Nacional dos Trabalhadores nas Empresas de Cr\u00e9dito e Confedera\u00e7\u00e3o Nacional dos Trabalhadores em Estabelecimentos de Educa\u00e7\u00e3o e Cultura.<\/p>\n<p>\u00a7 3\u00ba Denominar-se-\u00e1 Confedera\u00e7\u00e3o Nacional das Profiss\u00f5es Liberais a reuni\u00e3o das respectivas federa\u00e7\u00f5es.<\/p>\n<p>\u00a7 4\u00ba As associa\u00e7\u00f5es sindicais de grau superior da Agricultura e Pecu\u00e1ria ser\u00e3o organizadas na conformidade do que dispuser a lei que regular a sindicaliza\u00e7\u00e3o dessas atividades ou profiss\u00f5es.<\/p>\n<\/div>\n                    <\/div>\n    <\/div>\n\n<style>\n    .comment-block {\n        position: relative;\n    }\n    .comment-block .anchor-target {\n        position: absolute;\n        top: -200px;\n    }\n    .comment-block {\n        margin-bottom: 40px;\n    }\n    .comment-block .comment-block-title {\n        flex-wrap: wrap;\n        font-size: 20px;\n        font-weight: 600;\n        line-height: 130%;\n        color: #1c1e2f;\n        margin-bottom: 24px;\n    }\n\n    .comment-block .comment-block-title:last-child {\n        margin-bottom: 64px;\n    }\n\n    .comment-block h3 {\n        font-size: 24px;\n        font-weight: 600;\n        line-height: 120%;\n    }\n\n    .comment-block h4 {\n        font-size: 20px;\n        font-weight: 600;\n        line-height: 120%;\n    }\n\n    .article-box {\n        padding: 24px;\n        border-radius: 8px;\n        border: 1px solid #cbcbd9;\n        margin-bottom: 24px;\n    }\n\n    .article-box:last-child  {\n        margin-bottom: 0;\n    }\n\n    .article-box .article {\n        font-size: 16px;\n        font-weight: 400;\n        line-height: 150%;\n        margin-bottom: 16px;\n    }\n\n    .article-box .article p {\n        margin-bottom: 1em;\n    }\n\n    .article-box .article p:last-child {\n        margin-bottom: 0;\n    }\n\n    .article-box .article:last-child {\n        margin-bottom: 0;\n    }\n\n    .article-box .comment {\n        padding: 24px;\n        background-color: #f6f6fa;\n        font-size: 16px;\n        font-weight: 400;\n        line-height: 150%;\n        border-radius: 8px;\n    }\n\n    .article-box .comment p {\n        margin: 0;\n    }\n\n    .article-box .comment ol {\n        list-style: auto;\n        list-style-position: inside;\n    }\n\n    @media (max-width: 1199px) {\n        .comment-block .comment-block-title {\n            font-size: 16px;\n        }\n\n        .comment-block .comment-block-title h2 {\n            margin-right: 5px;\n        }\n\n        .comment-block h3 {\n            font-size: 20px;\n        }\n        .comment-block h4 {\n            font-size: 18px;\n        }\n    }\n<\/style>\n\n<div class=\"comment-block cp-block\">\n    <!-- Chama a ancora e\/ou titulo se houver -->\n        \n    <!-- Bloco de comentario -->\n            <div class=\"article-box\">\n            <div class=\"article\"><p><strong>Art. 536.<\/strong> (Revogado pelo Decreto-Lei n\u00ba 229, de 28.2.1967)<\/p>\n<\/div>\n                    <\/div>\n    <\/div>\n\n<style>\n    .comment-block {\n        position: relative;\n    }\n    .comment-block .anchor-target {\n        position: absolute;\n        top: -200px;\n    }\n    .comment-block {\n        margin-bottom: 40px;\n    }\n    .comment-block .comment-block-title {\n        flex-wrap: wrap;\n        font-size: 20px;\n        font-weight: 600;\n        line-height: 130%;\n        color: #1c1e2f;\n        margin-bottom: 24px;\n    }\n\n    .comment-block .comment-block-title:last-child {\n        margin-bottom: 64px;\n    }\n\n    .comment-block h3 {\n        font-size: 24px;\n        font-weight: 600;\n        line-height: 120%;\n    }\n\n    .comment-block h4 {\n        font-size: 20px;\n        font-weight: 600;\n        line-height: 120%;\n    }\n\n    .article-box {\n        padding: 24px;\n        border-radius: 8px;\n        border: 1px solid #cbcbd9;\n        margin-bottom: 24px;\n    }\n\n    .article-box:last-child  {\n        margin-bottom: 0;\n    }\n\n    .article-box .article {\n        font-size: 16px;\n        font-weight: 400;\n        line-height: 150%;\n        margin-bottom: 16px;\n    }\n\n    .article-box .article p {\n        margin-bottom: 1em;\n    }\n\n    .article-box .article p:last-child {\n        margin-bottom: 0;\n    }\n\n    .article-box .article:last-child {\n        margin-bottom: 0;\n    }\n\n    .article-box .comment {\n        padding: 24px;\n        background-color: #f6f6fa;\n        font-size: 16px;\n        font-weight: 400;\n        line-height: 150%;\n        border-radius: 8px;\n    }\n\n    .article-box .comment p {\n        margin: 0;\n    }\n\n    .article-box .comment ol {\n        list-style: auto;\n        list-style-position: inside;\n    }\n\n    @media (max-width: 1199px) {\n        .comment-block .comment-block-title {\n            font-size: 16px;\n        }\n\n        .comment-block .comment-block-title h2 {\n            margin-right: 5px;\n        }\n\n        .comment-block h3 {\n            font-size: 20px;\n        }\n        .comment-block h4 {\n            font-size: 18px;\n        }\n    }\n<\/style>\n\n<div class=\"comment-block cp-block\">\n    <!-- Chama a ancora e\/ou titulo se houver -->\n        \n    <!-- Bloco de comentario -->\n            <div class=\"article-box\">\n            <div class=\"article\"><p><strong>Art. 537.<\/strong> O pedido de reconhecimento de uma federa\u00e7\u00e3o ser\u00e1 dirigido ao ministro do Trabalho, Ind\u00fastria e Com\u00e9rcio, acompanhado de um exemplar dos respectivos estatutos e das c\u00f3pias autenticadas das atas da assembl\u00e9ia de cada sindicato ou federa\u00e7\u00e3o que autorizar a filia\u00e7\u00e3o.<\/p>\n<p>\u00a7 1\u00ba A organiza\u00e7\u00e3o das federa\u00e7\u00f5es e confedera\u00e7\u00f5es obedecer\u00e1 \u00e0s exig\u00eancias contidas nas al\u00edneas b e c do art. 515.<\/p>\n<p>\u00a7 2\u00ba A carta de reconhecimento das federa\u00e7\u00f5es ser\u00e1 expedida pelo ministro do Trabalho, Ind\u00fastria e Com\u00e9rcio, na qual ser\u00e1 especificada a coordena\u00e7\u00e3o econ\u00f4mica ou profissional conferida e mencionada a base territorial outorgada.<\/p>\n<p>\u00a7 3\u00ba O reconhecimento das confedera\u00e7\u00f5es ser\u00e1 feito por decreto do Presidente da Rep\u00fablica.<\/p>\n<\/div>\n                    <\/div>\n    <\/div>\n\n<style>\n    .comment-block {\n        position: relative;\n    }\n    .comment-block .anchor-target {\n        position: absolute;\n        top: -200px;\n    }\n    .comment-block {\n        margin-bottom: 40px;\n    }\n    .comment-block .comment-block-title {\n        flex-wrap: wrap;\n        font-size: 20px;\n        font-weight: 600;\n        line-height: 130%;\n        color: #1c1e2f;\n        margin-bottom: 24px;\n    }\n\n    .comment-block .comment-block-title:last-child {\n        margin-bottom: 64px;\n    }\n\n    .comment-block h3 {\n        font-size: 24px;\n        font-weight: 600;\n        line-height: 120%;\n    }\n\n    .comment-block h4 {\n        font-size: 20px;\n        font-weight: 600;\n        line-height: 120%;\n    }\n\n    .article-box {\n        padding: 24px;\n        border-radius: 8px;\n        border: 1px solid #cbcbd9;\n        margin-bottom: 24px;\n    }\n\n    .article-box:last-child  {\n        margin-bottom: 0;\n    }\n\n    .article-box .article {\n        font-size: 16px;\n        font-weight: 400;\n        line-height: 150%;\n        margin-bottom: 16px;\n    }\n\n    .article-box .article p {\n        margin-bottom: 1em;\n    }\n\n    .article-box .article p:last-child {\n        margin-bottom: 0;\n    }\n\n    .article-box .article:last-child {\n        margin-bottom: 0;\n    }\n\n    .article-box .comment {\n        padding: 24px;\n        background-color: #f6f6fa;\n        font-size: 16px;\n        font-weight: 400;\n        line-height: 150%;\n        border-radius: 8px;\n    }\n\n    .article-box .comment p {\n        margin: 0;\n    }\n\n    .article-box .comment ol {\n        list-style: auto;\n        list-style-position: inside;\n    }\n\n    @media (max-width: 1199px) {\n        .comment-block .comment-block-title {\n            font-size: 16px;\n        }\n\n        .comment-block .comment-block-title h2 {\n            margin-right: 5px;\n        }\n\n        .comment-block h3 {\n            font-size: 20px;\n        }\n        .comment-block h4 {\n            font-size: 18px;\n        }\n    }\n<\/style>\n\n<div class=\"comment-block cp-block\">\n    <!-- Chama a ancora e\/ou titulo se houver -->\n        \n    <!-- Bloco de comentario -->\n            <div class=\"article-box\">\n            <div class=\"article\"><p><strong>Art. 538.<\/strong> A administra\u00e7\u00e3o das federa\u00e7\u00f5es e confedera\u00e7\u00f5es ser\u00e1 exercida pelos seguintes \u00f3rg\u00e3os:<\/p>\n<p>a) Diretoria;<br \/>\nb) Conselho de Representantes;<br \/>\nc) Conselho Fiscal.<\/p>\n<p>\u00a7 1\u00ba A Diretoria ser\u00e1 constitu\u00edda no m\u00ednimo de 3 (tr\u00eas) membros e de 3 (tr\u00eas) membros se compor\u00e1 o Conselho Fiscal, os quais ser\u00e3o eleitos pelo Conselho de Representantes com mandato por 3 (tr\u00eas) anos. (Reda\u00e7\u00e3o dada pelo Decreto-lei n\u00ba 771, de 19.8.1969)<\/p>\n<p>\u00a7 2\u00ba S\u00f3 poder\u00e3o ser eleitos os integrantes dos grupos das federa\u00e7\u00f5es ou dos planos das confedera\u00e7\u00f5es, respectivamente. (Par\u00e1grafo inclu\u00eddo pela Lei n\u00ba 2.693, de 23.12.1955)<\/p>\n<p>\u00a7 3\u00ba O Presidente da federa\u00e7\u00e3o ou confedera\u00e7\u00e3o ser\u00e1 escolhido dentre os seus membros, pela Diretoria. (Par\u00e1grafo 2\u00ba renumerado pela Lei n\u00ba 2.693, de 23.12.1955)<\/p>\n<p>\u00a7 4\u00ba O Conselho de Representantes ser\u00e1 formado pelas delega\u00e7\u00f5es dos Sindicatos ou das Federa\u00e7\u00f5es filiadas, constitu\u00edda cada delega\u00e7\u00e3o de 2 (dois) membros, com mandato por 3 (tr\u00eas) anos, cabendo 1 (um) voto a cada delega\u00e7\u00e3o. (Par\u00e1grafo 3\u00ba renumerado e alterado dada pelo Decreto-lei n\u00ba 771, de 19.8.1969)<\/p>\n<p>\u00a7 5\u00ba A compet\u00eancia do Conselho Fiscal \u00e9 limitada \u00e0 fiscaliza\u00e7\u00e3o da gest\u00e3o financeira. (Inclu\u00eddo pela Lei n\u00ba 2.693, de 23.12.1955)<\/p>\n<p>&nbsp;<\/p>\n<\/div>\n                    <\/div>\n    <\/div>\n\n<style>\n    .comment-block {\n        position: relative;\n    }\n    .comment-block .anchor-target {\n        position: absolute;\n        top: -200px;\n    }\n    .comment-block {\n        margin-bottom: 40px;\n    }\n    .comment-block .comment-block-title {\n        flex-wrap: wrap;\n        font-size: 20px;\n        font-weight: 600;\n        line-height: 130%;\n        color: #1c1e2f;\n        margin-bottom: 24px;\n    }\n\n    .comment-block .comment-block-title:last-child {\n        margin-bottom: 64px;\n    }\n\n    .comment-block h3 {\n        font-size: 24px;\n        font-weight: 600;\n        line-height: 120%;\n    }\n\n    .comment-block h4 {\n        font-size: 20px;\n        font-weight: 600;\n        line-height: 120%;\n    }\n\n    .article-box {\n        padding: 24px;\n        border-radius: 8px;\n        border: 1px solid #cbcbd9;\n        margin-bottom: 24px;\n    }\n\n    .article-box:last-child  {\n        margin-bottom: 0;\n    }\n\n    .article-box .article {\n        font-size: 16px;\n        font-weight: 400;\n        line-height: 150%;\n        margin-bottom: 16px;\n    }\n\n    .article-box .article p {\n        margin-bottom: 1em;\n    }\n\n    .article-box .article p:last-child {\n        margin-bottom: 0;\n    }\n\n    .article-box .article:last-child {\n        margin-bottom: 0;\n    }\n\n    .article-box .comment {\n        padding: 24px;\n        background-color: #f6f6fa;\n        font-size: 16px;\n        font-weight: 400;\n        line-height: 150%;\n        border-radius: 8px;\n    }\n\n    .article-box .comment p {\n        margin: 0;\n    }\n\n    .article-box .comment ol {\n        list-style: auto;\n        list-style-position: inside;\n    }\n\n    @media (max-width: 1199px) {\n        .comment-block .comment-block-title {\n            font-size: 16px;\n        }\n\n        .comment-block .comment-block-title h2 {\n            margin-right: 5px;\n        }\n\n        .comment-block h3 {\n            font-size: 20px;\n        }\n        .comment-block h4 {\n            font-size: 18px;\n        }\n    }\n<\/style>\n\n<div class=\"comment-block cp-block\">\n    <!-- Chama a ancora e\/ou titulo se houver -->\n        \n    <!-- Bloco de comentario -->\n            <div class=\"article-box\">\n            <div class=\"article\"><p><strong>Art. 539.<\/strong> Para a constitui\u00e7\u00e3o e administra\u00e7\u00e3o das Federa\u00e7\u00f5es ser\u00e3o observadas, no que for aplic\u00e1vel, as disposi\u00e7\u00f5es das Se\u00e7\u00f5es II e III do presente Cap\u00edtulo.<\/p>\n<\/div>\n                    <\/div>\n    <\/div>","protected":false},"excerpt":{"rendered":"","protected":false},"author":7,"featured_media":0,"comment_status":"open","ping_status":"open","template":"","cat-clt":[556,555],"class_list":["post-28454","clt-comentado","type-clt-comentado","status-publish","hentry","cat-clt-capitulo-i-titulo-v","cat-clt-titulo-v"],"acf":[],"_links":{"self":[{"href":"https:\/\/www.aurum.com.br\/blog\/wp-json\/wp\/v2\/clt-comentado\/28454","targetHints":{"allow":["GET"]}}],"collection":[{"href":"https:\/\/www.aurum.com.br\/blog\/wp-json\/wp\/v2\/clt-comentado"}],"about":[{"href":"https:\/\/www.aurum.com.br\/blog\/wp-json\/wp\/v2\/types\/clt-comentado"}],"author":[{"embeddable":true,"href":"https:\/\/www.aurum.com.br\/blog\/wp-json\/wp\/v2\/users\/7"}],"replies":[{"embeddable":true,"href":"https:\/\/www.aurum.com.br\/blog\/wp-json\/wp\/v2\/comments?post=28454"}],"wp:attachment":[{"href":"https:\/\/www.aurum.com.br\/blog\/wp-json\/wp\/v2\/media?parent=28454"}],"wp:term":[{"taxonomy":"cat-clt","embeddable":true,"href":"https:\/\/www.aurum.com.br\/blog\/wp-json\/wp\/v2\/cat-clt?post=28454"}],"curies":[{"name":"wp","href":"https:\/\/api.w.org\/{rel}","templated":true}]}}