{"id":28437,"date":"2024-06-27T12:17:40","date_gmt":"2024-06-27T15:17:40","guid":{"rendered":"https:\/\/www.aurum.com.br\/blog\/clt-comentado\/art-424-a-433-clt\/"},"modified":"2025-05-19T15:10:20","modified_gmt":"2025-05-19T18:10:20","slug":"art-424-a-433-clt","status":"publish","type":"clt-comentado","link":"https:\/\/www.aurum.com.br\/blog\/clt-comentado\/art-424-a-433-clt\/","title":{"rendered":"Se\u00e7\u00e3o IV \u2013 Dos Deveres dos Respons\u00e1veis Legais de Menores e dos Empregadores da Aprendizagem"},"content":{"rendered":"<style>\n    .comment-block {\n        position: relative;\n    }\n    .comment-block .anchor-target {\n        position: absolute;\n        top: -200px;\n    }\n    .comment-block {\n        margin-bottom: 40px;\n    }\n    .comment-block .comment-block-title {\n        flex-wrap: wrap;\n        font-size: 20px;\n        font-weight: 600;\n        line-height: 130%;\n        color: #1c1e2f;\n        margin-bottom: 24px;\n    }\n\n    .comment-block .comment-block-title:last-child {\n        margin-bottom: 64px;\n    }\n\n    .comment-block h3 {\n        font-size: 24px;\n        font-weight: 600;\n        line-height: 120%;\n    }\n\n    .comment-block h4 {\n        font-size: 20px;\n        font-weight: 600;\n        line-height: 120%;\n    }\n\n    .article-box {\n        padding: 24px;\n        border-radius: 8px;\n        border: 1px solid #cbcbd9;\n        margin-bottom: 24px;\n    }\n\n    .article-box:last-child  {\n        margin-bottom: 0;\n    }\n\n    .article-box .article {\n        font-size: 16px;\n        font-weight: 400;\n        line-height: 150%;\n        margin-bottom: 16px;\n    }\n\n    .article-box .article p {\n        margin-bottom: 1em;\n    }\n\n    .article-box .article p:last-child {\n        margin-bottom: 0;\n    }\n\n    .article-box .article:last-child {\n        margin-bottom: 0;\n    }\n\n    .article-box .comment {\n        padding: 24px;\n        background-color: #f6f6fa;\n        font-size: 16px;\n        font-weight: 400;\n        line-height: 150%;\n        border-radius: 8px;\n    }\n\n    .article-box .comment p {\n        margin: 0;\n    }\n\n    .article-box .comment ol {\n        list-style: auto;\n        list-style-position: inside;\n    }\n\n    @media (max-width: 1199px) {\n        .comment-block .comment-block-title {\n            font-size: 16px;\n        }\n\n        .comment-block .comment-block-title h2 {\n            margin-right: 5px;\n        }\n\n        .comment-block h3 {\n            font-size: 20px;\n        }\n        .comment-block h4 {\n            font-size: 18px;\n        }\n    }\n<\/style>\n\n<div class=\"comment-block cp-block\">\n    <!-- Chama a ancora e\/ou titulo se houver -->\n        \n    <!-- Bloco de comentario -->\n            <div class=\"article-box\">\n            <div class=\"article\"><p><strong>Art. 424.<\/strong> \u00c9 dever dos respons\u00e1veis legais de menores, pais, m\u00e3es, ou tutores, afast\u00e1-los de empregos que diminuam consideravelmente o seu tempo de estudo, reduzam o tempo de repouso necess\u00e1rio \u00e0 sua sa\u00fade e constitui\u00e7\u00e3o f\u00edsica, ou prejudiquem a sua educa\u00e7\u00e3o moral.<\/p>\n<\/div>\n                    <\/div>\n    <\/div>\n\n<style>\n    .comment-block {\n        position: relative;\n    }\n    .comment-block .anchor-target {\n        position: absolute;\n        top: -200px;\n    }\n    .comment-block {\n        margin-bottom: 40px;\n    }\n    .comment-block .comment-block-title {\n        flex-wrap: wrap;\n        font-size: 20px;\n        font-weight: 600;\n        line-height: 130%;\n        color: #1c1e2f;\n        margin-bottom: 24px;\n    }\n\n    .comment-block .comment-block-title:last-child {\n        margin-bottom: 64px;\n    }\n\n    .comment-block h3 {\n        font-size: 24px;\n        font-weight: 600;\n        line-height: 120%;\n    }\n\n    .comment-block h4 {\n        font-size: 20px;\n        font-weight: 600;\n        line-height: 120%;\n    }\n\n    .article-box {\n        padding: 24px;\n        border-radius: 8px;\n        border: 1px solid #cbcbd9;\n        margin-bottom: 24px;\n    }\n\n    .article-box:last-child  {\n        margin-bottom: 0;\n    }\n\n    .article-box .article {\n        font-size: 16px;\n        font-weight: 400;\n        line-height: 150%;\n        margin-bottom: 16px;\n    }\n\n    .article-box .article p {\n        margin-bottom: 1em;\n    }\n\n    .article-box .article p:last-child {\n        margin-bottom: 0;\n    }\n\n    .article-box .article:last-child {\n        margin-bottom: 0;\n    }\n\n    .article-box .comment {\n        padding: 24px;\n        background-color: #f6f6fa;\n        font-size: 16px;\n        font-weight: 400;\n        line-height: 150%;\n        border-radius: 8px;\n    }\n\n    .article-box .comment p {\n        margin: 0;\n    }\n\n    .article-box .comment ol {\n        list-style: auto;\n        list-style-position: inside;\n    }\n\n    @media (max-width: 1199px) {\n        .comment-block .comment-block-title {\n            font-size: 16px;\n        }\n\n        .comment-block .comment-block-title h2 {\n            margin-right: 5px;\n        }\n\n        .comment-block h3 {\n            font-size: 20px;\n        }\n        .comment-block h4 {\n            font-size: 18px;\n        }\n    }\n<\/style>\n\n<div class=\"comment-block cp-block\">\n    <!-- Chama a ancora e\/ou titulo se houver -->\n        \n    <!-- Bloco de comentario -->\n            <div class=\"article-box\">\n            <div class=\"article\"><p><strong>Art. 425.<\/strong> Os empregadores de menores de 18 (dezoito) anos s\u00e3o obrigados a velar pela observ\u00e2ncia, nos seus estabelecimentos ou empresas, dos bons costumes e da dec\u00eancia p\u00fablica, bem como das regras da seguran\u00e7a e da medicina do trabalho.<\/p>\n<\/div>\n                    <\/div>\n    <\/div>\n\n<style>\n    .comment-block {\n        position: relative;\n    }\n    .comment-block .anchor-target {\n        position: absolute;\n        top: -200px;\n    }\n    .comment-block {\n        margin-bottom: 40px;\n    }\n    .comment-block .comment-block-title {\n        flex-wrap: wrap;\n        font-size: 20px;\n        font-weight: 600;\n        line-height: 130%;\n        color: #1c1e2f;\n        margin-bottom: 24px;\n    }\n\n    .comment-block .comment-block-title:last-child {\n        margin-bottom: 64px;\n    }\n\n    .comment-block h3 {\n        font-size: 24px;\n        font-weight: 600;\n        line-height: 120%;\n    }\n\n    .comment-block h4 {\n        font-size: 20px;\n        font-weight: 600;\n        line-height: 120%;\n    }\n\n    .article-box {\n        padding: 24px;\n        border-radius: 8px;\n        border: 1px solid #cbcbd9;\n        margin-bottom: 24px;\n    }\n\n    .article-box:last-child  {\n        margin-bottom: 0;\n    }\n\n    .article-box .article {\n        font-size: 16px;\n        font-weight: 400;\n        line-height: 150%;\n        margin-bottom: 16px;\n    }\n\n    .article-box .article p {\n        margin-bottom: 1em;\n    }\n\n    .article-box .article p:last-child {\n        margin-bottom: 0;\n    }\n\n    .article-box .article:last-child {\n        margin-bottom: 0;\n    }\n\n    .article-box .comment {\n        padding: 24px;\n        background-color: #f6f6fa;\n        font-size: 16px;\n        font-weight: 400;\n        line-height: 150%;\n        border-radius: 8px;\n    }\n\n    .article-box .comment p {\n        margin: 0;\n    }\n\n    .article-box .comment ol {\n        list-style: auto;\n        list-style-position: inside;\n    }\n\n    @media (max-width: 1199px) {\n        .comment-block .comment-block-title {\n            font-size: 16px;\n        }\n\n        .comment-block .comment-block-title h2 {\n            margin-right: 5px;\n        }\n\n        .comment-block h3 {\n            font-size: 20px;\n        }\n        .comment-block h4 {\n            font-size: 18px;\n        }\n    }\n<\/style>\n\n<div class=\"comment-block cp-block\">\n    <!-- Chama a ancora e\/ou titulo se houver -->\n        \n    <!-- Bloco de comentario -->\n            <div class=\"article-box\">\n            <div class=\"article\"><p><strong>Art. 426.<\/strong> \u00c9 dever do empregador, na hip\u00f3tese do art. 407, proporcionar ao menor todas as facilidades para mudar de servi\u00e7o.<\/p>\n<\/div>\n                    <\/div>\n    <\/div>\n\n<style>\n    .comment-block {\n        position: relative;\n    }\n    .comment-block .anchor-target {\n        position: absolute;\n        top: -200px;\n    }\n    .comment-block {\n        margin-bottom: 40px;\n    }\n    .comment-block .comment-block-title {\n        flex-wrap: wrap;\n        font-size: 20px;\n        font-weight: 600;\n        line-height: 130%;\n        color: #1c1e2f;\n        margin-bottom: 24px;\n    }\n\n    .comment-block .comment-block-title:last-child {\n        margin-bottom: 64px;\n    }\n\n    .comment-block h3 {\n        font-size: 24px;\n        font-weight: 600;\n        line-height: 120%;\n    }\n\n    .comment-block h4 {\n        font-size: 20px;\n        font-weight: 600;\n        line-height: 120%;\n    }\n\n    .article-box {\n        padding: 24px;\n        border-radius: 8px;\n        border: 1px solid #cbcbd9;\n        margin-bottom: 24px;\n    }\n\n    .article-box:last-child  {\n        margin-bottom: 0;\n    }\n\n    .article-box .article {\n        font-size: 16px;\n        font-weight: 400;\n        line-height: 150%;\n        margin-bottom: 16px;\n    }\n\n    .article-box .article p {\n        margin-bottom: 1em;\n    }\n\n    .article-box .article p:last-child {\n        margin-bottom: 0;\n    }\n\n    .article-box .article:last-child {\n        margin-bottom: 0;\n    }\n\n    .article-box .comment {\n        padding: 24px;\n        background-color: #f6f6fa;\n        font-size: 16px;\n        font-weight: 400;\n        line-height: 150%;\n        border-radius: 8px;\n    }\n\n    .article-box .comment p {\n        margin: 0;\n    }\n\n    .article-box .comment ol {\n        list-style: auto;\n        list-style-position: inside;\n    }\n\n    @media (max-width: 1199px) {\n        .comment-block .comment-block-title {\n            font-size: 16px;\n        }\n\n        .comment-block .comment-block-title h2 {\n            margin-right: 5px;\n        }\n\n        .comment-block h3 {\n            font-size: 20px;\n        }\n        .comment-block h4 {\n            font-size: 18px;\n        }\n    }\n<\/style>\n\n<div class=\"comment-block cp-block\">\n    <!-- Chama a ancora e\/ou titulo se houver -->\n        \n    <!-- Bloco de comentario -->\n            <div class=\"article-box\">\n            <div class=\"article\"><p><strong>Art. 427.<\/strong> O empregador, cuja empresa ou estabelecimento ocupar menores, ser\u00e1 obrigado a conceder-lhes o tempo que for necess\u00e1rio para a freq\u00fc\u00eancia \u00e0s aulas.<\/p>\n<p>Par\u00e1grafo \u00fanico. Os estabelecimentos situados em lugar onde a escola estiver a maior dist\u00e2ncia que 2 (dois) quil\u00f4metros, e que ocuparem, permanentemente, mais de 30 (trinta) menores analfabetos, de 14 (quatorze) a 18 (dezoito) anos, ser\u00e3o obrigados a manter local apropriado em que lhes seja ministrada a instru\u00e7\u00e3o prim\u00e1ria.<\/p>\n<\/div>\n                    <\/div>\n    <\/div>\n\n<style>\n    .comment-block {\n        position: relative;\n    }\n    .comment-block .anchor-target {\n        position: absolute;\n        top: -200px;\n    }\n    .comment-block {\n        margin-bottom: 40px;\n    }\n    .comment-block .comment-block-title {\n        flex-wrap: wrap;\n        font-size: 20px;\n        font-weight: 600;\n        line-height: 130%;\n        color: #1c1e2f;\n        margin-bottom: 24px;\n    }\n\n    .comment-block .comment-block-title:last-child {\n        margin-bottom: 64px;\n    }\n\n    .comment-block h3 {\n        font-size: 24px;\n        font-weight: 600;\n        line-height: 120%;\n    }\n\n    .comment-block h4 {\n        font-size: 20px;\n        font-weight: 600;\n        line-height: 120%;\n    }\n\n    .article-box {\n        padding: 24px;\n        border-radius: 8px;\n        border: 1px solid #cbcbd9;\n        margin-bottom: 24px;\n    }\n\n    .article-box:last-child  {\n        margin-bottom: 0;\n    }\n\n    .article-box .article {\n        font-size: 16px;\n        font-weight: 400;\n        line-height: 150%;\n        margin-bottom: 16px;\n    }\n\n    .article-box .article p {\n        margin-bottom: 1em;\n    }\n\n    .article-box .article p:last-child {\n        margin-bottom: 0;\n    }\n\n    .article-box .article:last-child {\n        margin-bottom: 0;\n    }\n\n    .article-box .comment {\n        padding: 24px;\n        background-color: #f6f6fa;\n        font-size: 16px;\n        font-weight: 400;\n        line-height: 150%;\n        border-radius: 8px;\n    }\n\n    .article-box .comment p {\n        margin: 0;\n    }\n\n    .article-box .comment ol {\n        list-style: auto;\n        list-style-position: inside;\n    }\n\n    @media (max-width: 1199px) {\n        .comment-block .comment-block-title {\n            font-size: 16px;\n        }\n\n        .comment-block .comment-block-title h2 {\n            margin-right: 5px;\n        }\n\n        .comment-block h3 {\n            font-size: 20px;\n        }\n        .comment-block h4 {\n            font-size: 18px;\n        }\n    }\n<\/style>\n\n<div class=\"comment-block cp-block\">\n    <!-- Chama a ancora e\/ou titulo se houver -->\n        \n    <!-- Bloco de comentario -->\n            <div class=\"article-box\">\n            <div class=\"article\"><p><strong>Art. 428.<\/strong> Contrato de aprendizagem \u00e9 o contrato de trabalho especial, ajustado por escrito e por prazo determinado, em que o empregador se compromete a assegurar ao maior de 14 (quatorze) e menor de 24 (vinte e quatro) anos inscrito em programa de aprendizagem forma\u00e7\u00e3o t\u00e9cnico-profissional met\u00f3dica, compat\u00edvel com o seu desenvolvimento f\u00edsico, moral e psicol\u00f3gico, e o aprendiz, a executar com zelo e dilig\u00eancia as tarefas necess\u00e1rias a essa forma\u00e7\u00e3o.<\/p>\n<p>\u00a7 1\u00ba A validade do contrato de aprendizagem pressup\u00f5e anota\u00e7\u00e3o na Carteira de Trabalho e Previd\u00eancia Social, matr\u00edcula e freq\u00fc\u00eancia do aprendiz na escola, caso n\u00e3o haja conclu\u00eddo o ensino m\u00e9dio, e inscri\u00e7\u00e3o em programa de aprendizagem desenvolvido sob orienta\u00e7\u00e3o de entidade qualificada em forma\u00e7\u00e3o t\u00e9cnico-profissional met\u00f3dica. (Reda\u00e7\u00e3o dada pela Lei n\u00ba 11.788, de 2008)<\/p>\n<p>\u00a7 2\u00ba Ao aprendiz, salvo condi\u00e7\u00e3o mais favor\u00e1vel, ser\u00e1 garantido o sal\u00e1rio m\u00ednimo hora. (Reda\u00e7\u00e3o dada pela Lei n\u00ba 13.420, de 2017)<\/p>\n<p>\u00a7 3\u00ba O contrato de aprendizagem n\u00e3o poder\u00e1 ser estipulado por mais de 2 (dois) anos, exceto quando se tratar de aprendiz portador de defici\u00eancia. (Reda\u00e7\u00e3o dada pela Lei n\u00ba 11.788, de 2008)<\/p>\n<p>\u00a7 4\u00ba A forma\u00e7\u00e3o t\u00e9cnico-profissional a que se refere o caput deste artigo caracteriza-se por atividades te\u00f3ricas e pr\u00e1ticas, metodicamente organizadas em tarefas de complexidade progressiva desenvolvidas no ambiente de trabalho. (Inclu\u00eddo pela Lei n\u00ba 10.097, de 2000)<\/p>\n<p>\u00a7 5\u00ba A idade m\u00e1xima prevista no caput deste artigo n\u00e3o se aplica a aprendizes portadores de defici\u00eancia. (Inclu\u00eddo pela Lei n\u00ba 11.180, de 2005)<\/p>\n<p>\u00a7 6\u00ba Para os fins do contrato de aprendizagem, a comprova\u00e7\u00e3o da escolaridade de aprendiz com defici\u00eancia deve considerar, sobretudo, as habilidades e compet\u00eancias relacionadas com a profissionaliza\u00e7\u00e3o. (Reda\u00e7\u00e3o dada pela Lei n\u00ba 13.146, de 2015) (Vig\u00eancia)<\/p>\n<p>\u00a7 7\u00ba Nas localidades onde n\u00e3o houver oferta de ensino m\u00e9dio para o cumprimento do disposto no \u00a7 1o deste artigo, a contrata\u00e7\u00e3o do aprendiz poder\u00e1 ocorrer sem a freq\u00fc\u00eancia \u00e0 escola, desde que ele j\u00e1 tenha conclu\u00eddo o ensino fundamental. (Inclu\u00eddo pela Lei n\u00ba 11.788, de 2008)<\/p>\n<p>\u00a7 8\u00ba Para o aprendiz com defici\u00eancia com 18 (dezoito) anos ou mais, a validade do contrato de aprendizagem pressup\u00f5e anota\u00e7\u00e3o na CTPS e matr\u00edcula e frequ\u00eancia em programa de aprendizagem desenvolvido sob orienta\u00e7\u00e3o de entidade qualificada em forma\u00e7\u00e3o t\u00e9cnico-profissional met\u00f3dica. (Inclu\u00eddo pela Lei n\u00ba 13.146, de 2015) (Vig\u00eancia)<\/p>\n<\/div>\n                    <\/div>\n    <\/div>\n\n<style>\n    .comment-block {\n        position: relative;\n    }\n    .comment-block .anchor-target {\n        position: absolute;\n        top: -200px;\n    }\n    .comment-block {\n        margin-bottom: 40px;\n    }\n    .comment-block .comment-block-title {\n        flex-wrap: wrap;\n        font-size: 20px;\n        font-weight: 600;\n        line-height: 130%;\n        color: #1c1e2f;\n        margin-bottom: 24px;\n    }\n\n    .comment-block .comment-block-title:last-child {\n        margin-bottom: 64px;\n    }\n\n    .comment-block h3 {\n        font-size: 24px;\n        font-weight: 600;\n        line-height: 120%;\n    }\n\n    .comment-block h4 {\n        font-size: 20px;\n        font-weight: 600;\n        line-height: 120%;\n    }\n\n    .article-box {\n        padding: 24px;\n        border-radius: 8px;\n        border: 1px solid #cbcbd9;\n        margin-bottom: 24px;\n    }\n\n    .article-box:last-child  {\n        margin-bottom: 0;\n    }\n\n    .article-box .article {\n        font-size: 16px;\n        font-weight: 400;\n        line-height: 150%;\n        margin-bottom: 16px;\n    }\n\n    .article-box .article p {\n        margin-bottom: 1em;\n    }\n\n    .article-box .article p:last-child {\n        margin-bottom: 0;\n    }\n\n    .article-box .article:last-child {\n        margin-bottom: 0;\n    }\n\n    .article-box .comment {\n        padding: 24px;\n        background-color: #f6f6fa;\n        font-size: 16px;\n        font-weight: 400;\n        line-height: 150%;\n        border-radius: 8px;\n    }\n\n    .article-box .comment p {\n        margin: 0;\n    }\n\n    .article-box .comment ol {\n        list-style: auto;\n        list-style-position: inside;\n    }\n\n    @media (max-width: 1199px) {\n        .comment-block .comment-block-title {\n            font-size: 16px;\n        }\n\n        .comment-block .comment-block-title h2 {\n            margin-right: 5px;\n        }\n\n        .comment-block h3 {\n            font-size: 20px;\n        }\n        .comment-block h4 {\n            font-size: 18px;\n        }\n    }\n<\/style>\n\n<div class=\"comment-block cp-block\">\n    <!-- Chama a ancora e\/ou titulo se houver -->\n        \n    <!-- Bloco de comentario -->\n            <div class=\"article-box\">\n            <div class=\"article\"><p><strong>Art. 429.<\/strong> Os estabelecimentos de qualquer natureza s\u00e3o obrigados a empregar e matricular nos cursos dos Servi\u00e7os Nacionais de Aprendizagem n\u00famero de aprendizes equivalente a cinco por cento, no m\u00ednimo, e quinze por cento, no m\u00e1ximo, dos trabalhadores existentes em cada estabelecimento, cujas fun\u00e7\u00f5es demandem forma\u00e7\u00e3o profissional.<\/p>\n<p>a) revogada; (Reda\u00e7\u00e3o dada pela Lei n\u00ba 10.097, de 2000)<br \/>\nb) revogada. (Reda\u00e7\u00e3o dada pela Lei n\u00ba 10.097, de 2000)<\/p>\n<p>\u00a7 1\u00ba As fra\u00e7\u00f5es de unidade, no c\u00e1lculo da percentagem de que trata o caput, dar\u00e3o lugar \u00e0 admiss\u00e3o de um aprendiz. (Inclu\u00eddo pela Lei n\u00ba 10.097, de 2000)<\/p>\n<p>\u00a7 1\u00ba-A O limite fixado neste artigo n\u00e3o se aplica quando o empregador for entidade sem fins lucrativos, que tenha por objetivo a educa\u00e7\u00e3o profissional. (Inclu\u00eddo pela Lei n\u00ba 10.097, de 2000)<\/p>\n<p>\u00a7 1\u00ba-B Os estabelecimentos a que se refere o caput poder\u00e3o destinar o equivalente a at\u00e9 10% (dez por cento) de sua cota de aprendizes \u00e0 forma\u00e7\u00e3o t\u00e9cnico-profissional met\u00f3dica em \u00e1reas relacionadas a pr\u00e1ticas de atividades desportivas, \u00e0 presta\u00e7\u00e3o de servi\u00e7os relacionados \u00e0 infraestrutura, incluindo as atividades de constru\u00e7\u00e3o, amplia\u00e7\u00e3o, recupera\u00e7\u00e3o e manuten\u00e7\u00e3o de instala\u00e7\u00f5es esportivas e \u00e0 organiza\u00e7\u00e3o e promo\u00e7\u00e3o de eventos esportivos. (Reda\u00e7\u00e3o dada pela Lei n\u00ba 13.420, de 2017)<\/p>\n<p>\u00a7 2\u00ba Os estabelecimentos de que trata o caput ofertar\u00e3o vagas de aprendizes a adolescentes usu\u00e1rios do Sistema Nacional de Atendimento Socioeducativo (Sinase) nas condi\u00e7\u00f5es a serem dispostas em instrumentos de coopera\u00e7\u00e3o celebrados entre os estabelecimentos e os gestores dos Sistemas de Atendimento Socioeducativo locais. (Inclu\u00eddo pela Lei n\u00ba 12.594, de 2012)<\/p>\n<p>\u00a7 3\u00ba Os estabelecimentos de que trata o caput poder\u00e3o ofertar vagas de aprendizes a adolescentes usu\u00e1rios do Sistema Nacional de Pol\u00edticas P\u00fablicas sobre Drogas &#8211; SISNAD nas condi\u00e7\u00f5es a serem dispostas em instrumentos de coopera\u00e7\u00e3o celebrados entre os estabelecimentos e os gestores locais respons\u00e1veis pela preven\u00e7\u00e3o do uso indevido, aten\u00e7\u00e3o e reinser\u00e7\u00e3o social de usu\u00e1rios e dependentes de drogas. (Inclu\u00eddo pela Lei n\u00ba 13.840, de 2019)<\/p>\n<\/div>\n                    <\/div>\n    <\/div>\n\n<style>\n    .comment-block {\n        position: relative;\n    }\n    .comment-block .anchor-target {\n        position: absolute;\n        top: -200px;\n    }\n    .comment-block {\n        margin-bottom: 40px;\n    }\n    .comment-block .comment-block-title {\n        flex-wrap: wrap;\n        font-size: 20px;\n        font-weight: 600;\n        line-height: 130%;\n        color: #1c1e2f;\n        margin-bottom: 24px;\n    }\n\n    .comment-block .comment-block-title:last-child {\n        margin-bottom: 64px;\n    }\n\n    .comment-block h3 {\n        font-size: 24px;\n        font-weight: 600;\n        line-height: 120%;\n    }\n\n    .comment-block h4 {\n        font-size: 20px;\n        font-weight: 600;\n        line-height: 120%;\n    }\n\n    .article-box {\n        padding: 24px;\n        border-radius: 8px;\n        border: 1px solid #cbcbd9;\n        margin-bottom: 24px;\n    }\n\n    .article-box:last-child  {\n        margin-bottom: 0;\n    }\n\n    .article-box .article {\n        font-size: 16px;\n        font-weight: 400;\n        line-height: 150%;\n        margin-bottom: 16px;\n    }\n\n    .article-box .article p {\n        margin-bottom: 1em;\n    }\n\n    .article-box .article p:last-child {\n        margin-bottom: 0;\n    }\n\n    .article-box .article:last-child {\n        margin-bottom: 0;\n    }\n\n    .article-box .comment {\n        padding: 24px;\n        background-color: #f6f6fa;\n        font-size: 16px;\n        font-weight: 400;\n        line-height: 150%;\n        border-radius: 8px;\n    }\n\n    .article-box .comment p {\n        margin: 0;\n    }\n\n    .article-box .comment ol {\n        list-style: auto;\n        list-style-position: inside;\n    }\n\n    @media (max-width: 1199px) {\n        .comment-block .comment-block-title {\n            font-size: 16px;\n        }\n\n        .comment-block .comment-block-title h2 {\n            margin-right: 5px;\n        }\n\n        .comment-block h3 {\n            font-size: 20px;\n        }\n        .comment-block h4 {\n            font-size: 18px;\n        }\n    }\n<\/style>\n\n<div class=\"comment-block cp-block\">\n    <!-- Chama a ancora e\/ou titulo se houver -->\n        \n    <!-- Bloco de comentario -->\n            <div class=\"article-box\">\n            <div class=\"article\"><p><strong>Art. 430.<\/strong> Na hip\u00f3tese de os Servi\u00e7os Nacionais de Aprendizagem n\u00e3o oferecerem cursos ou vagas suficientes para atender \u00e0 demanda dos estabelecimentos, esta poder\u00e1 ser suprida por outras entidades qualificadas em forma\u00e7\u00e3o t\u00e9cnico-profissional met\u00f3dica, a saber: (Reda\u00e7\u00e3o dada pela Lei n\u00ba 10.097, de 2000)<\/p>\n<p>I \u2013 Escolas T\u00e9cnicas de Educa\u00e7\u00e3o; (Inclu\u00eddo pela Lei n\u00ba 10.097, de 2000)<br \/>\nII \u2013 entidades sem fins lucrativos, que tenham por objetivo a assist\u00eancia ao adolescente e \u00e0 educa\u00e7\u00e3o profissional, registradas no Conselho Municipal dos Direitos da Crian\u00e7a e do Adolescente.<br \/>\nIII &#8211; entidades de pr\u00e1tica desportiva das diversas modalidades filiadas ao Sistema Nacional do Desporto e aos Sistemas de Desporto dos Estados, do Distrito Federal e dos Munic\u00edpios.<\/p>\n<p>\u00a7 1\u00ba As entidades mencionadas neste artigo dever\u00e3o contar com estrutura adequada ao desenvolvimento dos programas de aprendizagem, de forma a manter a qualidade do processo de ensino, bem como acompanhar e avaliar os resultados.<\/p>\n<p>\u00a7 2\u00ba Aos aprendizes que conclu\u00edrem os cursos de aprendizagem, com aproveitamento, ser\u00e1 concedido certificado de qualifica\u00e7\u00e3o profissional.<\/p>\n<p>\u00a7 3\u00ba O Minist\u00e9rio do Trabalho fixar\u00e1 normas para avalia\u00e7\u00e3o da compet\u00eancia das entidades mencionadas nos incisos II e III deste artigo.<\/p>\n<p>\u00a7 4\u00ba As entidades mencionadas nos incisos II e III deste artigo dever\u00e3o cadastrar seus cursos, turmas e aprendizes matriculados no Minist\u00e9rio do Trabalho.<\/p>\n<p>\u00a7 5\u00ba As entidades mencionadas neste artigo poder\u00e3o firmar parcerias entre si para o desenvolvimento dos programas de aprendizagem, conforme regulamento.<\/p>\n<\/div>\n                    <\/div>\n    <\/div>\n\n<style>\n    .comment-block {\n        position: relative;\n    }\n    .comment-block .anchor-target {\n        position: absolute;\n        top: -200px;\n    }\n    .comment-block {\n        margin-bottom: 40px;\n    }\n    .comment-block .comment-block-title {\n        flex-wrap: wrap;\n        font-size: 20px;\n        font-weight: 600;\n        line-height: 130%;\n        color: #1c1e2f;\n        margin-bottom: 24px;\n    }\n\n    .comment-block .comment-block-title:last-child {\n        margin-bottom: 64px;\n    }\n\n    .comment-block h3 {\n        font-size: 24px;\n        font-weight: 600;\n        line-height: 120%;\n    }\n\n    .comment-block h4 {\n        font-size: 20px;\n        font-weight: 600;\n        line-height: 120%;\n    }\n\n    .article-box {\n        padding: 24px;\n        border-radius: 8px;\n        border: 1px solid #cbcbd9;\n        margin-bottom: 24px;\n    }\n\n    .article-box:last-child  {\n        margin-bottom: 0;\n    }\n\n    .article-box .article {\n        font-size: 16px;\n        font-weight: 400;\n        line-height: 150%;\n        margin-bottom: 16px;\n    }\n\n    .article-box .article p {\n        margin-bottom: 1em;\n    }\n\n    .article-box .article p:last-child {\n        margin-bottom: 0;\n    }\n\n    .article-box .article:last-child {\n        margin-bottom: 0;\n    }\n\n    .article-box .comment {\n        padding: 24px;\n        background-color: #f6f6fa;\n        font-size: 16px;\n        font-weight: 400;\n        line-height: 150%;\n        border-radius: 8px;\n    }\n\n    .article-box .comment p {\n        margin: 0;\n    }\n\n    .article-box .comment ol {\n        list-style: auto;\n        list-style-position: inside;\n    }\n\n    @media (max-width: 1199px) {\n        .comment-block .comment-block-title {\n            font-size: 16px;\n        }\n\n        .comment-block .comment-block-title h2 {\n            margin-right: 5px;\n        }\n\n        .comment-block h3 {\n            font-size: 20px;\n        }\n        .comment-block h4 {\n            font-size: 18px;\n        }\n    }\n<\/style>\n\n<div class=\"comment-block cp-block\">\n    <!-- Chama a ancora e\/ou titulo se houver -->\n        \n    <!-- Bloco de comentario -->\n            <div class=\"article-box\">\n            <div class=\"article\"><p><strong>Art. 431.<\/strong> A contrata\u00e7\u00e3o do aprendiz poder\u00e1 ser efetivada pela empresa onde se realizar\u00e1 a aprendizagem ou pelas entidades mencionadas nos incisos II e III do art. 430, caso em que n\u00e3o gera v\u00ednculo de emprego com a empresa tomadora dos servi\u00e7os. (Reda\u00e7\u00e3o dada pela Lei n\u00ba 13.420, de 2017)<\/p>\n<p>a) revogada; (Reda\u00e7\u00e3o dada pela Lei n\u00ba 10.097, de 2000)<br \/>\nb) revogada; (Reda\u00e7\u00e3o dada pela Lei n\u00ba 10.097, de 2000)<br \/>\nc) revogada. (Reda\u00e7\u00e3o dada pela Lei n\u00ba 10.097, de 2000)<\/p>\n<p>Par\u00e1grafo \u00fanico. Aos candidatos rejeitados pela sele\u00e7\u00e3o profissional dever\u00e1 ser dada, tanto quanto poss\u00edvel, orienta\u00e7\u00e3o profissional para ingresso em atividade mais adequada \u00e0s qualidades e aptid\u00f5es que tiverem demonstrado.<\/p>\n<\/div>\n                    <\/div>\n    <\/div>\n\n<style>\n    .comment-block {\n        position: relative;\n    }\n    .comment-block .anchor-target {\n        position: absolute;\n        top: -200px;\n    }\n    .comment-block {\n        margin-bottom: 40px;\n    }\n    .comment-block .comment-block-title {\n        flex-wrap: wrap;\n        font-size: 20px;\n        font-weight: 600;\n        line-height: 130%;\n        color: #1c1e2f;\n        margin-bottom: 24px;\n    }\n\n    .comment-block .comment-block-title:last-child {\n        margin-bottom: 64px;\n    }\n\n    .comment-block h3 {\n        font-size: 24px;\n        font-weight: 600;\n        line-height: 120%;\n    }\n\n    .comment-block h4 {\n        font-size: 20px;\n        font-weight: 600;\n        line-height: 120%;\n    }\n\n    .article-box {\n        padding: 24px;\n        border-radius: 8px;\n        border: 1px solid #cbcbd9;\n        margin-bottom: 24px;\n    }\n\n    .article-box:last-child  {\n        margin-bottom: 0;\n    }\n\n    .article-box .article {\n        font-size: 16px;\n        font-weight: 400;\n        line-height: 150%;\n        margin-bottom: 16px;\n    }\n\n    .article-box .article p {\n        margin-bottom: 1em;\n    }\n\n    .article-box .article p:last-child {\n        margin-bottom: 0;\n    }\n\n    .article-box .article:last-child {\n        margin-bottom: 0;\n    }\n\n    .article-box .comment {\n        padding: 24px;\n        background-color: #f6f6fa;\n        font-size: 16px;\n        font-weight: 400;\n        line-height: 150%;\n        border-radius: 8px;\n    }\n\n    .article-box .comment p {\n        margin: 0;\n    }\n\n    .article-box .comment ol {\n        list-style: auto;\n        list-style-position: inside;\n    }\n\n    @media (max-width: 1199px) {\n        .comment-block .comment-block-title {\n            font-size: 16px;\n        }\n\n        .comment-block .comment-block-title h2 {\n            margin-right: 5px;\n        }\n\n        .comment-block h3 {\n            font-size: 20px;\n        }\n        .comment-block h4 {\n            font-size: 18px;\n        }\n    }\n<\/style>\n\n<div class=\"comment-block cp-block\">\n    <!-- Chama a ancora e\/ou titulo se houver -->\n        \n    <!-- Bloco de comentario -->\n            <div class=\"article-box\">\n            <div class=\"article\"><p><strong>Art. 432.<\/strong> A dura\u00e7\u00e3o do trabalho do aprendiz n\u00e3o exceder\u00e1 de seis horas di\u00e1rias, sendo vedadas a prorroga\u00e7\u00e3o e a compensa\u00e7\u00e3o de jornada. (Reda\u00e7\u00e3o dada pela Lei n\u00ba 10.097, de 19.12.2000)<\/p>\n<p>\u00a7 1\u00ba O limite previsto neste artigo poder\u00e1 ser de at\u00e9 oito horas di\u00e1rias para os aprendizes que j\u00e1 tiverem completado o ensino fundamental, se nelas forem computadas as horas destinadas \u00e0 aprendizagem te\u00f3rica. (Reda\u00e7\u00e3o dada pela Lei n\u00ba 10.097, de 19.12.2000)<\/p>\n<p>\u00a7 2\u00ba Revogado. (Reda\u00e7\u00e3o dada pela Lei n\u00ba 10.097, de 19.12.2000)<\/p>\n<\/div>\n                    <\/div>\n    <\/div>\n\n<style>\n    .comment-block {\n        position: relative;\n    }\n    .comment-block .anchor-target {\n        position: absolute;\n        top: -200px;\n    }\n    .comment-block {\n        margin-bottom: 40px;\n    }\n    .comment-block .comment-block-title {\n        flex-wrap: wrap;\n        font-size: 20px;\n        font-weight: 600;\n        line-height: 130%;\n        color: #1c1e2f;\n        margin-bottom: 24px;\n    }\n\n    .comment-block .comment-block-title:last-child {\n        margin-bottom: 64px;\n    }\n\n    .comment-block h3 {\n        font-size: 24px;\n        font-weight: 600;\n        line-height: 120%;\n    }\n\n    .comment-block h4 {\n        font-size: 20px;\n        font-weight: 600;\n        line-height: 120%;\n    }\n\n    .article-box {\n        padding: 24px;\n        border-radius: 8px;\n        border: 1px solid #cbcbd9;\n        margin-bottom: 24px;\n    }\n\n    .article-box:last-child  {\n        margin-bottom: 0;\n    }\n\n    .article-box .article {\n        font-size: 16px;\n        font-weight: 400;\n        line-height: 150%;\n        margin-bottom: 16px;\n    }\n\n    .article-box .article p {\n        margin-bottom: 1em;\n    }\n\n    .article-box .article p:last-child {\n        margin-bottom: 0;\n    }\n\n    .article-box .article:last-child {\n        margin-bottom: 0;\n    }\n\n    .article-box .comment {\n        padding: 24px;\n        background-color: #f6f6fa;\n        font-size: 16px;\n        font-weight: 400;\n        line-height: 150%;\n        border-radius: 8px;\n    }\n\n    .article-box .comment p {\n        margin: 0;\n    }\n\n    .article-box .comment ol {\n        list-style: auto;\n        list-style-position: inside;\n    }\n\n    @media (max-width: 1199px) {\n        .comment-block .comment-block-title {\n            font-size: 16px;\n        }\n\n        .comment-block .comment-block-title h2 {\n            margin-right: 5px;\n        }\n\n        .comment-block h3 {\n            font-size: 20px;\n        }\n        .comment-block h4 {\n            font-size: 18px;\n        }\n    }\n<\/style>\n\n<div class=\"comment-block cp-block\">\n    <!-- Chama a ancora e\/ou titulo se houver -->\n        \n    <!-- Bloco de comentario -->\n            <div class=\"article-box\">\n            <div class=\"article\"><p><strong>Art. 433.<\/strong> O contrato de aprendizagem extinguir-se-\u00e1 no seu termo ou quando o aprendiz completar 24 (vinte e quatro) anos, ressalvada a hip\u00f3tese prevista no \u00a7 5o do art. 428 desta Consolida\u00e7\u00e3o, ou ainda antecipadamente nas seguintes hip\u00f3teses:<\/p>\n<p>a) revogada; (Reda\u00e7\u00e3o dada pela Lei n\u00ba 10.097, de 19.12.2000)<br \/>\nb) revogada. (Reda\u00e7\u00e3o dada pela Lei n\u00ba 10.097, de 19.12.2000)<\/p>\n<p>I &#8211; desempenho insuficiente ou inadapta\u00e7\u00e3o do aprendiz, salvo para o aprendiz com defici\u00eancia quando desprovido de recursos de acessibilidade, de tecnologias assistivas e de apoio necess\u00e1rio ao desempenho de suas atividades;<br \/>\nII \u2013 falta disciplinar grave;<br \/>\nIII \u2013 aus\u00eancia injustificada \u00e0 escola que implique perda do ano letivo; ou<br \/>\nIV \u2013 a pedido do aprendiz.<\/p>\n<p>Par\u00e1grafo \u00fanico. <strong>Revogado<\/strong>. (Reda\u00e7\u00e3o dada pela Lei n\u00ba 10.097, de 19.12.2000)<\/p>\n<p>\u00a7 2\u00ba N\u00e3o se aplica o disposto nos arts. 479 e 480 desta Consolida\u00e7\u00e3o \u00e0s hip\u00f3teses de extin\u00e7\u00e3o do contrato mencionadas neste artigo. (Inclu\u00eddo pela Lei n\u00ba 10.097, de 19.12.2000)<\/p>\n<\/div>\n                    <\/div>\n    <\/div>","protected":false},"excerpt":{"rendered":"","protected":false},"author":7,"featured_media":0,"comment_status":"open","ping_status":"open","template":"","cat-clt":[543,539],"class_list":["post-28437","clt-comentado","type-clt-comentado","status-publish","hentry","cat-clt-capitulo-iv-titulo-iii","cat-clt-titulo-iii"],"acf":[],"_links":{"self":[{"href":"https:\/\/www.aurum.com.br\/blog\/wp-json\/wp\/v2\/clt-comentado\/28437","targetHints":{"allow":["GET"]}}],"collection":[{"href":"https:\/\/www.aurum.com.br\/blog\/wp-json\/wp\/v2\/clt-comentado"}],"about":[{"href":"https:\/\/www.aurum.com.br\/blog\/wp-json\/wp\/v2\/types\/clt-comentado"}],"author":[{"embeddable":true,"href":"https:\/\/www.aurum.com.br\/blog\/wp-json\/wp\/v2\/users\/7"}],"replies":[{"embeddable":true,"href":"https:\/\/www.aurum.com.br\/blog\/wp-json\/wp\/v2\/comments?post=28437"}],"wp:attachment":[{"href":"https:\/\/www.aurum.com.br\/blog\/wp-json\/wp\/v2\/media?parent=28437"}],"wp:term":[{"taxonomy":"cat-clt","embeddable":true,"href":"https:\/\/www.aurum.com.br\/blog\/wp-json\/wp\/v2\/cat-clt?post=28437"}],"curies":[{"name":"wp","href":"https:\/\/api.w.org\/{rel}","templated":true}]}}