{"id":28395,"date":"2024-06-27T12:17:31","date_gmt":"2024-06-27T15:17:31","guid":{"rendered":"https:\/\/www.aurum.com.br\/blog\/clt-comentado\/art-168-a-169-clt\/"},"modified":"2025-05-19T15:24:26","modified_gmt":"2025-05-19T18:24:26","slug":"art-168-a-169-clt","status":"publish","type":"clt-comentado","link":"https:\/\/www.aurum.com.br\/blog\/clt-comentado\/art-168-a-169-clt\/","title":{"rendered":"Se\u00e7\u00e3o V \u2013 Das Medidas Preventivas de Medicina do Trabalho"},"content":{"rendered":"<style>\n    .comment-block {\n        position: relative;\n    }\n    .comment-block .anchor-target {\n        position: absolute;\n        top: -200px;\n    }\n    .comment-block {\n        margin-bottom: 40px;\n    }\n    .comment-block .comment-block-title {\n        flex-wrap: wrap;\n        font-size: 20px;\n        font-weight: 600;\n        line-height: 130%;\n        color: #1c1e2f;\n        margin-bottom: 24px;\n    }\n\n    .comment-block .comment-block-title:last-child {\n        margin-bottom: 64px;\n    }\n\n    .comment-block h3 {\n        font-size: 24px;\n        font-weight: 600;\n        line-height: 120%;\n    }\n\n    .comment-block h4 {\n        font-size: 20px;\n        font-weight: 600;\n        line-height: 120%;\n    }\n\n    .article-box {\n        padding: 24px;\n        border-radius: 8px;\n        border: 1px solid #cbcbd9;\n        margin-bottom: 24px;\n    }\n\n    .article-box:last-child  {\n        margin-bottom: 0;\n    }\n\n    .article-box .article {\n        font-size: 16px;\n        font-weight: 400;\n        line-height: 150%;\n        margin-bottom: 16px;\n    }\n\n    .article-box .article p {\n        margin-bottom: 1em;\n    }\n\n    .article-box .article p:last-child {\n        margin-bottom: 0;\n    }\n\n    .article-box .article:last-child {\n        margin-bottom: 0;\n    }\n\n    .article-box .comment {\n        padding: 24px;\n        background-color: #f6f6fa;\n        font-size: 16px;\n        font-weight: 400;\n        line-height: 150%;\n        border-radius: 8px;\n    }\n\n    .article-box .comment p {\n        margin: 0;\n    }\n\n    .article-box .comment ol {\n        list-style: auto;\n        list-style-position: inside;\n    }\n\n    @media (max-width: 1199px) {\n        .comment-block .comment-block-title {\n            font-size: 16px;\n        }\n\n        .comment-block .comment-block-title h2 {\n            margin-right: 5px;\n        }\n\n        .comment-block h3 {\n            font-size: 20px;\n        }\n        .comment-block h4 {\n            font-size: 18px;\n        }\n    }\n<\/style>\n\n<div class=\"comment-block cp-block\">\n    <!-- Chama a ancora e\/ou titulo se houver -->\n        \n    <!-- Bloco de comentario -->\n            <div class=\"article-box\">\n            <div class=\"article\"><p><strong>Art. 168.<\/strong> Ser\u00e1 obrigat\u00f3rio exame m\u00e9dico, por conta do empregador, nas condi\u00e7\u00f5es estabelecidas neste artigo e nas instru\u00e7\u00f5es complementares a serem expedidas pelo Minist\u00e9rio do Trabalho:<\/p>\n<p>I &#8211; a admiss\u00e3o;<br \/>\nII &#8211; na demiss\u00e3o;<br \/>\nIII &#8211; periodicamente.<\/p>\n<p>\u00a7 1\u00ba O Minist\u00e9rio do Trabalho baixar\u00e1 instru\u00e7\u00f5es relativas aos casos em que ser\u00e3o exig\u00edveis exames:<br \/>\na) por ocasi\u00e3o da demiss\u00e3o;<br \/>\nb) complementares.<\/p>\n<p>\u00a7 2\u00ba Outros exames complementares poder\u00e3o ser exigidos, a crit\u00e9rio m\u00e9dico, para apura\u00e7\u00e3o da capacidade ou aptid\u00e3o f\u00edsica e mental do empregado para a fun\u00e7\u00e3o que deva exercer.<\/p>\n<p>\u00a7 3\u00ba O Minist\u00e9rio do Trabalho estabelecer\u00e1, de acordo com o risco da atividade e o tempo de exposi\u00e7\u00e3o, a periodicidade dos exames m\u00e9dicos.<\/p>\n<p>\u00a7 4\u00ba O empregador manter\u00e1, no estabelecimento, o material necess\u00e1rio \u00e0 presta\u00e7\u00e3o de primeiros socorros m\u00e9dicos, de acordo com o risco da atividade.<\/p>\n<p>\u00a7 5\u00ba O resultado dos exames m\u00e9dicos, inclusive o exame complementar, ser\u00e1 comunicado ao trabalhador, observados os preceitos da \u00e9tica m\u00e9dica.<\/p>\n<p>\u00a7 6\u00ba Ser\u00e3o exigidos exames toxicol\u00f3gicos, previamente \u00e0 admiss\u00e3o e por ocasi\u00e3o do desligamento, quando se tratar de motorista profissional, assegurados o direito \u00e0 contraprova em caso de resultado positivo e a confidencialidade dos resultados dos respectivos exames.<\/p>\n<p>\u00a7 7\u00ba Para os fins do disposto no \u00a7 6o, ser\u00e1 obrigat\u00f3rio exame toxicol\u00f3gico com janela de detec\u00e7\u00e3o m\u00ednima de 90 (noventa) dias, espec\u00edfico para subst\u00e2ncias psicoativas que causem depend\u00eancia ou, comprovadamente, comprometam a capacidade de dire\u00e7\u00e3o, podendo ser utilizado para essa finalidade o exame toxicol\u00f3gico previsto na Lei no 9.503, de 23 de setembro de 1997 &#8211; C\u00f3digo de Tr\u00e2nsito Brasileiro, desde que realizado nos \u00faltimos 60 (sessenta) dias.<\/p>\n<\/div>\n                    <\/div>\n    <\/div>\n\n<style>\n    .comment-block {\n        position: relative;\n    }\n    .comment-block .anchor-target {\n        position: absolute;\n        top: -200px;\n    }\n    .comment-block {\n        margin-bottom: 40px;\n    }\n    .comment-block .comment-block-title {\n        flex-wrap: wrap;\n        font-size: 20px;\n        font-weight: 600;\n        line-height: 130%;\n        color: #1c1e2f;\n        margin-bottom: 24px;\n    }\n\n    .comment-block .comment-block-title:last-child {\n        margin-bottom: 64px;\n    }\n\n    .comment-block h3 {\n        font-size: 24px;\n        font-weight: 600;\n        line-height: 120%;\n    }\n\n    .comment-block h4 {\n        font-size: 20px;\n        font-weight: 600;\n        line-height: 120%;\n    }\n\n    .article-box {\n        padding: 24px;\n        border-radius: 8px;\n        border: 1px solid #cbcbd9;\n        margin-bottom: 24px;\n    }\n\n    .article-box:last-child  {\n        margin-bottom: 0;\n    }\n\n    .article-box .article {\n        font-size: 16px;\n        font-weight: 400;\n        line-height: 150%;\n        margin-bottom: 16px;\n    }\n\n    .article-box .article p {\n        margin-bottom: 1em;\n    }\n\n    .article-box .article p:last-child {\n        margin-bottom: 0;\n    }\n\n    .article-box .article:last-child {\n        margin-bottom: 0;\n    }\n\n    .article-box .comment {\n        padding: 24px;\n        background-color: #f6f6fa;\n        font-size: 16px;\n        font-weight: 400;\n        line-height: 150%;\n        border-radius: 8px;\n    }\n\n    .article-box .comment p {\n        margin: 0;\n    }\n\n    .article-box .comment ol {\n        list-style: auto;\n        list-style-position: inside;\n    }\n\n    @media (max-width: 1199px) {\n        .comment-block .comment-block-title {\n            font-size: 16px;\n        }\n\n        .comment-block .comment-block-title h2 {\n            margin-right: 5px;\n        }\n\n        .comment-block h3 {\n            font-size: 20px;\n        }\n        .comment-block h4 {\n            font-size: 18px;\n        }\n    }\n<\/style>\n\n<div class=\"comment-block cp-block\">\n    <!-- Chama a ancora e\/ou titulo se houver -->\n        \n    <!-- Bloco de comentario -->\n            <div class=\"article-box\">\n            <div class=\"article\"><p><strong>Art. 169.<\/strong> Ser\u00e1 obrigat\u00f3ria a notifica\u00e7\u00e3o das doen\u00e7as profissionais e das produzidas em virtude de condi\u00e7\u00f5es especiais de trabalho, comprovadas ou objeto de suspeita, de conformidade com as instru\u00e7\u00f5es expedidas pelo Minist\u00e9rio do Trabalho.<\/p>\n<\/div>\n                    <\/div>\n    <\/div>","protected":false},"excerpt":{"rendered":"","protected":false},"author":7,"featured_media":0,"comment_status":"open","ping_status":"open","template":"","cat-clt":[537,531],"class_list":["post-28395","clt-comentado","type-clt-comentado","status-publish","hentry","cat-clt-capitulo-v","cat-clt-titulo-ii"],"acf":[],"_links":{"self":[{"href":"https:\/\/www.aurum.com.br\/blog\/wp-json\/wp\/v2\/clt-comentado\/28395","targetHints":{"allow":["GET"]}}],"collection":[{"href":"https:\/\/www.aurum.com.br\/blog\/wp-json\/wp\/v2\/clt-comentado"}],"about":[{"href":"https:\/\/www.aurum.com.br\/blog\/wp-json\/wp\/v2\/types\/clt-comentado"}],"author":[{"embeddable":true,"href":"https:\/\/www.aurum.com.br\/blog\/wp-json\/wp\/v2\/users\/7"}],"replies":[{"embeddable":true,"href":"https:\/\/www.aurum.com.br\/blog\/wp-json\/wp\/v2\/comments?post=28395"}],"wp:attachment":[{"href":"https:\/\/www.aurum.com.br\/blog\/wp-json\/wp\/v2\/media?parent=28395"}],"wp:term":[{"taxonomy":"cat-clt","embeddable":true,"href":"https:\/\/www.aurum.com.br\/blog\/wp-json\/wp\/v2\/cat-clt?post=28395"}],"curies":[{"name":"wp","href":"https:\/\/api.w.org\/{rel}","templated":true}]}}