{"id":27533,"date":"2024-03-27T17:56:12","date_gmt":"2024-03-27T20:56:12","guid":{"rendered":"https:\/\/www.aurum.com.br\/blog\/cdc-comentado\/art-81-a-90-cdc\/"},"modified":"2025-05-20T10:36:20","modified_gmt":"2025-05-20T13:36:20","slug":"art-81-a-90-cdc","status":"publish","type":"cdc-comentado","link":"https:\/\/www.aurum.com.br\/blog\/cdc-comentado\/art-81-a-90-cdc\/","title":{"rendered":"Cap\u00edtulo I \u2013 Disposi\u00e7\u00f5es Gerais"},"content":{"rendered":"<style>\n    .comment-block {\n        position: relative;\n    }\n    .comment-block .anchor-target {\n        position: absolute;\n        top: -200px;\n    }\n    .comment-block {\n        margin-bottom: 40px;\n    }\n    .comment-block .comment-block-title {\n        flex-wrap: wrap;\n        font-size: 20px;\n        font-weight: 600;\n        line-height: 130%;\n        color: #1c1e2f;\n        margin-bottom: 24px;\n    }\n\n    .comment-block .comment-block-title:last-child {\n        margin-bottom: 64px;\n    }\n\n    .comment-block h3 {\n        font-size: 24px;\n        font-weight: 600;\n        line-height: 120%;\n    }\n\n    .comment-block h4 {\n        font-size: 20px;\n        font-weight: 600;\n        line-height: 120%;\n    }\n\n    .article-box {\n        padding: 24px;\n        border-radius: 8px;\n        border: 1px solid #cbcbd9;\n        margin-bottom: 24px;\n    }\n\n    .article-box:last-child  {\n        margin-bottom: 0;\n    }\n\n    .article-box .article {\n        font-size: 16px;\n        font-weight: 400;\n        line-height: 150%;\n        margin-bottom: 16px;\n    }\n\n    .article-box .article p {\n        margin-bottom: 1em;\n    }\n\n    .article-box .article p:last-child {\n        margin-bottom: 0;\n    }\n\n    .article-box .article:last-child {\n        margin-bottom: 0;\n    }\n\n    .article-box .comment {\n        padding: 24px;\n        background-color: #f6f6fa;\n        font-size: 16px;\n        font-weight: 400;\n        line-height: 150%;\n        border-radius: 8px;\n    }\n\n    .article-box .comment p {\n        margin: 0;\n    }\n\n    .article-box .comment ol {\n        list-style: auto;\n        list-style-position: inside;\n    }\n\n    @media (max-width: 1199px) {\n        .comment-block .comment-block-title {\n            font-size: 16px;\n        }\n\n        .comment-block .comment-block-title h2 {\n            margin-right: 5px;\n        }\n\n        .comment-block h3 {\n            font-size: 20px;\n        }\n        .comment-block h4 {\n            font-size: 18px;\n        }\n    }\n<\/style>\n\n<div class=\"comment-block cp-block\">\n    <!-- Chama a ancora e\/ou titulo se houver -->\n        \n    <!-- Bloco de comentario -->\n            <div class=\"article-box\">\n            <div class=\"article\"><p><strong>Art. 81.<\/strong> A defesa dos interesses e direitos dos consumidores e das v\u00edtimas poder\u00e1 ser exercida em ju\u00edzo individualmente, ou a t\u00edtulo coletivo.<\/p>\n<p>Par\u00e1grafo \u00fanico. A defesa coletiva ser\u00e1 exercida quando se tratar de:<\/p>\n<p>I &#8211; interesses ou direitos difusos, assim entendidos, para efeitos deste c\u00f3digo, os transindividuais, de natureza indivis\u00edvel, de que sejam titulares pessoas indeterminadas e ligadas por circunst\u00e2ncias de fato;<\/p>\n<p>II &#8211; interesses ou direitos coletivos, assim entendidos, para efeitos deste c\u00f3digo, os transindividuais, de natureza indivis\u00edvel de que seja titular grupo, categoria ou classe de pessoas ligadas entre si ou com a parte contr\u00e1ria por uma rela\u00e7\u00e3o jur\u00eddica base;<\/p>\n<p>III &#8211; interesses ou direitos individuais homog\u00eaneos, assim entendidos os decorrentes de origem comum.<\/p>\n<\/div>\n                            <div class=\"comment\"><p><span style=\"font-weight: 400;\">Os consumidores que se sentirem lesados poder\u00e3o entrar com<strong> a\u00e7\u00e3o judicial de forma individual ou coletiva<\/strong>.<\/span><\/p>\n<p><span style=\"font-weight: 400;\">No caso das <a href=\"https:\/\/www.aurum.com.br\/blog\/glossario-juridico\/acao-coletiva\/#:~:text=%C3%89%20uma%20importante%20ferramenta%20legal,para%20resolver%20um%20problema%20comum.\">a\u00e7\u00f5es coletivas<\/a>, elas somente poder\u00e3o ser propostas em determinados casos como quando a viola\u00e7\u00e3o for contra: <strong>direitos difuso<\/strong>s (aqueles que interessam a todas as pessoas \u2013 por exemplo o direito \u00e0 sa\u00fade, meio ambiente adequado); <strong>direitos coletivos<\/strong> (aqueles que s\u00e3o de um grupo espec\u00edfico de pessoas \u2013 por exemplo quando uma grande prestadora de servi\u00e7os viola o direito de um grupo de consumidores como viajantes); ou <strong>direitos individuais homog\u00eaneos<\/strong> (aqueles que decorrem de um \u00fanico fator \u2013 por exemplo quando consumidores pedem a ilegalidade de determinada cobran\u00e7a)<\/span><\/p>\n<\/div>\n                    <\/div>\n    <\/div>\n\n<style>\n    .comment-block {\n        position: relative;\n    }\n    .comment-block .anchor-target {\n        position: absolute;\n        top: -200px;\n    }\n    .comment-block {\n        margin-bottom: 40px;\n    }\n    .comment-block .comment-block-title {\n        flex-wrap: wrap;\n        font-size: 20px;\n        font-weight: 600;\n        line-height: 130%;\n        color: #1c1e2f;\n        margin-bottom: 24px;\n    }\n\n    .comment-block .comment-block-title:last-child {\n        margin-bottom: 64px;\n    }\n\n    .comment-block h3 {\n        font-size: 24px;\n        font-weight: 600;\n        line-height: 120%;\n    }\n\n    .comment-block h4 {\n        font-size: 20px;\n        font-weight: 600;\n        line-height: 120%;\n    }\n\n    .article-box {\n        padding: 24px;\n        border-radius: 8px;\n        border: 1px solid #cbcbd9;\n        margin-bottom: 24px;\n    }\n\n    .article-box:last-child  {\n        margin-bottom: 0;\n    }\n\n    .article-box .article {\n        font-size: 16px;\n        font-weight: 400;\n        line-height: 150%;\n        margin-bottom: 16px;\n    }\n\n    .article-box .article p {\n        margin-bottom: 1em;\n    }\n\n    .article-box .article p:last-child {\n        margin-bottom: 0;\n    }\n\n    .article-box .article:last-child {\n        margin-bottom: 0;\n    }\n\n    .article-box .comment {\n        padding: 24px;\n        background-color: #f6f6fa;\n        font-size: 16px;\n        font-weight: 400;\n        line-height: 150%;\n        border-radius: 8px;\n    }\n\n    .article-box .comment p {\n        margin: 0;\n    }\n\n    .article-box .comment ol {\n        list-style: auto;\n        list-style-position: inside;\n    }\n\n    @media (max-width: 1199px) {\n        .comment-block .comment-block-title {\n            font-size: 16px;\n        }\n\n        .comment-block .comment-block-title h2 {\n            margin-right: 5px;\n        }\n\n        .comment-block h3 {\n            font-size: 20px;\n        }\n        .comment-block h4 {\n            font-size: 18px;\n        }\n    }\n<\/style>\n\n<div class=\"comment-block cp-block\">\n    <!-- Chama a ancora e\/ou titulo se houver -->\n        \n    <!-- Bloco de comentario -->\n            <div class=\"article-box\">\n            <div class=\"article\"><p><strong>Art. 82.<\/strong> Para os fins do art. 81, par\u00e1grafo \u00fanico, s\u00e3o legitimados concorrentemente:<\/p>\n<p>I &#8211; o Minist\u00e9rio P\u00fablico,<br \/>\nII &#8211; a Uni\u00e3o, os Estados, os Munic\u00edpios e o Distrito Federal;<br \/>\nIII &#8211; as entidades e \u00f3rg\u00e3os da Administra\u00e7\u00e3o P\u00fablica, direta ou indireta, ainda que sem personalidade jur\u00eddica, especificamente destinados \u00e0 defesa dos interesses e direitos protegidos por este c\u00f3digo;<br \/>\nIV &#8211; as associa\u00e7\u00f5es legalmente constitu\u00eddas h\u00e1 pelo menos um ano e que incluam entre seus fins institucionais a defesa dos interesses e direitos protegidos por este c\u00f3digo, dispensada a autoriza\u00e7\u00e3o assemblear.<\/p>\n<p>\u00a7 1\u00b0 O requisito da pr\u00e9-constitui\u00e7\u00e3o pode ser dispensado pelo juiz, nas a\u00e7\u00f5es previstas nos arts. 91 e seguintes, quando haja manifesto interesse social evidenciado pela dimens\u00e3o ou caracter\u00edstica do dano, ou pela relev\u00e2ncia do bem jur\u00eddico a ser protegido.<\/p>\n<p>\u00a7 2\u00b0 (Vetado).<\/p>\n<p>\u00a7 3\u00b0 (Vetado).<\/p>\n<\/div>\n                            <div class=\"comment\"><p><span style=\"font-weight: 400;\">Para garantir os direitos dos consumidores de forma coletiva, via a\u00e7\u00e3o judicial, podem ser parte nesta a\u00e7\u00e3o o Minist\u00e9rio P\u00fablico, a Uni\u00e3o, os Estados, os Munic\u00edpios e o Distrito Federal, al\u00e9m das entidades e \u00f3rg\u00e3os da administra\u00e7\u00e3o p\u00fablica e as associa\u00e7\u00f5es desde que preencham os requisitos do inciso IV.<\/span><\/p>\n<p><span style=\"font-weight: 400;\">O par\u00e1grafo 1\u00ba prev\u00ea que a pr\u00e9 constitui\u00e7\u00e3o que trata o inciso IV pode ser dispensada pelo juiz em alguns casos, visando a efici\u00eancia da a\u00e7\u00e3o.<\/span><\/p>\n<p><span style=\"font-weight: 400;\">De acordo com a mensagem n. 664 de 11\/09\/1990, o par\u00e1grafo 2\u00ba previa \u201c<\/span><i><span style=\"font-weight: 400;\">\u00a72\u00ba &#8211; Admitir-se-\u00e1 o <a href=\"https:\/\/www.aurum.com.br\/blog\/litisconsorcio\/\">litiscons\u00f3rcio<\/a> facultativo entre os Minist\u00e9rios P\u00fablicos da Uni\u00e3o, do Distrito Federal e dos Estados, na defesa dos interesses e direitos de que cuida este C\u00f3digo<\/span><\/i><span style=\"font-weight: 400;\">.&#8221;<\/span><\/p>\n<p><span style=\"font-weight: 400;\">Mas foi vetados porque \u201c <em>Tais dispositivos transgridem o art. 128, \u00a7 5\u00ba, da Constitui\u00e7\u00e3o Federal, que reserva \u00e0 lei complementar a regula\u00e7\u00e3o inicial das atribui\u00e7\u00f5es e da organiza\u00e7\u00e3o do Minist\u00e9rio P\u00fablico. O controle amplo e geral da legitimidade de atos jur\u00eddicos somente pode ser confiado ao Poder Judici\u00e1rio (C.F, art. 5\u00ba, XXXV). Portanto, a outorga de compet\u00eancia ao Minist\u00e9rio P\u00fablico para proceder ao controle abstrato de cl\u00e1usulas contratuais desfigura o perfil que o Constituinte imprimiu a essa institui\u00e7\u00e3o (CF., arts 127 e 129). O controle abstrato de cl\u00e1usulas contratuais est\u00e1 adequadamente disciplinado no art. 51, \u00a7 4\u00ba, do Projeto. Vetado o \u00a7 3\u00ba do art. 51, imp\u00f5e-se, tamb\u00e9m, vetar o \u00a7 5\u00ba do art. 54. Por outro lado, somente pode haver litiscons\u00f3rcio (art. 82, \u00a7 2\u00ba) se a todos e a cada um tocar qualidade que lhe autorize a condu\u00e7\u00e3o aut\u00f4noma do processo. O art. 128 da Constitui\u00e7\u00e3o n\u00e3o admite o litiscons\u00f3rcio constante do projeto.<\/em>\u201d<\/span><\/p>\n<p><span style=\"font-weight: 400;\">J\u00e1 o par\u00e1grafo 3\u00ba previa <\/span><i><span style=\"font-weight: 400;\">\u201c\u00a7 3\u00ba &#8211; Os \u00f3rg\u00e3os p\u00fablicos legitimados poder\u00e3o tomar dos interessados compromisso de ajustamento de sua conduta \u00e0s exig\u00eancias legais, mediante comina\u00e7\u00f5es,\u00a0 que ter\u00e1 efic\u00e1cia de t\u00edtulo executivo extrajudicial.&#8221;<\/span><\/i><\/p>\n<p><span style=\"font-weight: 400;\">Mas foi vetado porque \u201c\u00c9<em> juridicamente impr\u00f3pria a equipara\u00e7\u00e3o de compromisso administrativo a t\u00edtulo executivo extrajudicial (C.P.C., art. 585, II). \u00c9 que, no caso, o objetivo do compromisso \u00e9 a cessa\u00e7\u00e3o ou a pr\u00e1tica de determinada conduta, e n\u00e3o a entrega de coisa certa ou pagamento de quantia fixada.<\/em>\u201d<\/span><\/p>\n<\/div>\n                    <\/div>\n    <\/div>\n\n<style>\n    .comment-block {\n        position: relative;\n    }\n    .comment-block .anchor-target {\n        position: absolute;\n        top: -200px;\n    }\n    .comment-block {\n        margin-bottom: 40px;\n    }\n    .comment-block .comment-block-title {\n        flex-wrap: wrap;\n        font-size: 20px;\n        font-weight: 600;\n        line-height: 130%;\n        color: #1c1e2f;\n        margin-bottom: 24px;\n    }\n\n    .comment-block .comment-block-title:last-child {\n        margin-bottom: 64px;\n    }\n\n    .comment-block h3 {\n        font-size: 24px;\n        font-weight: 600;\n        line-height: 120%;\n    }\n\n    .comment-block h4 {\n        font-size: 20px;\n        font-weight: 600;\n        line-height: 120%;\n    }\n\n    .article-box {\n        padding: 24px;\n        border-radius: 8px;\n        border: 1px solid #cbcbd9;\n        margin-bottom: 24px;\n    }\n\n    .article-box:last-child  {\n        margin-bottom: 0;\n    }\n\n    .article-box .article {\n        font-size: 16px;\n        font-weight: 400;\n        line-height: 150%;\n        margin-bottom: 16px;\n    }\n\n    .article-box .article p {\n        margin-bottom: 1em;\n    }\n\n    .article-box .article p:last-child {\n        margin-bottom: 0;\n    }\n\n    .article-box .article:last-child {\n        margin-bottom: 0;\n    }\n\n    .article-box .comment {\n        padding: 24px;\n        background-color: #f6f6fa;\n        font-size: 16px;\n        font-weight: 400;\n        line-height: 150%;\n        border-radius: 8px;\n    }\n\n    .article-box .comment p {\n        margin: 0;\n    }\n\n    .article-box .comment ol {\n        list-style: auto;\n        list-style-position: inside;\n    }\n\n    @media (max-width: 1199px) {\n        .comment-block .comment-block-title {\n            font-size: 16px;\n        }\n\n        .comment-block .comment-block-title h2 {\n            margin-right: 5px;\n        }\n\n        .comment-block h3 {\n            font-size: 20px;\n        }\n        .comment-block h4 {\n            font-size: 18px;\n        }\n    }\n<\/style>\n\n<div class=\"comment-block cp-block\">\n    <!-- Chama a ancora e\/ou titulo se houver -->\n        \n    <!-- Bloco de comentario -->\n            <div class=\"article-box\">\n            <div class=\"article\"><p><strong>Art. 83.<\/strong> Para a defesa dos direitos e interesses protegidos por este c\u00f3digo s\u00e3o admiss\u00edveis todas as esp\u00e9cies de a\u00e7\u00f5es capazes de propiciar sua adequada e efetiva tutela.<\/p>\n<p>Par\u00e1grafo \u00fanico. (Vetado).<\/p>\n<\/div>\n                            <div class=\"comment\"><p><span style=\"font-weight: 400;\">O art. 83 nada mais \u00e9 do que a garantia de que os consumidores possam viabilizar qualquer conduta admitida em direito para fazer valer o cumprimento<\/span> <span style=\"font-weight: 400;\">de seus direitos, interesses e da legisla\u00e7\u00e3o.<\/span><\/p>\n<p><span style=\"font-weight: 400;\">E o par\u00e1grafo \u00fanico previa \u201c<\/span><i><span style=\"font-weight: 400;\">Par\u00e1grafo \u00fanico &#8211; Poder\u00e1 ser ajuizada, pelos legitimados no artigo anterior ou por qualquer outro interessado, a\u00e7\u00e3o visando o controle abstrato e preventivo das cl\u00e1usulas contratuais gerais<\/span><\/i><span style=\"font-weight: 400;\">.&#8221;<\/span><\/p>\n<p><span style=\"font-weight: 400;\">Mas foi vetado porque \u201c<em>o controle abstrato de atos jur\u00eddicos constitui atividade excepcional do Judici\u00e1rio (CF., art. 5\u00ba, XXXV). A efic\u00e1cia &#8220;erga omnes&#8221; de decis\u00e3o proferida nessa modalidade de controle exige redobrada cautela na institui\u00e7\u00e3o de processos dessa \u00edndole. A pluralidade de entes legitimados a propor &#8220;a\u00e7\u00e3o visando ao controle abstrato e preventivo de cl\u00e1usulas contratuais gerais&#8221;, com a probabilidade da instaura\u00e7\u00e3o de in\u00fameros processos de controle abstrato, constitui s\u00e9ria amea\u00e7a \u00e0 seguran\u00e7a jur\u00eddica. Assim, \u00e9 suficiente a disciplina que o \u00a7 4\u00ba do art. 51 do projeto d\u00e1 \u00e0 mat\u00e9ria.<\/em>\u201d<\/span><\/p>\n<\/div>\n                    <\/div>\n    <\/div>\n\n<style>\n    .comment-block {\n        position: relative;\n    }\n    .comment-block .anchor-target {\n        position: absolute;\n        top: -200px;\n    }\n    .comment-block {\n        margin-bottom: 40px;\n    }\n    .comment-block .comment-block-title {\n        flex-wrap: wrap;\n        font-size: 20px;\n        font-weight: 600;\n        line-height: 130%;\n        color: #1c1e2f;\n        margin-bottom: 24px;\n    }\n\n    .comment-block .comment-block-title:last-child {\n        margin-bottom: 64px;\n    }\n\n    .comment-block h3 {\n        font-size: 24px;\n        font-weight: 600;\n        line-height: 120%;\n    }\n\n    .comment-block h4 {\n        font-size: 20px;\n        font-weight: 600;\n        line-height: 120%;\n    }\n\n    .article-box {\n        padding: 24px;\n        border-radius: 8px;\n        border: 1px solid #cbcbd9;\n        margin-bottom: 24px;\n    }\n\n    .article-box:last-child  {\n        margin-bottom: 0;\n    }\n\n    .article-box .article {\n        font-size: 16px;\n        font-weight: 400;\n        line-height: 150%;\n        margin-bottom: 16px;\n    }\n\n    .article-box .article p {\n        margin-bottom: 1em;\n    }\n\n    .article-box .article p:last-child {\n        margin-bottom: 0;\n    }\n\n    .article-box .article:last-child {\n        margin-bottom: 0;\n    }\n\n    .article-box .comment {\n        padding: 24px;\n        background-color: #f6f6fa;\n        font-size: 16px;\n        font-weight: 400;\n        line-height: 150%;\n        border-radius: 8px;\n    }\n\n    .article-box .comment p {\n        margin: 0;\n    }\n\n    .article-box .comment ol {\n        list-style: auto;\n        list-style-position: inside;\n    }\n\n    @media (max-width: 1199px) {\n        .comment-block .comment-block-title {\n            font-size: 16px;\n        }\n\n        .comment-block .comment-block-title h2 {\n            margin-right: 5px;\n        }\n\n        .comment-block h3 {\n            font-size: 20px;\n        }\n        .comment-block h4 {\n            font-size: 18px;\n        }\n    }\n<\/style>\n\n<div class=\"comment-block cp-block\">\n    <!-- Chama a ancora e\/ou titulo se houver -->\n        \n    <!-- Bloco de comentario -->\n            <div class=\"article-box\">\n            <div class=\"article\"><p><strong>Art. 84.<\/strong> Na a\u00e7\u00e3o que tenha por objeto o cumprimento da obriga\u00e7\u00e3o de fazer ou n\u00e3o fazer, o juiz conceder\u00e1 a tutela espec\u00edfica da obriga\u00e7\u00e3o ou determinar\u00e1 provid\u00eancias que assegurem o resultado pr\u00e1tico equivalente ao do adimplemento.<\/p>\n<p>\u00a7 1\u00b0 A convers\u00e3o da obriga\u00e7\u00e3o em perdas e danos somente ser\u00e1 admiss\u00edvel se por elas optar o autor ou se imposs\u00edvel a tutela espec\u00edfica ou a obten\u00e7\u00e3o do resultado pr\u00e1tico correspondente.<\/p>\n<p>\u00a7 2\u00b0 A indeniza\u00e7\u00e3o por perdas e danos se far\u00e1 sem preju\u00edzo da multa (art. 287, do C\u00f3digo de Processo Civil).<\/p>\n<p>\u00a7 3\u00b0 Sendo relevante o fundamento da demanda e havendo justificado receio de inefic\u00e1cia do provimento final, \u00e9 l\u00edcito ao juiz conceder a tutela liminarmente ou ap\u00f3s justifica\u00e7\u00e3o pr\u00e9via, citado o r\u00e9u.<\/p>\n<p>\u00a7 4\u00b0 O juiz poder\u00e1, na hip\u00f3tese do \u00a7 3\u00b0 ou na senten\u00e7a, impor multa di\u00e1ria ao r\u00e9u, independentemente de pedido do autor, se for suficiente ou compat\u00edvel com a obriga\u00e7\u00e3o, fixando prazo razo\u00e1vel para o cumprimento do preceito.<\/p>\n<p>\u00a7 5\u00b0 Para a tutela espec\u00edfica ou para a obten\u00e7\u00e3o do resultado pr\u00e1tico equivalente, poder\u00e1 o juiz determinar as medidas necess\u00e1rias, tais como busca e apreens\u00e3o, remo\u00e7\u00e3o de coisas e pessoas, desfazimento de obra, impedimento de atividade nociva, al\u00e9m de requisi\u00e7\u00e3o de for\u00e7a policial.<\/p>\n<\/div>\n                            <div class=\"comment\"><p><span style=\"font-weight: 400;\">O cumprimento de obriga\u00e7\u00e3o de fazer \u00e9 a determina\u00e7\u00e3o legal de que a parte vencida na a\u00e7\u00e3o tome alguma providencia como <strong>retirar um produto irregular do mercado ou suspender propagandas abusivas.<\/strong> Nesse caso, o juiz que determinou a obriga\u00e7\u00e3o vai tamb\u00e9m determinar providencias que garantam o cumprimento da decis\u00e3o como por exemplo a fixa\u00e7\u00e3o de multa di\u00e1ria em caso de descumprimento ou penalidade maior.<\/span><\/p>\n<p><span style=\"font-weight: 400;\">O par\u00e1grafo 1\u00ba prev\u00ea que o autor da a\u00e7\u00e3o pode optar por receber uma <strong>indeniza\u00e7\u00e3o<\/strong> (perdas e danos) ao inv\u00e9s de a obriga\u00e7\u00e3o cumprida. Assim como, se for imposs\u00edvel o cumprimento da obriga\u00e7\u00e3o, o pr\u00f3prio juiz pode determinar o pagamento da indeniza\u00e7\u00e3o no lugar da obriga\u00e7\u00e3o.<\/span><\/p>\n<p><span style=\"font-weight: 400;\">Ainda que haja pagamento de indeniza\u00e7\u00e3o, se n\u00e3o ocorrer dentro do prazo determinado, esse valor poder\u00e1 ser <strong>acrescido de multa.<\/strong><\/span><\/p>\n<p><span style=\"font-weight: 400;\">A multa, de acordo com o par\u00e1grafo 4\u00ba, pode ser fixada pelo juiz independente de pedido do autor, desde que seja em valor razo\u00e1vel, considerando a obriga\u00e7\u00e3o a ser cumprida.<\/span><\/p>\n<p><span style=\"font-weight: 400;\">O par\u00e1grafo 3\u00ba permite ao juiz que determine a obriga\u00e7\u00e3o de fazer mesmo antes da senten\u00e7a, de forma <a href=\"https:\/\/www.aurum.com.br\/blog\/liminar\/\">liminar<\/a>, se houver justificativa para isso (por exemplo nos casos em que esperar a senten\u00e7a pode prejudicar ainda mais o consumidor, pela demora).<\/span><\/p>\n<p><span style=\"font-weight: 400;\">E o par\u00e1grafo 5\u00ba traz a possibilidade de todos os meios de execu\u00e7\u00e3o, com o intuito de garantir o resultado pr\u00e1tico, ou seja, o cumprimento da obriga\u00e7\u00e3o imposta, podendo o autor requerer a busca e apreens\u00e3o de coisas e pessoas, impedimento da atividade e at\u00e9 for\u00e7a policial.\u00a0<\/span><\/p>\n<p>&nbsp;<\/p>\n<\/div>\n                    <\/div>\n    <\/div>\n\n<style>\n    .comment-block {\n        position: relative;\n    }\n    .comment-block .anchor-target {\n        position: absolute;\n        top: -200px;\n    }\n    .comment-block {\n        margin-bottom: 40px;\n    }\n    .comment-block .comment-block-title {\n        flex-wrap: wrap;\n        font-size: 20px;\n        font-weight: 600;\n        line-height: 130%;\n        color: #1c1e2f;\n        margin-bottom: 24px;\n    }\n\n    .comment-block .comment-block-title:last-child {\n        margin-bottom: 64px;\n    }\n\n    .comment-block h3 {\n        font-size: 24px;\n        font-weight: 600;\n        line-height: 120%;\n    }\n\n    .comment-block h4 {\n        font-size: 20px;\n        font-weight: 600;\n        line-height: 120%;\n    }\n\n    .article-box {\n        padding: 24px;\n        border-radius: 8px;\n        border: 1px solid #cbcbd9;\n        margin-bottom: 24px;\n    }\n\n    .article-box:last-child  {\n        margin-bottom: 0;\n    }\n\n    .article-box .article {\n        font-size: 16px;\n        font-weight: 400;\n        line-height: 150%;\n        margin-bottom: 16px;\n    }\n\n    .article-box .article p {\n        margin-bottom: 1em;\n    }\n\n    .article-box .article p:last-child {\n        margin-bottom: 0;\n    }\n\n    .article-box .article:last-child {\n        margin-bottom: 0;\n    }\n\n    .article-box .comment {\n        padding: 24px;\n        background-color: #f6f6fa;\n        font-size: 16px;\n        font-weight: 400;\n        line-height: 150%;\n        border-radius: 8px;\n    }\n\n    .article-box .comment p {\n        margin: 0;\n    }\n\n    .article-box .comment ol {\n        list-style: auto;\n        list-style-position: inside;\n    }\n\n    @media (max-width: 1199px) {\n        .comment-block .comment-block-title {\n            font-size: 16px;\n        }\n\n        .comment-block .comment-block-title h2 {\n            margin-right: 5px;\n        }\n\n        .comment-block h3 {\n            font-size: 20px;\n        }\n        .comment-block h4 {\n            font-size: 18px;\n        }\n    }\n<\/style>\n\n<div class=\"comment-block cp-block\">\n    <!-- Chama a ancora e\/ou titulo se houver -->\n        \n    <!-- Bloco de comentario -->\n            <div class=\"article-box\">\n            <div class=\"article\"><p><strong> Art. 85.<\/strong> (Vetado).<\/p>\n<\/div>\n                            <div class=\"comment\"><p>(Vetado).<\/p>\n<\/div>\n                    <\/div>\n    <\/div>\n\n<style>\n    .comment-block {\n        position: relative;\n    }\n    .comment-block .anchor-target {\n        position: absolute;\n        top: -200px;\n    }\n    .comment-block {\n        margin-bottom: 40px;\n    }\n    .comment-block .comment-block-title {\n        flex-wrap: wrap;\n        font-size: 20px;\n        font-weight: 600;\n        line-height: 130%;\n        color: #1c1e2f;\n        margin-bottom: 24px;\n    }\n\n    .comment-block .comment-block-title:last-child {\n        margin-bottom: 64px;\n    }\n\n    .comment-block h3 {\n        font-size: 24px;\n        font-weight: 600;\n        line-height: 120%;\n    }\n\n    .comment-block h4 {\n        font-size: 20px;\n        font-weight: 600;\n        line-height: 120%;\n    }\n\n    .article-box {\n        padding: 24px;\n        border-radius: 8px;\n        border: 1px solid #cbcbd9;\n        margin-bottom: 24px;\n    }\n\n    .article-box:last-child  {\n        margin-bottom: 0;\n    }\n\n    .article-box .article {\n        font-size: 16px;\n        font-weight: 400;\n        line-height: 150%;\n        margin-bottom: 16px;\n    }\n\n    .article-box .article p {\n        margin-bottom: 1em;\n    }\n\n    .article-box .article p:last-child {\n        margin-bottom: 0;\n    }\n\n    .article-box .article:last-child {\n        margin-bottom: 0;\n    }\n\n    .article-box .comment {\n        padding: 24px;\n        background-color: #f6f6fa;\n        font-size: 16px;\n        font-weight: 400;\n        line-height: 150%;\n        border-radius: 8px;\n    }\n\n    .article-box .comment p {\n        margin: 0;\n    }\n\n    .article-box .comment ol {\n        list-style: auto;\n        list-style-position: inside;\n    }\n\n    @media (max-width: 1199px) {\n        .comment-block .comment-block-title {\n            font-size: 16px;\n        }\n\n        .comment-block .comment-block-title h2 {\n            margin-right: 5px;\n        }\n\n        .comment-block h3 {\n            font-size: 20px;\n        }\n        .comment-block h4 {\n            font-size: 18px;\n        }\n    }\n<\/style>\n\n<div class=\"comment-block cp-block\">\n    <!-- Chama a ancora e\/ou titulo se houver -->\n        \n    <!-- Bloco de comentario -->\n            <div class=\"article-box\">\n            <div class=\"article\"><p><strong>Art. 86.<\/strong> (Vetado).<\/p>\n<\/div>\n                            <div class=\"comment\"><p>(Vetado).<\/p>\n<\/div>\n                    <\/div>\n    <\/div>\n\n<style>\n    .comment-block {\n        position: relative;\n    }\n    .comment-block .anchor-target {\n        position: absolute;\n        top: -200px;\n    }\n    .comment-block {\n        margin-bottom: 40px;\n    }\n    .comment-block .comment-block-title {\n        flex-wrap: wrap;\n        font-size: 20px;\n        font-weight: 600;\n        line-height: 130%;\n        color: #1c1e2f;\n        margin-bottom: 24px;\n    }\n\n    .comment-block .comment-block-title:last-child {\n        margin-bottom: 64px;\n    }\n\n    .comment-block h3 {\n        font-size: 24px;\n        font-weight: 600;\n        line-height: 120%;\n    }\n\n    .comment-block h4 {\n        font-size: 20px;\n        font-weight: 600;\n        line-height: 120%;\n    }\n\n    .article-box {\n        padding: 24px;\n        border-radius: 8px;\n        border: 1px solid #cbcbd9;\n        margin-bottom: 24px;\n    }\n\n    .article-box:last-child  {\n        margin-bottom: 0;\n    }\n\n    .article-box .article {\n        font-size: 16px;\n        font-weight: 400;\n        line-height: 150%;\n        margin-bottom: 16px;\n    }\n\n    .article-box .article p {\n        margin-bottom: 1em;\n    }\n\n    .article-box .article p:last-child {\n        margin-bottom: 0;\n    }\n\n    .article-box .article:last-child {\n        margin-bottom: 0;\n    }\n\n    .article-box .comment {\n        padding: 24px;\n        background-color: #f6f6fa;\n        font-size: 16px;\n        font-weight: 400;\n        line-height: 150%;\n        border-radius: 8px;\n    }\n\n    .article-box .comment p {\n        margin: 0;\n    }\n\n    .article-box .comment ol {\n        list-style: auto;\n        list-style-position: inside;\n    }\n\n    @media (max-width: 1199px) {\n        .comment-block .comment-block-title {\n            font-size: 16px;\n        }\n\n        .comment-block .comment-block-title h2 {\n            margin-right: 5px;\n        }\n\n        .comment-block h3 {\n            font-size: 20px;\n        }\n        .comment-block h4 {\n            font-size: 18px;\n        }\n    }\n<\/style>\n\n<div class=\"comment-block cp-block\">\n    <!-- Chama a ancora e\/ou titulo se houver -->\n        \n    <!-- Bloco de comentario -->\n            <div class=\"article-box\">\n            <div class=\"article\"><p><strong>Art. 87.<\/strong> Nas a\u00e7\u00f5es coletivas de que trata este c\u00f3digo n\u00e3o haver\u00e1 adiantamento de custas, emolumentos, honor\u00e1rios periciais e quaisquer outras despesas, nem condena\u00e7\u00e3o da associa\u00e7\u00e3o autora, salvo comprovada m\u00e1-f\u00e9, em honor\u00e1rios de advogados, custas e despesas processuais.<\/p>\n<p>Par\u00e1grafo \u00fanico. Em caso de litig\u00e2ncia de m\u00e1-f\u00e9, a associa\u00e7\u00e3o autora e os diretores respons\u00e1veis pela propositura da a\u00e7\u00e3o ser\u00e3o solidariamente condenados em honor\u00e1rios advocat\u00edcios e ao d\u00e9cuplo das custas, sem preju\u00edzo da responsabilidade por perdas e danos.<\/p>\n<\/div>\n                            <div class=\"comment\"><p><span style=\"font-weight: 400;\">Nas a\u00e7\u00f5es coletivas n\u00e3o h\u00e1 previs\u00e3o de pagamento de <strong>custas judiciais, emolumentos, honor\u00e1rios periciais e demais despesas<\/strong> para propositura e andamento. Essa previs\u00e3o tamb\u00e9m est\u00e1 na Lei n. 7.347\/85, que rege as a\u00e7\u00f5es coletivas e o intuito \u00e9 justamente evitar que uma eventual falta de recursos inviabilize o ajuizamento.<\/span><\/p>\n<p><span style=\"font-weight: 400;\">No entanto, caso seja constatada a <a href=\"https:\/\/www.aurum.com.br\/blog\/litigancia-de-ma-fe\/\">litig\u00e2ncia de m\u00e1-f\u00e9<\/a> das associa\u00e7\u00f5es, essas ser\u00e3o responsabilizadas pelo pagamento de honor\u00e1rios advocat\u00edcios, perdas e danos e dez vezes o valor da custas processuais. Essa \u00e9 a previs\u00e3o do par\u00e1grafo \u00fanico, cujo objetivo \u00e9 afastar a propositura de a\u00e7\u00f5es coletivas fraudulentas.<\/span><\/p>\n<p>&nbsp;<\/p>\n<\/div>\n                    <\/div>\n    <\/div>\n\n<style>\n    .comment-block {\n        position: relative;\n    }\n    .comment-block .anchor-target {\n        position: absolute;\n        top: -200px;\n    }\n    .comment-block {\n        margin-bottom: 40px;\n    }\n    .comment-block .comment-block-title {\n        flex-wrap: wrap;\n        font-size: 20px;\n        font-weight: 600;\n        line-height: 130%;\n        color: #1c1e2f;\n        margin-bottom: 24px;\n    }\n\n    .comment-block .comment-block-title:last-child {\n        margin-bottom: 64px;\n    }\n\n    .comment-block h3 {\n        font-size: 24px;\n        font-weight: 600;\n        line-height: 120%;\n    }\n\n    .comment-block h4 {\n        font-size: 20px;\n        font-weight: 600;\n        line-height: 120%;\n    }\n\n    .article-box {\n        padding: 24px;\n        border-radius: 8px;\n        border: 1px solid #cbcbd9;\n        margin-bottom: 24px;\n    }\n\n    .article-box:last-child  {\n        margin-bottom: 0;\n    }\n\n    .article-box .article {\n        font-size: 16px;\n        font-weight: 400;\n        line-height: 150%;\n        margin-bottom: 16px;\n    }\n\n    .article-box .article p {\n        margin-bottom: 1em;\n    }\n\n    .article-box .article p:last-child {\n        margin-bottom: 0;\n    }\n\n    .article-box .article:last-child {\n        margin-bottom: 0;\n    }\n\n    .article-box .comment {\n        padding: 24px;\n        background-color: #f6f6fa;\n        font-size: 16px;\n        font-weight: 400;\n        line-height: 150%;\n        border-radius: 8px;\n    }\n\n    .article-box .comment p {\n        margin: 0;\n    }\n\n    .article-box .comment ol {\n        list-style: auto;\n        list-style-position: inside;\n    }\n\n    @media (max-width: 1199px) {\n        .comment-block .comment-block-title {\n            font-size: 16px;\n        }\n\n        .comment-block .comment-block-title h2 {\n            margin-right: 5px;\n        }\n\n        .comment-block h3 {\n            font-size: 20px;\n        }\n        .comment-block h4 {\n            font-size: 18px;\n        }\n    }\n<\/style>\n\n<div class=\"comment-block cp-block\">\n    <!-- Chama a ancora e\/ou titulo se houver -->\n        \n    <!-- Bloco de comentario -->\n            <div class=\"article-box\">\n            <div class=\"article\"><p><strong>Art. 88.<\/strong> Na hip\u00f3tese do art. 13, par\u00e1grafo \u00fanico deste c\u00f3digo, a a\u00e7\u00e3o de regresso poder\u00e1 ser ajuizada em processo aut\u00f4nomo, facultada a possibilidade de prosseguir-se nos mesmos autos, vedada a denuncia\u00e7\u00e3o da lide.<\/p>\n<\/div>\n                            <div class=\"comment\"><p><span style=\"font-weight: 400;\">Conforme explicado no art. 13, se uma pessoa\/empresa paga \u201cem nome\u201d de outra, ela pode exercer o direito de regresso para responsabilizar essa outra, pelo reembolso do valor pago.<\/span><\/p>\n<p><span style=\"font-weight: 400;\">O art. 88 ent\u00e3o prev\u00ea que esse <strong>direito de regresso<\/strong> poder\u00e1 ser requerido por meio de um processo novo ou por meio de um processo j\u00e1 existente \u2013 desde que n\u00e3o seja apontada a denuncia\u00e7\u00e3o da lide, pois n\u00e3o se aplica a esse caso.<\/span><\/p>\n<\/div>\n                    <\/div>\n    <\/div>\n\n<style>\n    .comment-block {\n        position: relative;\n    }\n    .comment-block .anchor-target {\n        position: absolute;\n        top: -200px;\n    }\n    .comment-block {\n        margin-bottom: 40px;\n    }\n    .comment-block .comment-block-title {\n        flex-wrap: wrap;\n        font-size: 20px;\n        font-weight: 600;\n        line-height: 130%;\n        color: #1c1e2f;\n        margin-bottom: 24px;\n    }\n\n    .comment-block .comment-block-title:last-child {\n        margin-bottom: 64px;\n    }\n\n    .comment-block h3 {\n        font-size: 24px;\n        font-weight: 600;\n        line-height: 120%;\n    }\n\n    .comment-block h4 {\n        font-size: 20px;\n        font-weight: 600;\n        line-height: 120%;\n    }\n\n    .article-box {\n        padding: 24px;\n        border-radius: 8px;\n        border: 1px solid #cbcbd9;\n        margin-bottom: 24px;\n    }\n\n    .article-box:last-child  {\n        margin-bottom: 0;\n    }\n\n    .article-box .article {\n        font-size: 16px;\n        font-weight: 400;\n        line-height: 150%;\n        margin-bottom: 16px;\n    }\n\n    .article-box .article p {\n        margin-bottom: 1em;\n    }\n\n    .article-box .article p:last-child {\n        margin-bottom: 0;\n    }\n\n    .article-box .article:last-child {\n        margin-bottom: 0;\n    }\n\n    .article-box .comment {\n        padding: 24px;\n        background-color: #f6f6fa;\n        font-size: 16px;\n        font-weight: 400;\n        line-height: 150%;\n        border-radius: 8px;\n    }\n\n    .article-box .comment p {\n        margin: 0;\n    }\n\n    .article-box .comment ol {\n        list-style: auto;\n        list-style-position: inside;\n    }\n\n    @media (max-width: 1199px) {\n        .comment-block .comment-block-title {\n            font-size: 16px;\n        }\n\n        .comment-block .comment-block-title h2 {\n            margin-right: 5px;\n        }\n\n        .comment-block h3 {\n            font-size: 20px;\n        }\n        .comment-block h4 {\n            font-size: 18px;\n        }\n    }\n<\/style>\n\n<div class=\"comment-block cp-block\">\n    <!-- Chama a ancora e\/ou titulo se houver -->\n        \n    <!-- Bloco de comentario -->\n            <div class=\"article-box\">\n            <div class=\"article\"><p><strong>Art. 89.<\/strong> (Vetado)<\/p>\n<\/div>\n                            <div class=\"comment\"><p>(Vetado)<\/p>\n<\/div>\n                    <\/div>\n    <\/div>\n\n<style>\n    .comment-block {\n        position: relative;\n    }\n    .comment-block .anchor-target {\n        position: absolute;\n        top: -200px;\n    }\n    .comment-block {\n        margin-bottom: 40px;\n    }\n    .comment-block .comment-block-title {\n        flex-wrap: wrap;\n        font-size: 20px;\n        font-weight: 600;\n        line-height: 130%;\n        color: #1c1e2f;\n        margin-bottom: 24px;\n    }\n\n    .comment-block .comment-block-title:last-child {\n        margin-bottom: 64px;\n    }\n\n    .comment-block h3 {\n        font-size: 24px;\n        font-weight: 600;\n        line-height: 120%;\n    }\n\n    .comment-block h4 {\n        font-size: 20px;\n        font-weight: 600;\n        line-height: 120%;\n    }\n\n    .article-box {\n        padding: 24px;\n        border-radius: 8px;\n        border: 1px solid #cbcbd9;\n        margin-bottom: 24px;\n    }\n\n    .article-box:last-child  {\n        margin-bottom: 0;\n    }\n\n    .article-box .article {\n        font-size: 16px;\n        font-weight: 400;\n        line-height: 150%;\n        margin-bottom: 16px;\n    }\n\n    .article-box .article p {\n        margin-bottom: 1em;\n    }\n\n    .article-box .article p:last-child {\n        margin-bottom: 0;\n    }\n\n    .article-box .article:last-child {\n        margin-bottom: 0;\n    }\n\n    .article-box .comment {\n        padding: 24px;\n        background-color: #f6f6fa;\n        font-size: 16px;\n        font-weight: 400;\n        line-height: 150%;\n        border-radius: 8px;\n    }\n\n    .article-box .comment p {\n        margin: 0;\n    }\n\n    .article-box .comment ol {\n        list-style: auto;\n        list-style-position: inside;\n    }\n\n    @media (max-width: 1199px) {\n        .comment-block .comment-block-title {\n            font-size: 16px;\n        }\n\n        .comment-block .comment-block-title h2 {\n            margin-right: 5px;\n        }\n\n        .comment-block h3 {\n            font-size: 20px;\n        }\n        .comment-block h4 {\n            font-size: 18px;\n        }\n    }\n<\/style>\n\n<div class=\"comment-block cp-block\">\n    <!-- Chama a ancora e\/ou titulo se houver -->\n        \n    <!-- Bloco de comentario -->\n            <div class=\"article-box\">\n            <div class=\"article\"><p><strong>Art. 90.<\/strong> Aplicam-se \u00e0s a\u00e7\u00f5es previstas neste t\u00edtulo as normas do C\u00f3digo de Processo Civil e da Lei n\u00b0 7.347, de 24 de julho de 1985, inclusive no que respeita ao inqu\u00e9rito civil, naquilo que n\u00e3o contrariar suas disposi\u00e7\u00f5es.<\/p>\n<\/div>\n                            <div class=\"comment\"><p><span style=\"font-weight: 400;\">Por fim, o art. 90 determina que as normas do CPC e da <a href=\"https:\/\/www.aurum.com.br\/blog\/glossario-juridico\/acao-civil-publica\/#:~:text=A%20A%C3%A7%C3%A3o%20Civil%20P%C3%BAblica%20%C3%A9,Lei%20da%20A%C3%A7%C3%A3o%20Civil%20P%C3%BAblica.\">Lei de a\u00e7\u00e3o civil p\u00fablica<\/a> (Lei n. 7.347\/1985) devem ser aplicadas aos casos relativos \u00e0s rela\u00e7\u00f5es de consumo desde que, claro, n\u00e3o contrarie nenhum artigo do CDC.<\/span><\/p>\n<\/div>\n                    <\/div>\n    <\/div>","protected":false},"excerpt":{"rendered":"","protected":false},"author":56,"featured_media":0,"comment_status":"open","ping_status":"open","template":"","cat-cdc":[518,517],"class_list":["post-27533","cdc-comentado","type-cdc-comentado","status-publish","hentry","cat-cdc-titulo-iii-cap-i","cat-cdc-titulo-iii"],"acf":[],"_links":{"self":[{"href":"https:\/\/www.aurum.com.br\/blog\/wp-json\/wp\/v2\/cdc-comentado\/27533","targetHints":{"allow":["GET"]}}],"collection":[{"href":"https:\/\/www.aurum.com.br\/blog\/wp-json\/wp\/v2\/cdc-comentado"}],"about":[{"href":"https:\/\/www.aurum.com.br\/blog\/wp-json\/wp\/v2\/types\/cdc-comentado"}],"author":[{"embeddable":true,"href":"https:\/\/www.aurum.com.br\/blog\/wp-json\/wp\/v2\/users\/56"}],"replies":[{"embeddable":true,"href":"https:\/\/www.aurum.com.br\/blog\/wp-json\/wp\/v2\/comments?post=27533"}],"wp:attachment":[{"href":"https:\/\/www.aurum.com.br\/blog\/wp-json\/wp\/v2\/media?parent=27533"}],"wp:term":[{"taxonomy":"cat-cdc","embeddable":true,"href":"https:\/\/www.aurum.com.br\/blog\/wp-json\/wp\/v2\/cat-cdc?post=27533"}],"curies":[{"name":"wp","href":"https:\/\/api.w.org\/{rel}","templated":true}]}}