{"id":27531,"date":"2024-03-27T17:56:06","date_gmt":"2024-03-27T20:56:06","guid":{"rendered":"https:\/\/www.aurum.com.br\/blog\/cdc-comentado\/art-55-a-60-cdc\/"},"modified":"2025-05-20T10:41:47","modified_gmt":"2025-05-20T13:41:47","slug":"art-55-a-60-cdc","status":"publish","type":"cdc-comentado","link":"https:\/\/www.aurum.com.br\/blog\/cdc-comentado\/art-55-a-60-cdc\/","title":{"rendered":"Cap\u00edtulo VII &#8211; Das San\u00e7\u00f5es Administrativas"},"content":{"rendered":"<style>\n    .comment-block {\n        position: relative;\n    }\n    .comment-block .anchor-target {\n        position: absolute;\n        top: -200px;\n    }\n    .comment-block {\n        margin-bottom: 40px;\n    }\n    .comment-block .comment-block-title {\n        flex-wrap: wrap;\n        font-size: 20px;\n        font-weight: 600;\n        line-height: 130%;\n        color: #1c1e2f;\n        margin-bottom: 24px;\n    }\n\n    .comment-block .comment-block-title:last-child {\n        margin-bottom: 64px;\n    }\n\n    .comment-block h3 {\n        font-size: 24px;\n        font-weight: 600;\n        line-height: 120%;\n    }\n\n    .comment-block h4 {\n        font-size: 20px;\n        font-weight: 600;\n        line-height: 120%;\n    }\n\n    .article-box {\n        padding: 24px;\n        border-radius: 8px;\n        border: 1px solid #cbcbd9;\n        margin-bottom: 24px;\n    }\n\n    .article-box:last-child  {\n        margin-bottom: 0;\n    }\n\n    .article-box .article {\n        font-size: 16px;\n        font-weight: 400;\n        line-height: 150%;\n        margin-bottom: 16px;\n    }\n\n    .article-box .article p {\n        margin-bottom: 1em;\n    }\n\n    .article-box .article p:last-child {\n        margin-bottom: 0;\n    }\n\n    .article-box .article:last-child {\n        margin-bottom: 0;\n    }\n\n    .article-box .comment {\n        padding: 24px;\n        background-color: #f6f6fa;\n        font-size: 16px;\n        font-weight: 400;\n        line-height: 150%;\n        border-radius: 8px;\n    }\n\n    .article-box .comment p {\n        margin: 0;\n    }\n\n    .article-box .comment ol {\n        list-style: auto;\n        list-style-position: inside;\n    }\n\n    @media (max-width: 1199px) {\n        .comment-block .comment-block-title {\n            font-size: 16px;\n        }\n\n        .comment-block .comment-block-title h2 {\n            margin-right: 5px;\n        }\n\n        .comment-block h3 {\n            font-size: 20px;\n        }\n        .comment-block h4 {\n            font-size: 18px;\n        }\n    }\n<\/style>\n\n<div class=\"comment-block cp-block\">\n    <!-- Chama a ancora e\/ou titulo se houver -->\n        \n    <!-- Bloco de comentario -->\n            <div class=\"article-box\">\n            <div class=\"article\"><p><strong>Art. 55.<\/strong> A Uni\u00e3o, os Estados e o Distrito Federal, em car\u00e1ter concorrente e nas suas respectivas \u00e1reas de atua\u00e7\u00e3o administrativa, baixar\u00e3o normas relativas \u00e0 produ\u00e7\u00e3o, industrializa\u00e7\u00e3o, distribui\u00e7\u00e3o e consumo de produtos e servi\u00e7os.<\/p>\n<p>\u00a7 1\u00b0 A Uni\u00e3o, os Estados, o Distrito Federal e os Munic\u00edpios fiscalizar\u00e3o e controlar\u00e3o a produ\u00e7\u00e3o, industrializa\u00e7\u00e3o, distribui\u00e7\u00e3o, a publicidade de produtos e servi\u00e7os e o mercado de consumo, no interesse da preserva\u00e7\u00e3o da vida, da sa\u00fade, da seguran\u00e7a, da informa\u00e7\u00e3o e do bem-estar do consumidor, baixando as normas que se fizerem necess\u00e1rias.<\/p>\n<p>\u00a7 2\u00b0 (Vetado).<\/p>\n<p>\u00a7 3\u00b0 Os \u00f3rg\u00e3os federais, estaduais, do Distrito Federal e municipais com atribui\u00e7\u00f5es para fiscalizar e controlar o mercado de consumo manter\u00e3o comiss\u00f5es permanentes para elabora\u00e7\u00e3o, revis\u00e3o e atualiza\u00e7\u00e3o das normas referidas no \u00a7 1\u00b0, sendo obrigat\u00f3ria a participa\u00e7\u00e3o dos consumidores e fornecedores.<\/p>\n<p>\u00a7 4\u00b0 Os \u00f3rg\u00e3os oficiais poder\u00e3o expedir notifica\u00e7\u00f5es aos fornecedores para que, sob pena de desobedi\u00eancia, prestem informa\u00e7\u00f5es sobre quest\u00f5es de interesse do consumidor, resguardado o segredo industrial.<\/p>\n<\/div>\n                            <div class=\"comment\"><p><span style=\"font-weight: 400;\">O art. 55 inicia o cap\u00edtulo das <a href=\"https:\/\/www.aurum.com.br\/blog\/sancao-administrativa\/\">san\u00e7\u00f5es administrativas<\/a> relacionadas aos direitos do consumidor, prevendo a possibilidade de os entes federados baixarem normas relativas \u00e0 <strong>produ\u00e7\u00e3o, industrializa\u00e7\u00e3o, distribui\u00e7\u00e3o e consumo de produtos e servi\u00e7os<\/strong>, como \u00e9 o caso da regulamenta\u00e7\u00e3o de IPI e ICMS.<\/span><\/p>\n<p><span style=\"font-weight: 400;\">Tamb\u00e9m \u00e9 dever dos entes federados<strong> fiscalizar e controlar<\/strong> as etapas de produ\u00e7\u00e3o, distribui\u00e7\u00e3o, publicidades e industrializa\u00e7\u00e3o dos produtos e servi\u00e7os, visando sempre os interesses dos consumidores e a preserva\u00e7\u00e3o da seguran\u00e7a, sa\u00fade, vida e bem estar (direitos b\u00e1sicos previstos no art. 6\u00ba deste C\u00f3digo).<\/span><\/p>\n<p><span style=\"font-weight: 400;\">Para controle das normas, os entes federados devem manter comiss\u00f5es permanentes que fa\u00e7am o trabalho de atualizar, <strong>revisar e elaborar a legisla\u00e7\u00e3o<\/strong> de acordo com a necessidade.<\/span><\/p>\n<p><span style=\"font-weight: 400;\">E os \u00f3rg\u00e3os oficiais, dentre eles os Procons, Minist\u00e9rio P\u00fablico, Defensoria P\u00fablica, Delegacias de Defesa do Consumidor, podem notificar fornecedores para que prestem informa\u00e7\u00f5es em casos de interesse dos consumidores, <strong>sob pena de crime de desobedi\u00eancia<\/strong> (cuja pena \u00e9 de 15 dias at\u00e9 6 meses de deten\u00e7\u00e3o e multa).<\/span><\/p>\n<p><span style=\"font-weight: 400;\">De acordo com a mensagem n. 664 de 11\/09\/1990, o par\u00e1grafo 2\u00ba previa <\/span><i><span style=\"font-weight: 400;\">\u201c\u00a7 2\u00ba &#8211; As normas referidas no par\u00e1grafo anterior dever\u00e3o ser uniformizadas, revistas e atualizadas, a cada dois anos.&#8221;<\/span><\/i><\/p>\n<p><span style=\"font-weight: 400;\">Mas foi vetado porque \u201c<em>a Uni\u00e3o n\u00e3o disp\u00f5e, na ordem federal, de compet\u00eancia para impor aos Estados e Munic\u00edpios obriga\u00e7\u00e3o gen\u00e9rica de legislar (CF., arts. 18, 25 e 29).<\/em>\u201d<\/span><\/p>\n<\/div>\n                    <\/div>\n    <\/div>\n\n<style>\n    .comment-block {\n        position: relative;\n    }\n    .comment-block .anchor-target {\n        position: absolute;\n        top: -200px;\n    }\n    .comment-block {\n        margin-bottom: 40px;\n    }\n    .comment-block .comment-block-title {\n        flex-wrap: wrap;\n        font-size: 20px;\n        font-weight: 600;\n        line-height: 130%;\n        color: #1c1e2f;\n        margin-bottom: 24px;\n    }\n\n    .comment-block .comment-block-title:last-child {\n        margin-bottom: 64px;\n    }\n\n    .comment-block h3 {\n        font-size: 24px;\n        font-weight: 600;\n        line-height: 120%;\n    }\n\n    .comment-block h4 {\n        font-size: 20px;\n        font-weight: 600;\n        line-height: 120%;\n    }\n\n    .article-box {\n        padding: 24px;\n        border-radius: 8px;\n        border: 1px solid #cbcbd9;\n        margin-bottom: 24px;\n    }\n\n    .article-box:last-child  {\n        margin-bottom: 0;\n    }\n\n    .article-box .article {\n        font-size: 16px;\n        font-weight: 400;\n        line-height: 150%;\n        margin-bottom: 16px;\n    }\n\n    .article-box .article p {\n        margin-bottom: 1em;\n    }\n\n    .article-box .article p:last-child {\n        margin-bottom: 0;\n    }\n\n    .article-box .article:last-child {\n        margin-bottom: 0;\n    }\n\n    .article-box .comment {\n        padding: 24px;\n        background-color: #f6f6fa;\n        font-size: 16px;\n        font-weight: 400;\n        line-height: 150%;\n        border-radius: 8px;\n    }\n\n    .article-box .comment p {\n        margin: 0;\n    }\n\n    .article-box .comment ol {\n        list-style: auto;\n        list-style-position: inside;\n    }\n\n    @media (max-width: 1199px) {\n        .comment-block .comment-block-title {\n            font-size: 16px;\n        }\n\n        .comment-block .comment-block-title h2 {\n            margin-right: 5px;\n        }\n\n        .comment-block h3 {\n            font-size: 20px;\n        }\n        .comment-block h4 {\n            font-size: 18px;\n        }\n    }\n<\/style>\n\n<div class=\"comment-block cp-block\">\n    <!-- Chama a ancora e\/ou titulo se houver -->\n        \n    <!-- Bloco de comentario -->\n            <div class=\"article-box\">\n            <div class=\"article\"><p><strong>Art. 56.<\/strong> As infra\u00e7\u00f5es das normas de defesa do consumidor ficam sujeitas, conforme o caso, \u00e0s seguintes san\u00e7\u00f5es administrativas, sem preju\u00edzo das de natureza civil, penal e das definidas em normas espec\u00edficas:<\/p>\n<p>I &#8211; multa;<br \/>\nII &#8211; apreens\u00e3o do produto;<br \/>\nIII &#8211; inutiliza\u00e7\u00e3o do produto;<br \/>\nIV &#8211; cassa\u00e7\u00e3o do registro do produto junto ao \u00f3rg\u00e3o competente;<br \/>\nV &#8211; proibi\u00e7\u00e3o de fabrica\u00e7\u00e3o do produto;<br \/>\nVI &#8211; suspens\u00e3o de fornecimento de produtos ou servi\u00e7o;<br \/>\nVII &#8211; suspens\u00e3o tempor\u00e1ria de atividade;<br \/>\nVIII &#8211; revoga\u00e7\u00e3o de concess\u00e3o ou permiss\u00e3o de uso;<br \/>\nIX &#8211; cassa\u00e7\u00e3o de licen\u00e7a do estabelecimento ou de atividade;<br \/>\nX &#8211; interdi\u00e7\u00e3o, total ou parcial, de estabelecimento, de obra ou de atividade;<br \/>\nXI &#8211; interven\u00e7\u00e3o administrativa;<br \/>\nXII &#8211; imposi\u00e7\u00e3o de contrapropaganda.<\/p>\n<p>Par\u00e1grafo \u00fanico. As san\u00e7\u00f5es previstas neste artigo ser\u00e3o aplicadas pela autoridade administrativa, no \u00e2mbito de sua atribui\u00e7\u00e3o, podendo ser aplicadas cumulativamente, inclusive por medida cautelar, antecedente ou incidente de procedimento administrativo.<\/p>\n<\/div>\n                            <div class=\"comment\"><p><span style=\"font-weight: 400;\">O art. 56 prev\u00ea as <strong>penalidades administrativas<\/strong> para aqueles que violarem as normas previstas para as rela\u00e7\u00f5es de consumo.<\/span><\/p>\n<p><span style=\"font-weight: 400;\">Importante observar que al\u00e9m dessas penalidades aqui previstas, o fornecedor ainda pode passar por processos c\u00edveis e criminais, sendo que, cada seara pode impor outras san\u00e7\u00f5es.<\/span><\/p>\n<p><span style=\"font-weight: 400;\">No \u00e2mbito administrativo, as san\u00e7\u00f5es previstas nos incisos I a XII, ser\u00e3o aplicadas pelo PROCON (autoridade administrativa respons\u00e1vel pela defesa dos direitos dos consumidores) e dosadas de acordo com a gravidade da infra\u00e7\u00e3o, consequ\u00eancias geradas, vantagens indevidas e adequa\u00e7\u00e3o e necessidade.<\/span><\/p>\n<p><span style=\"font-weight: 400;\">Na seara c\u00edvel, as san\u00e7\u00f5es podem ser de pagamento de indeniza\u00e7\u00e3o ou obriga\u00e7\u00e3o de fazer, por exemplo. J\u00e1 na seara criminal, as san\u00e7\u00f5es s\u00e3o aquelas previstas no <a href=\"https:\/\/www.aurum.com.br\/blog\/codigo-penal-brasileiro\/\">c\u00f3digo penal<\/a>, como <strong>deten\u00e7\u00e3o e reclus\u00e3o.<\/strong><\/span><\/p>\n<\/div>\n                    <\/div>\n    <\/div>\n\n<style>\n    .comment-block {\n        position: relative;\n    }\n    .comment-block .anchor-target {\n        position: absolute;\n        top: -200px;\n    }\n    .comment-block {\n        margin-bottom: 40px;\n    }\n    .comment-block .comment-block-title {\n        flex-wrap: wrap;\n        font-size: 20px;\n        font-weight: 600;\n        line-height: 130%;\n        color: #1c1e2f;\n        margin-bottom: 24px;\n    }\n\n    .comment-block .comment-block-title:last-child {\n        margin-bottom: 64px;\n    }\n\n    .comment-block h3 {\n        font-size: 24px;\n        font-weight: 600;\n        line-height: 120%;\n    }\n\n    .comment-block h4 {\n        font-size: 20px;\n        font-weight: 600;\n        line-height: 120%;\n    }\n\n    .article-box {\n        padding: 24px;\n        border-radius: 8px;\n        border: 1px solid #cbcbd9;\n        margin-bottom: 24px;\n    }\n\n    .article-box:last-child  {\n        margin-bottom: 0;\n    }\n\n    .article-box .article {\n        font-size: 16px;\n        font-weight: 400;\n        line-height: 150%;\n        margin-bottom: 16px;\n    }\n\n    .article-box .article p {\n        margin-bottom: 1em;\n    }\n\n    .article-box .article p:last-child {\n        margin-bottom: 0;\n    }\n\n    .article-box .article:last-child {\n        margin-bottom: 0;\n    }\n\n    .article-box .comment {\n        padding: 24px;\n        background-color: #f6f6fa;\n        font-size: 16px;\n        font-weight: 400;\n        line-height: 150%;\n        border-radius: 8px;\n    }\n\n    .article-box .comment p {\n        margin: 0;\n    }\n\n    .article-box .comment ol {\n        list-style: auto;\n        list-style-position: inside;\n    }\n\n    @media (max-width: 1199px) {\n        .comment-block .comment-block-title {\n            font-size: 16px;\n        }\n\n        .comment-block .comment-block-title h2 {\n            margin-right: 5px;\n        }\n\n        .comment-block h3 {\n            font-size: 20px;\n        }\n        .comment-block h4 {\n            font-size: 18px;\n        }\n    }\n<\/style>\n\n<div class=\"comment-block cp-block\">\n    <!-- Chama a ancora e\/ou titulo se houver -->\n        \n    <!-- Bloco de comentario -->\n            <div class=\"article-box\">\n            <div class=\"article\"><p><strong>Art. 57.<\/strong> A pena de multa, graduada de acordo com a gravidade da infra\u00e7\u00e3o, a vantagem auferida e a condi\u00e7\u00e3o econ\u00f4mica do fornecedor, ser\u00e1 aplicada mediante procedimento administrativo, revertendo para o Fundo de que trata a Lei n\u00ba 7.347, de 24 de julho de 1985, os valores cab\u00edveis \u00e0 Uni\u00e3o, ou para os Fundos estaduais ou municipais de prote\u00e7\u00e3o ao consumidor nos demais casos.<\/p>\n<p>Par\u00e1grafo \u00fanico. A multa ser\u00e1 em montante n\u00e3o inferior a duzentas e n\u00e3o superior a tr\u00eas milh\u00f5es de vezes o valor da Unidade Fiscal de Refer\u00eancia (Ufir), ou \u00edndice equivalente que venha a substitu\u00ed-lo.<\/p>\n<\/div>\n                            <div class=\"comment\"><p><span style=\"font-weight: 400;\">Sobre a pena de multa, conforme prev\u00ea o art. 57, o <strong>valor ser\u00e1 graduado de acordo com a gravidade da infra\u00e7\u00e3o<\/strong>, a vantagem auferida e a condi\u00e7\u00e3o econ\u00f4mica do fornecedor.\u00a0<\/span><\/p>\n<p><span style=\"font-weight: 400;\">De acordo com a Lei, esse valor deveria ser calculado com base no Ufir \u2013 que era um \u00edndice de atualiza\u00e7\u00e3o monet\u00e1ria de tributos, multas e penalidades relacionadas a obriga\u00e7\u00f5es com o poder p\u00fablico, mas que hoje \u00e9 substitu\u00eddo pelo IPCA-E.<\/span><\/p>\n<p><span style=\"font-weight: 400;\">Importante observar que nenhuma san\u00e7\u00e3o pode ser aplicada sem o devido processo administrativo, garantindo a <a href=\"https:\/\/www.aurum.com.br\/blog\/glossario-juridico\/contraditorio\/#:~:text=Previsto%20no%20artigo%205%C2%BA%2C%20inciso,seja%20ele%20judicial%20ou%20administrativo.\">ampla defesa e o contradit\u00f3rio<\/a> \u2013 ou seja, a possibilidade de o infrator se defender e saber do que est\u00e1 sendo acusado.<\/span><\/p>\n<p><span style=\"font-weight: 400;\">Os valores arrecadados a t\u00edtulo de multa ser\u00e3o revertidos para Fundos dos entes p\u00fablicos, a depender do caso. <\/span><\/p>\n<\/div>\n                    <\/div>\n    <\/div>\n\n<style>\n    .comment-block {\n        position: relative;\n    }\n    .comment-block .anchor-target {\n        position: absolute;\n        top: -200px;\n    }\n    .comment-block {\n        margin-bottom: 40px;\n    }\n    .comment-block .comment-block-title {\n        flex-wrap: wrap;\n        font-size: 20px;\n        font-weight: 600;\n        line-height: 130%;\n        color: #1c1e2f;\n        margin-bottom: 24px;\n    }\n\n    .comment-block .comment-block-title:last-child {\n        margin-bottom: 64px;\n    }\n\n    .comment-block h3 {\n        font-size: 24px;\n        font-weight: 600;\n        line-height: 120%;\n    }\n\n    .comment-block h4 {\n        font-size: 20px;\n        font-weight: 600;\n        line-height: 120%;\n    }\n\n    .article-box {\n        padding: 24px;\n        border-radius: 8px;\n        border: 1px solid #cbcbd9;\n        margin-bottom: 24px;\n    }\n\n    .article-box:last-child  {\n        margin-bottom: 0;\n    }\n\n    .article-box .article {\n        font-size: 16px;\n        font-weight: 400;\n        line-height: 150%;\n        margin-bottom: 16px;\n    }\n\n    .article-box .article p {\n        margin-bottom: 1em;\n    }\n\n    .article-box .article p:last-child {\n        margin-bottom: 0;\n    }\n\n    .article-box .article:last-child {\n        margin-bottom: 0;\n    }\n\n    .article-box .comment {\n        padding: 24px;\n        background-color: #f6f6fa;\n        font-size: 16px;\n        font-weight: 400;\n        line-height: 150%;\n        border-radius: 8px;\n    }\n\n    .article-box .comment p {\n        margin: 0;\n    }\n\n    .article-box .comment ol {\n        list-style: auto;\n        list-style-position: inside;\n    }\n\n    @media (max-width: 1199px) {\n        .comment-block .comment-block-title {\n            font-size: 16px;\n        }\n\n        .comment-block .comment-block-title h2 {\n            margin-right: 5px;\n        }\n\n        .comment-block h3 {\n            font-size: 20px;\n        }\n        .comment-block h4 {\n            font-size: 18px;\n        }\n    }\n<\/style>\n\n<div class=\"comment-block cp-block\">\n    <!-- Chama a ancora e\/ou titulo se houver -->\n        \n    <!-- Bloco de comentario -->\n            <div class=\"article-box\">\n            <div class=\"article\"><p><strong>Art. 58.<\/strong> As penas de apreens\u00e3o, de inutiliza\u00e7\u00e3o de produtos, de proibi\u00e7\u00e3o de fabrica\u00e7\u00e3o de produtos, de suspens\u00e3o do fornecimento de produto ou servi\u00e7o, de cassa\u00e7\u00e3o do registro do produto e revoga\u00e7\u00e3o da concess\u00e3o ou permiss\u00e3o de uso ser\u00e3o aplicadas pela administra\u00e7\u00e3o, mediante procedimento administrativo, assegurada ampla defesa, quando forem constatados v\u00edcios de quantidade ou de qualidade por inadequa\u00e7\u00e3o ou inseguran\u00e7a do produto ou servi\u00e7o.<\/p>\n<\/div>\n                            <div class=\"comment\"><p><span style=\"font-weight: 400;\">O art. 58 garante aos infratores que, em caso de eventual aplica\u00e7\u00e3o de san\u00e7\u00f5es como recolhimento de produtos, inutiliza\u00e7\u00e3o, proibi\u00e7\u00e3o de fabrica\u00e7\u00e3o, suspens\u00e3o de fornecimento, entre outros, somente ocorra <strong>ap\u00f3s processo administrativos.<\/strong> Isso \u00e9 para garantir a regularidade da penalidade a ser aplicada, j\u00e1 que o processo deve obedecer os <a href=\"https:\/\/www.aurum.com.br\/blog\/glossario-juridico\/principio-da-ampla-defesa\/#:~:text=O%20princ%C3%ADpio%20da%20ampla%20defesa%20serve%20para%20garantir%20a%20equidade,argumentos%20que%20corroborem%20sua%20posi%C3%A7%C3%A3o.\">princ\u00edpios da ampla defesa<\/a> \u2013 possibilidade de o infrator apresentar sua defesa, manifesta\u00e7\u00e3o, recurso em rela\u00e7\u00e3o a todas as decis\u00f5es.<\/span><\/p>\n<p>&nbsp;<\/p>\n<\/div>\n                    <\/div>\n    <\/div>\n\n<style>\n    .comment-block {\n        position: relative;\n    }\n    .comment-block .anchor-target {\n        position: absolute;\n        top: -200px;\n    }\n    .comment-block {\n        margin-bottom: 40px;\n    }\n    .comment-block .comment-block-title {\n        flex-wrap: wrap;\n        font-size: 20px;\n        font-weight: 600;\n        line-height: 130%;\n        color: #1c1e2f;\n        margin-bottom: 24px;\n    }\n\n    .comment-block .comment-block-title:last-child {\n        margin-bottom: 64px;\n    }\n\n    .comment-block h3 {\n        font-size: 24px;\n        font-weight: 600;\n        line-height: 120%;\n    }\n\n    .comment-block h4 {\n        font-size: 20px;\n        font-weight: 600;\n        line-height: 120%;\n    }\n\n    .article-box {\n        padding: 24px;\n        border-radius: 8px;\n        border: 1px solid #cbcbd9;\n        margin-bottom: 24px;\n    }\n\n    .article-box:last-child  {\n        margin-bottom: 0;\n    }\n\n    .article-box .article {\n        font-size: 16px;\n        font-weight: 400;\n        line-height: 150%;\n        margin-bottom: 16px;\n    }\n\n    .article-box .article p {\n        margin-bottom: 1em;\n    }\n\n    .article-box .article p:last-child {\n        margin-bottom: 0;\n    }\n\n    .article-box .article:last-child {\n        margin-bottom: 0;\n    }\n\n    .article-box .comment {\n        padding: 24px;\n        background-color: #f6f6fa;\n        font-size: 16px;\n        font-weight: 400;\n        line-height: 150%;\n        border-radius: 8px;\n    }\n\n    .article-box .comment p {\n        margin: 0;\n    }\n\n    .article-box .comment ol {\n        list-style: auto;\n        list-style-position: inside;\n    }\n\n    @media (max-width: 1199px) {\n        .comment-block .comment-block-title {\n            font-size: 16px;\n        }\n\n        .comment-block .comment-block-title h2 {\n            margin-right: 5px;\n        }\n\n        .comment-block h3 {\n            font-size: 20px;\n        }\n        .comment-block h4 {\n            font-size: 18px;\n        }\n    }\n<\/style>\n\n<div class=\"comment-block cp-block\">\n    <!-- Chama a ancora e\/ou titulo se houver -->\n        \n    <!-- Bloco de comentario -->\n            <div class=\"article-box\">\n            <div class=\"article\"><p><strong>Art. 59.<\/strong> As penas de cassa\u00e7\u00e3o de alvar\u00e1 de licen\u00e7a, de interdi\u00e7\u00e3o e de suspens\u00e3o tempor\u00e1ria da atividade, bem como a de interven\u00e7\u00e3o administrativa, ser\u00e3o aplicadas mediante procedimento administrativo, assegurada ampla defesa, quando o fornecedor reincidir na pr\u00e1tica das infra\u00e7\u00f5es de maior gravidade previstas neste c\u00f3digo e na legisla\u00e7\u00e3o de consumo.<\/p>\n<p>\u00a7 1\u00b0 A pena de cassa\u00e7\u00e3o da concess\u00e3o ser\u00e1 aplicada \u00e0 concession\u00e1ria de servi\u00e7o p\u00fablico, quando violar obriga\u00e7\u00e3o legal ou contratual.<\/p>\n<p>\u00a7 2\u00b0 A pena de interven\u00e7\u00e3o administrativa ser\u00e1 aplicada sempre que as circunst\u00e2ncias de fato desaconselharem a cassa\u00e7\u00e3o de licen\u00e7a, a interdi\u00e7\u00e3o ou suspens\u00e3o da atividade.<\/p>\n<p>\u00a7 3\u00b0 Pendendo a\u00e7\u00e3o judicial na qual se discuta a imposi\u00e7\u00e3o de penalidade administrativa, n\u00e3o haver\u00e1 reincid\u00eancia at\u00e9 o tr\u00e2nsito em julgado da senten\u00e7a.<\/p>\n<\/div>\n                            <div class=\"comment\"><p><span style=\"font-weight: 400;\">Assim como o art. anterior, o art. 59 tamb\u00e9m prev\u00ea o processo administrativo pr\u00e9vio \u00e0 aplica\u00e7\u00e3o das penas mais graves ou mesmo em caso de <strong>reincid\u00eancia do infrator.<\/strong><\/span><\/p>\n<p><span style=\"font-weight: 400;\">Os <strong>par\u00e1grafos preveem algumas penas<\/strong> que somente ser\u00e3o aplicadas para determinados fornecedores e em determinadas situa\u00e7\u00f5es como a cassa\u00e7\u00e3o de concess\u00e3o que somente pode ser aplicada \u00e0 concession\u00e1ria de servi\u00e7o p\u00fablico e em caso de viola\u00e7\u00e3o de obriga\u00e7\u00e3o; e a interven\u00e7\u00e3o administrativa, que s\u00f3 poder\u00e1 ser aplicada em casos que n\u00e3o caibam a cassa\u00e7\u00e3o da licen\u00e7a ou suspens\u00e3o das atividades.<\/span><\/p>\n<p><span style=\"font-weight: 400;\">Caso tenha a\u00e7\u00e3o judicial que discute a penalidade administrativa, o fornecedor s\u00f3 poder\u00e1 ser considerado reincidente, ap\u00f3s o transito em julgado da a\u00e7\u00e3o \u2013 ou seja, ap\u00f3s finalizada a a\u00e7\u00e3o judicial e desde que ela tenha imposto a penalidade administrativa.<\/span><\/p>\n<\/div>\n                    <\/div>\n    <\/div>\n\n<style>\n    .comment-block {\n        position: relative;\n    }\n    .comment-block .anchor-target {\n        position: absolute;\n        top: -200px;\n    }\n    .comment-block {\n        margin-bottom: 40px;\n    }\n    .comment-block .comment-block-title {\n        flex-wrap: wrap;\n        font-size: 20px;\n        font-weight: 600;\n        line-height: 130%;\n        color: #1c1e2f;\n        margin-bottom: 24px;\n    }\n\n    .comment-block .comment-block-title:last-child {\n        margin-bottom: 64px;\n    }\n\n    .comment-block h3 {\n        font-size: 24px;\n        font-weight: 600;\n        line-height: 120%;\n    }\n\n    .comment-block h4 {\n        font-size: 20px;\n        font-weight: 600;\n        line-height: 120%;\n    }\n\n    .article-box {\n        padding: 24px;\n        border-radius: 8px;\n        border: 1px solid #cbcbd9;\n        margin-bottom: 24px;\n    }\n\n    .article-box:last-child  {\n        margin-bottom: 0;\n    }\n\n    .article-box .article {\n        font-size: 16px;\n        font-weight: 400;\n        line-height: 150%;\n        margin-bottom: 16px;\n    }\n\n    .article-box .article p {\n        margin-bottom: 1em;\n    }\n\n    .article-box .article p:last-child {\n        margin-bottom: 0;\n    }\n\n    .article-box .article:last-child {\n        margin-bottom: 0;\n    }\n\n    .article-box .comment {\n        padding: 24px;\n        background-color: #f6f6fa;\n        font-size: 16px;\n        font-weight: 400;\n        line-height: 150%;\n        border-radius: 8px;\n    }\n\n    .article-box .comment p {\n        margin: 0;\n    }\n\n    .article-box .comment ol {\n        list-style: auto;\n        list-style-position: inside;\n    }\n\n    @media (max-width: 1199px) {\n        .comment-block .comment-block-title {\n            font-size: 16px;\n        }\n\n        .comment-block .comment-block-title h2 {\n            margin-right: 5px;\n        }\n\n        .comment-block h3 {\n            font-size: 20px;\n        }\n        .comment-block h4 {\n            font-size: 18px;\n        }\n    }\n<\/style>\n\n<div class=\"comment-block cp-block\">\n    <!-- Chama a ancora e\/ou titulo se houver -->\n        \n    <!-- Bloco de comentario -->\n            <div class=\"article-box\">\n            <div class=\"article\"><p><strong>Art. 60.<\/strong> A imposi\u00e7\u00e3o de contrapropaganda ser\u00e1 cominada quando o fornecedor incorrer na pr\u00e1tica de publicidade enganosa ou abusiva, nos termos do art. 36 e seus par\u00e1grafos, sempre \u00e0s expensas do infrator.<\/p>\n<p>\u00a7 1\u00ba A contrapropaganda ser\u00e1 divulgada pelo respons\u00e1vel da mesma forma, freq\u00fc\u00eancia e dimens\u00e3o e, preferencialmente no mesmo ve\u00edculo, local, espa\u00e7o e hor\u00e1rio, de forma capaz de desfazer o malef\u00edcio da publicidade enganosa ou abusiva.<\/p>\n<p>\u00a7 2\u00b0 (Vetado)<\/p>\n<p>\u00a7 3\u00b0 (Vetado).<\/p>\n<\/div>\n                            <div class=\"comment\"><p><b>\u00a0<\/b><span style=\"font-weight: 400;\">A contrapropaganda tem o intuito de desfazer os efeitos negativos da veicula\u00e7\u00e3o da publicidade enganosa ou abusiva, corrigindo a informa\u00e7\u00e3o dada ao consumidor sobre determinado produto ou servi\u00e7o.<\/span><\/p>\n<p><span style=\"font-weight: 400;\">Dessa forma, o art. 60 prev\u00ea que a contrapropaganda ser\u00e1 custeada pelo fornecedor infrator e deve ser divulgada exatamente da mesma forma como foi feita a propaganda \u201coriginal\u201d, de preferencia no mesmo ve\u00edculo, hor\u00e1rio, local, espa\u00e7o e forma como a anterior foi veiculada. Isso para garantir que o consumidor tenha acesso e para que seja desfeito o malef\u00edcio da propaganda abusiva.<\/span><\/p>\n<p><span style=\"font-weight: 400;\">De acordo com a mensagem n. 664 de 11\/09\/1990, os par\u00e1grafos 2\u00ba e 3\u00ba do art. 60 previvam \u201c\u00a7<\/span><i><span style=\"font-weight: 400;\"> 2\u00ba &#8211; A contra-propaganda ser\u00e1 aplicada pelos \u00f3rg\u00e3os p\u00fablicos competentes da prote\u00e7\u00e3o ao consumidor, mediante procedimento administrativo, assegurada ampla defesa, cabendo recurso para o Ministro de Estado da respectiva \u00e1rea de atua\u00e7\u00e3o administrativa, quando a mensagem publicit\u00e1ria for de \u00e2mbito nacional. \u00a7 3\u00ba &#8211; Enquanto n\u00e3o promover a contra-propaganda, o fornecedor, al\u00e9m de multa di\u00e1ria e outras san\u00e7\u00f5es, ficar\u00e1 impedido de efetuar, por qualquer meio, publicidade de seus produtos e servi\u00e7os<\/span><\/i><span style=\"font-weight: 400;\">.&#8221;<\/span><\/p>\n<p><span style=\"font-weight: 400;\">Mas foram vetados porque \u201c<em>a imposi\u00e7\u00e3o de contra-propaganda, sem que se estabele\u00e7am par\u00e2metros legais precisos, pode dar ensejo a s\u00e9rios abusos, que poder\u00e3o redundar at\u00e9 mesmo na paralisa\u00e7\u00e3o da atividade empresarial, como se v\u00ea, ali\u00e1s, do disposto no \u00a7 3\u00ba do art. 60. Por outro lado, \u00e9 inadmiss\u00edvel, na ordem federativa, atribuir a Ministro de Estado compet\u00eancia para apreciar em grau de recurso a legitimidade de atos de autoridade estadual ou municipal, tal como previsto no \u00a7 2\u00ba do art. 60<\/em>.\u201d<\/span><\/p>\n<\/div>\n                    <\/div>\n    <\/div>","protected":false},"excerpt":{"rendered":"","protected":false},"author":56,"featured_media":0,"comment_status":"open","ping_status":"open","template":"","cat-cdc":[514,492],"class_list":["post-27531","cdc-comentado","type-cdc-comentado","status-publish","hentry","cat-cdc-titulo-i-cap-vii","cat-cdc-titulo-i"],"acf":[],"_links":{"self":[{"href":"https:\/\/www.aurum.com.br\/blog\/wp-json\/wp\/v2\/cdc-comentado\/27531","targetHints":{"allow":["GET"]}}],"collection":[{"href":"https:\/\/www.aurum.com.br\/blog\/wp-json\/wp\/v2\/cdc-comentado"}],"about":[{"href":"https:\/\/www.aurum.com.br\/blog\/wp-json\/wp\/v2\/types\/cdc-comentado"}],"author":[{"embeddable":true,"href":"https:\/\/www.aurum.com.br\/blog\/wp-json\/wp\/v2\/users\/56"}],"replies":[{"embeddable":true,"href":"https:\/\/www.aurum.com.br\/blog\/wp-json\/wp\/v2\/comments?post=27531"}],"wp:attachment":[{"href":"https:\/\/www.aurum.com.br\/blog\/wp-json\/wp\/v2\/media?parent=27531"}],"wp:term":[{"taxonomy":"cat-cdc","embeddable":true,"href":"https:\/\/www.aurum.com.br\/blog\/wp-json\/wp\/v2\/cat-cdc?post=27531"}],"curies":[{"name":"wp","href":"https:\/\/api.w.org\/{rel}","templated":true}]}}