{"id":27527,"date":"2024-03-27T17:56:06","date_gmt":"2024-03-27T20:56:06","guid":{"rendered":"https:\/\/www.aurum.com.br\/blog\/cdc-comentado\/art-46-a-50-cdc\/"},"modified":"2025-05-20T10:41:45","modified_gmt":"2025-05-20T13:41:45","slug":"art-46-a-50-cdc","status":"publish","type":"cdc-comentado","link":"https:\/\/www.aurum.com.br\/blog\/cdc-comentado\/art-46-a-50-cdc\/","title":{"rendered":"Se\u00e7\u00e3o I \u2013 Disposi\u00e7\u00f5es Gerais"},"content":{"rendered":"<style>\n    .comment-block {\n        position: relative;\n    }\n    .comment-block .anchor-target {\n        position: absolute;\n        top: -200px;\n    }\n    .comment-block {\n        margin-bottom: 40px;\n    }\n    .comment-block .comment-block-title {\n        flex-wrap: wrap;\n        font-size: 20px;\n        font-weight: 600;\n        line-height: 130%;\n        color: #1c1e2f;\n        margin-bottom: 24px;\n    }\n\n    .comment-block .comment-block-title:last-child {\n        margin-bottom: 64px;\n    }\n\n    .comment-block h3 {\n        font-size: 24px;\n        font-weight: 600;\n        line-height: 120%;\n    }\n\n    .comment-block h4 {\n        font-size: 20px;\n        font-weight: 600;\n        line-height: 120%;\n    }\n\n    .article-box {\n        padding: 24px;\n        border-radius: 8px;\n        border: 1px solid #cbcbd9;\n        margin-bottom: 24px;\n    }\n\n    .article-box:last-child  {\n        margin-bottom: 0;\n    }\n\n    .article-box .article {\n        font-size: 16px;\n        font-weight: 400;\n        line-height: 150%;\n        margin-bottom: 16px;\n    }\n\n    .article-box .article p {\n        margin-bottom: 1em;\n    }\n\n    .article-box .article p:last-child {\n        margin-bottom: 0;\n    }\n\n    .article-box .article:last-child {\n        margin-bottom: 0;\n    }\n\n    .article-box .comment {\n        padding: 24px;\n        background-color: #f6f6fa;\n        font-size: 16px;\n        font-weight: 400;\n        line-height: 150%;\n        border-radius: 8px;\n    }\n\n    .article-box .comment p {\n        margin: 0;\n    }\n\n    .article-box .comment ol {\n        list-style: auto;\n        list-style-position: inside;\n    }\n\n    @media (max-width: 1199px) {\n        .comment-block .comment-block-title {\n            font-size: 16px;\n        }\n\n        .comment-block .comment-block-title h2 {\n            margin-right: 5px;\n        }\n\n        .comment-block h3 {\n            font-size: 20px;\n        }\n        .comment-block h4 {\n            font-size: 18px;\n        }\n    }\n<\/style>\n\n<div class=\"comment-block cp-block\">\n    <!-- Chama a ancora e\/ou titulo se houver -->\n        \n    <!-- Bloco de comentario -->\n            <div class=\"article-box\">\n            <div class=\"article\"><p><strong>Art. 46.<\/strong> Os contratos que regulam as rela\u00e7\u00f5es de consumo n\u00e3o obrigar\u00e3o os consumidores, se n\u00e3o lhes for dada a oportunidade de tomar conhecimento pr\u00e9vio de seu conte\u00fado, ou se os respectivos instrumentos forem redigidos de modo a dificultar a compreens\u00e3o de seu sentido e alcance.<\/p>\n<\/div>\n                            <div class=\"comment\"><p><span style=\"font-weight: 400;\">Ao iniciar os dispositivos a respeito da a<strong>plica\u00e7\u00e3o do direito contratual \u00e0s rela\u00e7\u00f5es de consumo<\/strong>, o legislador evidencia a obrigatoriedade de que os consumidores tenham pr\u00e9vio conhecimento do contrato, sob pena de que a aven\u00e7a n\u00e3o produza vincula\u00e7\u00e3o. Mais que isso, o CDC determina que os termos do contrato devem ser <strong>claros e compreens\u00edveis.\u00a0<\/strong><\/span><\/p>\n<p><span style=\"font-weight: 400;\">Trata-se de uma medida inicial de prote\u00e7\u00e3o ao consumidor para evitar que cl\u00e1usulas abusivas sejam impostas, notadamente em <strong>contratos de ades\u00e3o<\/strong>.\u00a0<\/span><\/p>\n<p><span style=\"font-weight: 400;\">Como consequ\u00eancia, verifica-se na pr\u00e1tica forense a declara\u00e7\u00e3o de nulidade de diversas cl\u00e1usulas que n\u00e3o s\u00e3o apresentadas de forma transparente e compreens\u00edvel aos consumidores, por viola\u00e7\u00e3o ao dispositivo comentado.\u00a0<\/span><\/p>\n<p><span style=\"font-weight: 400;\">Na pr\u00e1tica, um consumidor que assine um contrato de telefonia com cl\u00e1usulas em letras pequenas e linguagem complexa, sem que haja clareza, poder\u00e1 <strong>pleitear a <a href=\"https:\/\/www.aurum.com.br\/blog\/nulidade\/\">nulidade<\/a> das cl\u00e1usulas atingidas.\u00a0<\/strong><\/span><\/p>\n<\/div>\n                    <\/div>\n    <\/div>\n\n<style>\n    .comment-block {\n        position: relative;\n    }\n    .comment-block .anchor-target {\n        position: absolute;\n        top: -200px;\n    }\n    .comment-block {\n        margin-bottom: 40px;\n    }\n    .comment-block .comment-block-title {\n        flex-wrap: wrap;\n        font-size: 20px;\n        font-weight: 600;\n        line-height: 130%;\n        color: #1c1e2f;\n        margin-bottom: 24px;\n    }\n\n    .comment-block .comment-block-title:last-child {\n        margin-bottom: 64px;\n    }\n\n    .comment-block h3 {\n        font-size: 24px;\n        font-weight: 600;\n        line-height: 120%;\n    }\n\n    .comment-block h4 {\n        font-size: 20px;\n        font-weight: 600;\n        line-height: 120%;\n    }\n\n    .article-box {\n        padding: 24px;\n        border-radius: 8px;\n        border: 1px solid #cbcbd9;\n        margin-bottom: 24px;\n    }\n\n    .article-box:last-child  {\n        margin-bottom: 0;\n    }\n\n    .article-box .article {\n        font-size: 16px;\n        font-weight: 400;\n        line-height: 150%;\n        margin-bottom: 16px;\n    }\n\n    .article-box .article p {\n        margin-bottom: 1em;\n    }\n\n    .article-box .article p:last-child {\n        margin-bottom: 0;\n    }\n\n    .article-box .article:last-child {\n        margin-bottom: 0;\n    }\n\n    .article-box .comment {\n        padding: 24px;\n        background-color: #f6f6fa;\n        font-size: 16px;\n        font-weight: 400;\n        line-height: 150%;\n        border-radius: 8px;\n    }\n\n    .article-box .comment p {\n        margin: 0;\n    }\n\n    .article-box .comment ol {\n        list-style: auto;\n        list-style-position: inside;\n    }\n\n    @media (max-width: 1199px) {\n        .comment-block .comment-block-title {\n            font-size: 16px;\n        }\n\n        .comment-block .comment-block-title h2 {\n            margin-right: 5px;\n        }\n\n        .comment-block h3 {\n            font-size: 20px;\n        }\n        .comment-block h4 {\n            font-size: 18px;\n        }\n    }\n<\/style>\n\n<div class=\"comment-block cp-block\">\n    <!-- Chama a ancora e\/ou titulo se houver -->\n        \n    <!-- Bloco de comentario -->\n            <div class=\"article-box\">\n            <div class=\"article\"><p><strong>Art. 47.<\/strong> As cl\u00e1usulas contratuais ser\u00e3o interpretadas de maneira mais favor\u00e1vel ao consumidor.<\/p>\n<\/div>\n                            <div class=\"comment\"><p><span style=\"font-weight: 400;\">Para a realiza\u00e7\u00e3o de interpreta\u00e7\u00e3o dos <a href=\"https:\/\/www.aurum.com.br\/blog\/teoria-geral-dos-contratos\/\">contratos<\/a>, o legislador se preocupou em estabelecer par\u00e2metros protetivos em favor do consumidor. Assim, a partir da vulnerabilidade dos consumidores, as <strong>cl\u00e1usulas contratuais<\/strong> ser\u00e3o interpretadas de maneira mais favor\u00e1vel ao consumidor.\u00a0<\/span><\/p>\n<p><span style=\"font-weight: 400;\">Dessa forma, em contratos em que haja <a href=\"https:\/\/www.aurum.com.br\/blog\/glossario-juridico\/contraditorio\/\">contradi\u00e7\u00e3o<\/a>, omiss\u00e3o ou dubiedade, <strong>a interpreta\u00e7\u00e3o sempre levar\u00e1 em conta o que seja melhor para o consumidor.\u00a0<\/strong><\/span><\/p>\n<p><span style=\"font-weight: 400;\">Pensemos em um contrato que possui car\u00eancia, mas cujo prazo esteja definido de forma amb\u00edgua. Neste caso, a interpreta\u00e7\u00e3o quanto ao prazo dever\u00e1 ser aquela que garanta o maior per\u00edodo de car\u00eancia dentro da viabilidade hermen\u00eautica.\u00a0\u00a0<\/span><\/p>\n<\/div>\n                    <\/div>\n    <\/div>\n\n<style>\n    .comment-block {\n        position: relative;\n    }\n    .comment-block .anchor-target {\n        position: absolute;\n        top: -200px;\n    }\n    .comment-block {\n        margin-bottom: 40px;\n    }\n    .comment-block .comment-block-title {\n        flex-wrap: wrap;\n        font-size: 20px;\n        font-weight: 600;\n        line-height: 130%;\n        color: #1c1e2f;\n        margin-bottom: 24px;\n    }\n\n    .comment-block .comment-block-title:last-child {\n        margin-bottom: 64px;\n    }\n\n    .comment-block h3 {\n        font-size: 24px;\n        font-weight: 600;\n        line-height: 120%;\n    }\n\n    .comment-block h4 {\n        font-size: 20px;\n        font-weight: 600;\n        line-height: 120%;\n    }\n\n    .article-box {\n        padding: 24px;\n        border-radius: 8px;\n        border: 1px solid #cbcbd9;\n        margin-bottom: 24px;\n    }\n\n    .article-box:last-child  {\n        margin-bottom: 0;\n    }\n\n    .article-box .article {\n        font-size: 16px;\n        font-weight: 400;\n        line-height: 150%;\n        margin-bottom: 16px;\n    }\n\n    .article-box .article p {\n        margin-bottom: 1em;\n    }\n\n    .article-box .article p:last-child {\n        margin-bottom: 0;\n    }\n\n    .article-box .article:last-child {\n        margin-bottom: 0;\n    }\n\n    .article-box .comment {\n        padding: 24px;\n        background-color: #f6f6fa;\n        font-size: 16px;\n        font-weight: 400;\n        line-height: 150%;\n        border-radius: 8px;\n    }\n\n    .article-box .comment p {\n        margin: 0;\n    }\n\n    .article-box .comment ol {\n        list-style: auto;\n        list-style-position: inside;\n    }\n\n    @media (max-width: 1199px) {\n        .comment-block .comment-block-title {\n            font-size: 16px;\n        }\n\n        .comment-block .comment-block-title h2 {\n            margin-right: 5px;\n        }\n\n        .comment-block h3 {\n            font-size: 20px;\n        }\n        .comment-block h4 {\n            font-size: 18px;\n        }\n    }\n<\/style>\n\n<div class=\"comment-block cp-block\">\n    <!-- Chama a ancora e\/ou titulo se houver -->\n        \n    <!-- Bloco de comentario -->\n            <div class=\"article-box\">\n            <div class=\"article\"><p><strong>Art. 48.<\/strong> As declara\u00e7\u00f5es de vontade constantes de escritos particulares, recibos e pr\u00e9-contratos relativos \u00e0s rela\u00e7\u00f5es de consumo vinculam o fornecedor, ensejando inclusive execu\u00e7\u00e3o espec\u00edfica, nos termos do art. 84 e par\u00e1grafos.<\/p>\n<\/div>\n                            <div class=\"comment\"><p><span style=\"font-weight: 400;\">A norma estabelece uma forma de vincula\u00e7\u00e3o do fornecedor a partir da manifesta\u00e7\u00e3o de vontade, mesmo que <strong>n\u00e3o haja um <a href=\"https:\/\/www.aurum.com.br\/blog\/teoria-geral-dos-contratos\/\">contrato<\/a> formalizado.<\/strong> Dessa forma, escritos particulares (como conversas de <em>whatsapp)<\/em>, recibos e pr\u00e9-contratos geram obriga\u00e7\u00f5es ao fornecedor, que podem ser exigidas pelo consumidor por meio da execu\u00e7\u00e3o espec\u00edfica. A execu\u00e7\u00e3o espec\u00edfica \u00e9 um procedimento pr\u00f3prio para garantir o cumprimento de uma obriga\u00e7\u00e3o.\u00a0<\/span><\/p>\n<p><span style=\"font-weight: 400;\"><strong>Exemplo pr\u00e1tico:<\/strong> Consumidor adquiriu um eletrodom\u00e9stico sem que haja no contrato a previs\u00e3o de garantia estendida. No momento da entrega do produto, lhe foi dado um recibo com a promessa de garantia estendida gratuita. Nesta hip\u00f3tese, poder\u00e1 o consumidor exigir o cumprimento da garantia, inclusive de forma judicial.\u00a0\u00a0<\/span><\/p>\n<\/div>\n                    <\/div>\n    <\/div>\n\n<style>\n    .comment-block {\n        position: relative;\n    }\n    .comment-block .anchor-target {\n        position: absolute;\n        top: -200px;\n    }\n    .comment-block {\n        margin-bottom: 40px;\n    }\n    .comment-block .comment-block-title {\n        flex-wrap: wrap;\n        font-size: 20px;\n        font-weight: 600;\n        line-height: 130%;\n        color: #1c1e2f;\n        margin-bottom: 24px;\n    }\n\n    .comment-block .comment-block-title:last-child {\n        margin-bottom: 64px;\n    }\n\n    .comment-block h3 {\n        font-size: 24px;\n        font-weight: 600;\n        line-height: 120%;\n    }\n\n    .comment-block h4 {\n        font-size: 20px;\n        font-weight: 600;\n        line-height: 120%;\n    }\n\n    .article-box {\n        padding: 24px;\n        border-radius: 8px;\n        border: 1px solid #cbcbd9;\n        margin-bottom: 24px;\n    }\n\n    .article-box:last-child  {\n        margin-bottom: 0;\n    }\n\n    .article-box .article {\n        font-size: 16px;\n        font-weight: 400;\n        line-height: 150%;\n        margin-bottom: 16px;\n    }\n\n    .article-box .article p {\n        margin-bottom: 1em;\n    }\n\n    .article-box .article p:last-child {\n        margin-bottom: 0;\n    }\n\n    .article-box .article:last-child {\n        margin-bottom: 0;\n    }\n\n    .article-box .comment {\n        padding: 24px;\n        background-color: #f6f6fa;\n        font-size: 16px;\n        font-weight: 400;\n        line-height: 150%;\n        border-radius: 8px;\n    }\n\n    .article-box .comment p {\n        margin: 0;\n    }\n\n    .article-box .comment ol {\n        list-style: auto;\n        list-style-position: inside;\n    }\n\n    @media (max-width: 1199px) {\n        .comment-block .comment-block-title {\n            font-size: 16px;\n        }\n\n        .comment-block .comment-block-title h2 {\n            margin-right: 5px;\n        }\n\n        .comment-block h3 {\n            font-size: 20px;\n        }\n        .comment-block h4 {\n            font-size: 18px;\n        }\n    }\n<\/style>\n\n<div class=\"comment-block cp-block\">\n    <!-- Chama a ancora e\/ou titulo se houver -->\n        \n    <!-- Bloco de comentario -->\n            <div class=\"article-box\">\n            <div class=\"article\"><p><strong>Art. 49.<\/strong> O consumidor pode desistir do contrato, no prazo de 7 dias a contar de sua assinatura ou do ato de recebimento do produto ou servi\u00e7o, sempre que a contrata\u00e7\u00e3o de fornecimento de produtos e servi\u00e7os ocorrer fora do estabelecimento comercial, especialmente por telefone ou a domic\u00edlio.<\/p>\n<p>Par\u00e1grafo \u00fanico. Se o consumidor exercitar o direito de arrependimento previsto neste artigo, os valores eventualmente pagos, a qualquer t\u00edtulo, durante o prazo de reflex\u00e3o, ser\u00e3o devolvidos, de imediato, monetariamente atualizados.<\/p>\n<\/div>\n                            <div class=\"comment\"><p><span style=\"font-weight: 400;\">O artigo 49 estabelece o que se chama de \u201c<strong>direito de arrependimento\u201d<\/strong>, pelo qual o consumidor que adquire produtos ou servi\u00e7os fora do estabelecimento comercial, poder\u00e1 desistir da compra em um determinado prazo, sem que o fornecedor possa se opor \u00e0 decis\u00e3o do consumidor.<\/span><\/p>\n<p><span style=\"font-weight: 400;\">Na pr\u00e1tica, quando o consumidor compra produtos ou servi\u00e7os fora do estabelecimento (pela internet, por telefone ou mesmo a domic\u00edlio), entende-se que n\u00e3o teve a oportunidade de <strong>avaliar e refletir totalmente sobre o produto\/servi\u00e7o.<\/strong> Por isso, o legislador garantiu o direito de que o consumidor, em 7 dias contados do recebimento do produto ou servi\u00e7o, simplesmente opte por devolv\u00ea-lo, com o direito de restitui\u00e7\u00e3o integral do pre\u00e7o.\u00a0<\/span><\/p>\n<p><span style=\"font-weight: 400;\">Trata-se de <a href=\"https:\/\/www.aurum.com.br\/blog\/direito-potestativo\/#:~:text=O%20direito%20potestativo%20consiste%20em,potestativos%20faz%20parte%20da%20rotina.\">direito potestativo<\/a>, ou seja, pode ser exercido mesmo que o fornecedor n\u00e3o concorde. Mais, o fornecedor dever\u00e1 arcar com os custos de transporte do produto, tanto de ida, quanto de volta.\u00a0<\/span><\/p>\n<p><span style=\"font-weight: 400;\">Dessa forma, caso um consumidor adquira um t\u00eanis e n\u00e3o goste de sua cor, poder\u00e1 devolv\u00ea-lo, sem qualquer \u00f4nus ou multa, desde que observado o prazo de 7 dias contados do recebimento. O fornecedor dever\u00e1, neste caso, devolver todo o dinheiro corrigido, sem qualquer questionamento. Ultrapassado o <strong>prazo de 7 dias<\/strong>, o direito simplesmente deixa de existir, por isso a observ\u00e2ncia do prazo \u00e9 muito importante.\u00a0<\/span><\/p>\n<\/div>\n                    <\/div>\n    <\/div>\n\n<style>\n    .comment-block {\n        position: relative;\n    }\n    .comment-block .anchor-target {\n        position: absolute;\n        top: -200px;\n    }\n    .comment-block {\n        margin-bottom: 40px;\n    }\n    .comment-block .comment-block-title {\n        flex-wrap: wrap;\n        font-size: 20px;\n        font-weight: 600;\n        line-height: 130%;\n        color: #1c1e2f;\n        margin-bottom: 24px;\n    }\n\n    .comment-block .comment-block-title:last-child {\n        margin-bottom: 64px;\n    }\n\n    .comment-block h3 {\n        font-size: 24px;\n        font-weight: 600;\n        line-height: 120%;\n    }\n\n    .comment-block h4 {\n        font-size: 20px;\n        font-weight: 600;\n        line-height: 120%;\n    }\n\n    .article-box {\n        padding: 24px;\n        border-radius: 8px;\n        border: 1px solid #cbcbd9;\n        margin-bottom: 24px;\n    }\n\n    .article-box:last-child  {\n        margin-bottom: 0;\n    }\n\n    .article-box .article {\n        font-size: 16px;\n        font-weight: 400;\n        line-height: 150%;\n        margin-bottom: 16px;\n    }\n\n    .article-box .article p {\n        margin-bottom: 1em;\n    }\n\n    .article-box .article p:last-child {\n        margin-bottom: 0;\n    }\n\n    .article-box .article:last-child {\n        margin-bottom: 0;\n    }\n\n    .article-box .comment {\n        padding: 24px;\n        background-color: #f6f6fa;\n        font-size: 16px;\n        font-weight: 400;\n        line-height: 150%;\n        border-radius: 8px;\n    }\n\n    .article-box .comment p {\n        margin: 0;\n    }\n\n    .article-box .comment ol {\n        list-style: auto;\n        list-style-position: inside;\n    }\n\n    @media (max-width: 1199px) {\n        .comment-block .comment-block-title {\n            font-size: 16px;\n        }\n\n        .comment-block .comment-block-title h2 {\n            margin-right: 5px;\n        }\n\n        .comment-block h3 {\n            font-size: 20px;\n        }\n        .comment-block h4 {\n            font-size: 18px;\n        }\n    }\n<\/style>\n\n<div class=\"comment-block cp-block\">\n    <!-- Chama a ancora e\/ou titulo se houver -->\n        \n    <!-- Bloco de comentario -->\n            <div class=\"article-box\">\n            <div class=\"article\"><p><strong>Art. 50.<\/strong> A garantia contratual \u00e9 complementar \u00e0 legal e ser\u00e1 conferida mediante termo escrito.<\/p>\n<p>Par\u00e1grafo \u00fanico. O termo de garantia ou equivalente deve ser padronizado e esclarecer, de maneira adequada em que consiste a mesma garantia, bem como a forma, o prazo e o lugar em que pode ser exercitada e os \u00f4nus a cargo do consumidor, devendo ser-lhe entregue, devidamente preenchido pelo fornecedor, no ato do fornecimento, acompanhado de manual de instru\u00e7\u00e3o, de instala\u00e7\u00e3o e uso do produto em linguagem did\u00e1tica, com ilustra\u00e7\u00f5es.<\/p>\n<\/div>\n                            <div class=\"comment\"><p><span style=\"font-weight: 400;\">Ainda no campo contratual, o legislador se ocupou de regrar a aplicabilidade das <strong>garantias contratuais<\/strong>, t\u00e3o utilizadas como argumento de venda por diversos fornecedores.\u00a0<\/span><\/p>\n<p><span style=\"font-weight: 400;\">\u00c9 sabido que o CDC estabelece a garantia legal para produtos e servi\u00e7os, sendo o prazo determinado a partir da <strong>durabilidade ou n\u00e3o durabilidade do produto\/servi\u00e7o.<\/strong> Para al\u00e9m da garantia legal, os fornecedores passaram a oferecer garantias contratuais, muitas vezes chamadas de \u201cgarantias estendidas\u201d, de forma gratuita ou onerosa.\u00a0<\/span><\/p>\n<p><span style=\"font-weight: 400;\">Para evitar que os fornecedores \u201cdescontem\u201d o prazo da garantia legal da garantia contratual, o CDC determinou que a garantia contratual, ou seja, volunt\u00e1ria, ser\u00e1 somada \u00e0 garantia legal, devendo ser conferida por termo escrito.\u00a0<\/span><\/p>\n<p><span style=\"font-weight: 400;\">Este termo de garantia dever\u00e1 regrar, de forma clara, os <strong>detalhes da garantia, como o prazo, local de exerc\u00edcio e os <a href=\"https:\/\/www.aurum.com.br\/blog\/glossario-juridico\/onus\/\">\u00f4nus<\/a><\/strong> que est\u00e3o a cargo do consumidor. Para al\u00e9m disso, o termo deve ser entregue no ato do fornecimento, acompanhado de manual de instru\u00e7\u00f5es, instala\u00e7\u00f5es e uso do produto, sempre de forma did\u00e1tica e ilustrativa.\u00a0<\/span><\/p>\n<p><span style=\"font-weight: 400;\">Na pr\u00e1tica, portanto, caso um consumidor adquira um eletrodom\u00e9stico dur\u00e1vel, com garantia estendida de 12 meses, ele ter\u00e1 este prazo somado \u00e0 garantia legal de 90 dias. \u00c9 importante destacar que primeiro \u00e9 contado <strong>o prazo da garantia legal (90 dias) para depois ser iniciado o prazo da garantia contratual (12 meses).<\/strong> Como resultado, o consumidor far\u00e1 jus ao prazo total de garantia de 15 meses.\u00a0<\/span><\/p>\n<\/div>\n                    <\/div>\n    <\/div>","protected":false},"excerpt":{"rendered":"","protected":false},"author":48,"featured_media":0,"comment_status":"open","ping_status":"open","template":"","cat-cdc":[509,510,492],"class_list":["post-27527","cdc-comentado","type-cdc-comentado","status-publish","hentry","cat-cdc-titulo-i-cap-vi","cat-cdc-titulo-i-cap-vi-sec-i","cat-cdc-titulo-i"],"acf":[],"_links":{"self":[{"href":"https:\/\/www.aurum.com.br\/blog\/wp-json\/wp\/v2\/cdc-comentado\/27527","targetHints":{"allow":["GET"]}}],"collection":[{"href":"https:\/\/www.aurum.com.br\/blog\/wp-json\/wp\/v2\/cdc-comentado"}],"about":[{"href":"https:\/\/www.aurum.com.br\/blog\/wp-json\/wp\/v2\/types\/cdc-comentado"}],"author":[{"embeddable":true,"href":"https:\/\/www.aurum.com.br\/blog\/wp-json\/wp\/v2\/users\/48"}],"replies":[{"embeddable":true,"href":"https:\/\/www.aurum.com.br\/blog\/wp-json\/wp\/v2\/comments?post=27527"}],"wp:attachment":[{"href":"https:\/\/www.aurum.com.br\/blog\/wp-json\/wp\/v2\/media?parent=27527"}],"wp:term":[{"taxonomy":"cat-cdc","embeddable":true,"href":"https:\/\/www.aurum.com.br\/blog\/wp-json\/wp\/v2\/cat-cdc?post=27527"}],"curies":[{"name":"wp","href":"https:\/\/api.w.org\/{rel}","templated":true}]}}