{"id":27521,"date":"2024-03-27T17:56:06","date_gmt":"2024-03-27T20:56:06","guid":{"rendered":"https:\/\/www.aurum.com.br\/blog\/cdc-comentado\/art-29-cdc\/"},"modified":"2025-05-20T10:41:23","modified_gmt":"2025-05-20T13:41:23","slug":"art-29-cdc","status":"publish","type":"cdc-comentado","link":"https:\/\/www.aurum.com.br\/blog\/cdc-comentado\/art-29-cdc\/","title":{"rendered":"Se\u00e7\u00e3o I \u2013 Das Disposi\u00e7\u00f5es Gerais"},"content":{"rendered":"<style>\n    .comment-block {\n        position: relative;\n    }\n    .comment-block .anchor-target {\n        position: absolute;\n        top: -200px;\n    }\n    .comment-block {\n        margin-bottom: 40px;\n    }\n    .comment-block .comment-block-title {\n        flex-wrap: wrap;\n        font-size: 20px;\n        font-weight: 600;\n        line-height: 130%;\n        color: #1c1e2f;\n        margin-bottom: 24px;\n    }\n\n    .comment-block .comment-block-title:last-child {\n        margin-bottom: 64px;\n    }\n\n    .comment-block h3 {\n        font-size: 24px;\n        font-weight: 600;\n        line-height: 120%;\n    }\n\n    .comment-block h4 {\n        font-size: 20px;\n        font-weight: 600;\n        line-height: 120%;\n    }\n\n    .article-box {\n        padding: 24px;\n        border-radius: 8px;\n        border: 1px solid #cbcbd9;\n        margin-bottom: 24px;\n    }\n\n    .article-box:last-child  {\n        margin-bottom: 0;\n    }\n\n    .article-box .article {\n        font-size: 16px;\n        font-weight: 400;\n        line-height: 150%;\n        margin-bottom: 16px;\n    }\n\n    .article-box .article p {\n        margin-bottom: 1em;\n    }\n\n    .article-box .article p:last-child {\n        margin-bottom: 0;\n    }\n\n    .article-box .article:last-child {\n        margin-bottom: 0;\n    }\n\n    .article-box .comment {\n        padding: 24px;\n        background-color: #f6f6fa;\n        font-size: 16px;\n        font-weight: 400;\n        line-height: 150%;\n        border-radius: 8px;\n    }\n\n    .article-box .comment p {\n        margin: 0;\n    }\n\n    .article-box .comment ol {\n        list-style: auto;\n        list-style-position: inside;\n    }\n\n    @media (max-width: 1199px) {\n        .comment-block .comment-block-title {\n            font-size: 16px;\n        }\n\n        .comment-block .comment-block-title h2 {\n            margin-right: 5px;\n        }\n\n        .comment-block h3 {\n            font-size: 20px;\n        }\n        .comment-block h4 {\n            font-size: 18px;\n        }\n    }\n<\/style>\n\n<div class=\"comment-block cp-block\">\n    <!-- Chama a ancora e\/ou titulo se houver -->\n            <!-- Inclui uma ancora se houver -->\n                    <span class=\"anchor-target\" \n                                    id=\"sec-1\" \n                            ><\/span>\n        \n        <!-- Titulo -->\n        <div class=\"comment-block-title d-flex\">\n            <h2>Se\u00e7\u00e3o I &#8211; Das Disposi\u00e7\u00f5es Gerais<\/h2>\n            <span> (art. 29)<\/span>\n        <\/div>\n        \n    <!-- Bloco de comentario -->\n            <div class=\"article-box\">\n            <div class=\"article\"><p><strong>Art. 29.<\/strong> Para os fins deste Cap\u00edtulo e do seguinte, equiparam-se aos consumidores todas as pessoas determin\u00e1veis ou n\u00e3o, expostas \u00e0s pr\u00e1ticas nele previstas.<\/p>\n<\/div>\n                            <div class=\"comment\"><p><span style=\"font-weight: 400;\">O dispositivo <strong>adota uma vis\u00e3o ampla<\/strong> ao equiparar a condi\u00e7\u00e3o de consumidor n\u00e3o apenas \u00e0s pessoas determin\u00e1veis, mas tamb\u00e9m \u00e0quelas n\u00e3o determin\u00e1veis.\u00a0<\/span><\/p>\n<p><span style=\"font-weight: 400;\">Isso significa que n\u00e3o apenas os consumidores identific\u00e1veis individualmente s\u00e3o protegidos pelo CDC, mas tamb\u00e9m <strong>grupos ou categorias de consumidores<\/strong> que possam ser afetados pelas pr\u00e1ticas abusivas ou enganosas previstas nesta legisla\u00e7\u00e3o.<\/span><\/p>\n<p><span style=\"font-weight: 400;\">Esta equipara\u00e7\u00e3o \u00e9 fundamental para a prote\u00e7\u00e3o coletiva dos direitos dos consumidores pois permite que organiza\u00e7\u00f5es de defesa do consumidor e entidades representativas ajam em nome de um grupo de consumidores que estejam sendo prejudicados por pr\u00e1ticas comerciais desleais.<\/span><\/p>\n<p><span style=\"font-weight: 400;\">Apesar da ampla prote\u00e7\u00e3o oferecida pelo artigo 29, sua reda\u00e7\u00e3o pode gerar desafios interpretativos. A defini\u00e7\u00e3o precisa do que constitui uma pessoa determin\u00e1vel ou n\u00e3o determin\u00e1vel pode variar de acordo com o contexto e o tipo de pr\u00e1tica comercial envolvida, exigindo uma an\u00e1lise cuidadosa por parte dos \u00f3rg\u00e3os judiciais.<\/span><\/p>\n<p><span style=\"font-weight: 400;\">Nesse sentido, confira a ementa do <\/span><a href=\"https:\/\/scon.stj.jus.br\/SCON\/GetInteiroTeorDoAcordao?num_registro=200201456245&amp;dt_publicacao=09\/05\/2005\" target=\"_blank\" rel=\"noopener\"><span style=\"font-weight: 400;\">REsp n. 476.428\/SC<\/span><\/a><span style=\"font-weight: 400;\">:\u00a0<\/span><\/p>\n<p><span style=\"font-weight: 400;\">Direito do Consumidor. Recurso especial. Conceito de consumidor.<\/span><\/p>\n<p><span style=\"font-weight: 400;\">Crit\u00e9rio subjetivo ou finalista. Mitiga\u00e7\u00e3o. Pessoa Jur\u00eddica.<\/span><\/p>\n<p><span style=\"font-weight: 400;\">Excepcionalidade. Vulnerabilidade. Constata\u00e7\u00e3o na hip\u00f3tese dos autos. Pr\u00e1tica abusiva. Oferta inadequada. Caracter\u00edstica, quantidade e composi\u00e7\u00e3o do produto. Equipara\u00e7\u00e3o (art. 29).<\/span><\/p>\n<p><span style=\"font-weight: 400;\">Decad\u00eancia. Inexist\u00eancia. Rela\u00e7\u00e3o jur\u00eddica sob a premissa de tratos sucessivos. Renova\u00e7\u00e3o do compromisso. V\u00edcio oculto.<\/span><\/p>\n<p><span style=\"font-weight: 400;\">&#8211; A rela\u00e7\u00e3o jur\u00eddica qualificada por ser &#8220;de consumo&#8221; n\u00e3o se caracteriza pela presen\u00e7a de pessoa f\u00edsica ou jur\u00eddica em seus p\u00f3los, mas pela presen\u00e7a de uma <strong>parte vulner\u00e1vel de um lado (consumidor), e de um fornecedor, de outro.<\/strong><\/span><\/p>\n<p><span style=\"font-weight: 400;\">&#8211; Mesmo nas rela\u00e7\u00f5es entre pessoas jur\u00eddicas, se da an\u00e1lise da hip\u00f3tese concreta decorrer ineg\u00e1vel vulnerabilidade entre a pessoa-jur\u00eddica consumidora e a fornecedora, <strong>deve-se aplicar o CDC na busca do equil\u00edbrio entre as partes.<\/strong> Ao consagrar o crit\u00e9rio finalista para interpreta\u00e7\u00e3o do conceito de consumidor, a jurisprud\u00eancia deste STJ tamb\u00e9m reconhece a necessidade de, em situa\u00e7\u00f5es espec\u00edficas, abrandar o rigor do crit\u00e9rio subjetivo do conceito de consumidor, para admitir a aplicabilidade do CDC nas rela\u00e7\u00f5es entre fornecedores e consumidores-empres\u00e1rios em que fique evidenciada a rela\u00e7\u00e3o de consumo.<\/span><\/p>\n<p><span style=\"font-weight: 400;\">&#8211; S\u00e3o equipar\u00e1veis a consumidor todas as pessoas, determin\u00e1veis ou n\u00e3o, <strong>expostas \u00e0s pr\u00e1ticas comerciais abusivas.<\/strong><\/span><\/p>\n<p><span style=\"font-weight: 400;\">&#8211; N\u00e3o se conhece de mat\u00e9ria levantada em sede de <a href=\"https:\/\/www.aurum.com.br\/blog\/embargos-de-declaracao\/\">embargos de declara\u00e7\u00e3o<\/a>, fora dos limites da lide (inova\u00e7\u00e3o recursal).<\/span><\/p>\n<p><span style=\"font-weight: 400;\">Recurso especial n\u00e3o conhecido.<\/span><\/p>\n<p><span style=\"font-weight: 400;\">(<\/span><a href=\"https:\/\/scon.stj.jus.br\/SCON\/GetInteiroTeorDoAcordao?num_registro=200201456245&amp;dt_publicacao=09\/05\/2005\" target=\"_blank\" rel=\"noopener\"><span style=\"font-weight: 400;\">REsp n. 476.428\/SC<\/span><\/a><span style=\"font-weight: 400;\">, relatora Ministra Nancy Andrighi, Terceira Turma, julgado em 19\/4\/2005, DJ de 9\/5\/2005, p. 390.)<\/span><\/p>\n<\/div>\n                    <\/div>\n    <\/div>","protected":false},"excerpt":{"rendered":"","protected":false},"author":128,"featured_media":0,"comment_status":"open","ping_status":"open","template":"","cat-cdc":[502,503,492],"class_list":["post-27521","cdc-comentado","type-cdc-comentado","status-publish","hentry","cat-cdc-titulo-i-cap-v","cat-cdc-titulo-i-cap-v-sec-i","cat-cdc-titulo-i"],"acf":[],"_links":{"self":[{"href":"https:\/\/www.aurum.com.br\/blog\/wp-json\/wp\/v2\/cdc-comentado\/27521","targetHints":{"allow":["GET"]}}],"collection":[{"href":"https:\/\/www.aurum.com.br\/blog\/wp-json\/wp\/v2\/cdc-comentado"}],"about":[{"href":"https:\/\/www.aurum.com.br\/blog\/wp-json\/wp\/v2\/types\/cdc-comentado"}],"author":[{"embeddable":true,"href":"https:\/\/www.aurum.com.br\/blog\/wp-json\/wp\/v2\/users\/128"}],"replies":[{"embeddable":true,"href":"https:\/\/www.aurum.com.br\/blog\/wp-json\/wp\/v2\/comments?post=27521"}],"wp:attachment":[{"href":"https:\/\/www.aurum.com.br\/blog\/wp-json\/wp\/v2\/media?parent=27521"}],"wp:term":[{"taxonomy":"cat-cdc","embeddable":true,"href":"https:\/\/www.aurum.com.br\/blog\/wp-json\/wp\/v2\/cat-cdc?post=27521"}],"curies":[{"name":"wp","href":"https:\/\/api.w.org\/{rel}","templated":true}]}}