{"id":27519,"date":"2024-03-27T17:56:06","date_gmt":"2024-03-27T20:56:06","guid":{"rendered":"https:\/\/www.aurum.com.br\/blog\/cdc-comentado\/art-26-a-27-cdc\/"},"modified":"2025-05-20T10:45:01","modified_gmt":"2025-05-20T13:45:01","slug":"art-26-a-27-cdc","status":"publish","type":"cdc-comentado","link":"https:\/\/www.aurum.com.br\/blog\/cdc-comentado\/art-26-a-27-cdc\/","title":{"rendered":"Se\u00e7\u00e3o IV \u2013 Da Decad\u00eancia e da Prescri\u00e7\u00e3o"},"content":{"rendered":"<style>\n    .comment-block {\n        position: relative;\n    }\n    .comment-block .anchor-target {\n        position: absolute;\n        top: -200px;\n    }\n    .comment-block {\n        margin-bottom: 40px;\n    }\n    .comment-block .comment-block-title {\n        flex-wrap: wrap;\n        font-size: 20px;\n        font-weight: 600;\n        line-height: 130%;\n        color: #1c1e2f;\n        margin-bottom: 24px;\n    }\n\n    .comment-block .comment-block-title:last-child {\n        margin-bottom: 64px;\n    }\n\n    .comment-block h3 {\n        font-size: 24px;\n        font-weight: 600;\n        line-height: 120%;\n    }\n\n    .comment-block h4 {\n        font-size: 20px;\n        font-weight: 600;\n        line-height: 120%;\n    }\n\n    .article-box {\n        padding: 24px;\n        border-radius: 8px;\n        border: 1px solid #cbcbd9;\n        margin-bottom: 24px;\n    }\n\n    .article-box:last-child  {\n        margin-bottom: 0;\n    }\n\n    .article-box .article {\n        font-size: 16px;\n        font-weight: 400;\n        line-height: 150%;\n        margin-bottom: 16px;\n    }\n\n    .article-box .article p {\n        margin-bottom: 1em;\n    }\n\n    .article-box .article p:last-child {\n        margin-bottom: 0;\n    }\n\n    .article-box .article:last-child {\n        margin-bottom: 0;\n    }\n\n    .article-box .comment {\n        padding: 24px;\n        background-color: #f6f6fa;\n        font-size: 16px;\n        font-weight: 400;\n        line-height: 150%;\n        border-radius: 8px;\n    }\n\n    .article-box .comment p {\n        margin: 0;\n    }\n\n    .article-box .comment ol {\n        list-style: auto;\n        list-style-position: inside;\n    }\n\n    @media (max-width: 1199px) {\n        .comment-block .comment-block-title {\n            font-size: 16px;\n        }\n\n        .comment-block .comment-block-title h2 {\n            margin-right: 5px;\n        }\n\n        .comment-block h3 {\n            font-size: 20px;\n        }\n        .comment-block h4 {\n            font-size: 18px;\n        }\n    }\n<\/style>\n\n<div class=\"comment-block cp-block\">\n    <!-- Chama a ancora e\/ou titulo se houver -->\n            <!-- Inclui uma ancora se houver -->\n                    <span class=\"anchor-target\" \n                                    id=\"sec-1\" \n                            ><\/span>\n        \n        <!-- Titulo -->\n        <div class=\"comment-block-title d-flex\">\n            <h2>Se\u00e7\u00e3o IV &#8211; Da Decad\u00eancia e da Prescri\u00e7\u00e3o<\/h2>\n            <span> (art. 26 e 27)<\/span>\n        <\/div>\n        \n    <!-- Bloco de comentario -->\n            <div class=\"article-box\">\n            <div class=\"article\"><p><strong>Art. 26.<\/strong> O direito de reclamar pelos v\u00edcios aparentes ou de f\u00e1cil constata\u00e7\u00e3o caduca em:<\/p>\n<p>I &#8211; trinta dias, tratando-se de fornecimento de servi\u00e7o e de produtos n\u00e3o dur\u00e1veis;<br \/>\nII &#8211; noventa dias, tratando-se de fornecimento de servi\u00e7o e de produtos dur\u00e1veis.<\/p>\n<p>\u00a7 1\u00b0 Inicia-se a contagem do prazo decadencial a partir da entrega efetiva do produto ou do t\u00e9rmino da execu\u00e7\u00e3o dos servi\u00e7os.<\/p>\n<p>\u00a7 2\u00b0 Obstam a decad\u00eancia:<br \/>\nI &#8211; a reclama\u00e7\u00e3o comprovadamente formulada pelo consumidor perante o fornecedor de produtos e servi\u00e7os at\u00e9 a resposta negativa correspondente, que deve ser transmitida de forma inequ\u00edvoca;<br \/>\nII &#8211; (Vetado).<br \/>\nIII &#8211; a instaura\u00e7\u00e3o de inqu\u00e9rito civil, at\u00e9 seu encerramento.<\/p>\n<p>\u00a7 3\u00b0 Tratando-se de v\u00edcio oculto, o prazo decadencial inicia-se no momento em que ficar evidenciado o defeito.<\/p>\n<\/div>\n                            <div class=\"comment\"><p><span style=\"font-weight: 400;\">Quando o defeito do produto \u00e9 aparente, \u201cs\u00f3 de ver\u201d j\u00e1 \u00e9 poss\u00edvel identificar, o <strong>consumidor tem um prazo de 30 dias<\/strong> (se o produto for n\u00e3o dur\u00e1vel, ou seja, aqueles que desaparecem com o uso como alimentos, produtos de higiene) <strong>ou 90 dias<\/strong> (se o produto for dur\u00e1vel, aqueles que n\u00e3o desaparecem com o uso como carro, geladeira).<\/span><\/p>\n<p><strong>Passado esse prazo, o fornecedor n\u00e3o tem obriga\u00e7\u00e3o de reparar o defeito.<\/strong><\/p>\n<p><span style=\"font-weight: 400;\">A contagem desse prazo come\u00e7a a partir da entrega do produto ou do t\u00e9rmino da execu\u00e7\u00e3o quando se tratar de servi\u00e7o, j\u00e1 que o defeito \u00e9 de f\u00e1cil identifica\u00e7\u00e3o.<\/span><\/p>\n<p><span style=\"font-weight: 400;\">A partir da reclama\u00e7\u00e3o formal ou inqu\u00e9rito, o prazo acima fica suspenso, at\u00e9 que o fornecedor d\u00ea uma resposta ao consumidor. Isso serve para evitar que uma poss\u00edvel demora na resposta, prejudique o consumidor.<\/span><\/p>\n<p><span style=\"font-weight: 400;\">J\u00e1 no caso de um defeito que n\u00e3o \u00e9 aparente, os prazos acima estabelecidos come\u00e7am a contar <strong>a partir de quando o consumidor descobre o defeito.<\/strong><\/span><\/p>\n<p><span style=\"font-weight: 400;\">De acordo com a mensagem n. 664 de 11\/09\/1990 o inciso II do par\u00e1grafo 2\u00ba previa que \u201c<em>a reclama\u00e7\u00e3o formalizada perante os \u00f3rg\u00e3os ou entidades com atribui\u00e7\u00f5es de defesa do consumidor, pelo prazo de noventa dias.<\/em>&#8220;<\/span><\/p>\n<p><span style=\"font-weight: 400;\">Mas foi vetador porque \u201c<em>o dispositivo amea\u00e7a a estabilidade das rela\u00e7\u00f5es jur\u00eddicas, pois atribui a entidade privada fun\u00e7\u00e3o reservada, por sua pr\u00f3pria natureza, aos agentes p\u00fablicos (e.g. Cod. Civil, art. 172 e Cod. Proc. Civil, art. 219, \u00a7 1\u00ba)<\/em>\u201d<\/span><\/p>\n<\/div>\n                    <\/div>\n    <\/div>\n\n<style>\n    .comment-block {\n        position: relative;\n    }\n    .comment-block .anchor-target {\n        position: absolute;\n        top: -200px;\n    }\n    .comment-block {\n        margin-bottom: 40px;\n    }\n    .comment-block .comment-block-title {\n        flex-wrap: wrap;\n        font-size: 20px;\n        font-weight: 600;\n        line-height: 130%;\n        color: #1c1e2f;\n        margin-bottom: 24px;\n    }\n\n    .comment-block .comment-block-title:last-child {\n        margin-bottom: 64px;\n    }\n\n    .comment-block h3 {\n        font-size: 24px;\n        font-weight: 600;\n        line-height: 120%;\n    }\n\n    .comment-block h4 {\n        font-size: 20px;\n        font-weight: 600;\n        line-height: 120%;\n    }\n\n    .article-box {\n        padding: 24px;\n        border-radius: 8px;\n        border: 1px solid #cbcbd9;\n        margin-bottom: 24px;\n    }\n\n    .article-box:last-child  {\n        margin-bottom: 0;\n    }\n\n    .article-box .article {\n        font-size: 16px;\n        font-weight: 400;\n        line-height: 150%;\n        margin-bottom: 16px;\n    }\n\n    .article-box .article p {\n        margin-bottom: 1em;\n    }\n\n    .article-box .article p:last-child {\n        margin-bottom: 0;\n    }\n\n    .article-box .article:last-child {\n        margin-bottom: 0;\n    }\n\n    .article-box .comment {\n        padding: 24px;\n        background-color: #f6f6fa;\n        font-size: 16px;\n        font-weight: 400;\n        line-height: 150%;\n        border-radius: 8px;\n    }\n\n    .article-box .comment p {\n        margin: 0;\n    }\n\n    .article-box .comment ol {\n        list-style: auto;\n        list-style-position: inside;\n    }\n\n    @media (max-width: 1199px) {\n        .comment-block .comment-block-title {\n            font-size: 16px;\n        }\n\n        .comment-block .comment-block-title h2 {\n            margin-right: 5px;\n        }\n\n        .comment-block h3 {\n            font-size: 20px;\n        }\n        .comment-block h4 {\n            font-size: 18px;\n        }\n    }\n<\/style>\n\n<div class=\"comment-block cp-block\">\n    <!-- Chama a ancora e\/ou titulo se houver -->\n        \n    <!-- Bloco de comentario -->\n            <div class=\"article-box\">\n            <div class=\"article\"><p><strong>Art. 27.<\/strong> Prescreve em cinco anos a pretens\u00e3o \u00e0 repara\u00e7\u00e3o pelos danos causados por fato do produto ou do servi\u00e7o prevista na Se\u00e7\u00e3o II deste Cap\u00edtulo, iniciando-se a contagem do prazo a partir do conhecimento do dano e de sua autoria.<\/p>\n<p>Par\u00e1grafo \u00fanico. (Vetado).<\/p>\n<\/div>\n                            <div class=\"comment\"><p><span style=\"font-weight: 400;\">A prescri\u00e7\u00e3o est\u00e1 melhor descrita <a href=\"https:\/\/www.aurum.com.br\/blog\/prescricao-e-decadencia\/\">neste artigo<\/a><\/span><span style=\"font-weight: 400;\">\u00a0mas, em termos gerais,<\/span> <span style=\"font-weight: 400;\">\u00e9 a <strong>perda do direito de exigir algo.<\/strong><\/span><\/p>\n<p><span style=\"font-weight: 400;\">No caso da repara\u00e7\u00e3o de danos por defeito em produtos ou servi\u00e7os, o prazo para pleitear direitos \u00e9 de 5 anos, contados a partir do conhecimento do dano ou de quem causou o dano.<\/span><\/p>\n<p><span style=\"font-weight: 400;\">Portanto, depois desse per\u00edodo, o consumidor n\u00e3o poder\u00e1 mais exigir <strong>qualquer repara\u00e7\u00e3o de produtos ou servi\u00e7os.<\/strong><\/span><\/p>\n<p><span style=\"font-weight: 400;\">De acordo com a mensagem n. 664 de 11\/09\/1990, o par\u00e1grafo \u00fanico previa que \u201c<\/span><i><span style=\"font-weight: 400;\">interrompe-se o prazo de prescri\u00e7\u00e3o do direito de indeniza\u00e7\u00e3o pelo fato do produto ou servi\u00e7o nas hip\u00f3teses previstas no \u00a7 1\u00ba do artigo anterior, sem preju\u00edzo de outras disposi\u00e7\u00f5es legais<\/span><\/i><span style=\"font-weight: 400;\">\u201d<\/span><\/p>\n<p><span style=\"font-weight: 400;\">Mas foi vetado porque \u201c<em>essa disposi\u00e7\u00e3o padece de grave defeito de formula\u00e7\u00e3o, que impossibilita o seu entendimento, uma vez que o \u00a7 1\u00ba do art. 26 refere-se ao termo inicial dos prazos de decad\u00eancia, nada dispondo sobre interrup\u00e7\u00e3o da prescri\u00e7\u00e3o<\/em>.\u201d<\/span><\/p>\n<\/div>\n                    <\/div>\n    <\/div>","protected":false},"excerpt":{"rendered":"","protected":false},"author":56,"featured_media":0,"comment_status":"open","ping_status":"open","template":"","cat-cdc":[496,500,492],"class_list":["post-27519","cdc-comentado","type-cdc-comentado","status-publish","hentry","cat-cdc-titulo-i-cap-iv","cat-cdc-titulo-i-cap-iv-sec-iv","cat-cdc-titulo-i"],"acf":[],"_links":{"self":[{"href":"https:\/\/www.aurum.com.br\/blog\/wp-json\/wp\/v2\/cdc-comentado\/27519","targetHints":{"allow":["GET"]}}],"collection":[{"href":"https:\/\/www.aurum.com.br\/blog\/wp-json\/wp\/v2\/cdc-comentado"}],"about":[{"href":"https:\/\/www.aurum.com.br\/blog\/wp-json\/wp\/v2\/types\/cdc-comentado"}],"author":[{"embeddable":true,"href":"https:\/\/www.aurum.com.br\/blog\/wp-json\/wp\/v2\/users\/56"}],"replies":[{"embeddable":true,"href":"https:\/\/www.aurum.com.br\/blog\/wp-json\/wp\/v2\/comments?post=27519"}],"wp:attachment":[{"href":"https:\/\/www.aurum.com.br\/blog\/wp-json\/wp\/v2\/media?parent=27519"}],"wp:term":[{"taxonomy":"cat-cdc","embeddable":true,"href":"https:\/\/www.aurum.com.br\/blog\/wp-json\/wp\/v2\/cat-cdc?post=27519"}],"curies":[{"name":"wp","href":"https:\/\/api.w.org\/{rel}","templated":true}]}}